{"id":283085,"date":"2026-09-04T02:04:37","date_gmt":"2026-09-04T01:04:37","guid":{"rendered":"https:\/\/esentyaestate.com\/estate_property\/villa-in-finestrat-ee13586\/"},"modified":"2026-09-04T02:04:37","modified_gmt":"2026-09-04T01:04:37","slug":"villa-in-finestrat-ee13586","status":"publish","type":"estate_property","link":"https:\/\/esentyaestate.com\/pl\/estate_property\/villa-in-finestrat-ee13586\/","title":{"rendered":"Villa in Finestrat &#8211; EE13586"},"content":{"rendered":"<p>Nowoczesna, nowo wybudowana willa z prywatnym basenem w Finestrat na Costa Blanca<\/p>\n<p>Nowoczesna willa w doskona\u0142ej lokalizacji w Finestrat<br \/>\nOdkryj t\u0119 stylow\u0105, nowo wybudowan\u0105 will\u0119 w Finestrat, jednej z najbardziej po\u017c\u0105danych lokalizacji na Costa Blanca. Zaprojektowana w stylu wsp\u00f3\u0142czesnej architektury, z czystymi liniami i du\u017cymi oknami, nieruchomo\u015b\u0107 \u0142\u0105czy w sobie nowoczesny komfort z obfitym naturalnym \u015bwiat\u0142em oraz atrakcyjnymi przestrzeniami zewn\u0119trznymi.<\/p>\n<p>Po\u0142o\u017cona w rozwijaj\u0105cej si\u0119 dzielnicy mieszkaniowej willa oferuje spokojn\u0105 lokalizacj\u0119, a jednocze\u015bnie znajduje si\u0119 w pobli\u017cu wybrze\u017ca Morza \u015ar\u00f3dziemnego, p\u00f3l golfowych, sklep\u00f3w i punkt\u00f3w us\u0142ugowych. Jest to doskona\u0142y wyb\u00f3r zar\u00f3wno jako sta\u0142e miejsce zamieszkania, rezydencja wakacyjna, jak i nieruchomo\u015b\u0107 inwestycyjna.<\/p>\n<p>Przestronny rozk\u0142ad z 3 lub 4 sypialniami<br \/>\nWilla rozci\u0105ga si\u0119 na dw\u00f3ch kondygnacjach i posiada 3 przestronne sypialnie oraz 3 \u0142azienki, w tym 2 \u0142azienki przy sypialniach. Jedna sypialnia jest dogodnie zlokalizowana na parterze, co zapewnia dodatkow\u0105 elastyczno\u015b\u0107 dla rodzin lub go\u015bci.<\/p>\n<p>Istnieje mo\u017cliwo\u015b\u0107 wyboru innego rozk\u0142adu pomieszcze\u0144 z dodaniem piwnicy z jedn\u0105 dodatkow\u0105 sypialni\u0105, \u0142azienk\u0105, salonem oraz angielskim patio zapewniaj\u0105cym naturalne \u015bwiat\u0142o i wentylacj\u0119.<\/p>\n<p>Jasna, otwarta przestrze\u0144 dzienna i jadalnia \u0142\u0105czy si\u0119 bezpo\u015brednio z otoczeniem zewn\u0119trznym poprzez du\u017ce okna, tworz\u0105c p\u0142ynne przej\u015bcie mi\u0119dzy wn\u0119trzem a przestrzeni\u0105 na \u015bwie\u017cym powietrzu. Nowoczesna strefa kuchenna zosta\u0142a zaprojektowana tak, aby uzupe\u0142nia\u0107 przestronn\u0105 przestrze\u0144 dzienn\u0105 i maksymalizowa\u0107 funkcjonalno\u015b\u0107.<\/p>\n<p>Prywatny basen, ogr\u00f3d i widoki na morze<br \/>\nPo\u0142o\u017cona na rozleg\u0142ej dzia\u0142ce o powierzchni oko\u0142o 500 m\u00b2, nieruchomo\u015b\u0107 oferuje doskona\u0142e przestrzenie zewn\u0119trzne, pozwalaj\u0105ce cieszy\u0107 si\u0119 \u015br\u00f3dziemnomorskim klimatem przez ca\u0142y rok. Du\u017ca zadaszona weranda zapewnia wygodne, zacienione miejsce, a prywatny basen tworzy idealne warunki do relaksu i rozrywki.<\/p>\n<p>Nieruchomo\u015b\u0107 obejmuje r\u00f3wnie\u017c prywatny parking na 2 samochody. Na pi\u0119trze g\u0142\u00f3wna sypialnia posiada w\u0142asny taras, a du\u017ce otwarte solarium zapewnia dodatkow\u0105 przestrze\u0144 do opalania si\u0119, relaksu lub stworzenia prywatnej strefy wypoczynkowej z widokiem na morze.<\/p>\n<p>Styl \u017cycia w Finestrat i na Costa Blanca<br \/>\nFinestrat \u0142\u0105czy spok\u00f3j dzielnicy mieszkalnej z \u0142atwym dost\u0119pem do t\u0119tni\u0105cych \u017cyciem atrakcji Costa Blanca. Okolica otoczona jest g\u00f3rami i \u015br\u00f3dziemnomorskimi krajobrazami, a Benidorm i jego rozleg\u0142e pla\u017ce znajduj\u0105 si\u0119 w zasi\u0119gu kr\u00f3tkiej przeja\u017cd\u017cki samochodem.<\/p>\n<p>Willa znajduje si\u0119 oko\u0142o 1 km od centrum handlowego, oko\u0142o 2 km od pola golfowego Puig Campana i oko\u0142o 3 km od pla\u017cy. Benidorm oferuje szeroki wyb\u00f3r restauracji, sklep\u00f3w, rozrywki i zaj\u0119\u0107 rekreacyjnych, a urocze miasteczka Finestrat i Villajoyosa s\u0105 r\u00f3wnie\u017c \u0142atwo dost\u0119pne.<\/p>\n<p>Przybli\u017cone odleg\u0142o\u015bci do kluczowych atrakcji:<br \/>\nMiasto Finestrat: 5 km<br \/>\nBenidorm: 4 km<br \/>\nMiasto Alicante: 40 km<br \/>\nMi\u0119dzynarodowe lotnisko w Alicante: 55 km<\/p>\n<p>Tw\u00f3j nowy dom w Finestrat<br \/>\nDzi\u0119ki nowoczesnemu projektowi, prywatnemu basenowi, przestronnej dzia\u0142ce, widokom na morze i doskona\u0142ej lokalizacji ta nowo wybudowana willa stanowi atrakcyjn\u0105 okazj\u0119 do cieszenia si\u0119 \u015br\u00f3dziemnomorskim stylem \u017cycia w jednej z najpopularniejszych dzielnic mieszkaniowych na Costa Blanca.<\/p>\n<p>Skontaktuj si\u0119 z nami ju\u017c dzi\u015b, aby uzyska\u0107 wi\u0119cej informacji i odkry\u0107 sw\u00f3j nowy dom w Finestrat.<\/p>\n","protected":false},"excerpt":{"rendered":"<p>Nowoczesna, nowo wybudowana willa z prywatnym basenem w Finestrat na Costa Blanca Nowoczesna willa w doskona\u0142ej lokalizacji w Finestrat Odkryj t\u0119 stylow\u0105, nowo wybudowan\u0105 will\u0119 w Finestrat, jednej z najbardziej po\u017c\u0105danych lokalizacji na Costa Blanca. Zaprojektowana w stylu wsp\u00f3\u0142czesnej architektury, z czystymi liniami i du\u017cymi oknami, nieruchomo\u015b\u0107 \u0142\u0105czy w sobie nowoczesny komfort z obfitym naturalnym \u015bwiat\u0142em oraz atrakcyjnymi przestrzeniami zewn\u0119trznymi. Po\u0142o\u017cona w rozwijaj\u0105cej si\u0119 &#8230;<\/p>\n","protected":false},"featured_media":283086,"comment_status":"closed","ping_status":"closed","template":"","property_category":[394],"property_action_category":[37],"property_city":[485],"property_area":[494],"property_county_state":[475],"property_features":[132,670,99,669,274,102,100,52,105,101,92],"property_status":[286,287],"class_list":["post-283085","estate_property","type-estate_property","status-publish","has-post-thumbnail","hentry","property_category-villa","property_action_category-for-sale","property_city-finestrat","property_area-campana-garden","property_county_state-costa-blanca-norte","property_features-1-views","property_features-air-conditioning-pre-installed","property_features-garage","property_features-garden","property_features-key-ready","property_features-new-build","property_features-parking","property_features-pool","property_features-private","property_features-solarium","property_features-terrace","property_status-new-build","property_status-resale"],"_links":{"self":[{"href":"https:\/\/esentyaestate.com\/pl\/wp-json\/wp\/v2\/estate_property\/283085","targetHints":{"allow":["GET"]}}],"collection":[{"href":"https:\/\/esentyaestate.com\/pl\/wp-json\/wp\/v2\/estate_property"}],"about":[{"href":"https:\/\/esentyaestate.com\/pl\/wp-json\/wp\/v2\/types\/estate_property"}],"replies":[{"embeddable":true,"href":"https:\/\/esentyaestate.com\/pl\/wp-json\/wp\/v2\/comments?post=283085"}],"wp:featuredmedia":[{"embeddable":true,"href":"https:\/\/esentyaestate.com\/pl\/wp-json\/wp\/v2\/media\/283086"}],"wp:attachment":[{"href":"https:\/\/esentyaestate.com\/pl\/wp-json\/wp\/v2\/media?parent=283085"}],"wp:term":[{"taxonomy":"property_category","embeddable":true,"href":"https:\/\/esentyaestate.com\/pl\/wp-json\/wp\/v2\/property_category?post=283085"},{"taxonomy":"property_action_category","embeddable":true,"href":"https:\/\/esentyaestate.com\/pl\/wp-json\/wp\/v2\/property_action_category?post=283085"},{"taxonomy":"property_city","embeddable":true,"href":"https:\/\/esentyaestate.com\/pl\/wp-json\/wp\/v2\/property_city?post=283085"},{"taxonomy":"property_area","embeddable":true,"href":"https:\/\/esentyaestate.com\/pl\/wp-json\/wp\/v2\/property_area?post=283085"},{"taxonomy":"property_county_state","embeddable":true,"href":"https:\/\/esentyaestate.com\/pl\/wp-json\/wp\/v2\/property_county_state?post=283085"},{"taxonomy":"property_features","embeddable":true,"href":"https:\/\/esentyaestate.com\/pl\/wp-json\/wp\/v2\/property_features?post=283085"},{"taxonomy":"property_status","embeddable":true,"href":"https:\/\/esentyaestate.com\/pl\/wp-json\/wp\/v2\/property_status?post=283085"}],"curies":[{"name":"wp","href":"https:\/\/api.w.org\/{rel}","templated":true}]}}