{"id":93216,"date":"2026-01-02T09:56:25","date_gmt":"2026-01-02T09:56:25","guid":{"rendered":"https:\/\/esentyaestate.com\/?page_id=93216"},"modified":"2026-01-02T11:22:09","modified_gmt":"2026-01-02T11:22:09","slug":"buy-property-torrevieja-costa-blanca","status":"publish","type":"page","link":"https:\/\/esentyaestate.com\/pl\/buy-property-torrevieja-costa-blanca\/","title":{"rendered":"Kup nieruchomo\u015b\u0107 w Torrevieja"},"content":{"rendered":"<div data-elementor-type=\"wp-page\" data-elementor-id=\"93216\" class=\"elementor elementor-93216\" data-elementor-post-type=\"page\">\n\t\t\t\t<div class=\"elementor-element elementor-element-c8c310f e-flex e-con-boxed e-con e-parent\" data-id=\"c8c310f\" data-element_type=\"container\">\n\t\t\t\t\t<div class=\"e-con-inner\">\n\t\t\t\t<div class=\"elementor-element elementor-element-2c9407f elementor-widget elementor-widget-heading\" data-id=\"2c9407f\" data-element_type=\"widget\" data-widget_type=\"heading.default\">\n\t\t\t\t\t<h1 class=\"elementor-heading-title elementor-size-default\">Nieruchomo\u015b\u0107 na sprzeda\u017c w Torrevieja na Costa Blanca<\/h1>\t\t\t\t<\/div>\n\t\t\t\t<div class=\"elementor-element elementor-element-c189047 elementor-widget elementor-widget-text-editor\" data-id=\"c189047\" data-element_type=\"widget\" data-widget_type=\"text-editor.default\">\n\t\t\t\t\t\t\t\t\t<p data-start=\"314\" data-end=\"724\"><strong data-start=\"314\" data-end=\"358\">Chcesz kupi\u0107 nieruchomo\u015b\u0107 w Torrevieja?<\/strong> To pi\u0119kne nadmorskie miasteczko na hiszpa\u0144skim wybrze\u017cu Costa Blanca to popularny cel podr\u00f3\u017cy dla mi\u0119dzynarodowych nabywc\u00f3w poszukuj\u0105cych s\u0142onecznego stylu \u017cycia, atrakcyjnych ofert nieruchomo\u015bci i doskona\u0142ej jako\u015bci \u017cycia. Niezale\u017cnie od tego, czy interesuje Ci\u0119 nowoczesny dom, <strong data-start=\"575\" data-end=\"594\">nowo wybudowana willa<\/strong> lub dobrze zlokalizowany <strong data-start=\"613\" data-end=\"633\">mieszkanie z drugiej r\u0119ki<\/strong>Torrevieja oferuje wiele mo\u017cliwo\u015bci inwestowania w nieruchomo\u015bci, dostosowanych do ka\u017cdego bud\u017cetu i stylu \u017cycia.<\/p><p data-start=\"726\" data-end=\"1058\">Z ponad 300 s\u0142onecznymi dniami w roku, pi\u0119knymi pla\u017cami i go\u015bcinn\u0105 spo\u0142eczno\u015bci\u0105 ekspatriant\u00f3w, Torrevieja jest idealnym miejscem zar\u00f3wno na wakacje, jak i sta\u0142e zamieszkanie. Blisko\u015b\u0107 mi\u0119dzynarodowego lotniska w Alicante oraz dost\u0119p do opieki zdrowotnej, sklep\u00f3w i szk\u00f3\u0142 mi\u0119dzynarodowych sprawiaj\u0105, \u017ce jest to doskona\u0142y wyb\u00f3r dla rodzin, emeryt\u00f3w i inwestor\u00f3w.<\/p>\t\t\t\t\t\t\t\t<\/div>\n\t\t\t\t\t<\/div>\n\t\t\t\t<\/div>\n\t\t<div class=\"elementor-element elementor-element-34351b5 e-flex e-con-boxed e-con e-parent\" data-id=\"34351b5\" data-element_type=\"container\">\n\t\t\t\t\t<div class=\"e-con-inner\">\n\t\t\t\t<div class=\"elementor-element elementor-element-1db6096 elementor-widget elementor-widget-WpResidence_Advanced_Search\" data-id=\"1db6096\" data-element_type=\"widget\" data-widget_type=\"WpResidence_Advanced_Search.default\">\n\t\t\t\t<div class=\"elementor-widget-container\">\n\t\t\t\t\t<h2 class=\"shortcode_title_adv\"><\/h2><div class=\"advanced_search_shortcode\" id=\"advanced_search_shortcode\">\n        <form role=\"search\" method=\"get\" class=\"row  gx-2 gy-2\"   action=\"https:\/\/esentyaestate.com\/pl\/advanced-search\/\" data-trp-original-action=\"https:\/\/esentyaestate.com\/pl\/advanced-search\/\" ><div class=\"col-md-3 keyword\"><input type=\"text\" id=\"shortcode-reference\"  name=\"reference\" placeholder=\"Odniesienie\" value=\"\" class=\"advanced_select form-control\" ><\/div><div class=\"col-md-3 cities\"><select class=\"form-control  wpestatemultiselectselectpicker\" multiple xx3\n name=\"advanced_city[]\"\n        id=\"shortcode-advanced_city\"\n        title=\"Miasto\" \n        data-live-search=\"&quot;true&quot;\" \n        data-selected-text-format=\"count\"\n        data-count-selected-text=\"{0} items selected\"\n        data-select-all-text=\"Select All\"\n        data-deselect-all-text=\"Select None\"\n        data-actions-box=\"true\"\n        aria-labelledby=\"shortcode-advanced_city\">\n        <option role=\"presentation\" value=\"aguilas\" data-taxonomy=\"cities\" \n                                       data-parent-value=\"costa-calida\" data-value=\"aguilas\" >Aguilas<\/option><option role=\"presentation\" value=\"alfaz-del-pi\" data-taxonomy=\"cities\" \n                                       data-parent-value=\"costa-blanca-norte\" data-value=\"alfaz-del-pi\" >Alfaz Del Pi<\/option><option role=\"presentation\" value=\"algorfa\" data-taxonomy=\"cities\" \n                                       data-parent-value=\"costa-blanca-sur\" data-value=\"algorfa\" >Algorfa<\/option><option role=\"presentation\" value=\"alhama-de-murcia\" data-taxonomy=\"cities\" \n                                       data-parent-value=\"costa-calida\" data-value=\"alhama-de-murcia\" >Alhama De Murcia<\/option><option role=\"presentation\" value=\"alicante\" data-taxonomy=\"cities\" \n                                       data-parent-value=\"costa-blanca-sur\" data-value=\"alicante\" >Alicante<\/option><option role=\"presentation\" value=\"almoradi\" data-taxonomy=\"cities\" \n                                       data-parent-value=\"costa-blanca-sur\" data-value=\"almoradi\" >Almoradi<\/option><option role=\"presentation\" value=\"altea\" data-taxonomy=\"cities\" \n                                       data-parent-value=\"costa-blanca-norte\" data-value=\"altea\" >Altea<\/option><option role=\"presentation\" value=\"aspe\" data-taxonomy=\"cities\" \n                                       data-parent-value=\"costa-blanca-sur\" data-value=\"aspe\" >Aspe<\/option><option role=\"presentation\" value=\"avileses\" data-taxonomy=\"cities\" \n                                       data-parent-value=\"costa-calida\" data-value=\"avileses\" >Avilesowie<\/option><option role=\"presentation\" value=\"banos-y-mendigo\" data-taxonomy=\"cities\" \n                                       data-parent-value=\"costa-calida\" data-value=\"banos-y-mendigo\" >\u0141a\u017anie i Mendigo<\/option><option role=\"presentation\" value=\"benidorm\" data-taxonomy=\"cities\" \n                                       data-parent-value=\"costa-blanca-norte\" data-value=\"benidorm\" >Benidorm<\/option><option role=\"presentation\" value=\"benijofar\" data-taxonomy=\"cities\" \n                                       data-parent-value=\"costa-blanca-sur\" data-value=\"benijofar\" >Benijofar<\/option><option role=\"presentation\" value=\"benissa\" data-taxonomy=\"cities\" \n                                       data-parent-value=\"costa-blanca-norte\" data-value=\"benissa\" >Benissa<\/option><option role=\"presentation\" value=\"benitachell\" data-taxonomy=\"cities\" \n                                       data-parent-value=\"costa-blanca-norte\" data-value=\"benitachell\" >Benitachell<\/option><option role=\"presentation\" value=\"bigastro\" data-taxonomy=\"cities\" \n                                       data-parent-value=\"costa-blanca-sur\" data-value=\"bigastro\" >Bigastro<\/option><option role=\"presentation\" value=\"cabo-de-palos\" data-taxonomy=\"cities\" \n                                       data-parent-value=\"costa-calida\" data-value=\"cabo-de-palos\" >Przyl\u0105dek Palos<\/option><option role=\"presentation\" value=\"calasparra\" data-taxonomy=\"cities\" \n                                       data-parent-value=\"costa-calida\" data-value=\"calasparra\" >Calasparra<\/option><option role=\"presentation\" value=\"calpe\" data-taxonomy=\"cities\" \n                                       data-parent-value=\"costa-blanca-norte\" data-value=\"calpe\" >Calpe<\/option><option role=\"presentation\" value=\"cartagena\" data-taxonomy=\"cities\" \n                                       data-parent-value=\"costa-calida\" data-value=\"cartagena\" >Kartagena<\/option><option role=\"presentation\" value=\"ciudad-quesada\" data-taxonomy=\"cities\" \n                                       data-parent-value=\"costa-blanca-sur\" data-value=\"ciudad-quesada\" >Miasto Quesada<\/option><option role=\"presentation\" value=\"cox\" data-taxonomy=\"cities\" \n                                       data-parent-value=\"costa-blanca-sur\" data-value=\"cox\" >Sternik<\/option><option role=\"presentation\" value=\"daya-nueva\" data-taxonomy=\"cities\" \n                                       data-parent-value=\"costa-blanca-sur\" data-value=\"daya-nueva\" >Daya Nueva<\/option><option role=\"presentation\" value=\"denia\" data-taxonomy=\"cities\" \n                                       data-parent-value=\"costa-blanca-norte\" data-value=\"denia\" >Denia<\/option><option role=\"presentation\" value=\"dolores\" data-taxonomy=\"cities\" \n                                       data-parent-value=\"costa-blanca-sur\" data-value=\"dolores\" >Dolores<\/option><option role=\"presentation\" value=\"el-campello\" data-taxonomy=\"cities\" \n                                       data-parent-value=\"costa-blanca-sur\" data-value=\"el-campello\" >El Campello<\/option><option role=\"presentation\" value=\"el-verger\" data-taxonomy=\"cities\" \n                                       data-parent-value=\"costa-blanca-norte\" data-value=\"el-verger\" >El Verger<\/option><option role=\"presentation\" value=\"els-poblets\" data-taxonomy=\"cities\" \n                                       data-parent-value=\"costa-blanca-norte\" data-value=\"els-poblets\" >Els Poblets<\/option><option role=\"presentation\" value=\"finestrat\" data-taxonomy=\"cities\" \n                                       data-parent-value=\"costa-blanca-norte\" data-value=\"finestrat\" >Finestrat<\/option><option role=\"presentation\" value=\"formentera-del-segura\" data-taxonomy=\"cities\" \n                                       data-parent-value=\"costa-blanca-sur\" data-value=\"formentera-del-segura\" >Formentera Del Segura<\/option><option role=\"presentation\" value=\"fortuna\" data-taxonomy=\"cities\" \n                                       data-parent-value=\"costa-calida\" data-value=\"fortuna\" >Fortuna<\/option><option role=\"presentation\" value=\"fuente-alamo\" data-taxonomy=\"cities\" \n                                       data-parent-value=\"costa-calida\" data-value=\"fuente-alamo\" >\u0179r\u00f3d\u0142o \u00c1lamo<\/option><option role=\"presentation\" value=\"gran-alacant\" data-taxonomy=\"cities\" \n                                       data-parent-value=\"costa-blanca-sur\" data-value=\"gran-alacant\" >Gran Alacant<\/option><option role=\"presentation\" value=\"guardamar-del-segura\" data-taxonomy=\"cities\" \n                                       data-parent-value=\"costa-blanca-sur\" data-value=\"guardamar-del-segura\" >Guardamar Del Segura<\/option><option role=\"presentation\" value=\"hondon-de-las-nieves\" data-taxonomy=\"cities\" \n                                       data-parent-value=\"costa-blanca-norte\" data-value=\"hondon-de-las-nieves\" >Hond\u00f3n De Las Nieves<\/option><option role=\"presentation\" value=\"jacarilla\" data-taxonomy=\"cities\" \n                                       data-parent-value=\"otros\" data-value=\"jacarilla\" >Jakaryla<\/option><option role=\"presentation\" value=\"javea\" data-taxonomy=\"cities\" \n                                       data-parent-value=\"costa-blanca-norte\" data-value=\"javea\" >J\u00e1vea<\/option><option role=\"presentation\" value=\"la-manga-club\" data-taxonomy=\"cities\" \n                                       data-parent-value=\"costa-calida\" data-value=\"la-manga-club\" >Klub La Manga<\/option><option role=\"presentation\" value=\"la-manga-del-mar-menor\" data-taxonomy=\"cities\" \n                                       data-parent-value=\"costa-calida\" data-value=\"la-manga-del-mar-menor\" >La Manga Del Mar Menor<\/option><option role=\"presentation\" value=\"la-nucia\" data-taxonomy=\"cities\" \n                                       data-parent-value=\"costa-blanca-sur\" data-value=\"la-nucia\" >La Nuc\u00eda<\/option><option role=\"presentation\" value=\"la-romana\" data-taxonomy=\"cities\" \n                                       data-parent-value=\"costa-blanca-sur\" data-value=\"la-romana\" >La Romana<\/option><option role=\"presentation\" value=\"los-alcazares\" data-taxonomy=\"cities\" \n                                       data-parent-value=\"costa-calida\" data-value=\"los-alcazares\" >Los Alc\u00e1zares<\/option><option role=\"presentation\" value=\"los-montesinos\" data-taxonomy=\"cities\" \n                                       data-parent-value=\"costa-blanca-sur\" data-value=\"los-montesinos\" >Los Montesinos<\/option><option role=\"presentation\" value=\"los-nietos\" data-taxonomy=\"cities\" \n                                       data-parent-value=\"costa-calida\" data-value=\"los-nietos\" >Los Nietos<\/option><option role=\"presentation\" value=\"los-urrutias\" data-taxonomy=\"cities\" \n                                       data-parent-value=\"costa-calida\" data-value=\"los-urrutias\" >Los Urrutias<\/option><option role=\"presentation\" value=\"mil-palmeras\" data-taxonomy=\"cities\" \n                                       data-parent-value=\"costa-blanca-sur\" data-value=\"mil-palmeras\" >Mil Palmeras<\/option><option role=\"presentation\" value=\"monforte-del-cid\" data-taxonomy=\"cities\" \n                                       data-parent-value=\"costa-blanca-sur\" data-value=\"monforte-del-cid\" >Monforte Del Cid<\/option><option role=\"presentation\" value=\"moraira\" data-taxonomy=\"cities\" \n                                       data-parent-value=\"costa-blanca-norte\" data-value=\"moraira\" >Moraira<\/option><option role=\"presentation\" value=\"moratalla\" data-taxonomy=\"cities\" \n                                       data-parent-value=\"costa-calida\" data-value=\"moratalla\" >Moratalla<\/option><option role=\"presentation\" value=\"mutxamel\" data-taxonomy=\"cities\" \n                                       data-parent-value=\"costa-blanca-norte\" data-value=\"mutxamel\" >Mutxamel<\/option><option role=\"presentation\" value=\"orihuela\" data-taxonomy=\"cities\" \n                                       data-parent-value=\"costa-blanca-sur\" data-value=\"orihuela\" >Orihuela<\/option><option role=\"presentation\" value=\"orihuela-costa\" data-taxonomy=\"cities\" \n                                       data-parent-value=\"costa-blanca-sur\" data-value=\"orihuela-costa\" >Orihuela Costa<\/option><option role=\"presentation\" value=\"penaguila\" data-taxonomy=\"cities\" \n                                       data-parent-value=\"costa-blanca-norte\" data-value=\"penaguila\" >Penaguila<\/option><option role=\"presentation\" value=\"pilar-de-la-horadada\" data-taxonomy=\"cities\" \n                                       data-parent-value=\"costa-blanca-sur\" data-value=\"pilar-de-la-horadada\" >Pilar De La Horadada<\/option><option role=\"presentation\" value=\"pinoso\" data-taxonomy=\"cities\" \n                                       data-parent-value=\"costa-blanca-norte\" data-value=\"pinoso\" >Pinoso<\/option><option role=\"presentation\" value=\"polop\" data-taxonomy=\"cities\" \n                                       data-parent-value=\"costa-blanca-norte\" data-value=\"polop\" >Polop<\/option><option role=\"presentation\" value=\"rojales\" data-taxonomy=\"cities\" \n                                       data-parent-value=\"costa-blanca-sur\" data-value=\"rojales\" >Rojales<\/option><option role=\"presentation\" value=\"san-fulgencio\" data-taxonomy=\"cities\" \n                                       data-parent-value=\"costa-blanca-sur\" data-value=\"san-fulgencio\" >\u015awi\u0119ty Fulgencio<\/option><option role=\"presentation\" value=\"san-javier\" data-taxonomy=\"cities\" \n                                       data-parent-value=\"costa-calida\" data-value=\"san-javier\" >San Javier<\/option><option role=\"presentation\" value=\"san-juan-de-alicante\" data-taxonomy=\"cities\" \n                                       data-parent-value=\"costa-blanca-norte\" data-value=\"san-juan-de-alicante\" >San Juan de Alicante<\/option><option role=\"presentation\" value=\"san-juan-de-los-terreros\" data-taxonomy=\"cities\" \n                                       data-parent-value=\"costa-del-sol\" data-value=\"san-juan-de-los-terreros\" >San Juan De Los Terreros<\/option><option role=\"presentation\" value=\"san-miguel-de-salinas\" data-taxonomy=\"cities\" \n                                       data-parent-value=\"costa-blanca-sur\" data-value=\"san-miguel-de-salinas\" >San Miguel De Salinas<\/option><option role=\"presentation\" value=\"san-pedro-del-pinatar\" data-taxonomy=\"cities\" \n                                       data-parent-value=\"costa-calida\" data-value=\"san-pedro-del-pinatar\" >San Pedro Del Pinatar<\/option><option role=\"presentation\" value=\"santa-pola\" data-taxonomy=\"cities\" \n                                       data-parent-value=\"costa-blanca-sur\" data-value=\"santa-pola\" >\u015awi\u0119ta Pola<\/option><option role=\"presentation\" value=\"santiago-de-la-ribera\" data-taxonomy=\"cities\" \n                                       data-parent-value=\"costa-calida\" data-value=\"santiago-de-la-ribera\" >Santiago De La Ribera<\/option><option role=\"presentation\" value=\"sucina\" data-taxonomy=\"cities\" \n                                       data-parent-value=\"costa-calida\" data-value=\"sucina\" >Sucina<\/option><option role=\"presentation\" value=\"torre-de-la-horadada\" data-taxonomy=\"cities\" \n                                       data-parent-value=\"costa-blanca-sur\" data-value=\"torre-de-la-horadada\" >Wie\u017ca Horadada<\/option><option role=\"presentation\" value=\"torre-pacheco\" data-taxonomy=\"cities\" \n                                       data-parent-value=\"costa-calida\" data-value=\"torre-pacheco\" >Wie\u017ca Pacheco<\/option><option role=\"presentation\" value=\"torrevieja\" data-taxonomy=\"cities\" \n                                       data-parent-value=\"costa-blanca-sur\" data-value=\"torrevieja\" >Torrevieja<\/option><option role=\"presentation\" value=\"vera\" data-taxonomy=\"cities\" \n                                       data-parent-value=\"costa-del-sol\" data-value=\"vera\" >Wiera<\/option><option role=\"presentation\" value=\"villajoyosa\" data-taxonomy=\"cities\" \n                                       data-parent-value=\"costa-blanca-norte\" data-value=\"villajoyosa\" >Villajoyosa<\/option><option role=\"presentation\" value=\"yecla\" data-taxonomy=\"cities\" \n                                       data-parent-value=\"costa-calida\" data-value=\"yecla\" >Yecla<\/option>\n    <\/select><\/div><div class=\"col-md-3 areas\"><select class=\"form-control  wpestatemultiselectselectpicker\" multiple xx3\n name=\"advanced_area[]\"\n        id=\"shortcode-advanced_area\"\n        title=\"Dzielnica\" \n        data-live-search=\"&quot;true&quot;\" \n        data-selected-text-format=\"count\"\n        data-count-selected-text=\"{0} items selected\"\n        data-select-all-text=\"Select All\"\n        data-deselect-all-text=\"Select None\"\n        data-actions-box=\"true\"\n        aria-labelledby=\"shortcode-advanced_area\">\n        <option role=\"presentation\" value=\"acequion\" data-taxonomy=\"areas\" \n                                       data-parent-value=\"torrevieja\" data-value=\"acequion\" >Acequion<\/option><option role=\"presentation\" value=\"aguamarina\" data-taxonomy=\"areas\" \n                                       data-parent-value=\"orihuela-costa\" data-value=\"aguamarina\" >Aguamarina<\/option><option role=\"presentation\" value=\"aguas-nuevas\" data-taxonomy=\"areas\" \n                                       data-parent-value=\"torrevieja\" data-value=\"aguas-nuevas\" >Aguas Nuevas<\/option><option role=\"presentation\" value=\"alberca\" data-taxonomy=\"areas\" \n                                       data-parent-value=\"polop\" data-value=\"alberca\" >Alberca<\/option><option role=\"presentation\" value=\"albir\" data-taxonomy=\"areas\" \n                                       data-parent-value=\"alfaz-del-pi\" data-value=\"albir\" >Albir<\/option><option role=\"presentation\" value=\"albufereta\" data-taxonomy=\"areas\" \n                                       data-parent-value=\"alicante\" data-value=\"albufereta\" >Albufereta<\/option><option role=\"presentation\" value=\"alenda-golf\" data-taxonomy=\"areas\" \n                                       data-parent-value=\"monforte-del-cid\" data-value=\"alenda-golf\" >Alenda Golf<\/option><option role=\"presentation\" value=\"altaona-golf-and-country-village\" data-taxonomy=\"areas\" \n                                       data-parent-value=\"banos-y-mendigo\" data-value=\"altaona-golf-and-country-village\" >Altaona Golf And Country Village<\/option><option role=\"presentation\" value=\"altos-de-la-marquesa\" data-taxonomy=\"areas\" \n                                       data-parent-value=\"rojales\" data-value=\"altos-de-la-marquesa\" >Altos De La Marquesa<\/option><option role=\"presentation\" value=\"atalaya-park\" data-taxonomy=\"areas\" \n                                       data-parent-value=\"rojales\" data-value=\"atalaya-park\" >Park Atalaya<\/option><option role=\"presentation\" value=\"avileses\" data-taxonomy=\"areas\" \n                                       data-parent-value=\"avileses\" data-value=\"avileses\" >Avilesowie<\/option><option role=\"presentation\" value=\"balcon-de-finestrat\" data-taxonomy=\"areas\" \n                                       data-parent-value=\"finestrat\" data-value=\"balcon-de-finestrat\" >Balkon Finestrat<\/option><option role=\"presentation\" value=\"balsicas\" data-taxonomy=\"areas\" \n                                       data-parent-value=\"torre-pacheco\" data-value=\"balsicas\" >Balsicas<\/option><option role=\"presentation\" value=\"batistes\" data-taxonomy=\"areas\" \n                                       data-parent-value=\"la-romana\" data-value=\"batistes\" >Batisty<\/option><option role=\"presentation\" value=\"benijofar\" data-taxonomy=\"areas\" \n                                       data-parent-value=\"benijofar\" data-value=\"benijofar\" >Benij\u00f3far<\/option><option role=\"presentation\" value=\"bigastro\" data-taxonomy=\"areas\" \n                                       data-parent-value=\"bigastro\" data-value=\"bigastro\" >Bigastro<\/option><option role=\"presentation\" value=\"blue-lagoon\" data-taxonomy=\"areas\" \n                                       data-parent-value=\"san-miguel-de-salinas\" data-value=\"blue-lagoon\" >B\u0142\u0119kitna Laguna<\/option><option role=\"presentation\" value=\"bonalba-cotoveta\" data-taxonomy=\"areas\" \n                                       data-parent-value=\"mutxamel\" data-value=\"bonalba-cotoveta\" >Bonalba - Cotoveta<\/option><option role=\"presentation\" value=\"cabo-cervera\" data-taxonomy=\"areas\" \n                                       data-parent-value=\"torrevieja\" data-value=\"cabo-cervera\" >Przyl\u0105dek Cervera<\/option><option role=\"presentation\" value=\"cabo-roig\" data-taxonomy=\"areas\" \n                                       data-parent-value=\"orihuela-costa\" data-value=\"cabo-roig\" >Cabo Roig<\/option><option role=\"presentation\" value=\"cala-de-finestrat\" data-taxonomy=\"areas\" \n                                       data-parent-value=\"finestrat\" data-value=\"cala-de-finestrat\" >Cala De Finestrat<\/option><option role=\"presentation\" value=\"calas-blancas\" data-taxonomy=\"areas\" \n                                       data-parent-value=\"torrevieja\" data-value=\"calas-blancas\" >Calas Blancas<\/option><option role=\"presentation\" value=\"camino-del-prado\" data-taxonomy=\"areas\" \n                                       data-parent-value=\"pinoso\" data-value=\"camino-del-prado\" >Droga Prado<\/option><option role=\"presentation\" value=\"campana-garden\" data-taxonomy=\"areas\" \n                                       data-parent-value=\"finestrat\" data-value=\"campana-garden\" >Ogr\u00f3d Campana<\/option><option role=\"presentation\" value=\"campo\" data-taxonomy=\"areas\" \n                                       data-parent-value=\"pinoso\" data-value=\"campo\" >Campo<\/option><option role=\"presentation\" value=\"campoamor\" data-taxonomy=\"areas\" \n                                       data-parent-value=\"orihuela-costa\" data-value=\"campoamor\" >Campoamor<\/option><option role=\"presentation\" value=\"canada-del-molino\" data-taxonomy=\"areas\" \n                                       data-parent-value=\"torrevieja\" data-value=\"canada-del-molino\" >Ca\u00f1ada Del Molino<\/option><option role=\"presentation\" value=\"carolinas-bajas\" data-taxonomy=\"areas\" \n                                       data-parent-value=\"alicante\" data-value=\"carolinas-bajas\" >Karoliny Bajas<\/option><option role=\"presentation\" value=\"castillo-de-montemar\" data-taxonomy=\"areas\" \n                                       data-parent-value=\"algorfa\" data-value=\"castillo-de-montemar\" >Zamek Montemar<\/option><option role=\"presentation\" value=\"centro\" data-taxonomy=\"areas\" \n                                       data-parent-value=\"alicante\" data-value=\"centro\" >Centrum<\/option><option role=\"presentation\" value=\"cerro-del-sol\" data-taxonomy=\"areas\" \n                                       data-parent-value=\"san-miguel-de-salinas\" data-value=\"cerro-del-sol\" >Cerro Del Sol<\/option><option role=\"presentation\" value=\"ciudad-quesada\" data-taxonomy=\"areas\" \n                                       data-parent-value=\"ciudad-quesada\" data-value=\"ciudad-quesada\" >Miasto Quesada<\/option><option role=\"presentation\" value=\"condado-de-alhama\" data-taxonomy=\"areas\" \n                                       data-parent-value=\"alhama-de-murcia\" data-value=\"condado-de-alhama\" >Condado De Alhama<\/option><option role=\"presentation\" value=\"condado-de-alhama-golf-resort\" data-taxonomy=\"areas\" \n                                       data-parent-value=\"alhama-de-murcia\" data-value=\"condado-de-alhama-golf-resort\" >O\u015brodek golfowy Condado De Alhama<\/option><option role=\"presentation\" value=\"correntias-medias\" data-taxonomy=\"areas\" \n                                       data-parent-value=\"orihuela\" data-value=\"correntias-medias\" >Corrent\u00edas Medias<\/option><option role=\"presentation\" value=\"costa-calida\" data-taxonomy=\"areas\" \n                                       data-parent-value=\"san-pedro-del-pinatar\" data-value=\"costa-calida\" >Costa Calida<\/option><option role=\"presentation\" value=\"coto-rinales\" data-taxonomy=\"areas\" \n                                       data-parent-value=\"calasparra\" data-value=\"coto-rinales\" >Coto Ri\u00f1ales<\/option><option role=\"presentation\" value=\"cucarres\" data-taxonomy=\"areas\" \n                                       data-parent-value=\"calpe\" data-value=\"cucarres\" >Cucarres<\/option><option role=\"presentation\" value=\"daya-nueva\" data-taxonomy=\"areas\" \n                                       data-parent-value=\"daya-nueva\" data-value=\"daya-nueva\" >Daya Nueva<\/option><option role=\"presentation\" value=\"dehesa-de-campoamor\" data-taxonomy=\"areas\" \n                                       data-parent-value=\"orihuela-costa\" data-value=\"dehesa-de-campoamor\" >Dehesa De Campoamor<\/option><option role=\"presentation\" value=\"dolores-de-pacheco\" data-taxonomy=\"areas\" \n                                       data-parent-value=\"torre-pacheco\" data-value=\"dolores-de-pacheco\" >Dolores De Pacheco<\/option><option role=\"presentation\" value=\"dona-pepa\" data-taxonomy=\"areas\" \n                                       data-parent-value=\"ciudad-quesada\" data-value=\"dona-pepa\" >Do\u00f1a Pepa<\/option><option role=\"presentation\" value=\"el-acequion-los-naufragos\" data-taxonomy=\"areas\" \n                                       data-parent-value=\"torrevieja\" data-value=\"el-acequion-los-naufragos\" >El Acequi\u00f3n - Los N\u00e1ufragos<\/option><option role=\"presentation\" value=\"el-oasis\" data-taxonomy=\"areas\" \n                                       data-parent-value=\"san-fulgencio\" data-value=\"el-oasis\" >Oaza<\/option><option role=\"presentation\" value=\"el-raso\" data-taxonomy=\"areas\" \n                                       data-parent-value=\"guardamar-del-segura\" data-value=\"el-raso\" >El Raso<\/option><option role=\"presentation\" value=\"el-salero\" data-taxonomy=\"areas\" \n                                       data-parent-value=\"san-pedro-del-pinatar\" data-value=\"el-salero\" >El Salero<\/option><option role=\"presentation\" value=\"el-verger\" data-taxonomy=\"areas\" \n                                       data-parent-value=\"el-verger\" data-value=\"el-verger\" >El Verger<\/option><option role=\"presentation\" value=\"estrella-de-mar\" data-taxonomy=\"areas\" \n                                       data-parent-value=\"los-urrutias\" data-value=\"estrella-de-mar\" >Estrella De Mar<\/option><option role=\"presentation\" value=\"finestrat\" data-taxonomy=\"areas\" \n                                       data-parent-value=\"finestrat\" data-value=\"finestrat\" >Finestrat<\/option><option role=\"presentation\" value=\"finestrat-urbanizaciones\" data-taxonomy=\"areas\" \n                                       data-parent-value=\"finestrat\" data-value=\"finestrat-urbanizaciones\" >Finestrat Urbanizaciones<\/option><option role=\"presentation\" value=\"font-del-llop\" data-taxonomy=\"areas\" \n                                       data-parent-value=\"monforte-del-cid\" data-value=\"font-del-llop\" >Font Del Llop<\/option><option role=\"presentation\" value=\"gran-alacant\" data-taxonomy=\"areas\" \n                                       data-parent-value=\"gran-alacant\" data-value=\"gran-alacant\" >Gran Alacant<\/option><option role=\"presentation\" value=\"guardamar-del-segura\" data-taxonomy=\"areas\" \n                                       data-parent-value=\"guardamar-del-segura\" data-value=\"guardamar-del-segura\" >Guardamar Del Segura<\/option><option role=\"presentation\" value=\"isla-del-fraile\" data-taxonomy=\"areas\" \n                                       data-parent-value=\"aguilas\" data-value=\"isla-del-fraile\" >Wyspa Del Fraile<\/option><option role=\"presentation\" value=\"jardin-del-mar\" data-taxonomy=\"areas\" \n                                       data-parent-value=\"torrevieja\" data-value=\"jardin-del-mar\" >Ogr\u00f3d Morski<\/option><option role=\"presentation\" value=\"km-17\" data-taxonomy=\"areas\" \n                                       data-parent-value=\"la-manga-del-mar-menor\" data-value=\"km-17\" >Km 17<\/option><option role=\"presentation\" value=\"la-finca-golf\" data-taxonomy=\"areas\" \n                                       data-parent-value=\"algorfa\" data-value=\"la-finca-golf\" >La Finca Golf<\/option><option role=\"presentation\" value=\"la-florida\" data-taxonomy=\"areas\" \n                                       data-parent-value=\"orihuela-costa\" data-value=\"la-florida\" >La Florida<\/option><option role=\"presentation\" value=\"la-fustera\" data-taxonomy=\"areas\" \n                                       data-parent-value=\"benissa\" data-value=\"la-fustera\" >La Fustera<\/option><option role=\"presentation\" value=\"la-herrada\" data-taxonomy=\"areas\" \n                                       data-parent-value=\"los-montesinos\" data-value=\"la-herrada\" >La Herrada<\/option><option role=\"presentation\" value=\"la-manga-del-mar-menor\" data-taxonomy=\"areas\" \n                                       data-parent-value=\"la-manga-del-mar-menor\" data-value=\"la-manga-del-mar-menor\" >La Manga Del Mar Menor<\/option><option role=\"presentation\" value=\"la-marina\" data-taxonomy=\"areas\" \n                                       data-parent-value=\"santa-pola\" data-value=\"la-marina\" >La Marina<\/option><option role=\"presentation\" value=\"la-marquesa-golf\" data-taxonomy=\"areas\" \n                                       data-parent-value=\"rojales\" data-value=\"la-marquesa-golf\" >Pole golfowe La Marquesa<\/option><option role=\"presentation\" value=\"la-mata\" data-taxonomy=\"areas\" \n                                       data-parent-value=\"torrevieja\" data-value=\"la-mata\" >La Mata<\/option><option role=\"presentation\" value=\"la-nucia\" data-taxonomy=\"areas\" \n                                       data-parent-value=\"la-nucia\" data-value=\"la-nucia\" >La Nuc\u00eda<\/option><option role=\"presentation\" value=\"la-pinilla\" data-taxonomy=\"areas\" \n                                       data-parent-value=\"fuente-alamo\" data-value=\"la-pinilla\" >La Pinilla<\/option><option role=\"presentation\" value=\"la-regia\" data-taxonomy=\"areas\" \n                                       data-parent-value=\"orihuela-costa\" data-value=\"la-regia\" >Kr\u00f3lowa<\/option><option role=\"presentation\" value=\"la-romana\" data-taxonomy=\"areas\" \n                                       data-parent-value=\"la-romana\" data-value=\"la-romana\" >La Romana<\/option><option role=\"presentation\" value=\"la-siesta\" data-taxonomy=\"areas\" \n                                       data-parent-value=\"torrevieja\" data-value=\"la-siesta\" >Siesta<\/option><option role=\"presentation\" value=\"la-veleta\" data-taxonomy=\"areas\" \n                                       data-parent-value=\"torrevieja\" data-value=\"la-veleta\" >La Veleta<\/option><option role=\"presentation\" value=\"la-zenia\" data-taxonomy=\"areas\" \n                                       data-parent-value=\"orihuela-costa\" data-value=\"la-zenia\" >La Zenia<\/option><option role=\"presentation\" value=\"las-colinas-golf\" data-taxonomy=\"areas\" \n                                       data-parent-value=\"orihuela-costa\" data-value=\"las-colinas-golf\" >Pole golfowe Las Colinas<\/option><option role=\"presentation\" value=\"las-esperanzas\" data-taxonomy=\"areas\" \n                                       data-parent-value=\"san-pedro-del-pinatar\" data-value=\"las-esperanzas\" >Las Esperanzas<\/option><option role=\"presentation\" value=\"las-filipinas\" data-taxonomy=\"areas\" \n                                       data-parent-value=\"orihuela-costa\" data-value=\"las-filipinas\" >Las Filipinas<\/option><option role=\"presentation\" value=\"las-heredades\" data-taxonomy=\"areas\" \n                                       data-parent-value=\"almoradi\" data-value=\"las-heredades\" >Las Heredades<\/option><option role=\"presentation\" value=\"las-palas\" data-taxonomy=\"areas\" \n                                       data-parent-value=\"fuente-alamo\" data-value=\"las-palas\" >Las Palas<\/option><option role=\"presentation\" value=\"lel\" data-taxonomy=\"areas\" \n                                       data-parent-value=\"pinoso\" data-value=\"lel\" >Lel<\/option><option role=\"presentation\" value=\"lo-pagan\" data-taxonomy=\"areas\" \n                                       data-parent-value=\"san-pedro-del-pinatar\" data-value=\"lo-pagan\" >Lo Pagan<\/option><option role=\"presentation\" value=\"lo-romero-golf\" data-taxonomy=\"areas\" \n                                       data-parent-value=\"pilar-de-la-horadada\" data-value=\"lo-romero-golf\" >Pole golfowe Lo Romero<\/option><option role=\"presentation\" value=\"lomas-de-cabo-roig\" data-taxonomy=\"areas\" \n                                       data-parent-value=\"orihuela-costa\" data-value=\"lomas-de-cabo-roig\" >Lomas De Cabo Roig<\/option><option role=\"presentation\" value=\"lomas-de-campoamor\" data-taxonomy=\"areas\" \n                                       data-parent-value=\"orihuela-costa\" data-value=\"lomas-de-campoamor\" >Lomas De Campoamor<\/option><option role=\"presentation\" value=\"los-almendros\" data-taxonomy=\"areas\" \n                                       data-parent-value=\"orihuela-costa\" data-value=\"los-almendros\" >Migda\u0142y<\/option><option role=\"presentation\" value=\"los-altos\" data-taxonomy=\"areas\" \n                                       data-parent-value=\"torrevieja\" data-value=\"los-altos\" >Los Altos<\/option><option role=\"presentation\" value=\"los-antolinos\" data-taxonomy=\"areas\" \n                                       data-parent-value=\"san-pedro-del-pinatar\" data-value=\"los-antolinos\" >Los Antolinos<\/option><option role=\"presentation\" value=\"los-balcones\" data-taxonomy=\"areas\" \n                                       data-parent-value=\"torrevieja\" data-value=\"los-balcones\" >Balkony<\/option><option role=\"presentation\" value=\"los-cuarteros\" data-taxonomy=\"areas\" \n                                       data-parent-value=\"san-pedro-del-pinatar\" data-value=\"los-cuarteros\" >Los Cuarteros<\/option><option role=\"presentation\" value=\"los-dolses\" data-taxonomy=\"areas\" \n                                       data-parent-value=\"orihuela-costa\" data-value=\"los-dolses\" >Los Dolses<\/option><option role=\"presentation\" value=\"los-frutales\" data-taxonomy=\"areas\" \n                                       data-parent-value=\"torrevieja\" data-value=\"los-frutales\" >Los Frutales<\/option><option role=\"presentation\" value=\"los-narejos\" data-taxonomy=\"areas\" \n                                       data-parent-value=\"los-alcazares\" data-value=\"los-narejos\" >Los Narejos<\/option><option role=\"presentation\" value=\"mar-de-cristal\" data-taxonomy=\"areas\" \n                                       data-parent-value=\"cartagena\" data-value=\"mar-de-cristal\" >Mar De Cristal<\/option><option role=\"presentation\" value=\"maryvilla\" data-taxonomy=\"areas\" \n                                       data-parent-value=\"calpe\" data-value=\"maryvilla\" >Maryvilla<\/option><option role=\"presentation\" value=\"mil-palmeras\" data-taxonomy=\"areas\" \n                                       data-parent-value=\"pilar-de-la-horadada\" data-value=\"mil-palmeras\" >Mil Palmeras<\/option><option role=\"presentation\" value=\"nueva-torrevieja\" data-taxonomy=\"areas\" \n                                       data-parent-value=\"torrevieja\" data-value=\"nueva-torrevieja\" >Nowa Torrevieja<\/option><option role=\"presentation\" value=\"orihuela-costa\" data-taxonomy=\"areas\" \n                                       data-parent-value=\"orihuela-costa\" data-value=\"orihuela-costa\" >Orihuela Costa<\/option><option role=\"presentation\" value=\"parque-de-las-naciones\" data-taxonomy=\"areas\" \n                                       data-parent-value=\"torrevieja\" data-value=\"parque-de-las-naciones\" >Park Narodowy<\/option><option role=\"presentation\" value=\"paseo-maritimo\" data-taxonomy=\"areas\" \n                                       data-parent-value=\"torrevieja\" data-value=\"paseo-maritimo\" >Paseo Maritimo<\/option><option role=\"presentation\" value=\"pau-26\" data-taxonomy=\"areas\" \n                                       data-parent-value=\"orihuela-costa\" data-value=\"pau-26\" >Pau 26<\/option><option role=\"presentation\" value=\"pau-8\" data-taxonomy=\"areas\" \n                                       data-parent-value=\"orihuela-costa\" data-value=\"pau-8\" >Pau 8<\/option><option role=\"presentation\" value=\"pilar-de-la-horadada\" data-taxonomy=\"areas\" \n                                       data-parent-value=\"pilar-de-la-horadada\" data-value=\"pilar-de-la-horadada\" >Pilar De La Horadada<\/option><option role=\"presentation\" value=\"pinar-de-campoverde\" data-taxonomy=\"areas\" \n                                       data-parent-value=\"pilar-de-la-horadada\" data-value=\"pinar-de-campoverde\" >Pinar De Campoverde<\/option><option role=\"presentation\" value=\"pla-roig\" data-taxonomy=\"areas\" \n                                       data-parent-value=\"calpe\" data-value=\"pla-roig\" >Pla Roig<\/option><option role=\"presentation\" value=\"playa-arenal-bol\" data-taxonomy=\"areas\" \n                                       data-parent-value=\"calpe\" data-value=\"playa-arenal-bol\" >Pla\u017ca Arenal-Bol<\/option><option role=\"presentation\" value=\"playa-de-los-locos\" data-taxonomy=\"areas\" \n                                       data-parent-value=\"torrevieja\" data-value=\"playa-de-los-locos\" >Pla\u017ca De Los Locos<\/option><option role=\"presentation\" value=\"playa-de-los-naufragos\" data-taxonomy=\"areas\" \n                                       data-parent-value=\"torrevieja\" data-value=\"playa-de-los-naufragos\" >Pla\u017ca De Los Naufragos<\/option><option role=\"presentation\" value=\"playa-del-cura\" data-taxonomy=\"areas\" \n                                       data-parent-value=\"torrevieja\" data-value=\"playa-del-cura\" >Pla\u017ca Del Cura<\/option><option role=\"presentation\" value=\"playa-flamenca\" data-taxonomy=\"areas\" \n                                       data-parent-value=\"orihuela-costa\" data-value=\"playa-flamenca\" >Pla\u017ca Flamenca<\/option><option role=\"presentation\" value=\"playa-honda\" data-taxonomy=\"areas\" \n                                       data-parent-value=\"cartagena\" data-value=\"playa-honda\" >Pla\u017ca Honda<\/option><option role=\"presentation\" value=\"playas-del-torres\" data-taxonomy=\"areas\" \n                                       data-parent-value=\"villajoyosa\" data-value=\"playas-del-torres\" >Playas Del Torres<\/option><option role=\"presentation\" value=\"polideportivo\" data-taxonomy=\"areas\" \n                                       data-parent-value=\"dolores\" data-value=\"polideportivo\" >Polideportivo<\/option><option role=\"presentation\" value=\"polop\" data-taxonomy=\"areas\" \n                                       data-parent-value=\"polop\" data-value=\"polop\" >Polop<\/option><option role=\"presentation\" value=\"poniente\" data-taxonomy=\"areas\" \n                                       data-parent-value=\"benidorm\" data-value=\"poniente\" >Poniente<\/option><option role=\"presentation\" value=\"pueblo\" data-taxonomy=\"areas\" \n                                       data-parent-value=\"rojales\" data-value=\"pueblo\" >Pueblo<\/option><option role=\"presentation\" value=\"puerto\" data-taxonomy=\"areas\" \n                                       data-parent-value=\"torrevieja\" data-value=\"puerto\" >Port<\/option><option role=\"presentation\" value=\"punta-prima\" data-taxonomy=\"areas\" \n                                       data-parent-value=\"torrevieja\" data-value=\"punta-prima\" >Punta Prima<\/option><option role=\"presentation\" value=\"raco-del-galeno\" data-taxonomy=\"areas\" \n                                       data-parent-value=\"benissa\" data-value=\"raco-del-galeno\" >Rac\u00f3 Del Galeno<\/option><option role=\"presentation\" value=\"rocio-del-mar\" data-taxonomy=\"areas\" \n                                       data-parent-value=\"torrevieja\" data-value=\"rocio-del-mar\" >Rocio Del Mar<\/option><option role=\"presentation\" value=\"roda-golf\" data-taxonomy=\"areas\" \n                                       data-parent-value=\"san-javier\" data-value=\"roda-golf\" >Roda Golf<\/option><option role=\"presentation\" value=\"roldan\" data-taxonomy=\"areas\" \n                                       data-parent-value=\"torre-pacheco\" data-value=\"roldan\" >Rold\u00e1n<\/option><option role=\"presentation\" value=\"rosaleda-los-frutales\" data-taxonomy=\"areas\" \n                                       data-parent-value=\"torrevieja\" data-value=\"rosaleda-los-frutales\" >Rosaleda-Los Frutales<\/option><option role=\"presentation\" value=\"san-blas\" data-taxonomy=\"areas\" \n                                       data-parent-value=\"santiago-de-la-ribera\" data-value=\"san-blas\" >San Blas<\/option><option role=\"presentation\" value=\"san-javier\" data-taxonomy=\"areas\" \n                                       data-parent-value=\"san-javier\" data-value=\"san-javier\" >San Javier<\/option><option role=\"presentation\" value=\"san-juan-de-los-terreros\" data-taxonomy=\"areas\" \n                                       data-parent-value=\"san-juan-de-los-terreros\" data-value=\"san-juan-de-los-terreros\" >San Juan De Los Terreros<\/option><option role=\"presentation\" value=\"san-luis\" data-taxonomy=\"areas\" \n                                       data-parent-value=\"torrevieja\" data-value=\"san-luis\" >San Luis<\/option><option role=\"presentation\" value=\"san-miguel-de-salinas\" data-taxonomy=\"areas\" \n                                       data-parent-value=\"san-miguel-de-salinas\" data-value=\"san-miguel-de-salinas\" >San Miguel De Salinas<\/option><option role=\"presentation\" value=\"san-pedro-de-pinatar\" data-taxonomy=\"areas\" \n                                       data-parent-value=\"san-pedro-del-pinatar\" data-value=\"san-pedro-de-pinatar\" >San Pedro De Pinatar<\/option><option role=\"presentation\" value=\"san-pedro-del-pinatar\" data-taxonomy=\"areas\" \n                                       data-parent-value=\"san-pedro-del-pinatar\" data-value=\"san-pedro-del-pinatar\" >San Pedro Del Pinatar<\/option><option role=\"presentation\" value=\"santa-rosalia\" data-taxonomy=\"areas\" \n                                       data-parent-value=\"torre-pacheco\" data-value=\"santa-rosalia\" >\u015awi\u0119ta Rosalia<\/option><option role=\"presentation\" value=\"santa-rosalia-lake-and-life-resort\" data-taxonomy=\"areas\" \n                                       data-parent-value=\"torre-pacheco\" data-value=\"santa-rosalia-lake-and-life-resort\" >O\u015brodek wypoczynkowy Santa Rosalia Lake And Life<\/option><option role=\"presentation\" value=\"santiago-de-la-ribera\" data-taxonomy=\"areas\" \n                                       data-parent-value=\"santiago-de-la-ribera\" data-value=\"santiago-de-la-ribera\" >Santiago De La Ribera<\/option><option role=\"presentation\" value=\"sector-25\" data-taxonomy=\"areas\" \n                                       data-parent-value=\"torrevieja\" data-value=\"sector-25\" >Sektor 25<\/option><option role=\"presentation\" value=\"sector-3\" data-taxonomy=\"areas\" \n                                       data-parent-value=\"dolores\" data-value=\"sector-3\" >Sektor 3<\/option><option role=\"presentation\" value=\"sierra-cortina\" data-taxonomy=\"areas\" \n                                       data-parent-value=\"finestrat\" data-value=\"sierra-cortina\" >Sierra Cortina<\/option><option role=\"presentation\" value=\"sucina\" data-taxonomy=\"areas\" \n                                       data-parent-value=\"sucina\" data-value=\"sucina\" >Sucina<\/option><option role=\"presentation\" value=\"torre-de-la-horadada\" data-taxonomy=\"areas\" \n                                       data-parent-value=\"pilar-de-la-horadada\" data-value=\"torre-de-la-horadada\" >Wie\u017ca Horadada<\/option><option role=\"presentation\" value=\"torre-del-moro\" data-taxonomy=\"areas\" \n                                       data-parent-value=\"torrevieja\" data-value=\"torre-del-moro\" >Wie\u017ca Del Moro<\/option><option role=\"presentation\" value=\"torreblanca\" data-taxonomy=\"areas\" \n                                       data-parent-value=\"torrevieja\" data-value=\"torreblanca\" >Torreblanca<\/option><option role=\"presentation\" value=\"torreta-florida\" data-taxonomy=\"areas\" \n                                       data-parent-value=\"torrevieja\" data-value=\"torreta-florida\" >Torreta - Floryda<\/option><option role=\"presentation\" value=\"torrevieja\" data-taxonomy=\"areas\" \n                                       data-parent-value=\"torrevieja\" data-value=\"torrevieja\" >Torrevieja<\/option><option role=\"presentation\" value=\"tossal-gros\" data-taxonomy=\"areas\" \n                                       data-parent-value=\"denia\" data-value=\"tossal-gros\" >Tossal Gros<\/option><option role=\"presentation\" value=\"urb-la-marina\" data-taxonomy=\"areas\" \n                                       data-parent-value=\"san-fulgencio\" data-value=\"urb-la-marina\" >Urb.la Marina<\/option><option role=\"presentation\" value=\"urbanizacion-las-kalendas\" data-taxonomy=\"areas\" \n                                       data-parent-value=\"fortuna\" data-value=\"urbanizacion-las-kalendas\" >Urbanizacion Las Kalendas<\/option><option role=\"presentation\" value=\"urbanizacion-perla-del-mar\" data-taxonomy=\"areas\" \n                                       data-parent-value=\"orihuela\" data-value=\"urbanizacion-perla-del-mar\" >Urbanizaci\u00f3n Perla Del Mar<\/option><option role=\"presentation\" value=\"urbanizaciones\" data-taxonomy=\"areas\" \n                                       data-parent-value=\"polop\" data-value=\"urbanizaciones\" >Urbanizaciones<\/option><option role=\"presentation\" value=\"veneziola\" data-taxonomy=\"areas\" \n                                       data-parent-value=\"la-manga-del-mar-menor\" data-value=\"veneziola\" >Wenecja<\/option><option role=\"presentation\" value=\"vera-playa\" data-taxonomy=\"areas\" \n                                       data-parent-value=\"vera\" data-value=\"vera-playa\" >Vera Playa<\/option><option role=\"presentation\" value=\"verde-pino\" data-taxonomy=\"areas\" \n                                       data-parent-value=\"moraira\" data-value=\"verde-pino\" >Zielone sosny<\/option><option role=\"presentation\" value=\"villamartin\" data-taxonomy=\"areas\" \n                                       data-parent-value=\"orihuela-costa\" data-value=\"villamartin\" >Villamartin<\/option><option role=\"presentation\" value=\"villamartin-las-filipinas\" data-taxonomy=\"areas\" \n                                       data-parent-value=\"orihuela-costa\" data-value=\"villamartin-las-filipinas\" >Villamart\u00edn-Las Filipinas<\/option><option role=\"presentation\" value=\"villananitos\" data-taxonomy=\"areas\" \n                                       data-parent-value=\"san-pedro-del-pinatar\" data-value=\"villananitos\" >Villananitos<\/option><option role=\"presentation\" value=\"vistabella-golf\" data-taxonomy=\"areas\" \n                                       data-parent-value=\"orihuela\" data-value=\"vistabella-golf\" >Pole golfowe Vistabella<\/option><option role=\"presentation\" value=\"yecla\" data-taxonomy=\"areas\" \n                                       data-parent-value=\"yecla\" data-value=\"yecla\" >Yecla<\/option><option role=\"presentation\" value=\"zona-pueblo\" data-taxonomy=\"areas\" \n                                       data-parent-value=\"pilar-de-la-horadada\" data-value=\"zona-pueblo\" >Strefa Pueblo<\/option>\n    <\/select><\/div><div class=\"col-md-3 property_status\"><select class=\"form-control  wpestatemultiselectselectpicker\" multiple xx3\n name=\"property_status[]\"\n        id=\"shortcode-adv_status\"\n        title=\"Rynek\" \n        data-live-search=\"&quot;true&quot;\" \n        data-selected-text-format=\"count\"\n        data-count-selected-text=\"{0} items selected\"\n        data-select-all-text=\"Select All\"\n        data-deselect-all-text=\"Select None\"\n        data-actions-box=\"true\"\n        aria-labelledby=\"shortcode-adv_status\">\n        <option role=\"presentation\" value=\"available\" data-taxonomy=\"property status\" \n                                       data-parent-value=\"\" data-value=\"available\" >Dost\u0119pny<\/option><option role=\"presentation\" value=\"featured\" data-taxonomy=\"property status\" \n                                       data-parent-value=\"\" data-value=\"featured\" >Wyr\u00f3\u017cniony<\/option><option role=\"presentation\" value=\"new-build\" data-taxonomy=\"property status\" \n                                       data-parent-value=\"\" data-value=\"new-build\" >Rynek pierwotny<\/option><option role=\"presentation\" value=\"our-property\" data-taxonomy=\"property status\" \n                                       data-parent-value=\"\" data-value=\"our-property\" >Nasza nieruchomo\u015b\u0107<\/option><option role=\"presentation\" value=\"resale\" data-taxonomy=\"property status\" \n                                       data-parent-value=\"\" data-value=\"resale\" >Rynek wt\u00f3rny<\/option><option role=\"presentation\" value=\"reserved\" data-taxonomy=\"property status\" \n                                       data-parent-value=\"\" data-value=\"reserved\" >Skryty<\/option>\n    <\/select><\/div><div class=\"col-md-3 categories\"><select class=\"form-control  wpestatemultiselectselectpicker\" multiple xx3\n name=\"filter_search_type[]\"\n        id=\"shortcode-adv_categ\"\n        title=\"Typ\" \n        data-live-search=\"&quot;true&quot;\" \n        data-selected-text-format=\"count\"\n        data-count-selected-text=\"{0} items selected\"\n        data-select-all-text=\"Select All\"\n        data-deselect-all-text=\"Select None\"\n        data-actions-box=\"true\"\n        aria-labelledby=\"shortcode-adv_categ\">\n        <option role=\"presentation\" value=\"apartment\" data-taxonomy=\"categories\" \n                                       data-parent-value=\"\" data-value=\"apartment\" >Apartamenty<\/option><option role=\"presentation\" value=\"house\" data-taxonomy=\"categories\" \n                                       data-parent-value=\"\" data-value=\"house\" >Bli\u017aniaki<\/option><option role=\"presentation\" value=\"penthouse\" data-taxonomy=\"categories\" \n                                       data-parent-value=\"\" data-value=\"penthouse\" >Penthouse<\/option><option role=\"presentation\" value=\"villa\" data-taxonomy=\"categories\" \n                                       data-parent-value=\"\" data-value=\"villa\" >Willa<\/option>\n    <\/select><\/div><div class=\"col-md-3 beds-baths\"><div class=\"btn-group wpestate-beds-baths-popoup-component\" style=\"width:100%;\">\n            <button type=\"button\" class=\"btn btn-default dropdown-toggle wpestate-multiselect-custom-style\"\n            data-bs-toggle=\"dropdown\" aria-haspopup=\"true\" aria-expanded=\"false\" style=\"width:100%;\">\n                \u0141\u00f3\u017cka\/\u0141azienki\n            <\/button>\n            <div class=\"dropdown-menu wpestate-beds-baths-popoup-wrapper\">\n                <h3>\u0141\u00f3\u017cka<\/h3>\n                <div><div class=\"wp_estate_beds_component_item\" data-value=\"1\">1<\/div><div class=\"wp_estate_beds_component_item\" data-value=\"2\">2<\/div><div class=\"wp_estate_beds_component_item\" data-value=\"3\">3<\/div><div class=\"wp_estate_beds_component_item\" data-value=\"4\">4<\/div><div class=\"wp_estate_beds_component_item\" data-value=\"5\">5<\/div><div class=\"wp_estate_beds_component_item\" data-value=\"6\">6+<\/div><\/div>\n                <h3>\u0141a\u017ania<\/h3>\n                <div><div class=\"wp_estate_baths_component_item\" data-value=\"1\">1<\/div><div class=\"wp_estate_baths_component_item\" data-value=\"2\">2<\/div><div class=\"wp_estate_baths_component_item\" data-value=\"3\">3<\/div><div class=\"wp_estate_baths_component_item\" data-value=\"4\">4<\/div><div class=\"wp_estate_baths_component_item\" data-value=\"5\">5<\/div><div class=\"wp_estate_baths_component_item\" data-value=\"6\">6+<\/div><\/div>\n                <div>\n                    <div class=\"wpestate-beds-baths-popoup-reset\" data-default-value=\"Beds\/Baths\">Nastawi\u0107<\/div>\n                    <div class=\"wpestate-beds-baths-popoup-done\">Zrobione<\/div>\n                <\/div>\n                <input type=\"hidden\" name=\"componentsbeds\" class=\"wpresidence-componentsbeds\" value=\"\">\n                <input type=\"hidden\" name=\"componentsbaths\" class=\"wpresidence-componentsbaths\" value=\"\">\n            <\/div>\n        <\/div><\/div><div class=\"col-md-3 property-price-v2\"><div class=\"btn-group wpestate-beds-baths-popoup-component\" style=\"width:100%;\">\n            <button type=\"button\" class=\"btn btn-default dropdown-toggle wpestate-multiselect-custom-style\" \n            data-bs-toggle=\"dropdown\" aria-haspopup=\"true\" aria-expanded=\"false\" data-default-value=\"Price\" style=\"width:100%;\">\n            Cena\n            <\/button>\n            <div class=\"dropdown-menu wpestate-price-popoup-wrapper wpestate-beds-baths-popoup-wrapper\">\n                <h3>Selektor cen<\/h3><div class=\"adv_search_slider\"><div class=\"wpestate_pricev2_component_adv_search_wrapper\">\n                <input type=\"text\" id=\"component_price_low_sh\" class=\"component_adv_search_elementor_price_low price_active wpestate-price-popoup-field-low\"   value=\"\u20ac 90.000\" data-value=\"\u20ac 90.000\" \/>\n                <input type=\"text\" id=\"component_price_max_sh\" class=\"component_adv_search_elementor_price_max price_active wpestate-price-popoup-field-max\"   value=\"\u20ac 10.000.000\" data-value=\"\u20ac 10.000.000\" \/>\n                <\/div>\n            \n                    <p>\n                        <label>Przedzia\u0142 cenowy:<\/label>\n                        <span id=\"amount_sh\" class=\"wpresidence_slider_price\"  data-default=\"\u20ac 90.000 do \u20ac 10.000.000\">od 90.000 \u20ac do 10.000.000 \u20ac<\/span>\n                    <\/p>\n                    <div id=\"slider_price_sh\"><\/div>\n                    <input type=\"hidden\" id=\"price_low_sh\"  name=\"price_low\"  class=\"single_price_low\" data-value=\"90000\" value=\"90000\"\/>\n                    <input type=\"hidden\" id=\"price_max_sh\"  name=\"price_max\"  class=\"single_price_max\" data-value=\"10000000\" value=\"10000000\"\/>\n                    <input type=\"hidden\"  class=\"price_label_component\" name=\"price_label_component\"   value=\"\" \/>   <\/div>\n                <div class=\"wpestate-price-component-popoup-reset\">Nastawi\u0107<\/div>\n                <div class=\"wpestate-price-component-popoup-done\">Zrobione<\/div>\n            <\/div>\n        <\/div><\/div><div class=\"col-md-3 submit\">\n            <button class=\"wpresidence_button\" id=\"advanced_submit_shorcode\">Szukaj<\/button>\n        <input type=\"hidden\" id=\"wpestate_regular_search_nonce\" name=\"wpestate_regular_search_nonce\" value=\"69765592a4\" \/><input type=\"hidden\" name=\"_wp_http_referer\" value=\"\/pl\/wp-json\/wp\/v2\/pages\/93216\" \/>\n        <\/div>\n\n    <input type=\"hidden\" name=\"trp-form-language\" value=\"pl\"\/><\/form>\n<\/div>\t\t\t\t<\/div>\n\t\t\t\t<\/div>\n\t\t\t\t<div class=\"elementor-element elementor-element-ca41c69 elementor-widget elementor-widget-WpResidence_Items_List_card_v1\" data-id=\"ca41c69\" data-element_type=\"widget\" data-widget_type=\"WpResidence_Items_List_card_v1.default\">\n\t\t\t\t<div class=\"elementor-widget-container\">\n\t\t\t\t\t<div id=\"wpestate_sh_anime_148\" class=\"wpresidence_shortcode_listings_wrapper wpestate_anime wpestate_latest_listings_sh bottom-estate_property\" data-type=\"estate_property\" data-category_ids=\"\" data-action_ids=\"\" data-city_ids=\"385\" data-area_ids=\"\" data-state_ids=\"\" data-status_ids=\"\" data-features_ids=\"\" data-number=\"9\" data-row-number=\"3\" data-card-version=\"0\" data-align=\"vertical\" data-show_featured_only=\"no\" data-random_pick=\"no\" data-featured_first=\"no\" data-sort-by=\"3\" data-display-grid=\"no\" data-agent-id=\"\" data-page=\"1\"><div class=\"items_shortcode_wrapper row\" data-row-number=\"3\">\n<div class=\"col-lg-4 col-12 col-sm-6 col-md-6    listing_wrapper\"\n    data-org=\"4\"\n    data-main-modal=\"https:\/\/esentyaestate.com\/wp-content\/uploads\/2026\/05\/property_MLSC8097771_1_12042-835x467.jpg\"\n    data-modal-title=\"Penthouse in Torrevieja &#8211; EE12042\"\n    data-modal-link=\"https:\/\/esentyaestate.com\/pl\/estate_property\/penthouse-in-torrevieja-ee12042\/\"\n    data-listid=\"200391\">\n\n    <div class=\"property_listing property_card_default\"\n        data-link=\"\">\n\n                    <div class=\"listing-unit-img-wrapper\">\n                <div class=\"prop_new_details\">\n                    <div class=\"prop_new_details_back\"><\/div>\n                    <div class=\"property_media\">\n        <i class=\"fas fa-camera\"><\/i> 41<\/div><div class=\"property_location_image\"><i class=\"fas fa-map-marker-alt\"><\/i><a href=\"https:\/\/esentyaestate.com\/pl\/property_area\/la-veleta\/\">La Veleta<\/a>, <a href=\"https:\/\/esentyaestate.com\/pl\/property_city\/torrevieja\/\">Torrevieja<\/a><\/div>                    <div class=\"featured_gradient\"><\/div>\n                <\/div>\n\n                    <div id=\"property_unit_carousel_69f4fef5e5a77\" class=\"carousel property_unit_carousel slide\" data-bs-interval=\"false\">\n        <div class=\"carousel-inner\">\n           \n            <div class=\"carousel-item active\">\n                <a href=\"https:\/\/esentyaestate.com\/pl\/estate_property\/penthouse-in-torrevieja-ee12042\/\" target=\"_self\">\n                    <img decoding=\"async\" width=\"525px\" height=\"328px\" src=\"https:\/\/esentyaestate.com\/wp-content\/uploads\/2026\/05\/property_MLSC8097771_1_12042-525x328.jpg\" alt=\"Penthouse w Torrevieja \u2013 EE12042\" class=\"d-block w-100 img-fluid\" loading=\"lazy\" \/>\n                <\/a>\n            <\/div><div class=\"carousel-item\">\n                <a href=\"https:\/\/esentyaestate.com\/pl\/estate_property\/penthouse-in-torrevieja-ee12042\/\" target=\"_self\">\n                    <img decoding=\"async\" width=\"525px\" height=\"328px\" src=\"https:\/\/esentyaestate.com\/wp-content\/uploads\/2026\/05\/property_MLSC8097771_2_12042-525x328.jpg\" alt=\"Penthouse w Torrevieja \u2013 EE12042\" class=\"d-block w-100 img-fluid\" loading=\"lazy\" \/>\n                <\/a>\n            <\/div><div class=\"carousel-item\">\n                <a href=\"https:\/\/esentyaestate.com\/pl\/estate_property\/penthouse-in-torrevieja-ee12042\/\" target=\"_self\">\n                    <img decoding=\"async\" width=\"525px\" height=\"328px\" src=\"https:\/\/esentyaestate.com\/wp-content\/uploads\/2026\/05\/property_MLSC8097771_3_12042-525x328.jpg\" alt=\"Penthouse w Torrevieja \u2013 EE12042\" class=\"d-block w-100 img-fluid\" loading=\"lazy\" \/>\n                <\/a>\n            <\/div>        <\/div>\n                    <button class=\"carousel-control-prev\" type=\"button\" data-bs-target=\"#property_unit_carousel_69f4fef5e5a77\" data-bs-slide=\"prev\">\n                <span class=\"carousel-control-prev-icon\" aria-hidden=\"true\"><\/span>\n                <span class=\"visually-hidden\">Poprzedni<\/span>\n            <\/button>\n            <button class=\"carousel-control-next\" type=\"button\" data-bs-target=\"#property_unit_carousel_69f4fef5e5a77\" data-bs-slide=\"next\">\n                <span class=\"carousel-control-next-icon\" aria-hidden=\"true\"><\/span>\n                <span class=\"visually-hidden\">Nast\u0119pny<\/span>\n            <\/button>\n            <\/div>\n    <div class=\"tag-wrapper\">\n    <div class=\"status-wrapper\">\n    <div class=\"action_tag_wrapper For Sale\">Na sprzeda\u017c<\/div><div class=\"ribbon-inside Resale\">Rynek wt\u00f3rny<\/div><\/div>\n<\/div>            <\/div>\n\n            <div class=\"property-unit-information-wrapper\">\n                <div class=\"listing_unit_price_wrapper\">\n    \u20ac 258.150 <span class=\"price_label\"><\/span><\/div><h4>\n  <a href=\"https:\/\/esentyaestate.com\/pl\/estate_property\/penthouse-in-torrevieja-ee12042\/\" >Penthouse w Torrevieja \u2013 EE12042<\/a>\n<\/h4><div class=\"property_listing_details_v2\"><div class=\"property_listing_details_v2_item\"><div class=\"icon_label\">Sypialnie:<\/div>2<\/div><div class=\"property_listing_details_v2_item\"><div class=\"icon_label\">\u0141a\u017ania:<\/div>2<\/div><div class=\"property_listing_details_v2_item\"><div class=\"icon_label\">Rozmiar:<\/div><span>66 m<sup>2<\/sup><\/span><\/div><\/div>                    <div class=\"property_location\">\n                        \n<div class=\"property_agent_wrapper\">\n            <div class=\"property_agent_image\" style=\"background-image:url('https:\/\/esentyaestate.com\/wp-content\/uploads\/2025\/12\/Logo-Esentya-Black-120x120.png')\"><\/div>\n        <div class=\"property_agent_image_sign\"><i class=\"far fa-user-circle\"><\/i><\/div>\n    \n                        <a class=\"wpestate_card_agent_link\" href=\"https:\/\/esentyaestate.com\/pl\/estate_agent\/esentya-estate\/\">\n                Posiad\u0142o\u015b\u0107 Esentya            <\/a>\n            <\/div>\n<div class=\"listing_actions\">\n                    <div class=\"share_unit\">\n            <a href=\"https:\/\/www.facebook.com\/sharer.php?u=https:\/\/esentyaestate.com\/pl\/estate_property\/penthouse-in-torrevieja-ee12042\/&#038;t=Penthouse+in+Torrevieja+%26%238211%3B+EE12042\" target=\"_blank\" rel=\"noreferrer\" class=\"social_facebook\"><\/a>\n            <a href=\"https:\/\/twitter.com\/intent\/tweet?text=Penthouse+in+Torrevieja+%26%238211%3B+EE12042+https%3A%2F%2Fesentyaestate.com%2Fpl%2Festate_property%2Fpenthouse-in-torrevieja-ee12042%2F\" class=\"social_tweet\" rel=\"noreferrer\" target=\"_blank\"><\/a>\n            <a href=\"https:\/\/pinterest.com\/pin\/create\/button\/?url=https:\/\/esentyaestate.com\/pl\/estate_property\/penthouse-in-torrevieja-ee12042\/&#038;media=https:\/\/esentyaestate.com\/wp-content\/uploads\/2026\/05\/property_MLSC8097771_1_12042.jpg&#038;description=Penthouse+in+Torrevieja+%26%238211%3B+EE12042\" target=\"_blank\" rel=\"noreferrer\" class=\"social_pinterest\"><\/a>\n            <a href=\"https:\/\/wa.me\/?text=Penthouse%20in%20Torrevieja%20&#8211;%20EE12042%20https:\/\/esentyaestate.com\/pl\/estate_property\/penthouse-in-torrevieja-ee12042\/\" class=\"social_whatsup\" rel=\"noreferrer\" target=\"_blank\"><\/a>\n            <a href=\"mailto:?&#115;ubj&#101;ct&#61;&#80;&#101;&#110;&#116;h&#111;u&#115;&#101;+i&#110;+T&#111;rre&#118;i&#101;ja&#43;%&#50;6&#37;2&#51;&#56;211%3B+&#69;E1&#50;0&#52;2&#38;&#97;&#109;p;&#98;&#111;&#100;&#121;&#61;h&#116;&#116;&#112;s%&#51;&#65;&#37;2&#70;%&#50;&#70;&#101;&#115;e&#110;&#116;y&#97;&#101;s&#116;&#97;&#116;e&#46;&#99;&#111;&#109;&#37;2F&#112;l%&#50;&#70;e&#115;tat&#101;&#95;&#112;&#114;&#111;&#112;erty%2&#70;&#112;e&#110;t&#104;ous&#101;-&#105;n-&#116;&#111;r&#114;&#101;vie&#106;&#97;&#45;e&#101;12&#48;42&#37;&#50;F\" data-action=\"share email\" class=\"social_email\"><\/a>\n        <\/div>\n                <span class=\"share_list\" data-bs-toggle=\"tooltip\" title=\"udzia\u0142\"><\/span>\n    \n    \n    <\/div>\n                    <\/div>\n                            <\/div>\n            <\/div>\n<\/div>\n<div class=\"col-lg-4 col-12 col-sm-6 col-md-6    listing_wrapper\"\n    data-org=\"4\"\n    data-main-modal=\"https:\/\/esentyaestate.com\/wp-content\/uploads\/2026\/04\/1777535988_2bbddb0b4108e7190c1b-835x467.jpg\"\n    data-modal-title=\"Sea views apartment in La Mata &#8211; EE12038\"\n    data-modal-link=\"https:\/\/esentyaestate.com\/pl\/estate_property\/sea-views-apartment-in-la-mata-ee12038\/\"\n    data-listid=\"200031\">\n\n    <div class=\"property_listing property_card_default\"\n        data-link=\"\">\n\n                    <div class=\"listing-unit-img-wrapper\">\n                <div class=\"prop_new_details\">\n                    <div class=\"prop_new_details_back\"><\/div>\n                    <div class=\"property_media\">\n            <i class=\"fas fa-video\"><\/i>\n        <i class=\"fas fa-camera\"><\/i> 19<\/div><div class=\"property_location_image\"><i class=\"fas fa-map-marker-alt\"><\/i><a href=\"https:\/\/esentyaestate.com\/pl\/property_area\/la-mata\/\">La Mata<\/a>, <a href=\"https:\/\/esentyaestate.com\/pl\/property_city\/torrevieja\/\">Torrevieja<\/a><\/div>                    <div class=\"featured_gradient\"><\/div>\n                <\/div>\n\n                    <div id=\"property_unit_carousel_69f4fef5e6bbd\" class=\"carousel property_unit_carousel slide\" data-bs-interval=\"false\">\n        <div class=\"carousel-inner\">\n           \n            <div class=\"carousel-item active\">\n                <a href=\"https:\/\/esentyaestate.com\/pl\/estate_property\/sea-views-apartment-in-la-mata-ee12038\/\" target=\"_self\">\n                    <img decoding=\"async\" width=\"525px\" height=\"328px\" src=\"https:\/\/esentyaestate.com\/wp-content\/uploads\/2026\/04\/1777535988_2bbddb0b4108e7190c1b-525x328.jpg\" alt=\"Apartament z widokiem na morze w La Mata \u2013 EE12038\" class=\"d-block w-100 img-fluid\" loading=\"lazy\" \/>\n                <\/a>\n            <\/div><div class=\"carousel-item\">\n                <a href=\"https:\/\/esentyaestate.com\/pl\/estate_property\/sea-views-apartment-in-la-mata-ee12038\/\" target=\"_self\">\n                    <img decoding=\"async\" width=\"525px\" height=\"328px\" src=\"https:\/\/esentyaestate.com\/wp-content\/uploads\/2026\/04\/1777535989_c9e8ef7e95213cae2b81-525x328.jpg\" alt=\"Apartament z widokiem na morze w La Mata \u2013 EE12038\" class=\"d-block w-100 img-fluid\" loading=\"lazy\" \/>\n                <\/a>\n            <\/div><div class=\"carousel-item\">\n                <a href=\"https:\/\/esentyaestate.com\/pl\/estate_property\/sea-views-apartment-in-la-mata-ee12038\/\" target=\"_self\">\n                    <img decoding=\"async\" width=\"525px\" height=\"328px\" src=\"https:\/\/esentyaestate.com\/wp-content\/uploads\/2026\/04\/1777535988_2e4081a63cc4bfa3a0c4-525x328.jpg\" alt=\"Apartament z widokiem na morze w La Mata \u2013 EE12038\" class=\"d-block w-100 img-fluid\" loading=\"lazy\" \/>\n                <\/a>\n            <\/div>        <\/div>\n                    <button class=\"carousel-control-prev\" type=\"button\" data-bs-target=\"#property_unit_carousel_69f4fef5e6bbd\" data-bs-slide=\"prev\">\n                <span class=\"carousel-control-prev-icon\" aria-hidden=\"true\"><\/span>\n                <span class=\"visually-hidden\">Poprzedni<\/span>\n            <\/button>\n            <button class=\"carousel-control-next\" type=\"button\" data-bs-target=\"#property_unit_carousel_69f4fef5e6bbd\" data-bs-slide=\"next\">\n                <span class=\"carousel-control-next-icon\" aria-hidden=\"true\"><\/span>\n                <span class=\"visually-hidden\">Nast\u0119pny<\/span>\n            <\/button>\n            <\/div>\n    <div class=\"tag-wrapper\">\n    <div class=\"status-wrapper\">\n    <div class=\"action_tag_wrapper For Sale\">Na sprzeda\u017c<\/div><div class=\"ribbon-inside Our-Property\">Nasza nieruchomo\u015b\u0107<\/div><div class=\"ribbon-inside Resale\">Rynek wt\u00f3rny<\/div><\/div>\n<\/div>            <\/div>\n\n            <div class=\"property-unit-information-wrapper\">\n                <div class=\"listing_unit_price_wrapper\">\n    \u20ac 189.500 <span class=\"price_label\"><\/span><\/div><h4>\n  <a href=\"https:\/\/esentyaestate.com\/pl\/estate_property\/sea-views-apartment-in-la-mata-ee12038\/\" >Apartament z widokiem na morze w La Mata \u2013 EE12038<\/a>\n<\/h4><div class=\"property_listing_details_v2\"><div class=\"property_listing_details_v2_item\"><div class=\"icon_label\">Sypialnie:<\/div>2<\/div><div class=\"property_listing_details_v2_item\"><div class=\"icon_label\">\u0141a\u017ania:<\/div>1<\/div><div class=\"property_listing_details_v2_item\"><div class=\"icon_label\">Rozmiar:<\/div><span>71 m<sup>2<\/sup><\/span><\/div><\/div>                    <div class=\"property_location\">\n                        \n<div class=\"property_agent_wrapper\">\n            <div class=\"property_agent_image\" style=\"background-image:url('https:\/\/esentyaestate.com\/wp-content\/uploads\/2025\/12\/alexia-paulot-real-estate-agent-120x120.png')\"><\/div>\n        <div class=\"property_agent_image_sign\"><i class=\"far fa-user-circle\"><\/i><\/div>\n    \n                        <a class=\"wpestate_card_agent_link\" href=\"https:\/\/esentyaestate.com\/pl\/estate_agent\/alexia-paulot\/\">\n                Alexia Paulot            <\/a>\n            <\/div>\n<div class=\"listing_actions\">\n                    <div class=\"share_unit\">\n            <a href=\"https:\/\/www.facebook.com\/sharer.php?u=https:\/\/esentyaestate.com\/pl\/estate_property\/sea-views-apartment-in-la-mata-ee12038\/&#038;t=Sea+views+apartment+in+La+Mata+%26%238211%3B+EE12038\" target=\"_blank\" rel=\"noreferrer\" class=\"social_facebook\"><\/a>\n            <a href=\"https:\/\/twitter.com\/intent\/tweet?text=Sea+views+apartment+in+La+Mata+%26%238211%3B+EE12038+https%3A%2F%2Fesentyaestate.com%2Fpl%2Festate_property%2Fsea-views-apartment-in-la-mata-ee12038%2F\" class=\"social_tweet\" rel=\"noreferrer\" target=\"_blank\"><\/a>\n            <a href=\"https:\/\/pinterest.com\/pin\/create\/button\/?url=https:\/\/esentyaestate.com\/pl\/estate_property\/sea-views-apartment-in-la-mata-ee12038\/&#038;media=https:\/\/esentyaestate.com\/wp-content\/uploads\/2026\/04\/1777535988_2bbddb0b4108e7190c1b-scaled.jpg&#038;description=Sea+views+apartment+in+La+Mata+%26%238211%3B+EE12038\" target=\"_blank\" rel=\"noreferrer\" class=\"social_pinterest\"><\/a>\n            <a href=\"https:\/\/wa.me\/?text=Sea%20views%20apartment%20in%20La%20Mata%20&#8211;%20EE12038%20https:\/\/esentyaestate.com\/pl\/estate_property\/sea-views-apartment-in-la-mata-ee12038\/\" class=\"social_whatsup\" rel=\"noreferrer\" target=\"_blank\"><\/a>\n            <a href=\"mailto:?&#115;&#117;bje&#99;t&#61;&#83;&#101;a+v&#105;ews+a&#112;&#97;r&#116;&#109;en&#116;+in&#43;L&#97;+M&#97;ta+&#37;26%23821&#49;&#37;&#51;&#66;+&#69;&#69;12&#48;38&a&#109;&#112;;b&#111;dy&#61;h&#116;tps&#37;&#51;&#65;&#37;2&#70;%2F&#101;&#115;e&#110;&#116;yae&#115;ta&#116;e.&#99;o&#109;&#37;&#50;Fpl%&#50;Fes&#116;a&#116;&#101;&#95;&#112;&#114;o&#112;e&#114;&#116;y%&#50;F&#115;&#101;&#97;&#45;v&#105;e&#119;s-a&#112;&#97;&#114;t&#109;ent-in-&#108;a&#45;&#109;&#97;t&#97;-&#101;e&#49;&#50;03&#56;%&#50;F\" data-action=\"share email\" class=\"social_email\"><\/a>\n        <\/div>\n                <span class=\"share_list\" data-bs-toggle=\"tooltip\" title=\"udzia\u0142\"><\/span>\n    \n    \n    <\/div>\n                    <\/div>\n                            <\/div>\n            <\/div>\n<\/div>\n<div class=\"col-lg-4 col-12 col-sm-6 col-md-6    listing_wrapper\"\n    data-org=\"4\"\n    data-main-modal=\"https:\/\/esentyaestate.com\/wp-content\/uploads\/2026\/04\/property_MLSC7592154_1_12035-835x467.jpg\"\n    data-modal-title=\"Villa in Torrevieja &#8211; EE12035\"\n    data-modal-link=\"https:\/\/esentyaestate.com\/pl\/estate_property\/villa-in-torrevieja-ee12035\/\"\n    data-listid=\"199739\">\n\n    <div class=\"property_listing property_card_default\"\n        data-link=\"\">\n\n                    <div class=\"listing-unit-img-wrapper\">\n                <div class=\"prop_new_details\">\n                    <div class=\"prop_new_details_back\"><\/div>\n                    <div class=\"property_media\">\n        <i class=\"fas fa-camera\"><\/i> 34<\/div><div class=\"property_location_image\"><i class=\"fas fa-map-marker-alt\"><\/i><a href=\"https:\/\/esentyaestate.com\/pl\/property_city\/torrevieja\/\">Torrevieja<\/a><\/div>                    <div class=\"featured_gradient\"><\/div>\n                <\/div>\n\n                    <div id=\"property_unit_carousel_69f4fef5e8109\" class=\"carousel property_unit_carousel slide\" data-bs-interval=\"false\">\n        <div class=\"carousel-inner\">\n           \n            <div class=\"carousel-item active\">\n                <a href=\"https:\/\/esentyaestate.com\/pl\/estate_property\/villa-in-torrevieja-ee12035\/\" target=\"_self\">\n                    <img decoding=\"async\" width=\"525px\" height=\"328px\" src=\"https:\/\/esentyaestate.com\/wp-content\/uploads\/2026\/04\/property_MLSC7592154_1_12035-525x328.jpg\" alt=\"Willa w Torrevieja \u2013 EE12035\" class=\"d-block w-100 img-fluid\" loading=\"lazy\" \/>\n                <\/a>\n            <\/div><div class=\"carousel-item\">\n                <a href=\"https:\/\/esentyaestate.com\/pl\/estate_property\/villa-in-torrevieja-ee12035\/\" target=\"_self\">\n                    <img decoding=\"async\" width=\"525px\" height=\"328px\" src=\"https:\/\/esentyaestate.com\/wp-content\/uploads\/2026\/04\/property_MLSC7592154_2_12035-525x328.jpg\" alt=\"Willa w Torrevieja \u2013 EE12035\" class=\"d-block w-100 img-fluid\" loading=\"lazy\" \/>\n                <\/a>\n            <\/div><div class=\"carousel-item\">\n                <a href=\"https:\/\/esentyaestate.com\/pl\/estate_property\/villa-in-torrevieja-ee12035\/\" target=\"_self\">\n                    <img decoding=\"async\" width=\"525px\" height=\"328px\" src=\"https:\/\/esentyaestate.com\/wp-content\/uploads\/2026\/04\/property_MLSC7592154_3_12035-525x328.jpg\" alt=\"Willa w Torrevieja \u2013 EE12035\" class=\"d-block w-100 img-fluid\" loading=\"lazy\" \/>\n                <\/a>\n            <\/div>        <\/div>\n                    <button class=\"carousel-control-prev\" type=\"button\" data-bs-target=\"#property_unit_carousel_69f4fef5e8109\" data-bs-slide=\"prev\">\n                <span class=\"carousel-control-prev-icon\" aria-hidden=\"true\"><\/span>\n                <span class=\"visually-hidden\">Poprzedni<\/span>\n            <\/button>\n            <button class=\"carousel-control-next\" type=\"button\" data-bs-target=\"#property_unit_carousel_69f4fef5e8109\" data-bs-slide=\"next\">\n                <span class=\"carousel-control-next-icon\" aria-hidden=\"true\"><\/span>\n                <span class=\"visually-hidden\">Nast\u0119pny<\/span>\n            <\/button>\n            <\/div>\n    <div class=\"tag-wrapper\">\n    <div class=\"status-wrapper\">\n    <div class=\"action_tag_wrapper For Sale\">Na sprzeda\u017c<\/div><div class=\"ribbon-inside Resale\">Rynek wt\u00f3rny<\/div><\/div>\n<\/div>            <\/div>\n\n            <div class=\"property-unit-information-wrapper\">\n                <div class=\"listing_unit_price_wrapper\">\n    \u20ac 1.490.000 <span class=\"price_label\"><\/span><\/div><h4>\n  <a href=\"https:\/\/esentyaestate.com\/pl\/estate_property\/villa-in-torrevieja-ee12035\/\" >Willa w Torrevieja \u2013 EE12035<\/a>\n<\/h4><div class=\"property_listing_details_v2\"><div class=\"property_listing_details_v2_item\"><div class=\"icon_label\">Sypialnie:<\/div>5<\/div><div class=\"property_listing_details_v2_item\"><div class=\"icon_label\">\u0141a\u017ania:<\/div>3<\/div><div class=\"property_listing_details_v2_item\"><div class=\"icon_label\">Rozmiar:<\/div><span>0 m<sup>2<\/sup><\/span><\/div><\/div>                    <div class=\"property_location\">\n                        \n<div class=\"property_agent_wrapper\">\n            <div class=\"property_agent_image\" style=\"background-image:url('https:\/\/esentyaestate.com\/wp-content\/uploads\/2025\/12\/Logo-Esentya-Black-120x120.png')\"><\/div>\n        <div class=\"property_agent_image_sign\"><i class=\"far fa-user-circle\"><\/i><\/div>\n    \n                        <a class=\"wpestate_card_agent_link\" href=\"https:\/\/esentyaestate.com\/pl\/estate_agent\/esentya-estate\/\">\n                Posiad\u0142o\u015b\u0107 Esentya            <\/a>\n            <\/div>\n<div class=\"listing_actions\">\n                    <div class=\"share_unit\">\n            <a href=\"https:\/\/www.facebook.com\/sharer.php?u=https:\/\/esentyaestate.com\/pl\/estate_property\/villa-in-torrevieja-ee12035\/&#038;t=Villa+in+Torrevieja+%26%238211%3B+EE12035\" target=\"_blank\" rel=\"noreferrer\" class=\"social_facebook\"><\/a>\n            <a href=\"https:\/\/twitter.com\/intent\/tweet?text=Villa+in+Torrevieja+%26%238211%3B+EE12035+https%3A%2F%2Fesentyaestate.com%2Fpl%2Festate_property%2Fvilla-in-torrevieja-ee12035%2F\" class=\"social_tweet\" rel=\"noreferrer\" target=\"_blank\"><\/a>\n            <a href=\"https:\/\/pinterest.com\/pin\/create\/button\/?url=https:\/\/esentyaestate.com\/pl\/estate_property\/villa-in-torrevieja-ee12035\/&#038;media=https:\/\/esentyaestate.com\/wp-content\/uploads\/2026\/04\/property_MLSC7592154_1_12035.jpg&#038;description=Villa+in+Torrevieja+%26%238211%3B+EE12035\" target=\"_blank\" rel=\"noreferrer\" class=\"social_pinterest\"><\/a>\n            <a href=\"https:\/\/wa.me\/?text=Villa%20in%20Torrevieja%20&#8211;%20EE12035%20https:\/\/esentyaestate.com\/pl\/estate_property\/villa-in-torrevieja-ee12035\/\" class=\"social_whatsup\" rel=\"noreferrer\" target=\"_blank\"><\/a>\n            <a href=\"mailto:?su&#98;&#106;ec&#116;&#61;V&#105;ll&#97;&#43;in&#43;&#84;o&#114;&#114;&#101;v&#105;e&#106;&#97;&#43;&#37;26%23&#56;2&#49;&#49;&#37;&#51;&#66;+EE&#49;&#50;&#48;35&#38;&#97;&#109;p&#59;bo&#100;y&#61;h&#116;tps%3A%&#50;F&#37;&#50;F&#101;&#115;&#101;n&#116;y&#97;&#101;stat&#101;&#46;&#99;om%2F&#112;l&#37;2&#70;&#101;s&#116;&#97;&#116;&#101;_pr&#111;pert&#121;&#37;&#50;Fv&#105;&#108;l&#97;-&#105;n&#45;t&#111;rre&#118;&#105;ej&#97;-ee&#49;2&#48;35%&#50;F\" data-action=\"share email\" class=\"social_email\"><\/a>\n        <\/div>\n                <span class=\"share_list\" data-bs-toggle=\"tooltip\" title=\"udzia\u0142\"><\/span>\n    \n    \n    <\/div>\n                    <\/div>\n                            <\/div>\n            <\/div>\n<\/div>\n<div class=\"col-lg-4 col-12 col-sm-6 col-md-6    listing_wrapper\"\n    data-org=\"4\"\n    data-main-modal=\"https:\/\/esentyaestate.com\/wp-content\/uploads\/2026\/04\/1777465671_c9946b127b2ba9e85a73-835x467.jpg\"\n    data-modal-title=\"Corner townhouse in Los Altos, Torrevieja &#8211; EE12034\"\n    data-modal-link=\"https:\/\/esentyaestate.com\/pl\/estate_property\/corner-townhouse-in-los-altos-torrevieja-ee12034\/\"\n    data-listid=\"199625\">\n\n    <div class=\"property_listing property_card_default\"\n        data-link=\"\">\n\n                    <div class=\"listing-unit-img-wrapper\">\n                <div class=\"prop_new_details\">\n                    <div class=\"prop_new_details_back\"><\/div>\n                    <div class=\"property_media\">\n            <i class=\"fas fa-video\"><\/i>\n        <i class=\"fas fa-camera\"><\/i> 21<\/div><div class=\"property_location_image\"><i class=\"fas fa-map-marker-alt\"><\/i><a href=\"https:\/\/esentyaestate.com\/pl\/property_area\/los-altos\/\">Los Altos<\/a>, <a href=\"https:\/\/esentyaestate.com\/pl\/property_city\/torrevieja\/\">Torrevieja<\/a><\/div>                    <div class=\"featured_gradient\"><\/div>\n                <\/div>\n\n                    <div id=\"property_unit_carousel_69f4fef5e915c\" class=\"carousel property_unit_carousel slide\" data-bs-interval=\"false\">\n        <div class=\"carousel-inner\">\n           \n            <div class=\"carousel-item active\">\n                <a href=\"https:\/\/esentyaestate.com\/pl\/estate_property\/corner-townhouse-in-los-altos-torrevieja-ee12034\/\" target=\"_self\">\n                    <img decoding=\"async\" width=\"525px\" height=\"328px\" src=\"https:\/\/esentyaestate.com\/wp-content\/uploads\/2026\/04\/1777465671_c9946b127b2ba9e85a73-525x328.jpg\" alt=\"Naro\u017cna kamienica w Los Altos, Torrevieja \u2013 EE12034\" class=\"d-block w-100 img-fluid\" loading=\"lazy\" \/>\n                <\/a>\n            <\/div><div class=\"carousel-item\">\n                <a href=\"https:\/\/esentyaestate.com\/pl\/estate_property\/corner-townhouse-in-los-altos-torrevieja-ee12034\/\" target=\"_self\">\n                    <img decoding=\"async\" width=\"525px\" height=\"328px\" src=\"https:\/\/esentyaestate.com\/wp-content\/uploads\/2026\/04\/1777465670_0731841ffba31bf09afe-525x328.jpg\" alt=\"Naro\u017cna kamienica w Los Altos, Torrevieja \u2013 EE12034\" class=\"d-block w-100 img-fluid\" loading=\"lazy\" \/>\n                <\/a>\n            <\/div><div class=\"carousel-item\">\n                <a href=\"https:\/\/esentyaestate.com\/pl\/estate_property\/corner-townhouse-in-los-altos-torrevieja-ee12034\/\" target=\"_self\">\n                    <img decoding=\"async\" width=\"525px\" height=\"328px\" src=\"https:\/\/esentyaestate.com\/wp-content\/uploads\/2026\/04\/1777465670_1d1ea8a64dbecbb47818-525x328.jpg\" alt=\"Naro\u017cna kamienica w Los Altos, Torrevieja \u2013 EE12034\" class=\"d-block w-100 img-fluid\" loading=\"lazy\" \/>\n                <\/a>\n            <\/div>        <\/div>\n                    <button class=\"carousel-control-prev\" type=\"button\" data-bs-target=\"#property_unit_carousel_69f4fef5e915c\" data-bs-slide=\"prev\">\n                <span class=\"carousel-control-prev-icon\" aria-hidden=\"true\"><\/span>\n                <span class=\"visually-hidden\">Poprzedni<\/span>\n            <\/button>\n            <button class=\"carousel-control-next\" type=\"button\" data-bs-target=\"#property_unit_carousel_69f4fef5e915c\" data-bs-slide=\"next\">\n                <span class=\"carousel-control-next-icon\" aria-hidden=\"true\"><\/span>\n                <span class=\"visually-hidden\">Nast\u0119pny<\/span>\n            <\/button>\n            <\/div>\n    <div class=\"tag-wrapper\">\n    <div class=\"status-wrapper\">\n    <div class=\"action_tag_wrapper For Sale\">Na sprzeda\u017c<\/div><div class=\"ribbon-inside Our-Property\">Nasza nieruchomo\u015b\u0107<\/div><div class=\"ribbon-inside Resale\">Rynek wt\u00f3rny<\/div><\/div>\n<\/div>            <\/div>\n\n            <div class=\"property-unit-information-wrapper\">\n                <div class=\"listing_unit_price_wrapper\">\n    \u20ac 250.000 <span class=\"price_label\"><\/span><\/div><h4>\n  <a href=\"https:\/\/esentyaestate.com\/pl\/estate_property\/corner-townhouse-in-los-altos-torrevieja-ee12034\/\" >Naro\u017cna kamienica w Los Altos, Torrevieja \u2013 EE12034<\/a>\n<\/h4><div class=\"property_listing_details_v2\"><div class=\"property_listing_details_v2_item\"><div class=\"icon_label\">Sypialnie:<\/div>2<\/div><div class=\"property_listing_details_v2_item\"><div class=\"icon_label\">\u0141a\u017ania:<\/div>2<\/div><div class=\"property_listing_details_v2_item\"><div class=\"icon_label\">Rozmiar:<\/div><span>86 m<sup>2<\/sup><\/span><\/div><\/div>                    <div class=\"property_location\">\n                        \n<div class=\"property_agent_wrapper\">\n            <div class=\"property_agent_image\" style=\"background-image:url('https:\/\/esentyaestate.com\/wp-content\/uploads\/2025\/11\/Christina-1-120x120.jpg')\"><\/div>\n        <div class=\"property_agent_image_sign\"><i class=\"far fa-user-circle\"><\/i><\/div>\n    \n                        <a class=\"wpestate_card_agent_link\" href=\"https:\/\/esentyaestate.com\/pl\/estate_agent\/christina-dahl-2\/\">\n                Christina Dahl            <\/a>\n            <\/div>\n<div class=\"listing_actions\">\n                    <div class=\"share_unit\">\n            <a href=\"https:\/\/www.facebook.com\/sharer.php?u=https:\/\/esentyaestate.com\/pl\/estate_property\/corner-townhouse-in-los-altos-torrevieja-ee12034\/&#038;t=Corner+townhouse+in+Los+Altos%2C+Torrevieja+%26%238211%3B+EE12034\" target=\"_blank\" rel=\"noreferrer\" class=\"social_facebook\"><\/a>\n            <a href=\"https:\/\/twitter.com\/intent\/tweet?text=Corner+townhouse+in+Los+Altos%2C+Torrevieja+%26%238211%3B+EE12034+https%3A%2F%2Fesentyaestate.com%2Fpl%2Festate_property%2Fcorner-townhouse-in-los-altos-torrevieja-ee12034%2F\" class=\"social_tweet\" rel=\"noreferrer\" target=\"_blank\"><\/a>\n            <a href=\"https:\/\/pinterest.com\/pin\/create\/button\/?url=https:\/\/esentyaestate.com\/pl\/estate_property\/corner-townhouse-in-los-altos-torrevieja-ee12034\/&#038;media=https:\/\/esentyaestate.com\/wp-content\/uploads\/2026\/04\/1777465671_c9946b127b2ba9e85a73-scaled.jpg&#038;description=Corner+townhouse+in+Los+Altos%2C+Torrevieja+%26%238211%3B+EE12034\" target=\"_blank\" rel=\"noreferrer\" class=\"social_pinterest\"><\/a>\n            <a href=\"https:\/\/wa.me\/?text=Corner%20townhouse%20in%20Los%20Altos,%20Torrevieja%20&#8211;%20EE12034%20https:\/\/esentyaestate.com\/pl\/estate_property\/corner-townhouse-in-los-altos-torrevieja-ee12034\/\" class=\"social_whatsup\" rel=\"noreferrer\" target=\"_blank\"><\/a>\n            <a href=\"mailto:?su&#98;&#106;e&#99;t&#61;C&#111;&#114;&#110;er+townho&#117;se&#43;&#105;n&#43;&#76;&#111;s&#43;A&#108;tos%&#50;C+&#84;&#111;&#114;re&#118;iej&#97;+%&#50;&#54;&#37;238&#50;1&#49;&#37;3&#66;&#43;&#69;&#69;1&#50;&#48;&#51;4&&#97;m&#112;&#59;b&#111;d&#121;&#61;&#104;tt&#112;s%3A%2F%2&#70;&#101;&#115;enty&#97;esta&#116;e&#46;&#99;&#111;&#109;&#37;2&#70;pl&#37;2F&#101;s&#116;&#97;&#116;e_pro&#112;&#101;r&#116;y&#37;2&#70;&#99;o&#114;&#110;&#101;&#114;-&#116;o&#119;&#110;h&#111;&#117;se-i&#110;&#45;l&#111;s&#45;a&#108;to&#115;&#45;&#116;&#111;&#114;r&#101;vi&#101;j&#97;-e&#101;1203&#52;&#37;2&#70;\" data-action=\"share email\" class=\"social_email\"><\/a>\n        <\/div>\n                <span class=\"share_list\" data-bs-toggle=\"tooltip\" title=\"udzia\u0142\"><\/span>\n    \n    \n    <\/div>\n                    <\/div>\n                            <\/div>\n            <\/div>\n<\/div>\n<div class=\"col-lg-4 col-12 col-sm-6 col-md-6    listing_wrapper\"\n    data-org=\"4\"\n    data-main-modal=\"https:\/\/esentyaestate.com\/wp-content\/uploads\/2026\/04\/property_MLSC4302965_1_12003-835x467.jpg\"\n    data-modal-title=\"Apartment in Los Altos &#8211; EE12003\"\n    data-modal-link=\"https:\/\/esentyaestate.com\/pl\/estate_property\/apartment-in-los-altos-ee12003\/\"\n    data-listid=\"199586\">\n\n    <div class=\"property_listing property_card_default\"\n        data-link=\"\">\n\n                    <div class=\"listing-unit-img-wrapper\">\n                <div class=\"prop_new_details\">\n                    <div class=\"prop_new_details_back\"><\/div>\n                    <div class=\"property_media\">\n        <i class=\"fas fa-camera\"><\/i> 16<\/div><div class=\"property_location_image\"><i class=\"fas fa-map-marker-alt\"><\/i><a href=\"https:\/\/esentyaestate.com\/pl\/property_area\/los-altos\/\">Los Altos<\/a>, <a href=\"https:\/\/esentyaestate.com\/pl\/property_city\/torrevieja\/\">Torrevieja<\/a><\/div>                    <div class=\"featured_gradient\"><\/div>\n                <\/div>\n\n                    <div id=\"property_unit_carousel_69f4fef5ea0a9\" class=\"carousel property_unit_carousel slide\" data-bs-interval=\"false\">\n        <div class=\"carousel-inner\">\n           \n            <div class=\"carousel-item active\">\n                <a href=\"https:\/\/esentyaestate.com\/pl\/estate_property\/apartment-in-los-altos-ee12003\/\" target=\"_self\">\n                    <img decoding=\"async\" width=\"525px\" height=\"328px\" src=\"https:\/\/esentyaestate.com\/wp-content\/uploads\/2026\/04\/property_MLSC4302965_1_12003-525x328.jpg\" alt=\"Apartament w Los Altos \u2013 EE12003\" class=\"d-block w-100 img-fluid\" loading=\"lazy\" \/>\n                <\/a>\n            <\/div><div class=\"carousel-item\">\n                <a href=\"https:\/\/esentyaestate.com\/pl\/estate_property\/apartment-in-los-altos-ee12003\/\" target=\"_self\">\n                    <img decoding=\"async\" width=\"525px\" height=\"328px\" src=\"https:\/\/esentyaestate.com\/wp-content\/uploads\/2026\/04\/property_MLSC4302965_2_12003-525x328.jpg\" alt=\"Apartament w Los Altos \u2013 EE12003\" class=\"d-block w-100 img-fluid\" loading=\"lazy\" \/>\n                <\/a>\n            <\/div><div class=\"carousel-item\">\n                <a href=\"https:\/\/esentyaestate.com\/pl\/estate_property\/apartment-in-los-altos-ee12003\/\" target=\"_self\">\n                    <img decoding=\"async\" width=\"525px\" height=\"328px\" src=\"https:\/\/esentyaestate.com\/wp-content\/uploads\/2026\/04\/property_MLSC4302965_3_12003-525x328.jpg\" alt=\"Apartament w Los Altos \u2013 EE12003\" class=\"d-block w-100 img-fluid\" loading=\"lazy\" \/>\n                <\/a>\n            <\/div>        <\/div>\n                    <button class=\"carousel-control-prev\" type=\"button\" data-bs-target=\"#property_unit_carousel_69f4fef5ea0a9\" data-bs-slide=\"prev\">\n                <span class=\"carousel-control-prev-icon\" aria-hidden=\"true\"><\/span>\n                <span class=\"visually-hidden\">Poprzedni<\/span>\n            <\/button>\n            <button class=\"carousel-control-next\" type=\"button\" data-bs-target=\"#property_unit_carousel_69f4fef5ea0a9\" data-bs-slide=\"next\">\n                <span class=\"carousel-control-next-icon\" aria-hidden=\"true\"><\/span>\n                <span class=\"visually-hidden\">Nast\u0119pny<\/span>\n            <\/button>\n            <\/div>\n    <div class=\"tag-wrapper\">\n    <div class=\"status-wrapper\">\n    <div class=\"action_tag_wrapper For Sale\">Na sprzeda\u017c<\/div><div class=\"ribbon-inside Resale\">Rynek wt\u00f3rny<\/div><\/div>\n<\/div>            <\/div>\n\n            <div class=\"property-unit-information-wrapper\">\n                <div class=\"listing_unit_price_wrapper\">\n    \u20ac 285.000 <span class=\"price_label\"><\/span><\/div><h4>\n  <a href=\"https:\/\/esentyaestate.com\/pl\/estate_property\/apartment-in-los-altos-ee12003\/\" >Apartament w Los Altos \u2013 EE12003<\/a>\n<\/h4><div class=\"property_listing_details_v2\"><div class=\"property_listing_details_v2_item\"><div class=\"icon_label\">Sypialnie:<\/div>2<\/div><div class=\"property_listing_details_v2_item\"><div class=\"icon_label\">\u0141a\u017ania:<\/div>2<\/div><div class=\"property_listing_details_v2_item\"><div class=\"icon_label\">Rozmiar:<\/div><span>75 m<sup>2<\/sup><\/span><\/div><\/div>                    <div class=\"property_location\">\n                        \n<div class=\"property_agent_wrapper\">\n            <div class=\"property_agent_image\" style=\"background-image:url('https:\/\/esentyaestate.com\/wp-content\/uploads\/2025\/12\/alexia-paulot-real-estate-agent-120x120.png')\"><\/div>\n        <div class=\"property_agent_image_sign\"><i class=\"far fa-user-circle\"><\/i><\/div>\n    \n                        <a class=\"wpestate_card_agent_link\" href=\"https:\/\/esentyaestate.com\/pl\/estate_agent\/alexia-paulot\/\">\n                Alexia Paulot            <\/a>\n            <\/div>\n<div class=\"listing_actions\">\n                    <div class=\"share_unit\">\n            <a href=\"https:\/\/www.facebook.com\/sharer.php?u=https:\/\/esentyaestate.com\/pl\/estate_property\/apartment-in-los-altos-ee12003\/&#038;t=Apartment+in+Los+Altos+%26%238211%3B+EE12003\" target=\"_blank\" rel=\"noreferrer\" class=\"social_facebook\"><\/a>\n            <a href=\"https:\/\/twitter.com\/intent\/tweet?text=Apartment+in+Los+Altos+%26%238211%3B+EE12003+https%3A%2F%2Fesentyaestate.com%2Fpl%2Festate_property%2Fapartment-in-los-altos-ee12003%2F\" class=\"social_tweet\" rel=\"noreferrer\" target=\"_blank\"><\/a>\n            <a href=\"https:\/\/pinterest.com\/pin\/create\/button\/?url=https:\/\/esentyaestate.com\/pl\/estate_property\/apartment-in-los-altos-ee12003\/&#038;media=https:\/\/esentyaestate.com\/wp-content\/uploads\/2026\/04\/property_MLSC4302965_1_12003.jpg&#038;description=Apartment+in+Los+Altos+%26%238211%3B+EE12003\" target=\"_blank\" rel=\"noreferrer\" class=\"social_pinterest\"><\/a>\n            <a href=\"https:\/\/wa.me\/?text=Apartment%20in%20Los%20Altos%20&#8211;%20EE12003%20https:\/\/esentyaestate.com\/pl\/estate_property\/apartment-in-los-altos-ee12003\/\" class=\"social_whatsup\" rel=\"noreferrer\" target=\"_blank\"><\/a>\n            <a href=\"mailto:?sub&#106;&#101;&#99;t=&#65;&#112;&#97;&#114;tm&#101;&#110;t+in&#43;Los+A&#108;&#116;&#111;&#115;+&#37;2&#54;&#37;&#50;3&#56;&#50;&#49;1%&#51;B+EE12003&#38;&#97;&#109;p&#59;&#98;od&#121;&#61;&#104;&#116;t&#112;s%&#51;A%2F%&#50;&#70;e&#115;ent&#121;&#97;&#101;&#115;&#116;a&#116;&#101;&#46;com&#37;2&#70;&#112;&#108;%&#50;Fest&#97;&#116;&#101;_&#112;&#114;o&#112;erty&#37;2&#70;&#97;par&#116;&#109;&#101;&#110;t-&#105;n-&#108;o&#115;-&#97;l&#116;os-&#101;e&#49;&#50;&#48;03%&#50;&#70;\" data-action=\"share email\" class=\"social_email\"><\/a>\n        <\/div>\n                <span class=\"share_list\" data-bs-toggle=\"tooltip\" title=\"udzia\u0142\"><\/span>\n    \n    \n    <\/div>\n                    <\/div>\n                            <\/div>\n            <\/div>\n<\/div>\n<div class=\"col-lg-4 col-12 col-sm-6 col-md-6    listing_wrapper\"\n    data-org=\"4\"\n    data-main-modal=\"https:\/\/esentyaestate.com\/wp-content\/uploads\/2026\/04\/property_7826_6225_1_12033-835x467.jpg\"\n    data-modal-title=\"Apartment in Torrevieja &#8211; EE12033\"\n    data-modal-link=\"https:\/\/esentyaestate.com\/pl\/estate_property\/apartment-in-torrevieja-ee12033\/\"\n    data-listid=\"199550\">\n\n    <div class=\"property_listing property_card_default\"\n        data-link=\"\">\n\n                    <div class=\"listing-unit-img-wrapper\">\n                <div class=\"prop_new_details\">\n                    <div class=\"prop_new_details_back\"><\/div>\n                    <div class=\"property_media\">\n        <i class=\"fas fa-camera\"><\/i> 36<\/div><div class=\"property_location_image\"><i class=\"fas fa-map-marker-alt\"><\/i><a href=\"https:\/\/esentyaestate.com\/pl\/property_area\/acequion\/\">Acequion<\/a>, <a href=\"https:\/\/esentyaestate.com\/pl\/property_city\/torrevieja\/\">Torrevieja<\/a><\/div>                    <div class=\"featured_gradient\"><\/div>\n                <\/div>\n\n                    <div id=\"property_unit_carousel_69f4fef5eb494\" class=\"carousel property_unit_carousel slide\" data-bs-interval=\"false\">\n        <div class=\"carousel-inner\">\n           \n            <div class=\"carousel-item active\">\n                <a href=\"https:\/\/esentyaestate.com\/pl\/estate_property\/apartment-in-torrevieja-ee12033\/\" target=\"_self\">\n                    <img decoding=\"async\" width=\"525px\" height=\"328px\" src=\"https:\/\/esentyaestate.com\/wp-content\/uploads\/2026\/04\/property_7826_6225_1_12033-525x328.jpg\" alt=\"Apartament w Torrevieja \u2013 EE12033\" class=\"d-block w-100 img-fluid\" loading=\"lazy\" \/>\n                <\/a>\n            <\/div><div class=\"carousel-item\">\n                <a href=\"https:\/\/esentyaestate.com\/pl\/estate_property\/apartment-in-torrevieja-ee12033\/\" target=\"_self\">\n                    <img decoding=\"async\" width=\"525px\" height=\"328px\" src=\"https:\/\/esentyaestate.com\/wp-content\/uploads\/2026\/04\/property_7826_6225_2_12033-525x328.jpg\" alt=\"Apartament w Torrevieja \u2013 EE12033\" class=\"d-block w-100 img-fluid\" loading=\"lazy\" \/>\n                <\/a>\n            <\/div><div class=\"carousel-item\">\n                <a href=\"https:\/\/esentyaestate.com\/pl\/estate_property\/apartment-in-torrevieja-ee12033\/\" target=\"_self\">\n                    <img decoding=\"async\" width=\"525px\" height=\"328px\" src=\"https:\/\/esentyaestate.com\/wp-content\/uploads\/2026\/04\/property_7826_6225_3_12033-525x328.jpg\" alt=\"Apartament w Torrevieja \u2013 EE12033\" class=\"d-block w-100 img-fluid\" loading=\"lazy\" \/>\n                <\/a>\n            <\/div>        <\/div>\n                    <button class=\"carousel-control-prev\" type=\"button\" data-bs-target=\"#property_unit_carousel_69f4fef5eb494\" data-bs-slide=\"prev\">\n                <span class=\"carousel-control-prev-icon\" aria-hidden=\"true\"><\/span>\n                <span class=\"visually-hidden\">Poprzedni<\/span>\n            <\/button>\n            <button class=\"carousel-control-next\" type=\"button\" data-bs-target=\"#property_unit_carousel_69f4fef5eb494\" data-bs-slide=\"next\">\n                <span class=\"carousel-control-next-icon\" aria-hidden=\"true\"><\/span>\n                <span class=\"visually-hidden\">Nast\u0119pny<\/span>\n            <\/button>\n            <\/div>\n    <div class=\"tag-wrapper\">\n    <div class=\"status-wrapper\">\n    <div class=\"action_tag_wrapper For Sale\">Na sprzeda\u017c<\/div><div class=\"ribbon-inside Resale\">Rynek wt\u00f3rny<\/div><\/div>\n<\/div>            <\/div>\n\n            <div class=\"property-unit-information-wrapper\">\n                <div class=\"listing_unit_price_wrapper\">\n    \u20ac 249.900 <span class=\"price_label\"><\/span><\/div><h4>\n  <a href=\"https:\/\/esentyaestate.com\/pl\/estate_property\/apartment-in-torrevieja-ee12033\/\" >Apartament w Torrevieja \u2013 EE12033<\/a>\n<\/h4><div class=\"property_listing_details_v2\"><div class=\"property_listing_details_v2_item\"><div class=\"icon_label\">Sypialnie:<\/div>3<\/div><div class=\"property_listing_details_v2_item\"><div class=\"icon_label\">\u0141a\u017ania:<\/div>2<\/div><div class=\"property_listing_details_v2_item\"><div class=\"icon_label\">Rozmiar:<\/div><span>150 m<sup>2<\/sup><\/span><\/div><\/div>                    <div class=\"property_location\">\n                        \n<div class=\"property_agent_wrapper\">\n            <div class=\"property_agent_image\" style=\"background-image:url('https:\/\/esentyaestate.com\/wp-content\/uploads\/2025\/12\/Logo-Esentya-Black-120x120.png')\"><\/div>\n        <div class=\"property_agent_image_sign\"><i class=\"far fa-user-circle\"><\/i><\/div>\n    \n                        <a class=\"wpestate_card_agent_link\" href=\"https:\/\/esentyaestate.com\/pl\/estate_agent\/esentya-estate\/\">\n                Posiad\u0142o\u015b\u0107 Esentya            <\/a>\n            <\/div>\n<div class=\"listing_actions\">\n                    <div class=\"share_unit\">\n            <a href=\"https:\/\/www.facebook.com\/sharer.php?u=https:\/\/esentyaestate.com\/pl\/estate_property\/apartment-in-torrevieja-ee12033\/&#038;t=Apartment+in+Torrevieja+%26%238211%3B+EE12033\" target=\"_blank\" rel=\"noreferrer\" class=\"social_facebook\"><\/a>\n            <a href=\"https:\/\/twitter.com\/intent\/tweet?text=Apartment+in+Torrevieja+%26%238211%3B+EE12033+https%3A%2F%2Fesentyaestate.com%2Fpl%2Festate_property%2Fapartment-in-torrevieja-ee12033%2F\" class=\"social_tweet\" rel=\"noreferrer\" target=\"_blank\"><\/a>\n            <a href=\"https:\/\/pinterest.com\/pin\/create\/button\/?url=https:\/\/esentyaestate.com\/pl\/estate_property\/apartment-in-torrevieja-ee12033\/&#038;media=https:\/\/esentyaestate.com\/wp-content\/uploads\/2026\/04\/property_7826_6225_1_12033.jpg&#038;description=Apartment+in+Torrevieja+%26%238211%3B+EE12033\" target=\"_blank\" rel=\"noreferrer\" class=\"social_pinterest\"><\/a>\n            <a href=\"https:\/\/wa.me\/?text=Apartment%20in%20Torrevieja%20&#8211;%20EE12033%20https:\/\/esentyaestate.com\/pl\/estate_property\/apartment-in-torrevieja-ee12033\/\" class=\"social_whatsup\" rel=\"noreferrer\" target=\"_blank\"><\/a>\n            <a href=\"mailto:?s&#117;bje&#99;t=Apartm&#101;nt&#43;i&#110;&#43;Torr&#101;viej&#97;+%2&#54;%23&#56;2&#49;1&#37;&#51;&#66;&#43;&#69;&#69;1&#50;0&#51;3&a&#109;&#112;;b&#111;&#100;y&#61;&#104;&#116;t&#112;&#115;&#37;&#51;&#65;%&#50;&#70;%&#50;&#70;&#101;s&#101;&#110;tya&#101;s&#116;a&#116;&#101;.co&#109;&#37;2&#70;p&#108;%&#50;&#70;e&#115;&#116;&#97;&#116;&#101;&#95;p&#114;o&#112;e&#114;ty&#37;&#50;Fa&#112;a&#114;tm&#101;&#110;&#116;-&#105;&#110;-t&#111;rrev&#105;e&#106;a-&#101;&#101;12033&#37;2F\" data-action=\"share email\" class=\"social_email\"><\/a>\n        <\/div>\n                <span class=\"share_list\" data-bs-toggle=\"tooltip\" title=\"udzia\u0142\"><\/span>\n    \n    \n    <\/div>\n                    <\/div>\n                            <\/div>\n            <\/div>\n<\/div>\n<div class=\"col-lg-4 col-12 col-sm-6 col-md-6    listing_wrapper\"\n    data-org=\"4\"\n    data-main-modal=\"https:\/\/esentyaestate.com\/wp-content\/uploads\/2026\/04\/property_MLSC7170211_1_12032-835x467.jpg\"\n    data-modal-title=\"Apartment in Torrevieja &#8211; EE12032\"\n    data-modal-link=\"https:\/\/esentyaestate.com\/pl\/estate_property\/apartment-in-torrevieja-ee12032\/\"\n    data-listid=\"199482\">\n\n    <div class=\"property_listing property_card_default\"\n        data-link=\"\">\n\n                    <div class=\"listing-unit-img-wrapper\">\n                <div class=\"prop_new_details\">\n                    <div class=\"prop_new_details_back\"><\/div>\n                    <div class=\"property_media\">\n        <i class=\"fas fa-camera\"><\/i> 29<\/div><div class=\"property_location_image\"><i class=\"fas fa-map-marker-alt\"><\/i><a href=\"https:\/\/esentyaestate.com\/pl\/property_area\/la-mata\/\">La Mata<\/a>, <a href=\"https:\/\/esentyaestate.com\/pl\/property_city\/torrevieja\/\">Torrevieja<\/a><\/div>                    <div class=\"featured_gradient\"><\/div>\n                <\/div>\n\n                    <div id=\"property_unit_carousel_69f4fef5ec6c8\" class=\"carousel property_unit_carousel slide\" data-bs-interval=\"false\">\n        <div class=\"carousel-inner\">\n           \n            <div class=\"carousel-item active\">\n                <a href=\"https:\/\/esentyaestate.com\/pl\/estate_property\/apartment-in-torrevieja-ee12032\/\" target=\"_self\">\n                    <img decoding=\"async\" width=\"525px\" height=\"328px\" src=\"https:\/\/esentyaestate.com\/wp-content\/uploads\/2026\/04\/property_MLSC7170211_1_12032-525x328.jpg\" alt=\"Apartament w Torrevieja \u2013 EE12032\" class=\"d-block w-100 img-fluid\" loading=\"lazy\" \/>\n                <\/a>\n            <\/div><div class=\"carousel-item\">\n                <a href=\"https:\/\/esentyaestate.com\/pl\/estate_property\/apartment-in-torrevieja-ee12032\/\" target=\"_self\">\n                    <img decoding=\"async\" width=\"525px\" height=\"328px\" src=\"https:\/\/esentyaestate.com\/wp-content\/uploads\/2026\/04\/property_MLSC7170211_2_12032-525x328.jpg\" alt=\"Apartament w Torrevieja \u2013 EE12032\" class=\"d-block w-100 img-fluid\" loading=\"lazy\" \/>\n                <\/a>\n            <\/div><div class=\"carousel-item\">\n                <a href=\"https:\/\/esentyaestate.com\/pl\/estate_property\/apartment-in-torrevieja-ee12032\/\" target=\"_self\">\n                    <img decoding=\"async\" width=\"525px\" height=\"328px\" src=\"https:\/\/esentyaestate.com\/wp-content\/uploads\/2026\/04\/property_MLSC7170211_3_12032-525x328.jpg\" alt=\"Apartament w Torrevieja \u2013 EE12032\" class=\"d-block w-100 img-fluid\" loading=\"lazy\" \/>\n                <\/a>\n            <\/div>        <\/div>\n                    <button class=\"carousel-control-prev\" type=\"button\" data-bs-target=\"#property_unit_carousel_69f4fef5ec6c8\" data-bs-slide=\"prev\">\n                <span class=\"carousel-control-prev-icon\" aria-hidden=\"true\"><\/span>\n                <span class=\"visually-hidden\">Poprzedni<\/span>\n            <\/button>\n            <button class=\"carousel-control-next\" type=\"button\" data-bs-target=\"#property_unit_carousel_69f4fef5ec6c8\" data-bs-slide=\"next\">\n                <span class=\"carousel-control-next-icon\" aria-hidden=\"true\"><\/span>\n                <span class=\"visually-hidden\">Nast\u0119pny<\/span>\n            <\/button>\n            <\/div>\n    <div class=\"tag-wrapper\">\n    <div class=\"status-wrapper\">\n    <div class=\"action_tag_wrapper For Sale\">Na sprzeda\u017c<\/div><div class=\"ribbon-inside Resale\">Rynek wt\u00f3rny<\/div><\/div>\n<\/div>            <\/div>\n\n            <div class=\"property-unit-information-wrapper\">\n                <div class=\"listing_unit_price_wrapper\">\n    \u20ac 275.000 <span class=\"price_label\"><\/span><\/div><h4>\n  <a href=\"https:\/\/esentyaestate.com\/pl\/estate_property\/apartment-in-torrevieja-ee12032\/\" >Apartament w Torrevieja \u2013 EE12032<\/a>\n<\/h4><div class=\"property_listing_details_v2\"><div class=\"property_listing_details_v2_item\"><div class=\"icon_label\">Sypialnie:<\/div>4<\/div><div class=\"property_listing_details_v2_item\"><div class=\"icon_label\">\u0141a\u017ania:<\/div>2<\/div><div class=\"property_listing_details_v2_item\"><div class=\"icon_label\">Rozmiar:<\/div><span>117 m<sup>2<\/sup><\/span><\/div><\/div>                    <div class=\"property_location\">\n                        \n<div class=\"property_agent_wrapper\">\n            <div class=\"property_agent_image\" style=\"background-image:url('https:\/\/esentyaestate.com\/wp-content\/uploads\/2025\/12\/Logo-Esentya-Black-120x120.png')\"><\/div>\n        <div class=\"property_agent_image_sign\"><i class=\"far fa-user-circle\"><\/i><\/div>\n    \n                        <a class=\"wpestate_card_agent_link\" href=\"https:\/\/esentyaestate.com\/pl\/estate_agent\/esentya-estate\/\">\n                Posiad\u0142o\u015b\u0107 Esentya            <\/a>\n            <\/div>\n<div class=\"listing_actions\">\n                    <div class=\"share_unit\">\n            <a href=\"https:\/\/www.facebook.com\/sharer.php?u=https:\/\/esentyaestate.com\/pl\/estate_property\/apartment-in-torrevieja-ee12032\/&#038;t=Apartment+in+Torrevieja+%26%238211%3B+EE12032\" target=\"_blank\" rel=\"noreferrer\" class=\"social_facebook\"><\/a>\n            <a href=\"https:\/\/twitter.com\/intent\/tweet?text=Apartment+in+Torrevieja+%26%238211%3B+EE12032+https%3A%2F%2Fesentyaestate.com%2Fpl%2Festate_property%2Fapartment-in-torrevieja-ee12032%2F\" class=\"social_tweet\" rel=\"noreferrer\" target=\"_blank\"><\/a>\n            <a href=\"https:\/\/pinterest.com\/pin\/create\/button\/?url=https:\/\/esentyaestate.com\/pl\/estate_property\/apartment-in-torrevieja-ee12032\/&#038;media=https:\/\/esentyaestate.com\/wp-content\/uploads\/2026\/04\/property_MLSC7170211_1_12032.jpg&#038;description=Apartment+in+Torrevieja+%26%238211%3B+EE12032\" target=\"_blank\" rel=\"noreferrer\" class=\"social_pinterest\"><\/a>\n            <a href=\"https:\/\/wa.me\/?text=Apartment%20in%20Torrevieja%20&#8211;%20EE12032%20https:\/\/esentyaestate.com\/pl\/estate_property\/apartment-in-torrevieja-ee12032\/\" class=\"social_whatsup\" rel=\"noreferrer\" target=\"_blank\"><\/a>\n            <a href=\"mailto:?sub&#106;&#101;c&#116;=&#65;p&#97;&#114;t&#109;&#101;&#110;t+&#105;n+T&#111;&#114;rev&#105;ej&#97;+&#37;&#50;&#54;%2&#51;&#56;&#50;11%&#51;B+&#69;&#69;&#49;&#50;&#48;&#51;&#50;&#38;a&#109;p&#59;b&#111;&#100;y&#61;h&#116;&#116;ps%&#51;&#65;%2F%2Fes&#101;n&#116;y&#97;&#101;&#115;&#116;&#97;&#116;e.c&#111;m%&#50;F&#112;&#108;&#37;&#50;Fe&#115;t&#97;t&#101;&#95;pr&#111;pe&#114;t&#121;%&#50;F&#97;&#112;ar&#116;&#109;en&#116;-in-&#116;&#111;&#114;r&#101;vie&#106;a&#45;&#101;e&#49;20&#51;&#50;&#37;&#50;F\" data-action=\"share email\" class=\"social_email\"><\/a>\n        <\/div>\n                <span class=\"share_list\" data-bs-toggle=\"tooltip\" title=\"udzia\u0142\"><\/span>\n    \n    \n    <\/div>\n                    <\/div>\n                            <\/div>\n            <\/div>\n<\/div>\n<div class=\"col-lg-4 col-12 col-sm-6 col-md-6    listing_wrapper\"\n    data-org=\"4\"\n    data-main-modal=\"https:\/\/esentyaestate.com\/wp-content\/uploads\/2026\/04\/property_MLSC986431_1_12031-835x467.jpg\"\n    data-modal-title=\"Apartment in Torrevieja &#8211; EE12031\"\n    data-modal-link=\"https:\/\/esentyaestate.com\/pl\/estate_property\/apartment-in-torrevieja-ee12031\/\"\n    data-listid=\"199406\">\n\n    <div class=\"property_listing property_card_default\"\n        data-link=\"\">\n\n                    <div class=\"listing-unit-img-wrapper\">\n                <div class=\"prop_new_details\">\n                    <div class=\"prop_new_details_back\"><\/div>\n                    <div class=\"property_media\">\n        <i class=\"fas fa-camera\"><\/i> 26<\/div><div class=\"property_location_image\"><i class=\"fas fa-map-marker-alt\"><\/i><a href=\"https:\/\/esentyaestate.com\/pl\/property_area\/torrevieja\/\">Torrevieja<\/a>, <a href=\"https:\/\/esentyaestate.com\/pl\/property_city\/torrevieja\/\">Torrevieja<\/a><\/div>                    <div class=\"featured_gradient\"><\/div>\n                <\/div>\n\n                    <div id=\"property_unit_carousel_69f4fef5ed7fe\" class=\"carousel property_unit_carousel slide\" data-bs-interval=\"false\">\n        <div class=\"carousel-inner\">\n           \n            <div class=\"carousel-item active\">\n                <a href=\"https:\/\/esentyaestate.com\/pl\/estate_property\/apartment-in-torrevieja-ee12031\/\" target=\"_self\">\n                    <img decoding=\"async\" width=\"525px\" height=\"328px\" src=\"https:\/\/esentyaestate.com\/wp-content\/uploads\/2026\/04\/property_MLSC986431_1_12031-525x328.jpg\" alt=\"Apartament w Torrevieja \u2013 EE12031\" class=\"d-block w-100 img-fluid\" loading=\"lazy\" \/>\n                <\/a>\n            <\/div><div class=\"carousel-item\">\n                <a href=\"https:\/\/esentyaestate.com\/pl\/estate_property\/apartment-in-torrevieja-ee12031\/\" target=\"_self\">\n                    <img decoding=\"async\" width=\"525px\" height=\"328px\" src=\"https:\/\/esentyaestate.com\/wp-content\/uploads\/2026\/04\/property_MLSC986431_2_12031-525x328.jpg\" alt=\"Apartament w Torrevieja \u2013 EE12031\" class=\"d-block w-100 img-fluid\" loading=\"lazy\" \/>\n                <\/a>\n            <\/div><div class=\"carousel-item\">\n                <a href=\"https:\/\/esentyaestate.com\/pl\/estate_property\/apartment-in-torrevieja-ee12031\/\" target=\"_self\">\n                    <img decoding=\"async\" width=\"525px\" height=\"328px\" src=\"https:\/\/esentyaestate.com\/wp-content\/uploads\/2026\/04\/property_MLSC986431_3_12031-525x328.jpg\" alt=\"Apartament w Torrevieja \u2013 EE12031\" class=\"d-block w-100 img-fluid\" loading=\"lazy\" \/>\n                <\/a>\n            <\/div>        <\/div>\n                    <button class=\"carousel-control-prev\" type=\"button\" data-bs-target=\"#property_unit_carousel_69f4fef5ed7fe\" data-bs-slide=\"prev\">\n                <span class=\"carousel-control-prev-icon\" aria-hidden=\"true\"><\/span>\n                <span class=\"visually-hidden\">Poprzedni<\/span>\n            <\/button>\n            <button class=\"carousel-control-next\" type=\"button\" data-bs-target=\"#property_unit_carousel_69f4fef5ed7fe\" data-bs-slide=\"next\">\n                <span class=\"carousel-control-next-icon\" aria-hidden=\"true\"><\/span>\n                <span class=\"visually-hidden\">Nast\u0119pny<\/span>\n            <\/button>\n            <\/div>\n    <div class=\"tag-wrapper\">\n    <div class=\"status-wrapper\">\n    <div class=\"action_tag_wrapper For Sale\">Na sprzeda\u017c<\/div><div class=\"ribbon-inside Resale\">Rynek wt\u00f3rny<\/div><\/div>\n<\/div>            <\/div>\n\n            <div class=\"property-unit-information-wrapper\">\n                <div class=\"listing_unit_price_wrapper\">\n    \u20ac 209.900 <span class=\"price_label\"><\/span><\/div><h4>\n  <a href=\"https:\/\/esentyaestate.com\/pl\/estate_property\/apartment-in-torrevieja-ee12031\/\" >Apartament w Torrevieja \u2013 EE12031<\/a>\n<\/h4><div class=\"property_listing_details_v2\"><div class=\"property_listing_details_v2_item\"><div class=\"icon_label\">Sypialnie:<\/div>2<\/div><div class=\"property_listing_details_v2_item\"><div class=\"icon_label\">\u0141a\u017ania:<\/div>1<\/div><div class=\"property_listing_details_v2_item\"><div class=\"icon_label\">Rozmiar:<\/div><span>60 m<sup>2<\/sup><\/span><\/div><\/div>                    <div class=\"property_location\">\n                        \n<div class=\"property_agent_wrapper\">\n            <div class=\"property_agent_image\" style=\"background-image:url('https:\/\/esentyaestate.com\/wp-content\/uploads\/2025\/12\/Logo-Esentya-Black-120x120.png')\"><\/div>\n        <div class=\"property_agent_image_sign\"><i class=\"far fa-user-circle\"><\/i><\/div>\n    \n                        <a class=\"wpestate_card_agent_link\" href=\"https:\/\/esentyaestate.com\/pl\/estate_agent\/esentya-estate\/\">\n                Posiad\u0142o\u015b\u0107 Esentya            <\/a>\n            <\/div>\n<div class=\"listing_actions\">\n                    <div class=\"share_unit\">\n            <a href=\"https:\/\/www.facebook.com\/sharer.php?u=https:\/\/esentyaestate.com\/pl\/estate_property\/apartment-in-torrevieja-ee12031\/&#038;t=Apartment+in+Torrevieja+%26%238211%3B+EE12031\" target=\"_blank\" rel=\"noreferrer\" class=\"social_facebook\"><\/a>\n            <a href=\"https:\/\/twitter.com\/intent\/tweet?text=Apartment+in+Torrevieja+%26%238211%3B+EE12031+https%3A%2F%2Fesentyaestate.com%2Fpl%2Festate_property%2Fapartment-in-torrevieja-ee12031%2F\" class=\"social_tweet\" rel=\"noreferrer\" target=\"_blank\"><\/a>\n            <a href=\"https:\/\/pinterest.com\/pin\/create\/button\/?url=https:\/\/esentyaestate.com\/pl\/estate_property\/apartment-in-torrevieja-ee12031\/&#038;media=https:\/\/esentyaestate.com\/wp-content\/uploads\/2026\/04\/property_MLSC986431_1_12031.jpg&#038;description=Apartment+in+Torrevieja+%26%238211%3B+EE12031\" target=\"_blank\" rel=\"noreferrer\" class=\"social_pinterest\"><\/a>\n            <a href=\"https:\/\/wa.me\/?text=Apartment%20in%20Torrevieja%20&#8211;%20EE12031%20https:\/\/esentyaestate.com\/pl\/estate_property\/apartment-in-torrevieja-ee12031\/\" class=\"social_whatsup\" rel=\"noreferrer\" target=\"_blank\"><\/a>\n            <a href=\"mailto:?su&#98;j&#101;c&#116;&#61;&#65;&#112;artmen&#116;+in&#43;&#84;or&#114;&#101;&#118;&#105;&#101;j&#97;&#43;%2&#54;%2&#51;&#56;2&#49;&#49;%3B+&#69;E&#49;&#50;031&am&#112;&#59;&#98;o&#100;y&#61;&#104;&#116;&#116;&#112;s%3A&#37;&#50;&#70;&#37;2&#70;&#101;&#115;&#101;n&#116;y&#97;est&#97;t&#101;&#46;&#99;&#111;&#109;&#37;2&#70;pl&#37;2&#70;&#101;&#115;&#116;&#97;t&#101;&#95;p&#114;o&#112;&#101;rty&#37;&#50;F&#97;&#112;&#97;&#114;tment-in&#45;&#116;&#111;&#114;r&#101;vi&#101;&#106;a&#45;ee12&#48;3&#49;&#37;&#50;&#70;\" data-action=\"share email\" class=\"social_email\"><\/a>\n        <\/div>\n                <span class=\"share_list\" data-bs-toggle=\"tooltip\" title=\"udzia\u0142\"><\/span>\n    \n    \n    <\/div>\n                    <\/div>\n                            <\/div>\n            <\/div>\n<\/div>\n<div class=\"col-lg-4 col-12 col-sm-6 col-md-6    listing_wrapper\"\n    data-org=\"4\"\n    data-main-modal=\"https:\/\/esentyaestate.com\/wp-content\/uploads\/2026\/04\/property_MLSC6344468_1_12030-835x467.jpg\"\n    data-modal-title=\"Apartment in Torrevieja &#8211; EE12030\"\n    data-modal-link=\"https:\/\/esentyaestate.com\/pl\/estate_property\/apartment-in-torrevieja-ee12030\/\"\n    data-listid=\"199349\">\n\n    <div class=\"property_listing property_card_default\"\n        data-link=\"\">\n\n                    <div class=\"listing-unit-img-wrapper\">\n                <div class=\"prop_new_details\">\n                    <div class=\"prop_new_details_back\"><\/div>\n                    <div class=\"property_media\">\n        <i class=\"fas fa-camera\"><\/i> 24<\/div><div class=\"property_location_image\"><i class=\"fas fa-map-marker-alt\"><\/i><a href=\"https:\/\/esentyaestate.com\/pl\/property_city\/torrevieja\/\">Torrevieja<\/a><\/div>                    <div class=\"featured_gradient\"><\/div>\n                <\/div>\n\n                    <div id=\"property_unit_carousel_69f4fef5ee991\" class=\"carousel property_unit_carousel slide\" data-bs-interval=\"false\">\n        <div class=\"carousel-inner\">\n           \n            <div class=\"carousel-item active\">\n                <a href=\"https:\/\/esentyaestate.com\/pl\/estate_property\/apartment-in-torrevieja-ee12030\/\" target=\"_self\">\n                    <img decoding=\"async\" width=\"525px\" height=\"328px\" src=\"https:\/\/esentyaestate.com\/wp-content\/uploads\/2026\/04\/property_MLSC6344468_1_12030-525x328.jpg\" alt=\"Apartament w Torrevieja \u2013 EE12030\" class=\"d-block w-100 img-fluid\" loading=\"lazy\" \/>\n                <\/a>\n            <\/div><div class=\"carousel-item\">\n                <a href=\"https:\/\/esentyaestate.com\/pl\/estate_property\/apartment-in-torrevieja-ee12030\/\" target=\"_self\">\n                    <img decoding=\"async\" width=\"525px\" height=\"328px\" src=\"https:\/\/esentyaestate.com\/wp-content\/uploads\/2026\/04\/property_MLSC6344468_2_12030-525x328.jpg\" alt=\"Apartament w Torrevieja \u2013 EE12030\" class=\"d-block w-100 img-fluid\" loading=\"lazy\" \/>\n                <\/a>\n            <\/div><div class=\"carousel-item\">\n                <a href=\"https:\/\/esentyaestate.com\/pl\/estate_property\/apartment-in-torrevieja-ee12030\/\" target=\"_self\">\n                    <img decoding=\"async\" width=\"525px\" height=\"328px\" src=\"https:\/\/esentyaestate.com\/wp-content\/uploads\/2026\/04\/property_MLSC6344468_3_12030-525x328.jpg\" alt=\"Apartament w Torrevieja \u2013 EE12030\" class=\"d-block w-100 img-fluid\" loading=\"lazy\" \/>\n                <\/a>\n            <\/div>        <\/div>\n                    <button class=\"carousel-control-prev\" type=\"button\" data-bs-target=\"#property_unit_carousel_69f4fef5ee991\" data-bs-slide=\"prev\">\n                <span class=\"carousel-control-prev-icon\" aria-hidden=\"true\"><\/span>\n                <span class=\"visually-hidden\">Poprzedni<\/span>\n            <\/button>\n            <button class=\"carousel-control-next\" type=\"button\" data-bs-target=\"#property_unit_carousel_69f4fef5ee991\" data-bs-slide=\"next\">\n                <span class=\"carousel-control-next-icon\" aria-hidden=\"true\"><\/span>\n                <span class=\"visually-hidden\">Nast\u0119pny<\/span>\n            <\/button>\n            <\/div>\n    <div class=\"tag-wrapper\">\n    <div class=\"status-wrapper\">\n    <div class=\"action_tag_wrapper For Sale\">Na sprzeda\u017c<\/div><div class=\"ribbon-inside Resale\">Rynek wt\u00f3rny<\/div><\/div>\n<\/div>            <\/div>\n\n            <div class=\"property-unit-information-wrapper\">\n                <div class=\"listing_unit_price_wrapper\">\n    \u20ac 220.000 <span class=\"price_label\"><\/span><\/div><h4>\n  <a href=\"https:\/\/esentyaestate.com\/pl\/estate_property\/apartment-in-torrevieja-ee12030\/\" >Apartament w Torrevieja \u2013 EE12030<\/a>\n<\/h4><div class=\"property_listing_details_v2\"><div class=\"property_listing_details_v2_item\"><div class=\"icon_label\">Sypialnie:<\/div>3<\/div><div class=\"property_listing_details_v2_item\"><div class=\"icon_label\">\u0141a\u017ania:<\/div>1<\/div><div class=\"property_listing_details_v2_item\"><div class=\"icon_label\">Rozmiar:<\/div><span>78 metr\u00f3w<sup>2<\/sup><\/span><\/div><\/div>                    <div class=\"property_location\">\n                        \n<div class=\"property_agent_wrapper\">\n            <div class=\"property_agent_image\" style=\"background-image:url('https:\/\/esentyaestate.com\/wp-content\/uploads\/2025\/12\/Logo-Esentya-Black-120x120.png')\"><\/div>\n        <div class=\"property_agent_image_sign\"><i class=\"far fa-user-circle\"><\/i><\/div>\n    \n                        <a class=\"wpestate_card_agent_link\" href=\"https:\/\/esentyaestate.com\/pl\/estate_agent\/esentya-estate\/\">\n                Posiad\u0142o\u015b\u0107 Esentya            <\/a>\n            <\/div>\n<div class=\"listing_actions\">\n                    <div class=\"share_unit\">\n            <a href=\"https:\/\/www.facebook.com\/sharer.php?u=https:\/\/esentyaestate.com\/pl\/estate_property\/apartment-in-torrevieja-ee12030\/&#038;t=Apartment+in+Torrevieja+%26%238211%3B+EE12030\" target=\"_blank\" rel=\"noreferrer\" class=\"social_facebook\"><\/a>\n            <a href=\"https:\/\/twitter.com\/intent\/tweet?text=Apartment+in+Torrevieja+%26%238211%3B+EE12030+https%3A%2F%2Fesentyaestate.com%2Fpl%2Festate_property%2Fapartment-in-torrevieja-ee12030%2F\" class=\"social_tweet\" rel=\"noreferrer\" target=\"_blank\"><\/a>\n            <a href=\"https:\/\/pinterest.com\/pin\/create\/button\/?url=https:\/\/esentyaestate.com\/pl\/estate_property\/apartment-in-torrevieja-ee12030\/&#038;media=https:\/\/esentyaestate.com\/wp-content\/uploads\/2026\/04\/property_MLSC6344468_1_12030.jpg&#038;description=Apartment+in+Torrevieja+%26%238211%3B+EE12030\" target=\"_blank\" rel=\"noreferrer\" class=\"social_pinterest\"><\/a>\n            <a href=\"https:\/\/wa.me\/?text=Apartment%20in%20Torrevieja%20&#8211;%20EE12030%20https:\/\/esentyaestate.com\/pl\/estate_property\/apartment-in-torrevieja-ee12030\/\" class=\"social_whatsup\" rel=\"noreferrer\" target=\"_blank\"><\/a>\n            <a href=\"mailto:?&#115;&#117;b&#106;e&#99;&#116;=&#65;par&#116;&#109;e&#110;t&#43;&#105;n+&#84;&#111;&#114;revie&#106;&#97;&#43;&#37;26%&#50;3&#56;&#50;&#49;&#49;&#37;3&#66;&#43;&#69;&#69;120&#51;0&#38;&#97;mp&#59;b&#111;dy=ht&#116;&#112;s%3&#65;%2F%2&#70;&#101;&#115;enty&#97;&#101;&#115;&#116;&#97;te&#46;c&#111;m&#37;2&#70;&#112;&#108;%&#50;F&#101;&#115;t&#97;&#116;&#101;&#95;pro&#112;er&#116;y&#37;2&#70;ap&#97;r&#116;m&#101;nt-&#105;&#110;&#45;&#116;&#111;r&#114;e&#118;i&#101;&#106;&#97;-ee&#49;&#50;&#48;&#51;0&#37;2&#70;\" data-action=\"share email\" class=\"social_email\"><\/a>\n        <\/div>\n                <span class=\"share_list\" data-bs-toggle=\"tooltip\" title=\"udzia\u0142\"><\/span>\n    \n    \n    <\/div>\n                    <\/div>\n                            <\/div>\n            <\/div>\n<\/div><\/div><div class=\"wpestate_listing_sh_loader\"><div class=\"new_prelader\"><\/div><\/div><div class=\"listinglink-wrapper_sh_listings exclude-rtl\"><span class=\"wpresidence_button wpestate_item_list_sh\">za\u0142aduj wi\u0119cej ofert<\/span><\/div><\/div>\t\t\t\t<\/div>\n\t\t\t\t<\/div>\n\t\t\t\t\t<\/div>\n\t\t\t\t<\/div>\n\t\t<div class=\"elementor-element elementor-element-fddaa30 e-flex e-con-boxed e-con e-parent\" data-id=\"fddaa30\" data-element_type=\"container\">\n\t\t\t\t\t<div class=\"e-con-inner\">\n\t\t\t\t<div class=\"elementor-element elementor-element-47f525b elementor-widget elementor-widget-heading\" data-id=\"47f525b\" data-element_type=\"widget\" data-widget_type=\"heading.default\">\n\t\t\t\t\t<h2 class=\"elementor-heading-title elementor-size-default\">Skontaktuj si\u0119 z nami, aby kupi\u0107 w Torrevieja<\/h2>\t\t\t\t<\/div>\n\t\t\t\t<div class=\"elementor-element elementor-element-8cc738e elementor-button-align-stretch elementor-widget elementor-widget-WpResidence_Contact_Form_Builder\" data-id=\"8cc738e\" data-element_type=\"widget\" data-widget_type=\"WpResidence_Contact_Form_Builder.default\">\n\t\t\t\t<div class=\"elementor-widget-container\">\n\t\t\t\t\t\n\n\n\n\n        <form class=\"elementor-form wpresidence_elementor_form wpestate_contact_form_parent\"  id=\"wpresidence-elementor-form-8cc738e\" method=\"post\" action=\"\" >\n            <div class=\"alert-box error\">\n                <div class=\"alert-message\" id=\"alert-agent-contact\"><\/div>\n            <\/div>\n            <input name=\"prop_id\" type=\"hidden\"  id=\"agent_property_id\" value=\"\">\n            <input name=\"prop_id\" type=\"hidden\"  id=\"agent_id\" value=\"\">\n            <input name=\"prop_id\" type=\"hidden\"  id=\"contact_form_elementor\" value=\"1\">\n            <input type=\"hidden\" name=\"contact_ajax_nonce\" id=\"agent_property_ajax_nonce\"  value=\"3d749763b5\" \/>\n\n            \n            \n            <input type=\"hidden\" id=\"wpresidence_form_id\" name=\"wpresidence_form_id\" value=\"wpresidence_form_9467\" \/>\n        \n            <input type=\"hidden\" id=\"elementor_email_subject\" name=\"email_suject\" value=\"New email from &quot;buy property in Torrevieja&quot;\" \/>\n\n\n            <div class=\"elementor-form-fields-wrapper elementor-labels-above\">\n        <div class=\"elementor-field-group elementor-column form-group elementor-field-group-name elementor-col-100\"><label for=\"form-field-name\" class=\"elementor-field-label elementor-screen-only\">Nazwa<\/label><input type=\"text\" name=\"name\" id=\"form-field-name\" class=\"elementor-field form-control elementor-size-sm elementor-field-textual\" placeholder=\"Pe\u0142ne imi\u0119 i nazwisko\"><\/div><div class=\"elementor-field-group elementor-column form-group elementor-field-group-8f3610e elementor-field-required elementor-col-100\"><label for=\"form-field-8f3610e\" class=\"elementor-field-label elementor-screen-only\">Telefon*<\/label><input type=\"text\" name=\"mobile\" id=\"form-field-8f3610e\" class=\"elementor-field form-control elementor-size-sm elementor-field-textual\" required=\"required\" placeholder=\"Telefon\"><\/div><div class=\"elementor-field-group elementor-column form-group elementor-field-group-email elementor-field-required elementor-col-100\"><label for=\"form-field-email\" class=\"elementor-field-label elementor-screen-only\">E-mail*<\/label><input type=\"email\" name=\"email\" id=\"form-field-email\" class=\"elementor-field form-control elementor-size-sm elementor-field-textual\" required=\"required\" placeholder=\"E-mail\"><\/div><div class=\"elementor-field-group elementor-column form-group elementor-field-group-message elementor-col-100\"><label for=\"form-field-message\" class=\"elementor-field-label elementor-screen-only\">Wiadomo\u015b\u0107<\/label><textarea class=\"form-control elementor-field-textual elementor-field elementor-size-sm\" name=\"message\" id=\"form-field-message\" rows=\"4\" placeholder=\"Wiadomo\u015b\u0107\"><\/textarea><\/div>\n                <div class=\"elementor-field-group elementor-column elementor-field-type-submit elementor-col-100\">\n        <div class=\"gpr_wrapper\"><input type=\"checkbox\"  role=\"checkbox\" aria-checked=\"false\" id=\"wpestate_agree_gdpr\" class=\"wpestate_agree_gdpr\" name=\"wpestate_agree_gdpr\" \/>\n                    <label for=\"wpestate_agree_gdpr\"><a target=\"_blank\" href=\"https:\/\/esentyaestate.com\/pl\/\">Zaznaczaj\u0105c pole \u201ePrzeczyta\u0142em i akceptuj\u0119\u201d w naszej Polityce Prywatno\u015bci, potwierdzasz, \u017ce przeczyta\u0142e\u015b, zrozumia\u0142e\u015b, zaakceptowa\u0142e\u015b i autoryzowa\u0142e\u015b wszystkie klauzule dotycz\u0105ce gromadzenia, przechowywania i przetwarzania Twoich danych osobowych. Zapoznaj si\u0119 z nasz\u0105 Polityk\u0105 Prywatno\u015bci.<\/a><\/label><\/div>\n\t\t\t\t\t\t\t\t\t\t\t\t                    <button type=\"submit\" class=\"agent_submit_class_elementor wpresidence_button wpresidence_button_elementor elementor-button elementor-size-md\">\n                    Popro\u015b o obejrzenie                            <\/button>\n\n                <\/div>\n            <\/div>\n\n\n\n        <input type=\"hidden\" name=\"trp-form-language\" value=\"pl\"\/><\/form>\n\n\n\n\n        \t\t\t\t<\/div>\n\t\t\t\t<\/div>\n\t\t\t\t\t<\/div>\n\t\t\t\t<\/div>\n\t\t<div class=\"elementor-element elementor-element-edd721d e-flex e-con-boxed e-con e-parent\" data-id=\"edd721d\" data-element_type=\"container\">\n\t\t\t\t\t<div class=\"e-con-inner\">\n\t\t\t\t<div class=\"elementor-element elementor-element-f1cb596 elementor-widget elementor-widget-heading\" data-id=\"f1cb596\" data-element_type=\"widget\" data-widget_type=\"heading.default\">\n\t\t\t\t\t<h2 class=\"elementor-heading-title elementor-size-default\">Dlaczego warto kupi\u0107 nieruchomo\u015b\u0107 w Torrevieja?<\/h2>\t\t\t\t<\/div>\n\t\t\t\t<div class=\"elementor-element elementor-element-465e84a elementor-widget elementor-widget-text-editor\" data-id=\"465e84a\" data-element_type=\"widget\" data-widget_type=\"text-editor.default\">\n\t\t\t\t\t\t\t\t\t<ul><li data-start=\"1105\" data-end=\"1141\"><p data-start=\"1107\" data-end=\"1141\">Ponad 300 s\u0142onecznych dni w roku<\/p><\/li><li data-start=\"1142\" data-end=\"1200\"><p data-start=\"1144\" data-end=\"1200\">Przyst\u0119pne cenowo mieszkania w por\u00f3wnaniu z innymi obszarami Morza \u015ar\u00f3dziemnego<\/p><\/li><li data-start=\"1201\" data-end=\"1264\"><p data-start=\"1203\" data-end=\"1264\">Szeroki wyb\u00f3r typ\u00f3w nieruchomo\u015bci: apartamenty, wille, bungalowy<\/p><\/li><li data-start=\"1265\" data-end=\"1306\"><p data-start=\"1267\" data-end=\"1306\">Doskona\u0142a opieka zdrowotna i infrastruktura<\/p><\/li><li data-start=\"1307\" data-end=\"1367\"><p data-start=\"1309\" data-end=\"1367\">Du\u017cy potencja\u0142 wynajmu dla inwestycji kr\u00f3tkoterminowych i d\u0142ugoterminowych<\/p><\/li><li data-start=\"1368\" data-end=\"1419\"><p data-start=\"1370\" data-end=\"1419\">Silna spo\u0142eczno\u015b\u0107 ekspatriant\u00f3w i us\u0142ugi mi\u0119dzynarodowe<\/p><\/li><\/ul>\t\t\t\t\t\t\t\t<\/div>\n\t\t\t\t<div class=\"elementor-element elementor-element-eb9b967 elementor-widget elementor-widget-heading\" data-id=\"eb9b967\" data-element_type=\"widget\" data-widget_type=\"heading.default\">\n\t\t\t\t\t<h2 class=\"elementor-heading-title elementor-size-default\">Nieruchomo\u015bci na sprzeda\u017c w Torrevieja<\/h2>\t\t\t\t<\/div>\n\t\t\t\t<div class=\"elementor-element elementor-element-69c9f74 elementor-widget elementor-widget-text-editor\" data-id=\"69c9f74\" data-element_type=\"widget\" data-widget_type=\"text-editor.default\">\n\t\t\t\t\t\t\t\t\t<p data-start=\"1469\" data-end=\"1606\">Niezale\u017cnie od tego, czy szukasz apartamentu z widokiem na pla\u017c\u0119, czy przestronnej willi w spokojnej dzielnicy mieszkalnej, w Torrevieja ka\u017cdy znajdzie co\u015b dla siebie.<\/p><h4 data-start=\"1608\" data-end=\"1637\">Nowe nieruchomo\u015bci budowlane<\/h4><p data-start=\"1638\" data-end=\"1868\">Odkryj nowoczesne inwestycje z najlepszymi udogodnieniami, takimi jak baseny, gara\u017ce i inteligentne funkcje domu. Te domy s\u0105 energooszcz\u0119dne, \u0142atwe w utrzymaniu i cz\u0119sto obj\u0119te gwarancj\u0105 \u2013 idealne dla bezstresowego zakupu.<\/p><h4 data-start=\"1870\" data-end=\"1895\">Nieruchomo\u015bci z odsprzeda\u017cy<\/h4><p data-start=\"1896\" data-end=\"2117\">Wybierz spo\u015br\u00f3d szerokiej gamy dom\u00f3w z drugiej r\u0119ki, idealnych dla kupuj\u0105cych poszukuj\u0105cych warto\u015bci i charakteru. Wiele nieruchomo\u015bci z drugiej r\u0119ki znajduje si\u0119 w centralnych dzielnicach lub blisko morza, z du\u017cym potencja\u0142em remontu lub natychmiastowego u\u017cytkowania.<\/p>\t\t\t\t\t\t\t\t<\/div>\n\t\t\t\t<div class=\"elementor-element elementor-element-3c5b4b3 elementor-widget elementor-widget-heading\" data-id=\"3c5b4b3\" data-element_type=\"widget\" data-widget_type=\"heading.default\">\n\t\t\t\t\t<h2 class=\"elementor-heading-title elementor-size-default\">Jakiego rodzaju nieruchomo\u015bci szukasz?<\/h2>\t\t\t\t<\/div>\n\t\t\t\t<div class=\"elementor-element elementor-element-6b459ba elementor-widget elementor-widget-text-editor\" data-id=\"6b459ba\" data-element_type=\"widget\" data-widget_type=\"text-editor.default\">\n\t\t\t\t\t\t\t\t\t<ul data-start=\"2175\" data-end=\"2361\"><li data-start=\"2175\" data-end=\"2219\"><p data-start=\"2177\" data-end=\"2219\">Apartamenty blisko pla\u017cy lub centrum miasta<\/p><\/li><li data-start=\"2220\" data-end=\"2258\"><p data-start=\"2222\" data-end=\"2258\">Wolnostoj\u0105ce wille z prywatnymi basenami<\/p><\/li><li data-start=\"2259\" data-end=\"2294\"><p data-start=\"2261\" data-end=\"2294\">Domy szeregowe w osiedlach strze\u017conych<\/p><\/li><li data-start=\"2295\" data-end=\"2331\"><p data-start=\"2297\" data-end=\"2331\">Bungalowy i domy parterowe<\/p><\/li><li data-start=\"2332\" data-end=\"2361\"><p data-start=\"2334\" data-end=\"2361\">Penthousy z widokiem na morze<\/p><\/li><\/ul><p data-start=\"2363\" data-end=\"2423\">Niezale\u017cnie od tego, jak wygl\u0105da dom Twoich marze\u0144, pomo\u017cemy Ci go znale\u017a\u0107.<\/p>\t\t\t\t\t\t\t\t<\/div>\n\t\t\t\t<div class=\"elementor-element elementor-element-69e1e34 elementor-widget elementor-widget-heading\" data-id=\"69e1e34\" data-element_type=\"widget\" data-widget_type=\"heading.default\">\n\t\t\t\t\t<h2 class=\"elementor-heading-title elementor-size-default\">Nasze us\u0142ugi<\/h2>\t\t\t\t<\/div>\n\t\t\t\t<div class=\"elementor-element elementor-element-980003e elementor-widget elementor-widget-text-editor\" data-id=\"980003e\" data-element_type=\"widget\" data-widget_type=\"text-editor.default\">\n\t\t\t\t\t\t\t\t\t<p data-start=\"2476\" data-end=\"2639\">Zakup nieruchomo\u015bci w Hiszpanii dla obcokrajowca mo\u017ce by\u0107 prosty \u2014 z odpowiednim wsparciem. Specjalizujemy si\u0119 w pomaganiu klientom zagranicznym na ka\u017cdym etapie procesu.<\/p><ul data-start=\"2641\" data-end=\"2833\"><li data-start=\"2641\" data-end=\"2701\"><p data-start=\"2643\" data-end=\"2701\">Wieloj\u0119zyczni agenci: angielski, hiszpa\u0144ski, francuski, norweski, szwedzki, du\u0144ski, rosyjski i polski<\/p><\/li><li data-start=\"2702\" data-end=\"2730\"><p data-start=\"2704\" data-end=\"2730\">Pomoc prawna i podatkowa<\/p><\/li><li data-start=\"2731\" data-end=\"2752\"><p data-start=\"2733\" data-end=\"2752\">Porady dotycz\u0105ce kredyt\u00f3w hipotecznych<\/p><\/li><li data-start=\"2753\" data-end=\"2795\"><p data-start=\"2755\" data-end=\"2795\">Ogl\u0105danie nieruchomo\u015bci osobi\u015bcie i zdalnie<\/p><\/li><li data-start=\"2796\" data-end=\"2833\"><p data-start=\"2798\" data-end=\"2833\">Pe\u0142ne wsparcie od wyszukiwania do podpisania umowy<\/p><\/li><\/ul><p data-start=\"2835\" data-end=\"2910\">Pozw\u00f3l nam zadba\u0107 o wszystko, a Ty b\u0119dziesz m\u00f3g\u0142 skupi\u0107 si\u0119 na cieszeniu si\u0119 nowym domem.<\/p>\t\t\t\t\t\t\t\t<\/div>\n\t\t\t\t\t<\/div>\n\t\t\t\t<\/div>\n\t\t<div class=\"elementor-element elementor-element-736bd67 e-flex e-con-boxed e-con e-parent\" data-id=\"736bd67\" data-element_type=\"container\">\n\t\t\t\t\t<div class=\"e-con-inner\">\n\t\t\t\t<div class=\"elementor-element elementor-element-4f3d079 elementor-widget elementor-widget-heading\" data-id=\"4f3d079\" data-element_type=\"widget\" data-widget_type=\"heading.default\">\n\t\t\t\t\t<h2 class=\"elementor-heading-title elementor-size-default\">Cz\u0119sto zadawane pytania (FAQ)<\/h2>\t\t\t\t<\/div>\n\t\t\t\t<div class=\"elementor-element elementor-element-b6ae1c3 elementor-widget elementor-widget-n-accordion\" data-id=\"b6ae1c3\" data-element_type=\"widget\" data-settings=\"{&quot;default_state&quot;:&quot;all_collapsed&quot;,&quot;max_items_expended&quot;:&quot;one&quot;,&quot;n_accordion_animation_duration&quot;:{&quot;unit&quot;:&quot;ms&quot;,&quot;size&quot;:400,&quot;sizes&quot;:[]}}\" data-widget_type=\"nested-accordion.default\">\n\t\t\t\t\t\t\t<div class=\"e-n-accordion\" aria-label=\"Akordeon. Otwieraj linki klawiszem Enter lub spacj\u0105, zamykaj klawiszem Esc i nawiguj klawiszami strza\u0142ek.\">\n\t\t\t\t\t\t<details id=\"e-n-accordion-item-1910\" class=\"e-n-accordion-item\" >\n\t\t\t\t<summary class=\"e-n-accordion-item-title\" data-accordion-index=\"1\" tabindex=\"0\" aria-expanded=\"false\" aria-controls=\"e-n-accordion-item-1910\" >\n\t\t\t\t\t<span class='e-n-accordion-item-title-header'><div class=\"e-n-accordion-item-title-text\"> Ile kosztuje zakup nieruchomo\u015bci w Torrevieja? <\/div><\/span>\n\t\t\t\t\t\t\t<span class='e-n-accordion-item-title-icon'>\n\t\t\t<span class='e-opened' ><svg aria-hidden=\"true\" class=\"e-font-icon-svg e-fas-minus\" viewbox=\"0 0 448 512\" xmlns=\"http:\/\/www.w3.org\/2000\/svg\"><path d=\"M416 208H32c-17.67 0-32 14.33-32 32v32c0 17.67 14.33 32 32 32h384c17.67 0 32-14.33 32-32v-32c0-17.67-14.33-32-32-32z\"><\/path><\/svg><\/span>\n\t\t\t<span class='e-closed'><svg aria-hidden=\"true\" class=\"e-font-icon-svg e-fas-plus\" viewbox=\"0 0 448 512\" xmlns=\"http:\/\/www.w3.org\/2000\/svg\"><path d=\"M416 208H272V64c0-17.67-14.33-32-32-32h-32c-17.67 0-32 14.33-32 32v144H32c-17.67 0-32 14.33-32 32v32c0 17.67 14.33 32 32 32h144v144c0 17.67 14.33 32 32 32h32c17.67 0 32-14.33 32-32V304h144c17.67 0 32-14.33 32-32v-32c0-17.67-14.33-32-32-32z\"><\/path><\/svg><\/span>\n\t\t<\/span>\n\n\t\t\t\t\t\t<\/summary>\n\t\t\t\t<div role=\"region\" aria-labelledby=\"e-n-accordion-item-1910\" class=\"elementor-element elementor-element-5380e47 e-con-full e-flex e-con e-child\" data-id=\"5380e47\" data-element_type=\"container\">\n\t\t\t\t<div class=\"elementor-element elementor-element-58171af elementor-widget elementor-widget-text-editor\" data-id=\"58171af\" data-element_type=\"widget\" data-widget_type=\"text-editor.default\">\n\t\t\t\t\t\t\t\t\t<p data-start=\"3351\" data-end=\"3508\">Ceny nieruchomo\u015bci r\u00f3\u017cni\u0105 si\u0119 w zale\u017cno\u015bci od lokalizacji, rodzaju i stanu. Ceny apartament\u00f3w zaczynaj\u0105 si\u0119 od oko\u0142o 70 000 euro, a ceny willi wahaj\u0105 si\u0119 od 150 000 do ponad 500 000 euro.<\/p>\t\t\t\t\t\t\t\t<\/div>\n\t\t\t\t<\/div>\n\t\t\t\t\t<\/details>\n\t\t\t\t\t\t<details id=\"e-n-accordion-item-1911\" class=\"e-n-accordion-item\" >\n\t\t\t\t<summary class=\"e-n-accordion-item-title\" data-accordion-index=\"2\" tabindex=\"-1\" aria-expanded=\"false\" aria-controls=\"e-n-accordion-item-1911\" >\n\t\t\t\t\t<span class='e-n-accordion-item-title-header'><div class=\"e-n-accordion-item-title-text\"> Czy cudzoziemcy mog\u0105 kupowa\u0107 nieruchomo\u015bci w Hiszpanii? <\/div><\/span>\n\t\t\t\t\t\t\t<span class='e-n-accordion-item-title-icon'>\n\t\t\t<span class='e-opened' ><svg aria-hidden=\"true\" class=\"e-font-icon-svg e-fas-minus\" viewbox=\"0 0 448 512\" xmlns=\"http:\/\/www.w3.org\/2000\/svg\"><path d=\"M416 208H32c-17.67 0-32 14.33-32 32v32c0 17.67 14.33 32 32 32h384c17.67 0 32-14.33 32-32v-32c0-17.67-14.33-32-32-32z\"><\/path><\/svg><\/span>\n\t\t\t<span class='e-closed'><svg aria-hidden=\"true\" class=\"e-font-icon-svg e-fas-plus\" viewbox=\"0 0 448 512\" xmlns=\"http:\/\/www.w3.org\/2000\/svg\"><path d=\"M416 208H272V64c0-17.67-14.33-32-32-32h-32c-17.67 0-32 14.33-32 32v144H32c-17.67 0-32 14.33-32 32v32c0 17.67 14.33 32 32 32h144v144c0 17.67 14.33 32 32 32h32c17.67 0 32-14.33 32-32V304h144c17.67 0 32-14.33 32-32v-32c0-17.67-14.33-32-32-32z\"><\/path><\/svg><\/span>\n\t\t<\/span>\n\n\t\t\t\t\t\t<\/summary>\n\t\t\t\t<div role=\"region\" aria-labelledby=\"e-n-accordion-item-1911\" class=\"elementor-element elementor-element-c44006d e-con-full e-flex e-con e-child\" data-id=\"c44006d\" data-element_type=\"container\">\n\t\t\t\t<div class=\"elementor-element elementor-element-ee50f1c elementor-widget elementor-widget-text-editor\" data-id=\"ee50f1c\" data-element_type=\"widget\" data-widget_type=\"text-editor.default\">\n\t\t\t\t\t\t\t\t\t<p>Tak, absolutnie. Nie ma \u017cadnych ogranicze\u0144 dla cudzoziemc\u00f3w kupuj\u0105cych nieruchomo\u015bci w Hiszpanii. Pomo\u017cemy Ci w formalno\u015bciach i za\u0142atwieniu formalno\u015bci.<\/p>\t\t\t\t\t\t\t\t<\/div>\n\t\t\t\t<\/div>\n\t\t\t\t\t<\/details>\n\t\t\t\t\t\t<details id=\"e-n-accordion-item-1912\" class=\"e-n-accordion-item\" >\n\t\t\t\t<summary class=\"e-n-accordion-item-title\" data-accordion-index=\"3\" tabindex=\"-1\" aria-expanded=\"false\" aria-controls=\"e-n-accordion-item-1912\" >\n\t\t\t\t\t<span class='e-n-accordion-item-title-header'><div class=\"e-n-accordion-item-title-text\"> Czy w Torrevieja s\u0105 dost\u0119pne nowe nieruchomo\u015bci? <\/div><\/span>\n\t\t\t\t\t\t\t<span class='e-n-accordion-item-title-icon'>\n\t\t\t<span class='e-opened' ><svg aria-hidden=\"true\" class=\"e-font-icon-svg e-fas-minus\" viewbox=\"0 0 448 512\" xmlns=\"http:\/\/www.w3.org\/2000\/svg\"><path d=\"M416 208H32c-17.67 0-32 14.33-32 32v32c0 17.67 14.33 32 32 32h384c17.67 0 32-14.33 32-32v-32c0-17.67-14.33-32-32-32z\"><\/path><\/svg><\/span>\n\t\t\t<span class='e-closed'><svg aria-hidden=\"true\" class=\"e-font-icon-svg e-fas-plus\" viewbox=\"0 0 448 512\" xmlns=\"http:\/\/www.w3.org\/2000\/svg\"><path d=\"M416 208H272V64c0-17.67-14.33-32-32-32h-32c-17.67 0-32 14.33-32 32v144H32c-17.67 0-32 14.33-32 32v32c0 17.67 14.33 32 32 32h144v144c0 17.67 14.33 32 32 32h32c17.67 0 32-14.33 32-32V304h144c17.67 0 32-14.33 32-32v-32c0-17.67-14.33-32-32-32z\"><\/path><\/svg><\/span>\n\t\t<\/span>\n\n\t\t\t\t\t\t<\/summary>\n\t\t\t\t<div role=\"region\" aria-labelledby=\"e-n-accordion-item-1912\" class=\"elementor-element elementor-element-1bc6f77 e-con-full e-flex e-con e-child\" data-id=\"1bc6f77\" data-element_type=\"container\">\n\t\t\t\t<div class=\"elementor-element elementor-element-2663746 elementor-widget elementor-widget-text-editor\" data-id=\"2663746\" data-element_type=\"widget\" data-widget_type=\"text-editor.default\">\n\t\t\t\t\t\t\t\t\t<p>Tak. Torrevieja oferuje wiele nowych inwestycji o wysokiej jako\u015bci wykonania, idealnych do nowoczesnego \u017cycia lub na inwestycj\u0119.<\/p>\t\t\t\t\t\t\t\t<\/div>\n\t\t\t\t<\/div>\n\t\t\t\t\t<\/details>\n\t\t\t\t\t\t<details id=\"e-n-accordion-item-1913\" class=\"e-n-accordion-item\" >\n\t\t\t\t<summary class=\"e-n-accordion-item-title\" data-accordion-index=\"4\" tabindex=\"-1\" aria-expanded=\"false\" aria-controls=\"e-n-accordion-item-1913\" >\n\t\t\t\t\t<span class='e-n-accordion-item-title-header'><div class=\"e-n-accordion-item-title-text\"> Jakie s\u0105 koszty zakupu i podatki? <\/div><\/span>\n\t\t\t\t\t\t\t<span class='e-n-accordion-item-title-icon'>\n\t\t\t<span class='e-opened' ><svg aria-hidden=\"true\" class=\"e-font-icon-svg e-fas-minus\" viewbox=\"0 0 448 512\" xmlns=\"http:\/\/www.w3.org\/2000\/svg\"><path d=\"M416 208H32c-17.67 0-32 14.33-32 32v32c0 17.67 14.33 32 32 32h384c17.67 0 32-14.33 32-32v-32c0-17.67-14.33-32-32-32z\"><\/path><\/svg><\/span>\n\t\t\t<span class='e-closed'><svg aria-hidden=\"true\" class=\"e-font-icon-svg e-fas-plus\" viewbox=\"0 0 448 512\" xmlns=\"http:\/\/www.w3.org\/2000\/svg\"><path d=\"M416 208H272V64c0-17.67-14.33-32-32-32h-32c-17.67 0-32 14.33-32 32v144H32c-17.67 0-32 14.33-32 32v32c0 17.67 14.33 32 32 32h144v144c0 17.67 14.33 32 32 32h32c17.67 0 32-14.33 32-32V304h144c17.67 0 32-14.33 32-32v-32c0-17.67-14.33-32-32-32z\"><\/path><\/svg><\/span>\n\t\t<\/span>\n\n\t\t\t\t\t\t<\/summary>\n\t\t\t\t<div role=\"region\" aria-labelledby=\"e-n-accordion-item-1913\" class=\"elementor-element elementor-element-0c29759 e-con-full e-flex e-con e-child\" data-id=\"0c29759\" data-element_type=\"container\">\n\t\t\t\t<div class=\"elementor-element elementor-element-cf5ed4d elementor-widget elementor-widget-text-editor\" data-id=\"cf5ed4d\" data-element_type=\"widget\" data-widget_type=\"text-editor.default\">\n\t\t\t\t\t\t\t\t\t<p data-start=\"3908\" data-end=\"4045\">Generalnie koszty zakupu nieruchomo\u015bci w Hiszpanii wahaj\u0105 si\u0119 od 10% do 13% ceny nieruchomo\u015bci. Obejmuje to podatki, op\u0142aty notarialne, rejestracyjne i prawne.<\/p>\t\t\t\t\t\t\t\t<\/div>\n\t\t\t\t<\/div>\n\t\t\t\t\t<\/details>\n\t\t\t\t\t\t<details id=\"e-n-accordion-item-1914\" class=\"e-n-accordion-item\" >\n\t\t\t\t<summary class=\"e-n-accordion-item-title\" data-accordion-index=\"5\" tabindex=\"-1\" aria-expanded=\"false\" aria-controls=\"e-n-accordion-item-1914\" >\n\t\t\t\t\t<span class='e-n-accordion-item-title-header'><div class=\"e-n-accordion-item-title-text\"> Czy Torrevieja to dobre miejsce na inwestycj\u0119? <\/div><\/span>\n\t\t\t\t\t\t\t<span class='e-n-accordion-item-title-icon'>\n\t\t\t<span class='e-opened' ><svg aria-hidden=\"true\" class=\"e-font-icon-svg e-fas-minus\" viewbox=\"0 0 448 512\" xmlns=\"http:\/\/www.w3.org\/2000\/svg\"><path d=\"M416 208H32c-17.67 0-32 14.33-32 32v32c0 17.67 14.33 32 32 32h384c17.67 0 32-14.33 32-32v-32c0-17.67-14.33-32-32-32z\"><\/path><\/svg><\/span>\n\t\t\t<span class='e-closed'><svg aria-hidden=\"true\" class=\"e-font-icon-svg e-fas-plus\" viewbox=\"0 0 448 512\" xmlns=\"http:\/\/www.w3.org\/2000\/svg\"><path d=\"M416 208H272V64c0-17.67-14.33-32-32-32h-32c-17.67 0-32 14.33-32 32v144H32c-17.67 0-32 14.33-32 32v32c0 17.67 14.33 32 32 32h144v144c0 17.67 14.33 32 32 32h32c17.67 0 32-14.33 32-32V304h144c17.67 0 32-14.33 32-32v-32c0-17.67-14.33-32-32-32z\"><\/path><\/svg><\/span>\n\t\t<\/span>\n\n\t\t\t\t\t\t<\/summary>\n\t\t\t\t<div role=\"region\" aria-labelledby=\"e-n-accordion-item-1914\" class=\"elementor-element elementor-element-22a6253 e-con-full e-flex e-con e-child\" data-id=\"22a6253\" data-element_type=\"container\">\n\t\t\t\t<div class=\"elementor-element elementor-element-39d5fa7 elementor-widget elementor-widget-text-editor\" data-id=\"39d5fa7\" data-element_type=\"widget\" data-widget_type=\"text-editor.default\">\n\t\t\t\t\t\t\t\t\t<p data-start=\"3908\" data-end=\"4045\">Tak. Ze wzgl\u0119du na du\u017cy popyt ze strony turyst\u00f3w i ekspat\u00f3w, wielu kupuj\u0105cych z powodzeniem wynajmuje swoje nieruchomo\u015bci na kr\u00f3tki lub d\u0142ugi okres.<\/p>\t\t\t\t\t\t\t\t<\/div>\n\t\t\t\t<\/div>\n\t\t\t\t\t<\/details>\n\t\t\t\t\t<\/div>\n\t\t\t\t\t<script type=\"application\/ld+json\">{\n    \"@context\": \"https:\\\/\\\/schema.org\",\n    \"@type\": \"FAQPage\",\n    \"mainEntity\": [\n        {\n            \"@type\": \"Question\",\n            \"name\": \"How much does it cost to buy a property in Torrevieja?\",\n            \"acceptedAnswer\": {\n                \"@type\": \"Answer\",\n                \"text\": \"Property prices vary depending on location, type, and condition. Apartments start from around \\u20ac70,000, while villas can range from \\u20ac150,000 to over \\u20ac500,000.\"\n            }\n        },\n        {\n            \"@type\": \"Question\",\n            \"name\": \"Can foreigners buy property in Spain?\",\n            \"acceptedAnswer\": {\n                \"@type\": \"Answer\",\n                \"text\": \"Yes, absolutely. There are no restrictions for foreigners buying property in Spain. We help you with the legal process and paperwork.\"\n            }\n        },\n        {\n            \"@type\": \"Question\",\n            \"name\": \"Are there new build properties available in Torrevieja?\",\n            \"acceptedAnswer\": {\n                \"@type\": \"Answer\",\n                \"text\": \"Yes. Torrevieja offers many new developments with high-quality construction, ideal for modern living or investment.\"\n            }\n        },\n        {\n            \"@type\": \"Question\",\n            \"name\": \"What are the buying costs and taxes?\",\n            \"acceptedAnswer\": {\n                \"@type\": \"Answer\",\n                \"text\": \"In general, buying costs in Spain range from 10% to 13% of the property price. This includes taxes, notary, registration, and legal fees.\"\n            }\n        },\n        {\n            \"@type\": \"Question\",\n            \"name\": \"Is Torrevieja a good place for investment?\",\n            \"acceptedAnswer\": {\n                \"@type\": \"Answer\",\n                \"text\": \"Yes. With strong demand from tourists and expats, many buyers successfully rent their properties short-term or long-term.\"\n            }\n        }\n    ]\n}<\/script>\n\t\t\t\t\t\t\t<\/div>\n\t\t\t\t\t<\/div>\n\t\t\t\t<\/div>\n\t\t\t\t<\/div>","protected":false},"excerpt":{"rendered":"<p>Nieruchomo\u015b\u0107 na sprzeda\u017c w Torrevieja, Costa Blanca. Szukasz nieruchomo\u015bci w Torrevieja? To pi\u0119kne nadmorskie miasteczko na hiszpa\u0144skim wybrze\u017cu Costa Blanca to popularny cel podr\u00f3\u017cy dla mi\u0119dzynarodowych nabywc\u00f3w poszukuj\u0105cych s\u0142onecznego stylu \u017cycia, atrakcyjnych ofert nieruchomo\u015bci i doskona\u0142ej jako\u015bci \u017cycia. Niezale\u017cnie od tego, czy interesuje Ci\u0119 nowoczesna, nowo wybudowana willa, czy dobrze zlokalizowane mieszkanie z rynku wt\u00f3rnego, Torrevieja oferuje wiele mo\u017cliwo\u015bci inwestycyjnych, kt\u00f3re spe\u0142ni\u0105 Twoje oczekiwania\u2026<\/p>","protected":false},"author":1,"featured_media":0,"parent":0,"menu_order":0,"comment_status":"closed","ping_status":"closed","template":"","meta":{"inline_featured_image":false,"footnotes":""},"class_list":["post-93216","page","type-page","status-publish","hentry"],"_links":{"self":[{"href":"https:\/\/esentyaestate.com\/pl\/wp-json\/wp\/v2\/pages\/93216","targetHints":{"allow":["GET"]}}],"collection":[{"href":"https:\/\/esentyaestate.com\/pl\/wp-json\/wp\/v2\/pages"}],"about":[{"href":"https:\/\/esentyaestate.com\/pl\/wp-json\/wp\/v2\/types\/page"}],"author":[{"embeddable":true,"href":"https:\/\/esentyaestate.com\/pl\/wp-json\/wp\/v2\/users\/1"}],"replies":[{"embeddable":true,"href":"https:\/\/esentyaestate.com\/pl\/wp-json\/wp\/v2\/comments?post=93216"}],"version-history":[{"count":0,"href":"https:\/\/esentyaestate.com\/pl\/wp-json\/wp\/v2\/pages\/93216\/revisions"}],"wp:attachment":[{"href":"https:\/\/esentyaestate.com\/pl\/wp-json\/wp\/v2\/media?parent=93216"}],"curies":[{"name":"wp","href":"https:\/\/api.w.org\/{rel}","templated":true}]}}