{"id":18618,"date":"2020-06-03T14:05:35","date_gmt":"2020-06-03T14:05:35","guid":{"rendered":"http:\/\/demo-install.wpestate.org\/?page_id=18618"},"modified":"2026-01-02T08:10:08","modified_gmt":"2026-01-02T08:10:08","slug":"homepage-5-2","status":"publish","type":"page","link":"https:\/\/esentyaestate.com\/spa","title":{"rendered":"P\u00e1gina principal"},"content":{"rendered":"<div data-elementor-type=\"wp-page\" data-elementor-id=\"18618\" class=\"elementor elementor-18618\" data-elementor-post-type=\"page\">\n\t\t\t\t<div class=\"elementor-element elementor-element-5a50b8f e-con-full e-flex e-con e-parent\" data-id=\"5a50b8f\" data-element_type=\"container\" data-settings=\"{&quot;background_background&quot;:&quot;classic&quot;,&quot;background_motion_fx_motion_fx_scrolling&quot;:&quot;yes&quot;,&quot;background_motion_fx_devices&quot;:[&quot;desktop&quot;,&quot;tablet&quot;,&quot;mobile&quot;]}\">\n\t\t<div class=\"elementor-element elementor-element-503e3d5 e-con-full e-flex e-con e-child\" data-id=\"503e3d5\" data-element_type=\"container\">\n\t\t\t\t<div class=\"elementor-element elementor-element-2e77643 elementor-widget elementor-widget-heading\" data-id=\"2e77643\" data-element_type=\"widget\" data-widget_type=\"heading.default\">\n\t\t\t\t\t<h1 class=\"elementor-heading-title elementor-size-default\">Comprar o vender vivienda en Espa\u00f1a \u2013 Costa Blanca &amp; Costa C\u00e1lida <\/h1>\t\t\t\t<\/div>\n\t\t\t\t<div class=\"elementor-element elementor-element-8a3bd4f elementor-widget elementor-widget-heading\" data-id=\"8a3bd4f\" data-element_type=\"widget\" data-widget_type=\"heading.default\">\n\t\t\t\t\t<h2 class=\"elementor-heading-title elementor-size-default\">\u00bfQuieres vender? Empieza con una valoraci\u00f3n gratuita de tu propiedad<\/h2>\t\t\t\t<\/div>\n\t\t\t\t<div class=\"elementor-element elementor-element-c950684 elementor-widget elementor-widget-heading\" data-id=\"c950684\" data-element_type=\"widget\" data-widget_type=\"heading.default\">\n\t\t\t\t\t<h3 class=\"elementor-heading-title elementor-size-default\">Asesoramiento profesional y de confianza<\/h3>\t\t\t\t<\/div>\n\t\t\t\t<\/div>\n\t\t\t\t<\/div>\n\t\t<div class=\"elementor-element elementor-element-4e4c025 e-flex e-con-boxed e-con e-parent\" data-id=\"4e4c025\" data-element_type=\"container\">\n\t\t\t\t\t<div class=\"e-con-inner\">\n\t\t\t\t<div class=\"elementor-element elementor-element-7045e9f elementor-widget elementor-widget-WpResidence_Advanced_Search\" data-id=\"7045e9f\" data-element_type=\"widget\" data-widget_type=\"WpResidence_Advanced_Search.default\">\n\t\t\t\t<div class=\"elementor-widget-container\">\n\t\t\t\t\t<h2 class=\"shortcode_title_adv\"><\/h2><div class=\"advanced_search_shortcode\" id=\"advanced_search_shortcode\">\n        <form role=\"search\" method=\"get\" class=\"row  gx-2 gy-2\"   action=\"https:\/\/esentyaestate.com\/spa\/advanced-search\/\" data-trp-original-action=\"https:\/\/esentyaestate.com\/spa\/advanced-search\/\" ><div class=\"col-md-3 keyword\"><input type=\"text\" id=\"shortcode-reference\"  name=\"reference\" placeholder=\"Referencia\" value=\"\" class=\"advanced_select form-control\" ><\/div><div class=\"col-md-3 cities\"><select class=\"form-control  wpestatemultiselectselectpicker\" multiple xx3\n name=\"advanced_city[]\"\n        id=\"shortcode-advanced_city\"\n        title=\"Ciudad\" \n        data-live-search=\"&quot;true&quot;\" \n        data-selected-text-format=\"count\"\n        data-count-selected-text=\"{0} items selected\"\n        data-select-all-text=\"Select All\"\n        data-deselect-all-text=\"Select None\"\n        data-actions-box=\"true\"\n        aria-labelledby=\"shortcode-advanced_city\">\n        <option role=\"presentation\" value=\"aguilas\" data-taxonomy=\"cities\" \n                                       data-parent-value=\"costa-calida\" data-value=\"aguilas\" >\u00c1guilas<\/option><option role=\"presentation\" value=\"alfaz-del-pi\" data-taxonomy=\"cities\" \n                                       data-parent-value=\"costa-blanca-norte\" data-value=\"alfaz-del-pi\" >Alfaz del Pi<\/option><option role=\"presentation\" value=\"algorfa\" data-taxonomy=\"cities\" \n                                       data-parent-value=\"costa-blanca-sur\" data-value=\"algorfa\" >Algorfa<\/option><option role=\"presentation\" value=\"alhama-de-murcia\" data-taxonomy=\"cities\" \n                                       data-parent-value=\"costa-calida\" data-value=\"alhama-de-murcia\" >Alhama de Murcia<\/option><option role=\"presentation\" value=\"alicante\" data-taxonomy=\"cities\" \n                                       data-parent-value=\"costa-blanca-sur\" data-value=\"alicante\" >Alicante<\/option><option role=\"presentation\" value=\"almoradi\" data-taxonomy=\"cities\" \n                                       data-parent-value=\"costa-blanca-sur\" data-value=\"almoradi\" >Almorad\u00ed<\/option><option role=\"presentation\" value=\"altea\" data-taxonomy=\"cities\" \n                                       data-parent-value=\"costa-blanca-norte\" data-value=\"altea\" >Altea<\/option><option role=\"presentation\" value=\"aspe\" data-taxonomy=\"cities\" \n                                       data-parent-value=\"costa-blanca-norte\" data-value=\"aspe\" >Aspe<\/option><option role=\"presentation\" value=\"avileses\" data-taxonomy=\"cities\" \n                                       data-parent-value=\"costa-calida\" data-value=\"avileses\" >Avileses<\/option><option role=\"presentation\" value=\"banos-y-mendigo\" data-taxonomy=\"cities\" \n                                       data-parent-value=\"costa-calida\" data-value=\"banos-y-mendigo\" >Ba\u00f1os y Mendigo<\/option><option role=\"presentation\" value=\"benidorm\" data-taxonomy=\"cities\" \n                                       data-parent-value=\"costa-blanca-norte\" data-value=\"benidorm\" >Benidorm<\/option><option role=\"presentation\" value=\"benijofar\" data-taxonomy=\"cities\" \n                                       data-parent-value=\"costa-blanca-sur\" data-value=\"benijofar\" >Benij\u00f3far<\/option><option role=\"presentation\" value=\"benissa\" data-taxonomy=\"cities\" \n                                       data-parent-value=\"costa-blanca-norte\" data-value=\"benissa\" >Benissa<\/option><option role=\"presentation\" value=\"benitachell\" data-taxonomy=\"cities\" \n                                       data-parent-value=\"costa-blanca-norte\" data-value=\"benitachell\" >Benitachell<\/option><option role=\"presentation\" value=\"bigastro\" data-taxonomy=\"cities\" \n                                       data-parent-value=\"costa-blanca-sur\" data-value=\"bigastro\" >Bigastro<\/option><option role=\"presentation\" value=\"cabo-de-palos\" data-taxonomy=\"cities\" \n                                       data-parent-value=\"costa-calida\" data-value=\"cabo-de-palos\" >Cabo de Palos<\/option><option role=\"presentation\" value=\"calasparra\" data-taxonomy=\"cities\" \n                                       data-parent-value=\"costa-calida\" data-value=\"calasparra\" >Calasparra<\/option><option role=\"presentation\" value=\"calpe\" data-taxonomy=\"cities\" \n                                       data-parent-value=\"costa-blanca-norte\" data-value=\"calpe\" >Calpe<\/option><option role=\"presentation\" value=\"cartagena\" data-taxonomy=\"cities\" \n                                       data-parent-value=\"costa-calida\" data-value=\"cartagena\" >Cartagena<\/option><option role=\"presentation\" value=\"ciudad-quesada\" data-taxonomy=\"cities\" \n                                       data-parent-value=\"costa-blanca-sur\" data-value=\"ciudad-quesada\" >Ciudad Quesada<\/option><option role=\"presentation\" value=\"cox\" data-taxonomy=\"cities\" \n                                       data-parent-value=\"costa-blanca-sur\" data-value=\"cox\" >Timonel<\/option><option role=\"presentation\" value=\"daya-nueva\" data-taxonomy=\"cities\" \n                                       data-parent-value=\"costa-blanca-sur\" data-value=\"daya-nueva\" >Daya Nueva<\/option><option role=\"presentation\" value=\"denia\" data-taxonomy=\"cities\" \n                                       data-parent-value=\"costa-blanca-norte\" data-value=\"denia\" >D\u00e9nia<\/option><option role=\"presentation\" value=\"dolores\" data-taxonomy=\"cities\" \n                                       data-parent-value=\"costa-blanca-sur\" data-value=\"dolores\" >Dolores<\/option><option role=\"presentation\" value=\"el-campello\" data-taxonomy=\"cities\" \n                                       data-parent-value=\"costa-blanca-sur\" data-value=\"el-campello\" >El Campello<\/option><option role=\"presentation\" value=\"el-verger\" data-taxonomy=\"cities\" \n                                       data-parent-value=\"costa-blanca-norte\" data-value=\"el-verger\" >El Verger<\/option><option role=\"presentation\" value=\"els-poblets\" data-taxonomy=\"cities\" \n                                       data-parent-value=\"costa-blanca-norte\" data-value=\"els-poblets\" >Els Poblets<\/option><option role=\"presentation\" value=\"finestrat\" data-taxonomy=\"cities\" \n                                       data-parent-value=\"costa-blanca-norte\" data-value=\"finestrat\" >Finestrat<\/option><option role=\"presentation\" value=\"formentera-del-segura\" data-taxonomy=\"cities\" \n                                       data-parent-value=\"costa-blanca-sur\" data-value=\"formentera-del-segura\" >Formentera del Segura<\/option><option role=\"presentation\" value=\"fortuna\" data-taxonomy=\"cities\" \n                                       data-parent-value=\"costa-calida\" data-value=\"fortuna\" >Fortuna<\/option><option role=\"presentation\" value=\"fuente-alamo\" data-taxonomy=\"cities\" \n                                       data-parent-value=\"costa-calida\" data-value=\"fuente-alamo\" >Fuente \u00c1lamo<\/option><option role=\"presentation\" value=\"gran-alacant\" data-taxonomy=\"cities\" \n                                       data-parent-value=\"costa-blanca-sur\" data-value=\"gran-alacant\" >Gran Alacant<\/option><option role=\"presentation\" value=\"guardamar-del-segura\" data-taxonomy=\"cities\" \n                                       data-parent-value=\"costa-blanca-sur\" data-value=\"guardamar-del-segura\" >Guardamar del Segura<\/option><option role=\"presentation\" value=\"hondon-de-las-nieves\" data-taxonomy=\"cities\" \n                                       data-parent-value=\"costa-blanca-sur\" data-value=\"hondon-de-las-nieves\" >Hond\u00f3n De Las Nieves<\/option><option role=\"presentation\" value=\"jacarilla\" data-taxonomy=\"cities\" \n                                       data-parent-value=\"costa-blanca-sur\" data-value=\"jacarilla\" >Jacarilla<\/option><option role=\"presentation\" value=\"javea\" data-taxonomy=\"cities\" \n                                       data-parent-value=\"costa-blanca-norte\" data-value=\"javea\" >J\u00e1vea<\/option><option role=\"presentation\" value=\"la-manga-club\" data-taxonomy=\"cities\" \n                                       data-parent-value=\"costa-calida\" data-value=\"la-manga-club\" >La Manga Club<\/option><option role=\"presentation\" value=\"la-manga-del-mar-menor\" data-taxonomy=\"cities\" \n                                       data-parent-value=\"costa-calida\" data-value=\"la-manga-del-mar-menor\" >La Manga del Mar Menor<\/option><option role=\"presentation\" value=\"la-nucia\" data-taxonomy=\"cities\" \n                                       data-parent-value=\"costa-blanca-norte\" data-value=\"la-nucia\" >La Nuc\u00eda<\/option><option role=\"presentation\" value=\"la-romana\" data-taxonomy=\"cities\" \n                                       data-parent-value=\"costa-blanca-sur\" data-value=\"la-romana\" >La Romana<\/option><option role=\"presentation\" value=\"los-alcazares\" data-taxonomy=\"cities\" \n                                       data-parent-value=\"costa-calida\" data-value=\"los-alcazares\" >Los Alc\u00e1zares<\/option><option role=\"presentation\" value=\"los-montesinos\" data-taxonomy=\"cities\" \n                                       data-parent-value=\"costa-blanca-sur\" data-value=\"los-montesinos\" >Los Montesinos<\/option><option role=\"presentation\" value=\"los-nietos\" data-taxonomy=\"cities\" \n                                       data-parent-value=\"costa-calida\" data-value=\"los-nietos\" >Los Nietos<\/option><option role=\"presentation\" value=\"los-urrutias\" data-taxonomy=\"cities\" \n                                       data-parent-value=\"costa-calida\" data-value=\"los-urrutias\" >Los Urrutias<\/option><option role=\"presentation\" value=\"mil-palmeras\" data-taxonomy=\"cities\" \n                                       data-parent-value=\"costa-blanca-sur\" data-value=\"mil-palmeras\" >Mil Palmeras<\/option><option role=\"presentation\" value=\"monforte-del-cid\" data-taxonomy=\"cities\" \n                                       data-parent-value=\"costa-blanca-sur\" data-value=\"monforte-del-cid\" >Monforte del Cid<\/option><option role=\"presentation\" value=\"moraira\" data-taxonomy=\"cities\" \n                                       data-parent-value=\"costa-blanca-norte\" data-value=\"moraira\" >Moraira<\/option><option role=\"presentation\" value=\"moratalla\" data-taxonomy=\"cities\" \n                                       data-parent-value=\"costa-calida\" data-value=\"moratalla\" >Moratalla<\/option><option role=\"presentation\" value=\"mutxamel\" data-taxonomy=\"cities\" \n                                       data-parent-value=\"costa-blanca-norte\" data-value=\"mutxamel\" >Mutxamel<\/option><option role=\"presentation\" value=\"orihuela\" data-taxonomy=\"cities\" \n                                       data-parent-value=\"costa-blanca-sur\" data-value=\"orihuela\" >Orihuela<\/option><option role=\"presentation\" value=\"orihuela-costa\" data-taxonomy=\"cities\" \n                                       data-parent-value=\"costa-blanca-sur\" data-value=\"orihuela-costa\" >Orihuela Costa<\/option><option role=\"presentation\" value=\"penaguila\" data-taxonomy=\"cities\" \n                                       data-parent-value=\"costa-blanca-norte\" data-value=\"penaguila\" >Pen\u00e1guila<\/option><option role=\"presentation\" value=\"pilar-de-la-horadada\" data-taxonomy=\"cities\" \n                                       data-parent-value=\"costa-blanca-sur\" data-value=\"pilar-de-la-horadada\" >Pilar De La Horadada<\/option><option role=\"presentation\" value=\"pinoso\" data-taxonomy=\"cities\" \n                                       data-parent-value=\"costa-blanca-sur\" data-value=\"pinoso\" >Pinoso<\/option><option role=\"presentation\" value=\"polop\" data-taxonomy=\"cities\" \n                                       data-parent-value=\"costa-blanca-norte\" data-value=\"polop\" >Polop<\/option><option role=\"presentation\" value=\"rojales\" data-taxonomy=\"cities\" \n                                       data-parent-value=\"costa-blanca-sur\" data-value=\"rojales\" >Rojales<\/option><option role=\"presentation\" value=\"san-fulgencio\" data-taxonomy=\"cities\" \n                                       data-parent-value=\"costa-blanca-sur\" data-value=\"san-fulgencio\" >San Fulgencio<\/option><option role=\"presentation\" value=\"san-javier\" data-taxonomy=\"cities\" \n                                       data-parent-value=\"costa-calida\" data-value=\"san-javier\" >San Javier<\/option><option role=\"presentation\" value=\"san-juan-de-alicante\" data-taxonomy=\"cities\" \n                                       data-parent-value=\"costa-blanca-norte\" data-value=\"san-juan-de-alicante\" >San Juan de Alicante<\/option><option role=\"presentation\" value=\"san-juan-de-los-terreros\" data-taxonomy=\"cities\" \n                                       data-parent-value=\"costa-del-sol\" data-value=\"san-juan-de-los-terreros\" >San Juan De Los Terreros<\/option><option role=\"presentation\" value=\"san-miguel-de-salinas\" data-taxonomy=\"cities\" \n                                       data-parent-value=\"costa-blanca-sur\" data-value=\"san-miguel-de-salinas\" >San Miguel de Salinas<\/option><option role=\"presentation\" value=\"san-pedro-del-pinatar\" data-taxonomy=\"cities\" \n                                       data-parent-value=\"costa-calida\" data-value=\"san-pedro-del-pinatar\" >San Pedro del Pinatar<\/option><option role=\"presentation\" value=\"santa-pola\" data-taxonomy=\"cities\" \n                                       data-parent-value=\"costa-blanca-sur\" data-value=\"santa-pola\" >Santa Pola<\/option><option role=\"presentation\" value=\"santiago-de-la-ribera\" data-taxonomy=\"cities\" \n                                       data-parent-value=\"costa-calida\" data-value=\"santiago-de-la-ribera\" >Santiago de la Ribera<\/option><option role=\"presentation\" value=\"sucina\" data-taxonomy=\"cities\" \n                                       data-parent-value=\"costa-calida\" data-value=\"sucina\" >Sucina<\/option><option role=\"presentation\" value=\"torre-de-la-horadada\" data-taxonomy=\"cities\" \n                                       data-parent-value=\"costa-blanca-sur\" data-value=\"torre-de-la-horadada\" >Torre De La Horadada<\/option><option role=\"presentation\" value=\"torre-pacheco\" data-taxonomy=\"cities\" \n                                       data-parent-value=\"costa-calida\" data-value=\"torre-pacheco\" >Torre Pacheco<\/option><option role=\"presentation\" value=\"torrevieja\" data-taxonomy=\"cities\" \n                                       data-parent-value=\"costa-blanca-sur\" data-value=\"torrevieja\" >Torrevieja<\/option><option role=\"presentation\" value=\"vera\" data-taxonomy=\"cities\" \n                                       data-parent-value=\"costa-del-sol\" data-value=\"vera\" >Vera<\/option><option role=\"presentation\" value=\"villajoyosa\" data-taxonomy=\"cities\" \n                                       data-parent-value=\"costa-blanca-norte\" data-value=\"villajoyosa\" >Villajoyosa<\/option><option role=\"presentation\" value=\"yecla\" data-taxonomy=\"cities\" \n                                       data-parent-value=\"costa-calida\" data-value=\"yecla\" >Yecla<\/option>\n    <\/select><\/div><div class=\"col-md-3 areas\"><select class=\"form-control  wpestatemultiselectselectpicker\" multiple xx3\n name=\"advanced_area[]\"\n        id=\"shortcode-advanced_area\"\n        title=\"Zona\" \n        data-live-search=\"&quot;true&quot;\" \n        data-selected-text-format=\"count\"\n        data-count-selected-text=\"{0} items selected\"\n        data-select-all-text=\"Select All\"\n        data-deselect-all-text=\"Select None\"\n        data-actions-box=\"true\"\n        aria-labelledby=\"shortcode-advanced_area\">\n        <option role=\"presentation\" value=\"acequion\" data-taxonomy=\"areas\" \n                                       data-parent-value=\"torrevieja\" data-value=\"acequion\" >Acequi\u00f3n<\/option><option role=\"presentation\" value=\"aguamarina\" data-taxonomy=\"areas\" \n                                       data-parent-value=\"orihuela-costa\" data-value=\"aguamarina\" >Aguamarina<\/option><option role=\"presentation\" value=\"aguas-nuevas\" data-taxonomy=\"areas\" \n                                       data-parent-value=\"torrevieja\" data-value=\"aguas-nuevas\" >Aguas Nuevas<\/option><option role=\"presentation\" value=\"alberca\" data-taxonomy=\"areas\" \n                                       data-parent-value=\"polop\" data-value=\"alberca\" >Alberca<\/option><option role=\"presentation\" value=\"albir\" data-taxonomy=\"areas\" \n                                       data-parent-value=\"alfaz-del-pi\" data-value=\"albir\" >Albir<\/option><option role=\"presentation\" value=\"albufereta\" data-taxonomy=\"areas\" \n                                       data-parent-value=\"alicante\" data-value=\"albufereta\" >Albufereta<\/option><option role=\"presentation\" value=\"alenda-golf\" data-taxonomy=\"areas\" \n                                       data-parent-value=\"monforte-del-cid\" data-value=\"alenda-golf\" >Alenda Golf<\/option><option role=\"presentation\" value=\"altaona-golf-and-country-village\" data-taxonomy=\"areas\" \n                                       data-parent-value=\"banos-y-mendigo\" data-value=\"altaona-golf-and-country-village\" >Altaona Golf and Country Village<\/option><option role=\"presentation\" value=\"altos-de-la-marquesa\" data-taxonomy=\"areas\" \n                                       data-parent-value=\"rojales\" data-value=\"altos-de-la-marquesa\" >Altos de la Marquesa<\/option><option role=\"presentation\" value=\"atalaya-park\" data-taxonomy=\"areas\" \n                                       data-parent-value=\"rojales\" data-value=\"atalaya-park\" >Parque Atalaya<\/option><option role=\"presentation\" value=\"avileses\" data-taxonomy=\"areas\" \n                                       data-parent-value=\"avileses\" data-value=\"avileses\" >Avileses<\/option><option role=\"presentation\" value=\"balcon-de-finestrat\" data-taxonomy=\"areas\" \n                                       data-parent-value=\"finestrat\" data-value=\"balcon-de-finestrat\" >Balc\u00f3n de Finestrat<\/option><option role=\"presentation\" value=\"balsicas\" data-taxonomy=\"areas\" \n                                       data-parent-value=\"torre-pacheco\" data-value=\"balsicas\" >Balsicas<\/option><option role=\"presentation\" value=\"batistes\" data-taxonomy=\"areas\" \n                                       data-parent-value=\"la-romana\" data-value=\"batistes\" >Batistas<\/option><option role=\"presentation\" value=\"benijofar\" data-taxonomy=\"areas\" \n                                       data-parent-value=\"benijofar\" data-value=\"benijofar\" >Benij\u00f3far<\/option><option role=\"presentation\" value=\"bigastro\" data-taxonomy=\"areas\" \n                                       data-parent-value=\"bigastro\" data-value=\"bigastro\" >Bigastro<\/option><option role=\"presentation\" value=\"blue-lagoon\" data-taxonomy=\"areas\" \n                                       data-parent-value=\"san-miguel-de-salinas\" data-value=\"blue-lagoon\" >Laguna Azul<\/option><option role=\"presentation\" value=\"bonalba-cotoveta\" data-taxonomy=\"areas\" \n                                       data-parent-value=\"mutxamel\" data-value=\"bonalba-cotoveta\" >Bonalba-Cotoveta<\/option><option role=\"presentation\" value=\"cabo-cervera\" data-taxonomy=\"areas\" \n                                       data-parent-value=\"torrevieja\" data-value=\"cabo-cervera\" >Cabo Cervera<\/option><option role=\"presentation\" value=\"cabo-roig\" data-taxonomy=\"areas\" \n                                       data-parent-value=\"orihuela-costa\" data-value=\"cabo-roig\" >Cabo Roig<\/option><option role=\"presentation\" value=\"cala-de-finestrat\" data-taxonomy=\"areas\" \n                                       data-parent-value=\"finestrat\" data-value=\"cala-de-finestrat\" >Cala de Finestrat<\/option><option role=\"presentation\" value=\"calalga\" data-taxonomy=\"areas\" \n                                       data-parent-value=\"calpe\" data-value=\"calalga\" >Calalga<\/option><option role=\"presentation\" value=\"calas-blancas\" data-taxonomy=\"areas\" \n                                       data-parent-value=\"torrevieja\" data-value=\"calas-blancas\" >Calas Blancas<\/option><option role=\"presentation\" value=\"camino-del-prado\" data-taxonomy=\"areas\" \n                                       data-parent-value=\"pinoso\" data-value=\"camino-del-prado\" >Camino del Prado<\/option><option role=\"presentation\" value=\"campana-garden\" data-taxonomy=\"areas\" \n                                       data-parent-value=\"finestrat\" data-value=\"campana-garden\" >Jard\u00edn Campana<\/option><option role=\"presentation\" value=\"campo\" data-taxonomy=\"areas\" \n                                       data-parent-value=\"pinoso\" data-value=\"campo\" >Campo<\/option><option role=\"presentation\" value=\"campoamor\" data-taxonomy=\"areas\" \n                                       data-parent-value=\"orihuela-costa\" data-value=\"campoamor\" >Campoamor<\/option><option role=\"presentation\" value=\"canada-del-molino\" data-taxonomy=\"areas\" \n                                       data-parent-value=\"torrevieja\" data-value=\"canada-del-molino\" >Ca\u00f1ada del Molino<\/option><option role=\"presentation\" value=\"carolinas-bajas\" data-taxonomy=\"areas\" \n                                       data-parent-value=\"alicante\" data-value=\"carolinas-bajas\" >Carolinas Bajas<\/option><option role=\"presentation\" value=\"castillo-de-montemar\" data-taxonomy=\"areas\" \n                                       data-parent-value=\"algorfa\" data-value=\"castillo-de-montemar\" >Castillo de Montemar<\/option><option role=\"presentation\" value=\"centro\" data-taxonomy=\"areas\" \n                                       data-parent-value=\"torrevieja\" data-value=\"centro\" >Centro<\/option><option role=\"presentation\" value=\"cerro-del-sol\" data-taxonomy=\"areas\" \n                                       data-parent-value=\"san-miguel-de-salinas\" data-value=\"cerro-del-sol\" >Cerro del Sol<\/option><option role=\"presentation\" value=\"ciudad-quesada\" data-taxonomy=\"areas\" \n                                       data-parent-value=\"ciudad-quesada\" data-value=\"ciudad-quesada\" >Ciudad Quesada<\/option><option role=\"presentation\" value=\"condado-de-alhama\" data-taxonomy=\"areas\" \n                                       data-parent-value=\"alhama-de-murcia\" data-value=\"condado-de-alhama\" >Condado de Alhama<\/option><option role=\"presentation\" value=\"condado-de-alhama-golf-resort\" data-taxonomy=\"areas\" \n                                       data-parent-value=\"alhama-de-murcia\" data-value=\"condado-de-alhama-golf-resort\" >Condado De Alhama Golf Resort<\/option><option role=\"presentation\" value=\"correntias-medias\" data-taxonomy=\"areas\" \n                                       data-parent-value=\"orihuela\" data-value=\"correntias-medias\" >Corrientes Medias<\/option><option role=\"presentation\" value=\"costa-calida\" data-taxonomy=\"areas\" \n                                       data-parent-value=\"san-pedro-del-pinatar\" data-value=\"costa-calida\" >Costa C\u00e1lida<\/option><option role=\"presentation\" value=\"coto-rinales\" data-taxonomy=\"areas\" \n                                       data-parent-value=\"calasparra\" data-value=\"coto-rinales\" >Coto Ri\u00f1ales<\/option><option role=\"presentation\" value=\"cucarres\" data-taxonomy=\"areas\" \n                                       data-parent-value=\"calpe\" data-value=\"cucarres\" >Cucarres<\/option><option role=\"presentation\" value=\"daya-nueva\" data-taxonomy=\"areas\" \n                                       data-parent-value=\"daya-nueva\" data-value=\"daya-nueva\" >Daya Nueva<\/option><option role=\"presentation\" value=\"dehesa-de-campoamor\" data-taxonomy=\"areas\" \n                                       data-parent-value=\"orihuela-costa\" data-value=\"dehesa-de-campoamor\" >Dehesa de Campoamor<\/option><option role=\"presentation\" value=\"dolores-de-pacheco\" data-taxonomy=\"areas\" \n                                       data-parent-value=\"torre-pacheco\" data-value=\"dolores-de-pacheco\" >Dolores De Pacheco<\/option><option role=\"presentation\" value=\"dona-pepa\" data-taxonomy=\"areas\" \n                                       data-parent-value=\"ciudad-quesada\" data-value=\"dona-pepa\" >Do\u00f1a Pepa<\/option><option role=\"presentation\" value=\"el-acequion-los-naufragos\" data-taxonomy=\"areas\" \n                                       data-parent-value=\"torrevieja\" data-value=\"el-acequion-los-naufragos\" >El Acequi\u00f3n - Los N\u00e1ufragos<\/option><option role=\"presentation\" value=\"el-oasis\" data-taxonomy=\"areas\" \n                                       data-parent-value=\"san-fulgencio\" data-value=\"el-oasis\" >El Oasis<\/option><option role=\"presentation\" value=\"el-raso\" data-taxonomy=\"areas\" \n                                       data-parent-value=\"guardamar-del-segura\" data-value=\"el-raso\" >El Raso<\/option><option role=\"presentation\" value=\"el-salero\" data-taxonomy=\"areas\" \n                                       data-parent-value=\"san-pedro-del-pinatar\" data-value=\"el-salero\" >El Salero<\/option><option role=\"presentation\" value=\"el-verger\" data-taxonomy=\"areas\" \n                                       data-parent-value=\"el-verger\" data-value=\"el-verger\" >El Verger<\/option><option role=\"presentation\" value=\"estrella-de-mar\" data-taxonomy=\"areas\" \n                                       data-parent-value=\"los-urrutias\" data-value=\"estrella-de-mar\" >Estrella De Mar<\/option><option role=\"presentation\" value=\"finestrat\" data-taxonomy=\"areas\" \n                                       data-parent-value=\"finestrat\" data-value=\"finestrat\" >Finestrat<\/option><option role=\"presentation\" value=\"finestrat-urbanizaciones\" data-taxonomy=\"areas\" \n                                       data-parent-value=\"finestrat\" data-value=\"finestrat-urbanizaciones\" >Urbanizaciones de Finestrat<\/option><option role=\"presentation\" value=\"font-del-llop\" data-taxonomy=\"areas\" \n                                       data-parent-value=\"monforte-del-cid\" data-value=\"font-del-llop\" >Fuente del Llop<\/option><option role=\"presentation\" value=\"gran-alacant\" data-taxonomy=\"areas\" \n                                       data-parent-value=\"gran-alacant\" data-value=\"gran-alacant\" >Gran Alacant<\/option><option role=\"presentation\" value=\"guardamar-del-segura\" data-taxonomy=\"areas\" \n                                       data-parent-value=\"guardamar-del-segura\" data-value=\"guardamar-del-segura\" >Guardamar del Segura<\/option><option role=\"presentation\" value=\"hacienda-riquelme\" data-taxonomy=\"areas\" \n                                       data-parent-value=\"torre-pacheco\" data-value=\"hacienda-riquelme\" >Hacienda Riquelme<\/option><option role=\"presentation\" value=\"isla-del-fraile\" data-taxonomy=\"areas\" \n                                       data-parent-value=\"aguilas\" data-value=\"isla-del-fraile\" >Isla del Fraile<\/option><option role=\"presentation\" value=\"jardin-del-mar\" data-taxonomy=\"areas\" \n                                       data-parent-value=\"torrevieja\" data-value=\"jardin-del-mar\" >Jard\u00edn del Mar<\/option><option role=\"presentation\" value=\"km-17\" data-taxonomy=\"areas\" \n                                       data-parent-value=\"la-manga-del-mar-menor\" data-value=\"km-17\" >Km 17<\/option><option role=\"presentation\" value=\"la-finca-golf\" data-taxonomy=\"areas\" \n                                       data-parent-value=\"algorfa\" data-value=\"la-finca-golf\" >La Finca Golf<\/option><option role=\"presentation\" value=\"la-florida\" data-taxonomy=\"areas\" \n                                       data-parent-value=\"orihuela-costa\" data-value=\"la-florida\" >La Florida<\/option><option role=\"presentation\" value=\"la-fustera\" data-taxonomy=\"areas\" \n                                       data-parent-value=\"benissa\" data-value=\"la-fustera\" >La Fustera<\/option><option role=\"presentation\" value=\"la-herrada\" data-taxonomy=\"areas\" \n                                       data-parent-value=\"los-montesinos\" data-value=\"la-herrada\" >La Herrada<\/option><option role=\"presentation\" value=\"la-manga-del-mar-menor\" data-taxonomy=\"areas\" \n                                       data-parent-value=\"la-manga-del-mar-menor\" data-value=\"la-manga-del-mar-menor\" >La Manga del Mar Menor<\/option><option role=\"presentation\" value=\"la-marina\" data-taxonomy=\"areas\" \n                                       data-parent-value=\"santa-pola\" data-value=\"la-marina\" >La Marina<\/option><option role=\"presentation\" value=\"la-marquesa-golf\" data-taxonomy=\"areas\" \n                                       data-parent-value=\"rojales\" data-value=\"la-marquesa-golf\" >La Marquesa Golf<\/option><option role=\"presentation\" value=\"la-mata\" data-taxonomy=\"areas\" \n                                       data-parent-value=\"torrevieja\" data-value=\"la-mata\" >La Mata<\/option><option role=\"presentation\" value=\"la-nucia\" data-taxonomy=\"areas\" \n                                       data-parent-value=\"la-nucia\" data-value=\"la-nucia\" >La Nuc\u00eda<\/option><option role=\"presentation\" value=\"la-pinilla\" data-taxonomy=\"areas\" \n                                       data-parent-value=\"fuente-alamo\" data-value=\"la-pinilla\" >La Pinilla<\/option><option role=\"presentation\" value=\"la-regia\" data-taxonomy=\"areas\" \n                                       data-parent-value=\"orihuela-costa\" data-value=\"la-regia\" >La Regia<\/option><option role=\"presentation\" value=\"la-romana\" data-taxonomy=\"areas\" \n                                       data-parent-value=\"la-romana\" data-value=\"la-romana\" >La Romana<\/option><option role=\"presentation\" value=\"la-siesta\" data-taxonomy=\"areas\" \n                                       data-parent-value=\"torrevieja\" data-value=\"la-siesta\" >La siesta<\/option><option role=\"presentation\" value=\"la-veleta\" data-taxonomy=\"areas\" \n                                       data-parent-value=\"torrevieja\" data-value=\"la-veleta\" >La Veleta<\/option><option role=\"presentation\" value=\"la-zenia\" data-taxonomy=\"areas\" \n                                       data-parent-value=\"orihuela-costa\" data-value=\"la-zenia\" >La Zenia<\/option><option role=\"presentation\" value=\"las-colinas-golf\" data-taxonomy=\"areas\" \n                                       data-parent-value=\"orihuela-costa\" data-value=\"las-colinas-golf\" >Las Colinas Golf<\/option><option role=\"presentation\" value=\"las-esperanzas\" data-taxonomy=\"areas\" \n                                       data-parent-value=\"san-pedro-del-pinatar\" data-value=\"las-esperanzas\" >Las Esperanzas<\/option><option role=\"presentation\" value=\"las-filipinas\" data-taxonomy=\"areas\" \n                                       data-parent-value=\"orihuela-costa\" data-value=\"las-filipinas\" >Las Filipinas<\/option><option role=\"presentation\" value=\"las-heredades\" data-taxonomy=\"areas\" \n                                       data-parent-value=\"almoradi\" data-value=\"las-heredades\" >Las Heredades<\/option><option role=\"presentation\" value=\"las-palas\" data-taxonomy=\"areas\" \n                                       data-parent-value=\"fuente-alamo\" data-value=\"las-palas\" >Las Palas<\/option><option role=\"presentation\" value=\"lel\" data-taxonomy=\"areas\" \n                                       data-parent-value=\"pinoso\" data-value=\"lel\" >Lel<\/option><option role=\"presentation\" value=\"lo-pagan\" data-taxonomy=\"areas\" \n                                       data-parent-value=\"san-pedro-del-pinatar\" data-value=\"lo-pagan\" >Lo Pagan<\/option><option role=\"presentation\" value=\"lo-romero-golf\" data-taxonomy=\"areas\" \n                                       data-parent-value=\"pilar-de-la-horadada\" data-value=\"lo-romero-golf\" >Lo Romero Golf<\/option><option role=\"presentation\" value=\"lomas-de-cabo-roig\" data-taxonomy=\"areas\" \n                                       data-parent-value=\"orihuela-costa\" data-value=\"lomas-de-cabo-roig\" >Lomas de Cabo Roig<\/option><option role=\"presentation\" value=\"lomas-de-campoamor\" data-taxonomy=\"areas\" \n                                       data-parent-value=\"orihuela-costa\" data-value=\"lomas-de-campoamor\" >Lomas de Campoamor<\/option><option role=\"presentation\" value=\"los-almendros\" data-taxonomy=\"areas\" \n                                       data-parent-value=\"orihuela-costa\" data-value=\"los-almendros\" >Los Almendros<\/option><option role=\"presentation\" value=\"los-altos\" data-taxonomy=\"areas\" \n                                       data-parent-value=\"torrevieja\" data-value=\"los-altos\" >Los Altos<\/option><option role=\"presentation\" value=\"los-antolinos\" data-taxonomy=\"areas\" \n                                       data-parent-value=\"san-pedro-del-pinatar\" data-value=\"los-antolinos\" >Los Antolinos<\/option><option role=\"presentation\" value=\"los-balcones\" data-taxonomy=\"areas\" \n                                       data-parent-value=\"torrevieja\" data-value=\"los-balcones\" >Los Balcones<\/option><option role=\"presentation\" value=\"los-cuarteros\" data-taxonomy=\"areas\" \n                                       data-parent-value=\"san-pedro-del-pinatar\" data-value=\"los-cuarteros\" >Los Cuarteros<\/option><option role=\"presentation\" value=\"los-dolses\" data-taxonomy=\"areas\" \n                                       data-parent-value=\"orihuela-costa\" data-value=\"los-dolses\" >Los Dolses<\/option><option role=\"presentation\" value=\"los-frutales\" data-taxonomy=\"areas\" \n                                       data-parent-value=\"torrevieja\" data-value=\"los-frutales\" >Los Frutales<\/option><option role=\"presentation\" value=\"los-narejos\" data-taxonomy=\"areas\" \n                                       data-parent-value=\"los-alcazares\" data-value=\"los-narejos\" >Los Narejos<\/option><option role=\"presentation\" value=\"mar-de-cristal\" data-taxonomy=\"areas\" \n                                       data-parent-value=\"cartagena\" data-value=\"mar-de-cristal\" >Mar de Cristal<\/option><option role=\"presentation\" value=\"maryvilla\" data-taxonomy=\"areas\" \n                                       data-parent-value=\"calpe\" data-value=\"maryvilla\" >Maryvilla<\/option><option role=\"presentation\" value=\"mil-palmeras\" data-taxonomy=\"areas\" \n                                       data-parent-value=\"pilar-de-la-horadada\" data-value=\"mil-palmeras\" >Mil Palmeras<\/option><option role=\"presentation\" value=\"mutxamel\" data-taxonomy=\"areas\" \n                                       data-parent-value=\"mutxamel\" data-value=\"mutxamel\" >Mutxamel<\/option><option role=\"presentation\" value=\"nueva-torrevieja\" data-taxonomy=\"areas\" \n                                       data-parent-value=\"torrevieja\" data-value=\"nueva-torrevieja\" >Nueva Torrevieja<\/option><option role=\"presentation\" value=\"orihuela-costa\" data-taxonomy=\"areas\" \n                                       data-parent-value=\"orihuela-costa\" data-value=\"orihuela-costa\" >Orihuela Costa<\/option><option role=\"presentation\" value=\"parque-de-las-naciones\" data-taxonomy=\"areas\" \n                                       data-parent-value=\"torrevieja\" data-value=\"parque-de-las-naciones\" >Parque De Las Naciones<\/option><option role=\"presentation\" value=\"paseo-maritimo\" data-taxonomy=\"areas\" \n                                       data-parent-value=\"torrevieja\" data-value=\"paseo-maritimo\" >Paseo Mar\u00edtimo<\/option><option role=\"presentation\" value=\"pau-26\" data-taxonomy=\"areas\" \n                                       data-parent-value=\"orihuela-costa\" data-value=\"pau-26\" >Pau 26<\/option><option role=\"presentation\" value=\"pau-8\" data-taxonomy=\"areas\" \n                                       data-parent-value=\"orihuela-costa\" data-value=\"pau-8\" >Pau 8<\/option><option role=\"presentation\" value=\"pilar-de-la-horadada\" data-taxonomy=\"areas\" \n                                       data-parent-value=\"pilar-de-la-horadada\" data-value=\"pilar-de-la-horadada\" >Pilar De La Horadada<\/option><option role=\"presentation\" value=\"pinar-de-campoverde\" data-taxonomy=\"areas\" \n                                       data-parent-value=\"pilar-de-la-horadada\" data-value=\"pinar-de-campoverde\" >Pinar de Campoverde<\/option><option role=\"presentation\" value=\"pla-roig\" data-taxonomy=\"areas\" \n                                       data-parent-value=\"calpe\" data-value=\"pla-roig\" >Pla Roig<\/option><option role=\"presentation\" value=\"playa-arenal-bol\" data-taxonomy=\"areas\" \n                                       data-parent-value=\"calpe\" data-value=\"playa-arenal-bol\" >Playa Arenal-Bol<\/option><option role=\"presentation\" value=\"playa-de-los-locos\" data-taxonomy=\"areas\" \n                                       data-parent-value=\"torrevieja\" data-value=\"playa-de-los-locos\" >Playa De Los Locos<\/option><option role=\"presentation\" value=\"playa-de-los-naufragos\" data-taxonomy=\"areas\" \n                                       data-parent-value=\"torrevieja\" data-value=\"playa-de-los-naufragos\" >Playa De Los N\u00e1ufragos<\/option><option role=\"presentation\" value=\"playa-del-cura\" data-taxonomy=\"areas\" \n                                       data-parent-value=\"torrevieja\" data-value=\"playa-del-cura\" >Playa Del Cura<\/option><option role=\"presentation\" value=\"playa-flamenca\" data-taxonomy=\"areas\" \n                                       data-parent-value=\"orihuela-costa\" data-value=\"playa-flamenca\" >Playa Flamenca<\/option><option role=\"presentation\" value=\"playa-honda\" data-taxonomy=\"areas\" \n                                       data-parent-value=\"cartagena\" data-value=\"playa-honda\" >Playa Honda<\/option><option role=\"presentation\" value=\"playas-del-torres\" data-taxonomy=\"areas\" \n                                       data-parent-value=\"villajoyosa\" data-value=\"playas-del-torres\" >Playas del Torres<\/option><option role=\"presentation\" value=\"polideportivo\" data-taxonomy=\"areas\" \n                                       data-parent-value=\"dolores\" data-value=\"polideportivo\" >Polideportivo<\/option><option role=\"presentation\" value=\"polop\" data-taxonomy=\"areas\" \n                                       data-parent-value=\"polop\" data-value=\"polop\" >Polop<\/option><option role=\"presentation\" value=\"poniente\" data-taxonomy=\"areas\" \n                                       data-parent-value=\"benidorm\" data-value=\"poniente\" >Poniente<\/option><option role=\"presentation\" value=\"pueblo\" data-taxonomy=\"areas\" \n                                       data-parent-value=\"san-fulgencio\" data-value=\"pueblo\" >Pueblo<\/option><option role=\"presentation\" value=\"puerto\" data-taxonomy=\"areas\" \n                                       data-parent-value=\"torrevieja\" data-value=\"puerto\" >Puerto<\/option><option role=\"presentation\" value=\"punta-prima\" data-taxonomy=\"areas\" \n                                       data-parent-value=\"torrevieja\" data-value=\"punta-prima\" >Punta Prima<\/option><option role=\"presentation\" value=\"raco-del-galeno\" data-taxonomy=\"areas\" \n                                       data-parent-value=\"benissa\" data-value=\"raco-del-galeno\" >Rac\u00f3 Del Galeno<\/option><option role=\"presentation\" value=\"rocio-del-mar\" data-taxonomy=\"areas\" \n                                       data-parent-value=\"torrevieja\" data-value=\"rocio-del-mar\" >Roc\u00edo Del Mar<\/option><option role=\"presentation\" value=\"roda-golf\" data-taxonomy=\"areas\" \n                                       data-parent-value=\"san-javier\" data-value=\"roda-golf\" >Roda Golf<\/option><option role=\"presentation\" value=\"roldan\" data-taxonomy=\"areas\" \n                                       data-parent-value=\"torre-pacheco\" data-value=\"roldan\" >Rold\u00e1n<\/option><option role=\"presentation\" value=\"rosaleda-los-frutales\" data-taxonomy=\"areas\" \n                                       data-parent-value=\"torrevieja\" data-value=\"rosaleda-los-frutales\" >Rosaleda-Los Frutales<\/option><option role=\"presentation\" value=\"san-blas\" data-taxonomy=\"areas\" \n                                       data-parent-value=\"santiago-de-la-ribera\" data-value=\"san-blas\" >San Blas<\/option><option role=\"presentation\" value=\"san-javier\" data-taxonomy=\"areas\" \n                                       data-parent-value=\"san-javier\" data-value=\"san-javier\" >San Javier<\/option><option role=\"presentation\" value=\"san-juan-de-los-terreros\" data-taxonomy=\"areas\" \n                                       data-parent-value=\"san-juan-de-los-terreros\" data-value=\"san-juan-de-los-terreros\" >San Juan De Los Terreros<\/option><option role=\"presentation\" value=\"san-luis\" data-taxonomy=\"areas\" \n                                       data-parent-value=\"torrevieja\" data-value=\"san-luis\" >San Luis<\/option><option role=\"presentation\" value=\"san-miguel-de-salinas\" data-taxonomy=\"areas\" \n                                       data-parent-value=\"san-miguel-de-salinas\" data-value=\"san-miguel-de-salinas\" >San Miguel de Salinas<\/option><option role=\"presentation\" value=\"san-pedro-de-pinatar\" data-taxonomy=\"areas\" \n                                       data-parent-value=\"san-pedro-del-pinatar\" data-value=\"san-pedro-de-pinatar\" >San Pedro De Pinatar<\/option><option role=\"presentation\" value=\"san-pedro-del-pinatar\" data-taxonomy=\"areas\" \n                                       data-parent-value=\"san-pedro-del-pinatar\" data-value=\"san-pedro-del-pinatar\" >San Pedro del Pinatar<\/option><option role=\"presentation\" value=\"santa-rosalia\" data-taxonomy=\"areas\" \n                                       data-parent-value=\"torre-pacheco\" data-value=\"santa-rosalia\" >Santa Rosal\u00eda<\/option><option role=\"presentation\" value=\"santa-rosalia-lake-and-life-resort\" data-taxonomy=\"areas\" \n                                       data-parent-value=\"torre-pacheco\" data-value=\"santa-rosalia-lake-and-life-resort\" >Complejo tur\u00edstico Santa Rosalia Lake and Life<\/option><option role=\"presentation\" value=\"santiago-de-la-ribera\" data-taxonomy=\"areas\" \n                                       data-parent-value=\"san-javier\" data-value=\"santiago-de-la-ribera\" >Santiago de la Ribera<\/option><option role=\"presentation\" value=\"sector-25\" data-taxonomy=\"areas\" \n                                       data-parent-value=\"torrevieja\" data-value=\"sector-25\" >Sector 25<\/option><option role=\"presentation\" value=\"sector-3\" data-taxonomy=\"areas\" \n                                       data-parent-value=\"dolores\" data-value=\"sector-3\" >Sector 3<\/option><option role=\"presentation\" value=\"sierra-cortina\" data-taxonomy=\"areas\" \n                                       data-parent-value=\"finestrat\" data-value=\"sierra-cortina\" >Sierra Cortina<\/option><option role=\"presentation\" value=\"sucina\" data-taxonomy=\"areas\" \n                                       data-parent-value=\"sucina\" data-value=\"sucina\" >Sucina<\/option><option role=\"presentation\" value=\"torre-de-la-horadada\" data-taxonomy=\"areas\" \n                                       data-parent-value=\"pilar-de-la-horadada\" data-value=\"torre-de-la-horadada\" >Torre De La Horadada<\/option><option role=\"presentation\" value=\"torre-del-moro\" data-taxonomy=\"areas\" \n                                       data-parent-value=\"torrevieja\" data-value=\"torre-del-moro\" >Torre del Moro<\/option><option role=\"presentation\" value=\"torreblanca\" data-taxonomy=\"areas\" \n                                       data-parent-value=\"torrevieja\" data-value=\"torreblanca\" >Torreblanca<\/option><option role=\"presentation\" value=\"torreta-florida\" data-taxonomy=\"areas\" \n                                       data-parent-value=\"torrevieja\" data-value=\"torreta-florida\" >Torreta - Florida<\/option><option role=\"presentation\" value=\"torrevieja\" data-taxonomy=\"areas\" \n                                       data-parent-value=\"torrevieja\" data-value=\"torrevieja\" >Torrevieja<\/option><option role=\"presentation\" value=\"tossal-gros\" data-taxonomy=\"areas\" \n                                       data-parent-value=\"denia\" data-value=\"tossal-gros\" >Tossal Gros<\/option><option role=\"presentation\" value=\"urb-la-marina\" data-taxonomy=\"areas\" \n                                       data-parent-value=\"san-fulgencio\" data-value=\"urb-la-marina\" >Urb.la Marina<\/option><option role=\"presentation\" value=\"urbanizacion-las-kalendas\" data-taxonomy=\"areas\" \n                                       data-parent-value=\"fortuna\" data-value=\"urbanizacion-las-kalendas\" >Urbanizaci\u00f3n Las Kalendas<\/option><option role=\"presentation\" value=\"urbanizacion-perla-del-mar\" data-taxonomy=\"areas\" \n                                       data-parent-value=\"orihuela\" data-value=\"urbanizacion-perla-del-mar\" >Urbanizaci\u00f3n Perla Del Mar<\/option><option role=\"presentation\" value=\"urbanizaciones\" data-taxonomy=\"areas\" \n                                       data-parent-value=\"polop\" data-value=\"urbanizaciones\" >Urbanizaciones<\/option><option role=\"presentation\" value=\"veneziola\" data-taxonomy=\"areas\" \n                                       data-parent-value=\"la-manga-del-mar-menor\" data-value=\"veneziola\" >Venecia<\/option><option role=\"presentation\" value=\"vera-playa\" data-taxonomy=\"areas\" \n                                       data-parent-value=\"vera\" data-value=\"vera-playa\" >Vera Playa<\/option><option role=\"presentation\" value=\"verde-pino\" data-taxonomy=\"areas\" \n                                       data-parent-value=\"moraira\" data-value=\"verde-pino\" >Verde Pino<\/option><option role=\"presentation\" value=\"villamartin\" data-taxonomy=\"areas\" \n                                       data-parent-value=\"orihuela-costa\" data-value=\"villamartin\" >Villamart\u00edn<\/option><option role=\"presentation\" value=\"villamartin-las-filipinas\" data-taxonomy=\"areas\" \n                                       data-parent-value=\"orihuela-costa\" data-value=\"villamartin-las-filipinas\" >Villamart\u00edn-Las Filipinas<\/option><option role=\"presentation\" value=\"villananitos\" data-taxonomy=\"areas\" \n                                       data-parent-value=\"san-pedro-del-pinatar\" data-value=\"villananitos\" >Villananitos<\/option><option role=\"presentation\" value=\"vistabella-golf\" data-taxonomy=\"areas\" \n                                       data-parent-value=\"orihuela\" data-value=\"vistabella-golf\" >Campo de golf Vistabella<\/option><option role=\"presentation\" value=\"yecla\" data-taxonomy=\"areas\" \n                                       data-parent-value=\"yecla\" data-value=\"yecla\" >Yecla<\/option><option role=\"presentation\" value=\"zona-pueblo\" data-taxonomy=\"areas\" \n                                       data-parent-value=\"pilar-de-la-horadada\" data-value=\"zona-pueblo\" >Zona Pueblo<\/option>\n    <\/select><\/div><div class=\"col-md-3 property_status\"><select class=\"form-control  wpestatemultiselectselectpicker\" multiple xx3\n name=\"property_status[]\"\n        id=\"shortcode-adv_status\"\n        title=\"Estado\" \n        data-live-search=\"&quot;true&quot;\" \n        data-selected-text-format=\"count\"\n        data-count-selected-text=\"{0} items selected\"\n        data-select-all-text=\"Select All\"\n        data-deselect-all-text=\"Select None\"\n        data-actions-box=\"true\"\n        aria-labelledby=\"shortcode-adv_status\">\n        <option role=\"presentation\" value=\"available\" data-taxonomy=\"property status\" \n                                       data-parent-value=\"\" data-value=\"available\" >Disponible<\/option><option role=\"presentation\" value=\"featured\" data-taxonomy=\"property status\" \n                                       data-parent-value=\"\" data-value=\"featured\" >Destacada<\/option><option role=\"presentation\" value=\"new-build\" data-taxonomy=\"property status\" \n                                       data-parent-value=\"\" data-value=\"new-build\" >Obra nueva<\/option><option role=\"presentation\" value=\"our-property\" data-taxonomy=\"property status\" \n                                       data-parent-value=\"\" data-value=\"our-property\" >Nuestras propiedades<\/option><option role=\"presentation\" value=\"resale\" data-taxonomy=\"property status\" \n                                       data-parent-value=\"\" data-value=\"resale\" >Reventa<\/option><option role=\"presentation\" value=\"reserved\" data-taxonomy=\"property status\" \n                                       data-parent-value=\"\" data-value=\"reserved\" >Reservado<\/option>\n    <\/select><\/div><div class=\"col-md-3 categories\"><select class=\"form-control  wpestatemultiselectselectpicker\" multiple xx3\n name=\"filter_search_type[]\"\n        id=\"shortcode-adv_categ\"\n        title=\"Tipolog\u00eda\" \n        data-live-search=\"&quot;true&quot;\" \n        data-selected-text-format=\"count\"\n        data-count-selected-text=\"{0} items selected\"\n        data-select-all-text=\"Select All\"\n        data-deselect-all-text=\"Select None\"\n        data-actions-box=\"true\"\n        aria-labelledby=\"shortcode-adv_categ\">\n        <option role=\"presentation\" value=\"apartment\" data-taxonomy=\"categories\" \n                                       data-parent-value=\"\" data-value=\"apartment\" >Apartamento<\/option><option role=\"presentation\" value=\"house\" data-taxonomy=\"categories\" \n                                       data-parent-value=\"\" data-value=\"house\" >Vivienda adosada<\/option><option role=\"presentation\" value=\"penthouse\" data-taxonomy=\"categories\" \n                                       data-parent-value=\"\" data-value=\"penthouse\" >\u00c1tico<\/option><option role=\"presentation\" value=\"villa\" data-taxonomy=\"categories\" \n                                       data-parent-value=\"\" data-value=\"villa\" >Villa<\/option>\n    <\/select><\/div><div class=\"col-md-3 beds-baths\"><div class=\"btn-group wpestate-beds-baths-popoup-component\" style=\"width:100%;\">\n            <button type=\"button\" class=\"btn btn-default dropdown-toggle wpestate-multiselect-custom-style\"\n            data-bs-toggle=\"dropdown\" aria-haspopup=\"true\" aria-expanded=\"false\" style=\"width:100%;\">\n                Camas\/Ba\u00f1os\n            <\/button>\n            <div class=\"dropdown-menu wpestate-beds-baths-popoup-wrapper\">\n                <h3>Camas<\/h3>\n                <div><div class=\"wp_estate_beds_component_item\" data-value=\"1\">1<\/div><div class=\"wp_estate_beds_component_item\" data-value=\"2\">2<\/div><div class=\"wp_estate_beds_component_item\" data-value=\"3\">3<\/div><div class=\"wp_estate_beds_component_item\" data-value=\"4\">4<\/div><div class=\"wp_estate_beds_component_item\" data-value=\"5\">5<\/div><div class=\"wp_estate_beds_component_item\" data-value=\"6\">6+<\/div><\/div>\n                <h3>Balneario<\/h3>\n                <div><div class=\"wp_estate_baths_component_item\" data-value=\"1\">1<\/div><div class=\"wp_estate_baths_component_item\" data-value=\"2\">2<\/div><div class=\"wp_estate_baths_component_item\" data-value=\"3\">3<\/div><div class=\"wp_estate_baths_component_item\" data-value=\"4\">4<\/div><div class=\"wp_estate_baths_component_item\" data-value=\"5\">5<\/div><div class=\"wp_estate_baths_component_item\" data-value=\"6\">6+<\/div><\/div>\n                <div>\n                    <div class=\"wpestate-beds-baths-popoup-reset\" data-default-value=\"Beds\/Baths\">Reiniciar<\/div>\n                    <div class=\"wpestate-beds-baths-popoup-done\">Hecho<\/div>\n                <\/div>\n                <input type=\"hidden\" name=\"componentsbeds\" class=\"wpresidence-componentsbeds\" value=\"\">\n                <input type=\"hidden\" name=\"componentsbaths\" class=\"wpresidence-componentsbaths\" value=\"\">\n            <\/div>\n        <\/div><\/div><div class=\"col-md-3 property-price-v2\"><div class=\"btn-group wpestate-beds-baths-popoup-component\" style=\"width:100%;\">\n            <button type=\"button\" class=\"btn btn-default dropdown-toggle wpestate-multiselect-custom-style\" \n            data-bs-toggle=\"dropdown\" aria-haspopup=\"true\" aria-expanded=\"false\" data-default-value=\"Price\" style=\"width:100%;\">\n            Precio\n            <\/button>\n            <div class=\"dropdown-menu wpestate-price-popoup-wrapper wpestate-beds-baths-popoup-wrapper\">\n                <h3>Selector de precios<\/h3><div class=\"adv_search_slider\"><div class=\"wpestate_pricev2_component_adv_search_wrapper\">\n                <input type=\"text\" id=\"component_price_low_sh\" class=\"component_adv_search_elementor_price_low price_active wpestate-price-popoup-field-low\"   value=\"\u20ac 90.000\" data-value=\"\u20ac 90.000\" \/>\n                <input type=\"text\" id=\"component_price_max_sh\" class=\"component_adv_search_elementor_price_max price_active wpestate-price-popoup-field-max\"   value=\"\u20ac 10.000.000\" data-value=\"\u20ac 10.000.000\" \/>\n                <\/div>\n            \n                    <p>\n                        <label>Rango de precios:<\/label>\n                        <span id=\"amount_sh\" class=\"wpresidence_slider_price\"  data-default=\"\u20ac 90.000 a \u20ac 10.000.000\">De 90.000 \u20ac a 10.000.000 \u20ac<\/span>\n                    <\/p>\n                    <div id=\"slider_price_sh\"><\/div>\n                    <input type=\"hidden\" id=\"price_low_sh\"  name=\"price_low\"  class=\"single_price_low\" data-value=\"90000\" value=\"90000\"\/>\n                    <input type=\"hidden\" id=\"price_max_sh\"  name=\"price_max\"  class=\"single_price_max\" data-value=\"10000000\" value=\"10000000\"\/>\n                    <input type=\"hidden\"  class=\"price_label_component\" name=\"price_label_component\"   value=\"\" \/>   <\/div>\n                <div class=\"wpestate-price-component-popoup-reset\">Reiniciar<\/div>\n                <div class=\"wpestate-price-component-popoup-done\">Hecho<\/div>\n            <\/div>\n        <\/div><\/div><div class=\"col-md-3 submit\">\n            <button class=\"wpresidence_button\" id=\"advanced_submit_shorcode\">Buscar<\/button>\n        <input type=\"hidden\" id=\"wpestate_regular_search_nonce\" name=\"wpestate_regular_search_nonce\" value=\"85eb7d87d5\" \/><input type=\"hidden\" name=\"_wp_http_referer\" value=\"\/spa\/wp-json\/wp\/v2\/pages\/18618\" \/>\n        <\/div>\n\n    <input type=\"hidden\" name=\"trp-form-language\" value=\"spa\"\/><\/form>\n<\/div>\t\t\t\t<\/div>\n\t\t\t\t<\/div>\n\t\t\t\t\t<\/div>\n\t\t\t\t<\/div>\n\t\t<div class=\"elementor-element elementor-element-fa7b81c e-flex e-con-boxed e-con e-parent\" data-id=\"fa7b81c\" data-element_type=\"container\" data-settings=\"{&quot;background_background&quot;:&quot;classic&quot;}\">\n\t\t\t\t\t<div class=\"e-con-inner\">\n\t\t<div class=\"elementor-element elementor-element-3c5fc6f e-con-full e-flex e-con e-child\" data-id=\"3c5fc6f\" data-element_type=\"container\">\n\t\t\t\t<div class=\"elementor-element elementor-element-d02364d elementor-widget elementor-widget-heading\" data-id=\"d02364d\" data-element_type=\"widget\" data-widget_type=\"heading.default\">\n\t\t\t\t\t<h2 class=\"elementor-heading-title elementor-size-default\">Nuestras zonas y proyectos<\/h2>\t\t\t\t<\/div>\n\t\t\t\t<div class=\"elementor-element elementor-element-8dfef74 elementor-widget elementor-widget-WpResidence_Category_Slider\" data-id=\"8dfef74\" data-element_type=\"widget\" data-widget_type=\"WpResidence_Category_Slider.default\">\n\t\t\t\t<div class=\"elementor-widget-container\">\n\t\t\t\t\t<div class=\"estate_places_slider\" data-items-per-row=\"5\" data-auto=\"0\"><div class=\"single_slide_container\"><div class=\"places_wrapper_type_2\">\n\n    <div class=\"places_background_image\" style=\"background-image: url(https:\/\/esentyaestate.com\/wp-content\/uploads\/2025\/12\/costa-blanca-south-home-980x777.jpg);\">\n        <div class=\"places_cover\" data-link=\"https:\/\/esentyaestate.com\/spa\/property_county_state\/costa-blanca-sur\/\"><\/div>\n        <div class=\"places_type_2_content\">\n            <h4>\n                <a href=\"https:\/\/esentyaestate.com\/spa\/property_county_state\/costa-blanca-sur\/\">\n                    Costa Blanca Sur                <\/a>\n            <\/h4>\n            <div class=\"places_type_2_tagline\">\n                            <\/div>\n            <div class=\"places_type_2_listings_no\">\n                1152 Listings            <\/div>\n        <\/div>\n    <\/div>\n<\/div><\/div><div class=\"single_slide_container\"><div class=\"places_wrapper_type_2\">\n\n    <div class=\"places_background_image\" style=\"background-image: url(https:\/\/esentyaestate.com\/wp-content\/uploads\/2025\/12\/costa-calida-home-980x777.jpg);\">\n        <div class=\"places_cover\" data-link=\"https:\/\/esentyaestate.com\/spa\/property_county_state\/costa-calida\/\"><\/div>\n        <div class=\"places_type_2_content\">\n            <h4>\n                <a href=\"https:\/\/esentyaestate.com\/spa\/property_county_state\/costa-calida\/\">\n                    Costa C\u00e1lida                <\/a>\n            <\/h4>\n            <div class=\"places_type_2_tagline\">\n                            <\/div>\n            <div class=\"places_type_2_listings_no\">\n                251 anuncios            <\/div>\n        <\/div>\n    <\/div>\n<\/div><\/div><div class=\"single_slide_container\"><div class=\"places_wrapper_type_2\">\n\n    <div class=\"places_background_image\" style=\"background-image: url(https:\/\/esentyaestate.com\/wp-content\/uploads\/2025\/12\/costa-blanca-north-home-980x777.jpg);\">\n        <div class=\"places_cover\" data-link=\"https:\/\/esentyaestate.com\/spa\/property_county_state\/costa-blanca-norte\/\"><\/div>\n        <div class=\"places_type_2_content\">\n            <h4>\n                <a href=\"https:\/\/esentyaestate.com\/spa\/property_county_state\/costa-blanca-norte\/\">\n                    Costa Blanca Norte                <\/a>\n            <\/h4>\n            <div class=\"places_type_2_tagline\">\n                            <\/div>\n            <div class=\"places_type_2_listings_no\">\n                186 Listings            <\/div>\n        <\/div>\n    <\/div>\n<\/div><\/div><div class=\"single_slide_container\"><div class=\"places_wrapper_type_2\">\n\n    <div class=\"places_background_image\" style=\"background-image: url(https:\/\/esentyaestate.com\/wp-content\/uploads\/2025\/12\/costa-de-almeria-980x777.jpg);\">\n        <div class=\"places_cover\" data-link=\"https:\/\/esentyaestate.com\/spa\/property_county_state\/costa-del-sol\/\"><\/div>\n        <div class=\"places_type_2_content\">\n            <h4>\n                <a href=\"https:\/\/esentyaestate.com\/spa\/property_county_state\/costa-del-sol\/\">\n                    Costa del Sol                <\/a>\n            <\/h4>\n            <div class=\"places_type_2_tagline\">\n                            <\/div>\n            <div class=\"places_type_2_listings_no\">\n                25 anuncios            <\/div>\n        <\/div>\n    <\/div>\n<\/div><\/div><\/div><script type=\"text\/javascript\">\n            jQuery(document).ready(function(){\n                wpestate_enable_slick_places();\n            });\n        <\/script>\t\t\t\t<\/div>\n\t\t\t\t<\/div>\n\t\t\t\t<\/div>\n\t\t\t\t\t<\/div>\n\t\t\t\t<\/div>\n\t\t<div class=\"elementor-element elementor-element-86e23c9 e-flex e-con-boxed e-con e-parent\" data-id=\"86e23c9\" data-element_type=\"container\" data-settings=\"{&quot;background_background&quot;:&quot;classic&quot;}\">\n\t\t\t\t\t<div class=\"e-con-inner\">\n\t\t<div class=\"elementor-element elementor-element-bf3511d e-con-full e-flex e-con e-child\" data-id=\"bf3511d\" data-element_type=\"container\">\n\t\t<div class=\"elementor-element elementor-element-958dd7e animated-fast e-con-full e-flex elementor-invisible e-con e-child\" data-id=\"958dd7e\" data-element_type=\"container\" data-settings=\"{&quot;animation&quot;:&quot;fadeIn&quot;,&quot;animation_delay&quot;:50}\">\n\t\t<div class=\"elementor-element elementor-element-d6a85d0 e-con-full e-flex e-con e-child\" data-id=\"d6a85d0\" data-element_type=\"container\">\n\t\t\t\t<div class=\"elementor-element elementor-element-451ac15 elementor-widget elementor-widget-heading\" data-id=\"451ac15\" data-element_type=\"widget\" data-widget_type=\"heading.default\">\n\t\t\t\t\t<h4 class=\"elementor-heading-title elementor-size-default\">VIVIENDAS EXCLUSIVAS<\/h4>\t\t\t\t<\/div>\n\t\t\t\t<div class=\"elementor-element elementor-element-82f678e elementor-widget elementor-widget-heading\" data-id=\"82f678e\" data-element_type=\"widget\" data-widget_type=\"heading.default\">\n\t\t\t\t\t<h2 class=\"elementor-heading-title elementor-size-default\"><span class=\"elementor-heading-title elementor-size-default\" style=\"text-align: start;white-space: normal\">Propiedades destacadas \u2013 Casas exclusivas en venta en Costa Blanca &amp; Costa C\u00e1lida<\/span><\/h2>\t\t\t\t<\/div>\n\t\t\t\t<div class=\"elementor-element elementor-element-9929dff elementor-widget elementor-widget-spacer\" data-id=\"9929dff\" data-element_type=\"widget\" data-widget_type=\"spacer.default\">\n\t\t\t\t\t\t\t<div class=\"elementor-spacer\">\n\t\t\t<div class=\"elementor-spacer-inner\"><\/div>\n\t\t<\/div>\n\t\t\t\t\t\t<\/div>\n\t\t\t\t<\/div>\n\t\t\t\t<\/div>\n\t\t<div class=\"elementor-element elementor-element-9ac4c77 e-con-full e-flex e-con e-child\" data-id=\"9ac4c77\" data-element_type=\"container\">\n\t\t<div class=\"elementor-element elementor-element-fd16eb9 e-con-full e-flex e-con e-child\" data-id=\"fd16eb9\" data-element_type=\"container\">\n\t\t\t\t<div class=\"elementor-element elementor-element-c49b46b elementor-widget elementor-widget-WpResidenc_Items_Slider\" data-id=\"c49b46b\" data-element_type=\"widget\" data-widget_type=\"WpResidenc_Items_Slider.default\">\n\t\t\t\t<div class=\"elementor-widget-container\">\n\t\t\t\t\t<div class=\"slider_container bottom-properties nobutton\" ><div class=\"shortcode_slider_wrapper\" ><div class=\"shortcode_slider_list   slider_no73082 arrow_class_sideways\"   data-items-per-row=\"3\"   data-auto=\"0\" >\n<div class=\"col-lg-4 col-12 col-sm-6 col-md-6    listing_wrapper\"\n    data-org=\"4\"\n    data-main-modal=\"https:\/\/esentyaestate.com\/wp-content\/uploads\/2026\/04\/EE11040_1768296166_7694457a44d0e11b3cc1-835x467.jpg\"\n    data-modal-title=\"Villa in Lomas de Cabo Roig &#8211; EE11040\"\n    data-modal-link=\"https:\/\/esentyaestate.com\/spa\/estate_property\/villa-in-lomas-de-cabo-roig-ee11040\/\"\n    data-listid=\"192812\">\n\n    <div class=\"property_listing property_card_default\"\n        data-link=\"\">\n\n                    <div class=\"listing-unit-img-wrapper\">\n                <div class=\"prop_new_details\">\n                    <div class=\"prop_new_details_back\"><\/div>\n                    <div class=\"property_media\">\n            <i class=\"fas fa-video\"><\/i>\n        <i class=\"fas fa-camera\"><\/i> 36<\/div><div class=\"property_location_image\"><i class=\"fas fa-map-marker-alt\"><\/i><a href=\"https:\/\/esentyaestate.com\/spa\/property_area\/lomas-de-cabo-roig\/\">Lomas de Cabo Roig<\/a>, <a href=\"https:\/\/esentyaestate.com\/spa\/property_city\/orihuela-costa\/\">Orihuela Costa<\/a><\/div>                    <div class=\"featured_gradient\"><\/div>\n                <\/div>\n\n                    <div id=\"property_unit_carousel_69ec9348432cc\" class=\"carousel property_unit_carousel slide\" data-bs-interval=\"false\">\n        <div class=\"carousel-inner\">\n           \n            <div class=\"carousel-item active\">\n                <a href=\"https:\/\/esentyaestate.com\/spa\/estate_property\/villa-in-lomas-de-cabo-roig-ee11040\/\" target=\"_self\">\n                    <img decoding=\"async\" width=\"525px\" height=\"328px\" src=\"https:\/\/esentyaestate.com\/wp-content\/uploads\/2026\/04\/EE11040_1768296166_7694457a44d0e11b3cc1-525x328.jpg\" alt=\"Chalet en Lomas de Cabo Roig \u2013 EE11040\" class=\"d-block w-100 img-fluid\" loading=\"lazy\" \/>\n                <\/a>\n            <\/div><div class=\"carousel-item\">\n                <a href=\"https:\/\/esentyaestate.com\/spa\/estate_property\/villa-in-lomas-de-cabo-roig-ee11040\/\" target=\"_self\">\n                    <img decoding=\"async\" width=\"525px\" height=\"328px\" src=\"https:\/\/esentyaestate.com\/wp-content\/uploads\/2026\/04\/EE11040_1768296167_9ce056423ca11386d5a5-525x328.jpg\" alt=\"Chalet en Lomas de Cabo Roig \u2013 EE11040\" class=\"d-block w-100 img-fluid\" loading=\"lazy\" \/>\n                <\/a>\n            <\/div><div class=\"carousel-item\">\n                <a href=\"https:\/\/esentyaestate.com\/spa\/estate_property\/villa-in-lomas-de-cabo-roig-ee11040\/\" target=\"_self\">\n                    <img decoding=\"async\" width=\"525px\" height=\"328px\" src=\"https:\/\/esentyaestate.com\/wp-content\/uploads\/2026\/04\/EE11040_1768296166_7be02df9756a5021ca56-525x328.jpg\" alt=\"Chalet en Lomas de Cabo Roig \u2013 EE11040\" class=\"d-block w-100 img-fluid\" loading=\"lazy\" \/>\n                <\/a>\n            <\/div>        <\/div>\n                    <button class=\"carousel-control-prev\" type=\"button\" data-bs-target=\"#property_unit_carousel_69ec9348432cc\" data-bs-slide=\"prev\">\n                <span class=\"carousel-control-prev-icon\" aria-hidden=\"true\"><\/span>\n                <span class=\"visually-hidden\">Anterior<\/span>\n            <\/button>\n            <button class=\"carousel-control-next\" type=\"button\" data-bs-target=\"#property_unit_carousel_69ec9348432cc\" data-bs-slide=\"next\">\n                <span class=\"carousel-control-next-icon\" aria-hidden=\"true\"><\/span>\n                <span class=\"visually-hidden\">Pr\u00f3ximo<\/span>\n            <\/button>\n            <\/div>\n    <div class=\"tag-wrapper\">\n    <div class=\"featured_div\">Destacada<\/div><div class=\"status-wrapper\">\n    <div class=\"action_tag_wrapper For Sale\">En venta<\/div><div class=\"ribbon-inside Featured\">Destacada<\/div><div class=\"ribbon-inside Our-Property\">Nuestras propiedades<\/div><div class=\"ribbon-inside Resale\">Reventa<\/div><\/div>\n<\/div>            <\/div>\n\n            <div class=\"property-unit-information-wrapper\">\n                <div class=\"listing_unit_price_wrapper\">\n    \u20ac 679.000 <span class=\"price_label\"><\/span><\/div><h4>\n  <a href=\"https:\/\/esentyaestate.com\/spa\/estate_property\/villa-in-lomas-de-cabo-roig-ee11040\/\">Villa en Lomas...<\/a>\n<\/h4><div class=\"property_listing_details_v2\"><div class=\"property_listing_details_v2_item\"><div class=\"icon_label\">Dormitorios<\/div>4<\/div><div class=\"property_listing_details_v2_item\"><div class=\"icon_label\">Ba\u00f1os<\/div>4<\/div><div class=\"property_listing_details_v2_item\"><div class=\"icon_label\">Superficie:<\/div><span>175 metros<sup>2<\/sup><\/span><\/div><\/div>                    <div class=\"property_location\">\n                        \n<div class=\"property_agent_wrapper\">\n            <div class=\"property_agent_image\" style=\"background-image:url('https:\/\/esentyaestate.com\/wp-content\/uploads\/2025\/11\/Runar-1-120x120.jpg')\"><\/div>\n        <div class=\"property_agent_image_sign\"><i class=\"far fa-user-circle\"><\/i><\/div>\n    \n                        <a class=\"wpestate_card_agent_link\" href=\"https:\/\/esentyaestate.com\/spa\/estate_agent\/runar-wilhelmsen\/\">\n                Runar Wilhelmsen            <\/a>\n            <\/div>\n<div class=\"listing_actions\">\n                    <div class=\"share_unit\">\n            <a href=\"https:\/\/www.facebook.com\/sharer.php?u=https:\/\/esentyaestate.com\/spa\/estate_property\/villa-in-lomas-de-cabo-roig-ee11040\/&#038;t=%26lt%3Btrp-post-container+data-trp-post-id%3D%26%23039%3B192812%26%23039%3B%26gt%3BVilla+in+Lomas+de+Cabo+Roig+%26%238211%3B+EE11040%26lt%3B%2Ftrp-post-container%26gt%3B\" target=\"_blank\" rel=\"noreferrer\" class=\"social_facebook\"><\/a>\n            <a href=\"https:\/\/twitter.com\/intent\/tweet?text=%26lt%3Btrp-post-container+data-trp-post-id%3D%26%23039%3B192812%26%23039%3B%26gt%3BVilla+in+Lomas+de+Cabo+Roig+%26%238211%3B+EE11040%26lt%3B%2Ftrp-post-container%26gt%3B+https%3A%2F%2Fesentyaestate.com%2Fspa%2Festate_property%2Fvilla-in-lomas-de-cabo-roig-ee11040%2F\" class=\"social_tweet\" rel=\"noreferrer\" target=\"_blank\"><\/a>\n            <a href=\"https:\/\/pinterest.com\/pin\/create\/button\/?url=https:\/\/esentyaestate.com\/spa\/estate_property\/villa-in-lomas-de-cabo-roig-ee11040\/&#038;media=https:\/\/esentyaestate.com\/wp-content\/uploads\/2026\/04\/EE11040_1768296166_7694457a44d0e11b3cc1-scaled.jpg&#038;description=%26lt%3Btrp-post-container+data-trp-post-id%3D%26%23039%3B192812%26%23039%3B%26gt%3BVilla+in+Lomas+de+Cabo+Roig+%26%238211%3B+EE11040%26lt%3B%2Ftrp-post-container%26gt%3B\" target=\"_blank\" rel=\"noreferrer\" class=\"social_pinterest\"><\/a>\n            <a href=\"https:\/\/wa.me\/?text=Villa%20in%20Lomas%20de%20Cabo%20Roig%20&#8211;%20EE11040%20https:\/\/esentyaestate.com\/spa\/estate_property\/villa-in-lomas-de-cabo-roig-ee11040\/\" class=\"social_whatsup\" rel=\"noreferrer\" target=\"_blank\"><\/a>\n            <a href=\"mailto:?&#115;&#117;&#98;&#106;ec&#116;=%2&#54;l&#116;&#37;3&#66;&#116;&#114;p-p&#111;&#115;t-&#99;on&#116;ai&#110;er&#43;d&#97;&#116;&#97;-&#116;rp-po&#115;&#116;&#45;id%&#51;D&#37;&#50;&#54;&#37;&#50;303&#57;%&#51;&#66;19&#50;&#56;1&#50;&#37;&#50;&#54;&#37;&#50;3&#48;&#51;&#57;&#37;&#51;B&#37;&#50;&#54;&#103;t&#37;&#51;BVil&#108;a&#43;in&#43;&#76;omas&#43;&#100;&#101;&#43;&#67;&#97;bo&#43;&#82;o&#105;&#103;+%&#50;6&#37;&#50;38&#50;&#49;1&#37;&#51;&#66;+&#69;&#69;&#49;104&#48;%&#50;6&#108;&#116;&#37;&#51;B%2F&#116;&#114;p-&#112;&#111;st-cont&#97;in&#101;r%2&#54;gt%&#51;&#66;&#38;a&#109;p&#59;body&#61;&#104;tt&#112;&#115;&#37;3A&#37;&#50;&#70;&#37;2F&#101;se&#110;t&#121;aes&#116;&#97;te&#46;c&#111;m%&#50;F&#115;&#112;&#97;%2F&#101;&#115;ta&#116;&#101;_pr&#111;p&#101;r&#116;&#121;%&#50;Fvi&#108;la-&#105;&#110;-&#108;&#111;&#109;&#97;&#115;&#45;d&#101;-&#99;&#97;&#98;o&#45;&#114;&#111;ig-&#101;&#101;11&#48;40&#37;&#50;&#70;\" data-action=\"share email\" class=\"social_email\"><\/a>\n        <\/div>\n                <span class=\"share_list\" data-bs-toggle=\"tooltip\" title=\"compartir\"><\/span>\n    \n    \n    <\/div>\n                    <\/div>\n                            <\/div>\n            <\/div>\n<\/div>\n<div class=\"col-lg-4 col-12 col-sm-6 col-md-6    listing_wrapper\"\n    data-org=\"4\"\n    data-main-modal=\"https:\/\/esentyaestate.com\/wp-content\/uploads\/2026\/04\/1775559751_73abbc1360f3add68260-835x467.jpg\"\n    data-modal-title=\"Renovated villa in San Luis, Torrevieja &#8211; EE11845\"\n    data-modal-link=\"https:\/\/esentyaestate.com\/spa\/estate_property\/renovated-villa-in-san-luis-torrevieja-ee11845\/\"\n    data-listid=\"187028\">\n\n    <div class=\"property_listing property_card_default\"\n        data-link=\"\">\n\n                    <div class=\"listing-unit-img-wrapper\">\n                <div class=\"prop_new_details\">\n                    <div class=\"prop_new_details_back\"><\/div>\n                    <div class=\"property_media\">\n            <i class=\"fas fa-video\"><\/i>\n        <i class=\"fas fa-camera\"><\/i> 48<\/div><div class=\"property_location_image\"><i class=\"fas fa-map-marker-alt\"><\/i><a href=\"https:\/\/esentyaestate.com\/spa\/property_area\/san-luis\/\">San Luis<\/a>, <a href=\"https:\/\/esentyaestate.com\/spa\/property_city\/torrevieja\/\">Torrevieja<\/a><\/div>                    <div class=\"featured_gradient\"><\/div>\n                <\/div>\n\n                    <div id=\"property_unit_carousel_69ec9348456de\" class=\"carousel property_unit_carousel slide\" data-bs-interval=\"false\">\n        <div class=\"carousel-inner\">\n           \n            <div class=\"carousel-item active\">\n                <a href=\"https:\/\/esentyaestate.com\/spa\/estate_property\/renovated-villa-in-san-luis-torrevieja-ee11845\/\" target=\"_self\">\n                    <img decoding=\"async\" width=\"525px\" height=\"328px\" src=\"https:\/\/esentyaestate.com\/wp-content\/uploads\/2026\/04\/1775559751_73abbc1360f3add68260-525x328.jpg\" alt=\"Villa reformada en San Luis, Torrevieja \u2013 EE11845\" class=\"d-block w-100 img-fluid\" loading=\"lazy\" \/>\n                <\/a>\n            <\/div><div class=\"carousel-item\">\n                <a href=\"https:\/\/esentyaestate.com\/spa\/estate_property\/renovated-villa-in-san-luis-torrevieja-ee11845\/\" target=\"_self\">\n                    <img decoding=\"async\" width=\"525px\" height=\"328px\" src=\"https:\/\/esentyaestate.com\/wp-content\/uploads\/2026\/04\/1775559746_3d0a2551ff54bac8e2ba-525x328.jpg\" alt=\"Villa reformada en San Luis, Torrevieja \u2013 EE11845\" class=\"d-block w-100 img-fluid\" loading=\"lazy\" \/>\n                <\/a>\n            <\/div><div class=\"carousel-item\">\n                <a href=\"https:\/\/esentyaestate.com\/spa\/estate_property\/renovated-villa-in-san-luis-torrevieja-ee11845\/\" target=\"_self\">\n                    <img decoding=\"async\" width=\"525px\" height=\"328px\" src=\"https:\/\/esentyaestate.com\/wp-content\/uploads\/2026\/04\/1775559748_b602c5311184c9888022-525x328.jpg\" alt=\"Villa reformada en San Luis, Torrevieja \u2013 EE11845\" class=\"d-block w-100 img-fluid\" loading=\"lazy\" \/>\n                <\/a>\n            <\/div>        <\/div>\n                    <button class=\"carousel-control-prev\" type=\"button\" data-bs-target=\"#property_unit_carousel_69ec9348456de\" data-bs-slide=\"prev\">\n                <span class=\"carousel-control-prev-icon\" aria-hidden=\"true\"><\/span>\n                <span class=\"visually-hidden\">Anterior<\/span>\n            <\/button>\n            <button class=\"carousel-control-next\" type=\"button\" data-bs-target=\"#property_unit_carousel_69ec9348456de\" data-bs-slide=\"next\">\n                <span class=\"carousel-control-next-icon\" aria-hidden=\"true\"><\/span>\n                <span class=\"visually-hidden\">Pr\u00f3ximo<\/span>\n            <\/button>\n            <\/div>\n    <div class=\"tag-wrapper\">\n    <div class=\"featured_div\">Destacada<\/div><div class=\"status-wrapper\">\n    <div class=\"action_tag_wrapper For Sale\">En venta<\/div><div class=\"ribbon-inside Featured\">Destacada<\/div><div class=\"ribbon-inside Our-Property\">Nuestras propiedades<\/div><div class=\"ribbon-inside Resale\">Reventa<\/div><\/div>\n<\/div>            <\/div>\n\n            <div class=\"property-unit-information-wrapper\">\n                <div class=\"listing_unit_price_wrapper\">\n    \u20ac 885.000 <span class=\"price_label\"><\/span><\/div><h4>\n  <a href=\"https:\/\/esentyaestate.com\/spa\/estate_property\/renovated-villa-in-san-luis-torrevieja-ee11845\/\">Pueblo renovado...<\/a>\n<\/h4><div class=\"property_listing_details_v2\"><div class=\"property_listing_details_v2_item\"><div class=\"icon_label\">Dormitorios<\/div>6<\/div><div class=\"property_listing_details_v2_item\"><div class=\"icon_label\">Ba\u00f1os<\/div>5<\/div><div class=\"property_listing_details_v2_item\"><div class=\"icon_label\">Superficie:<\/div><span>250 metros<sup>2<\/sup><\/span><\/div><\/div>                    <div class=\"property_location\">\n                        \n<div class=\"property_agent_wrapper\">\n            <div class=\"property_agent_image\" style=\"background-image:url('https:\/\/esentyaestate.com\/wp-content\/uploads\/2025\/11\/Christina-1-120x120.jpg')\"><\/div>\n        <div class=\"property_agent_image_sign\"><i class=\"far fa-user-circle\"><\/i><\/div>\n    \n                        <a class=\"wpestate_card_agent_link\" href=\"https:\/\/esentyaestate.com\/spa\/estate_agent\/christina-dahl-2\/\">\n                Christina Dahl            <\/a>\n            <\/div>\n<div class=\"listing_actions\">\n                    <div class=\"share_unit\">\n            <a href=\"https:\/\/www.facebook.com\/sharer.php?u=https:\/\/esentyaestate.com\/spa\/estate_property\/renovated-villa-in-san-luis-torrevieja-ee11845\/&#038;t=%26lt%3Btrp-post-container+data-trp-post-id%3D%26%23039%3B187028%26%23039%3B%26gt%3BRenovated+villa+in+San+Luis%2C+Torrevieja+%26%238211%3B+EE11845%26lt%3B%2Ftrp-post-container%26gt%3B\" target=\"_blank\" rel=\"noreferrer\" class=\"social_facebook\"><\/a>\n            <a href=\"https:\/\/twitter.com\/intent\/tweet?text=%26lt%3Btrp-post-container+data-trp-post-id%3D%26%23039%3B187028%26%23039%3B%26gt%3BRenovated+villa+in+San+Luis%2C+Torrevieja+%26%238211%3B+EE11845%26lt%3B%2Ftrp-post-container%26gt%3B+https%3A%2F%2Fesentyaestate.com%2Fspa%2Festate_property%2Frenovated-villa-in-san-luis-torrevieja-ee11845%2F\" class=\"social_tweet\" rel=\"noreferrer\" target=\"_blank\"><\/a>\n            <a href=\"https:\/\/pinterest.com\/pin\/create\/button\/?url=https:\/\/esentyaestate.com\/spa\/estate_property\/renovated-villa-in-san-luis-torrevieja-ee11845\/&#038;media=https:\/\/esentyaestate.com\/wp-content\/uploads\/2026\/04\/1775559751_73abbc1360f3add68260-scaled.jpg&#038;description=%26lt%3Btrp-post-container+data-trp-post-id%3D%26%23039%3B187028%26%23039%3B%26gt%3BRenovated+villa+in+San+Luis%2C+Torrevieja+%26%238211%3B+EE11845%26lt%3B%2Ftrp-post-container%26gt%3B\" target=\"_blank\" rel=\"noreferrer\" class=\"social_pinterest\"><\/a>\n            <a href=\"https:\/\/wa.me\/?text=Renovated%20villa%20in%20San%20Luis,%20Torrevieja%20&#8211;%20EE11845%20https:\/\/esentyaestate.com\/spa\/estate_property\/renovated-villa-in-san-luis-torrevieja-ee11845\/\" class=\"social_whatsup\" rel=\"noreferrer\" target=\"_blank\"><\/a>\n            <a href=\"mailto:?s&#117;&#98;&#106;&#101;&#99;&#116;=%&#50;6lt%3Bt&#114;&#112;-p&#111;&#115;t&#45;&#99;&#111;n&#116;ai&#110;&#101;&#114;+&#100;a&#116;&#97;&#45;t&#114;p&#45;po&#115;&#116;-i&#100;%3&#68;&#37;&#50;&#54;&#37;&#50;&#51;&#48;39%3&#66;&#49;8&#55;02&#56;%26&#37;&#50;&#51;039%3&#66;&#37;&#50;6gt%3&#66;&#82;e&#110;&#111;&#118;&#97;te&#100;+&#118;i&#108;&#108;&#97;&#43;&#105;n+&#83;&#97;n&#43;&#76;u&#105;s&#37;&#50;C&#43;&#84;or&#114;&#101;&#118;i&#101;j&#97;+%&#50;&#54;%&#50;3&#56;2&#49;&#49;&#37;&#51;&#66;&#43;EE&#49;&#49;&#56;45&#37;2&#54;&#108;t&#37;3B&#37;2F&#116;rp-&#112;ost&#45;&#99;&#111;n&#116;ai&#110;e&#114;&#37;&#50;6&#103;t&#37;&#51;B&#38;&#97;mp&#59;b&#111;&#100;&#121;=http&#115;%&#51;A&#37;&#50;&#70;%2&#70;&#101;&#115;&#101;n&#116;ya&#101;st&#97;t&#101;&#46;co&#109;&#37;2F&#115;p&#97;%&#50;&#70;&#101;stat&#101;&#95;p&#114;op&#101;&#114;t&#121;%&#50;F&#114;enovate&#100;-&#118;&#105;&#108;&#108;&#97;-i&#110;-&#115;&#97;&#110;&#45;lui&#115;&#45;to&#114;re&#118;i&#101;ja&#45;&#101;e&#49;&#49;&#56;4&#53;&#37;&#50;F\" data-action=\"share email\" class=\"social_email\"><\/a>\n        <\/div>\n                <span class=\"share_list\" data-bs-toggle=\"tooltip\" title=\"compartir\"><\/span>\n    \n    \n    <\/div>\n                    <\/div>\n                            <\/div>\n            <\/div>\n<\/div>\n<div class=\"col-lg-4 col-12 col-sm-6 col-md-6    listing_wrapper\"\n    data-org=\"4\"\n    data-main-modal=\"https:\/\/esentyaestate.com\/wp-content\/uploads\/2026\/04\/1773823410_50e9540639cd1828ab7c-835x467.jpg\"\n    data-modal-title=\"Apartment in Playa del Cura &#8211; EE11643\"\n    data-modal-link=\"https:\/\/esentyaestate.com\/spa\/estate_property\/apartment-in-playa-del-cura-ee11643\/\"\n    data-listid=\"184959\">\n\n    <div class=\"property_listing property_card_default\"\n        data-link=\"\">\n\n                    <div class=\"listing-unit-img-wrapper\">\n                <div class=\"prop_new_details\">\n                    <div class=\"prop_new_details_back\"><\/div>\n                    <div class=\"property_media\">\n            <i class=\"fas fa-video\"><\/i>\n        <i class=\"fas fa-camera\"><\/i> 32<\/div><div class=\"property_location_image\"><i class=\"fas fa-map-marker-alt\"><\/i><a href=\"https:\/\/esentyaestate.com\/spa\/property_area\/playa-del-cura\/\">Playa Del Cura<\/a>, <a href=\"https:\/\/esentyaestate.com\/spa\/property_city\/torrevieja\/\">Torrevieja<\/a><\/div>                    <div class=\"featured_gradient\"><\/div>\n                <\/div>\n\n                    <div id=\"property_unit_carousel_69ec934847386\" class=\"carousel property_unit_carousel slide\" data-bs-interval=\"false\">\n        <div class=\"carousel-inner\">\n           \n            <div class=\"carousel-item active\">\n                <a href=\"https:\/\/esentyaestate.com\/spa\/estate_property\/apartment-in-playa-del-cura-ee11643\/\" target=\"_self\">\n                    <img decoding=\"async\" width=\"525px\" height=\"328px\" src=\"https:\/\/esentyaestate.com\/wp-content\/uploads\/2026\/04\/1773823410_50e9540639cd1828ab7c-525x328.jpg\" alt=\"Apartamento en Playa del Cura \u2013 EE11643\" class=\"d-block w-100 img-fluid\" loading=\"lazy\" \/>\n                <\/a>\n            <\/div><div class=\"carousel-item\">\n                <a href=\"https:\/\/esentyaestate.com\/spa\/estate_property\/apartment-in-playa-del-cura-ee11643\/\" target=\"_self\">\n                    <img decoding=\"async\" width=\"525px\" height=\"328px\" src=\"https:\/\/esentyaestate.com\/wp-content\/uploads\/2026\/04\/1773823410_f4285a98f8b94cde2d89-525x328.jpg\" alt=\"Apartamento en Playa del Cura \u2013 EE11643\" class=\"d-block w-100 img-fluid\" loading=\"lazy\" \/>\n                <\/a>\n            <\/div><div class=\"carousel-item\">\n                <a href=\"https:\/\/esentyaestate.com\/spa\/estate_property\/apartment-in-playa-del-cura-ee11643\/\" target=\"_self\">\n                    <img decoding=\"async\" width=\"525px\" height=\"328px\" src=\"https:\/\/esentyaestate.com\/wp-content\/uploads\/2026\/04\/1773823410_0fc9c30d504008348d9a-525x328.jpg\" alt=\"Apartamento en Playa del Cura \u2013 EE11643\" class=\"d-block w-100 img-fluid\" loading=\"lazy\" \/>\n                <\/a>\n            <\/div>        <\/div>\n                    <button class=\"carousel-control-prev\" type=\"button\" data-bs-target=\"#property_unit_carousel_69ec934847386\" data-bs-slide=\"prev\">\n                <span class=\"carousel-control-prev-icon\" aria-hidden=\"true\"><\/span>\n                <span class=\"visually-hidden\">Anterior<\/span>\n            <\/button>\n            <button class=\"carousel-control-next\" type=\"button\" data-bs-target=\"#property_unit_carousel_69ec934847386\" data-bs-slide=\"next\">\n                <span class=\"carousel-control-next-icon\" aria-hidden=\"true\"><\/span>\n                <span class=\"visually-hidden\">Pr\u00f3ximo<\/span>\n            <\/button>\n            <\/div>\n    <div class=\"tag-wrapper\">\n    <div class=\"featured_div\">Destacada<\/div><div class=\"status-wrapper\">\n    <div class=\"action_tag_wrapper For Sale\">En venta<\/div><div class=\"ribbon-inside Featured\">Destacada<\/div><div class=\"ribbon-inside Our-Property\">Nuestras propiedades<\/div><div class=\"ribbon-inside Resale\">Reventa<\/div><\/div>\n<\/div>            <\/div>\n\n            <div class=\"property-unit-information-wrapper\">\n                <div class=\"listing_unit_price_wrapper\">\n    \u20ac 350.000 <span class=\"price_label\"><\/span><\/div><h4>\n  <a href=\"https:\/\/esentyaestate.com\/spa\/estate_property\/apartment-in-playa-del-cura-ee11643\/\">Apartamento en P...<\/a>\n<\/h4><div class=\"property_listing_details_v2\"><div class=\"property_listing_details_v2_item\"><div class=\"icon_label\">Dormitorios<\/div>3<\/div><div class=\"property_listing_details_v2_item\"><div class=\"icon_label\">Ba\u00f1os<\/div>2<\/div><div class=\"property_listing_details_v2_item\"><div class=\"icon_label\">Superficie:<\/div><span>92 metros<sup>2<\/sup><\/span><\/div><\/div>                    <div class=\"property_location\">\n                        \n<div class=\"property_agent_wrapper\">\n            <div class=\"property_agent_image\" style=\"background-image:url('https:\/\/esentyaestate.com\/wp-content\/uploads\/2025\/11\/Christina-1-120x120.jpg')\"><\/div>\n        <div class=\"property_agent_image_sign\"><i class=\"far fa-user-circle\"><\/i><\/div>\n    \n                        <a class=\"wpestate_card_agent_link\" href=\"https:\/\/esentyaestate.com\/spa\/estate_agent\/christina-dahl-2\/\">\n                Christina Dahl            <\/a>\n            <\/div>\n<div class=\"listing_actions\">\n                    <div class=\"share_unit\">\n            <a href=\"https:\/\/www.facebook.com\/sharer.php?u=https:\/\/esentyaestate.com\/spa\/estate_property\/apartment-in-playa-del-cura-ee11643\/&#038;t=%26lt%3Btrp-post-container+data-trp-post-id%3D%26%23039%3B184959%26%23039%3B%26gt%3BApartment+in+Playa+del+Cura+%26%238211%3B+EE11643%26lt%3B%2Ftrp-post-container%26gt%3B\" target=\"_blank\" rel=\"noreferrer\" class=\"social_facebook\"><\/a>\n            <a href=\"https:\/\/twitter.com\/intent\/tweet?text=%26lt%3Btrp-post-container+data-trp-post-id%3D%26%23039%3B184959%26%23039%3B%26gt%3BApartment+in+Playa+del+Cura+%26%238211%3B+EE11643%26lt%3B%2Ftrp-post-container%26gt%3B+https%3A%2F%2Fesentyaestate.com%2Fspa%2Festate_property%2Fapartment-in-playa-del-cura-ee11643%2F\" class=\"social_tweet\" rel=\"noreferrer\" target=\"_blank\"><\/a>\n            <a href=\"https:\/\/pinterest.com\/pin\/create\/button\/?url=https:\/\/esentyaestate.com\/spa\/estate_property\/apartment-in-playa-del-cura-ee11643\/&#038;media=https:\/\/esentyaestate.com\/wp-content\/uploads\/2026\/04\/1773823410_50e9540639cd1828ab7c.jpg&#038;description=%26lt%3Btrp-post-container+data-trp-post-id%3D%26%23039%3B184959%26%23039%3B%26gt%3BApartment+in+Playa+del+Cura+%26%238211%3B+EE11643%26lt%3B%2Ftrp-post-container%26gt%3B\" target=\"_blank\" rel=\"noreferrer\" class=\"social_pinterest\"><\/a>\n            <a href=\"https:\/\/wa.me\/?text=Apartment%20in%20Playa%20del%20Cura%20&#8211;%20EE11643%20https:\/\/esentyaestate.com\/spa\/estate_property\/apartment-in-playa-del-cura-ee11643\/\" class=\"social_whatsup\" rel=\"noreferrer\" target=\"_blank\"><\/a>\n            <a href=\"mailto:?&#115;ub&#106;ec&#116;=%2&#54;l&#116;&#37;3Bt&#114;p&#45;&#112;o&#115;t&#45;&#99;o&#110;t&#97;&#105;n&#101;&#114;&#43;da&#116;&#97;&#45;&#116;r&#112;-po&#115;t&#45;i&#100;&#37;3&#68;&#37;2&#54;%2&#51;&#48;&#51;&#57;&#37;3B1&#56;4&#57;&#53;&#57;%26&#37;2&#51;03&#57;%3&#66;&#37;&#50;&#54;&#103;t%3BAp&#97;rtm&#101;&#110;&#116;&#43;&#105;&#110;&#43;Pl&#97;&#121;&#97;+del+C&#117;&#114;&#97;+&#37;&#50;&#54;&#37;&#50;&#51;&#56;21&#49;&#37;&#51;&#66;+E&#69;&#49;&#49;&#54;&#52;3%26l&#116;&#37;&#51;B%2F&#116;rp-&#112;&#111;&#115;&#116;-con&#116;ain&#101;r&#37;&#50;&#54;&#103;&#116;%&#51;B&&#97;mp&#59;&#98;&#111;&#100;y=&#104;t&#116;ps%&#51;A%2F&#37;&#50;&#70;es&#101;ntyae&#115;tat&#101;&#46;com&#37;2F&#115;&#112;&#97;&#37;2Fe&#115;&#116;&#97;te&#95;p&#114;o&#112;&#101;&#114;&#116;y%2&#70;&#97;p&#97;rt&#109;&#101;&#110;t&#45;&#105;&#110;&#45;p&#108;a&#121;a&#45;&#100;&#101;&#108;-&#99;ur&#97;&#45;ee&#49;&#49;&#54;&#52;&#51;&#37;2&#70;\" data-action=\"share email\" class=\"social_email\"><\/a>\n        <\/div>\n                <span class=\"share_list\" data-bs-toggle=\"tooltip\" title=\"compartir\"><\/span>\n    \n    \n    <\/div>\n                    <\/div>\n                            <\/div>\n            <\/div>\n<\/div>\n<div class=\"col-lg-4 col-12 col-sm-6 col-md-6    listing_wrapper\"\n    data-org=\"4\"\n    data-main-modal=\"https:\/\/esentyaestate.com\/wp-content\/uploads\/2026\/04\/EE11789_1747665118_3cab68e370d70ad64863-835x467.jpg\"\n    data-modal-title=\"Penthouse in Villamartin, Orihuela Costa &#8211; EE11789\"\n    data-modal-link=\"https:\/\/esentyaestate.com\/spa\/estate_property\/atico-in-villamartin-orihuela-costa-ee11789\/\"\n    data-listid=\"183384\">\n\n    <div class=\"property_listing property_card_default\"\n        data-link=\"\">\n\n                    <div class=\"listing-unit-img-wrapper\">\n                <div class=\"prop_new_details\">\n                    <div class=\"prop_new_details_back\"><\/div>\n                    <div class=\"property_media\">\n            <i class=\"fas fa-video\"><\/i>\n        <i class=\"fas fa-camera\"><\/i> 58<\/div><div class=\"property_location_image\"><i class=\"fas fa-map-marker-alt\"><\/i><a href=\"https:\/\/esentyaestate.com\/spa\/property_area\/villamartin\/\">Villamart\u00edn<\/a>, <a href=\"https:\/\/esentyaestate.com\/spa\/property_city\/orihuela-costa\/\">Orihuela Costa<\/a><\/div>                    <div class=\"featured_gradient\"><\/div>\n                <\/div>\n\n                    <div id=\"property_unit_carousel_69ec934849760\" class=\"carousel property_unit_carousel slide\" data-bs-interval=\"false\">\n        <div class=\"carousel-inner\">\n           \n            <div class=\"carousel-item active\">\n                <a href=\"https:\/\/esentyaestate.com\/spa\/estate_property\/atico-in-villamartin-orihuela-costa-ee11789\/\" target=\"_self\">\n                    <img decoding=\"async\" width=\"525px\" height=\"328px\" src=\"https:\/\/esentyaestate.com\/wp-content\/uploads\/2026\/04\/EE11789_1747665118_3cab68e370d70ad64863-525x328.jpg\" alt=\"\u00c1tico en Villamart\u00edn, Orihuela Costa \u2013 EE11789\" class=\"d-block w-100 img-fluid\" loading=\"lazy\" \/>\n                <\/a>\n            <\/div><div class=\"carousel-item\">\n                <a href=\"https:\/\/esentyaestate.com\/spa\/estate_property\/atico-in-villamartin-orihuela-costa-ee11789\/\" target=\"_self\">\n                    <img decoding=\"async\" width=\"525px\" height=\"328px\" src=\"https:\/\/esentyaestate.com\/wp-content\/uploads\/2026\/04\/EE11789_1747665120_1156a4e99c86b26f173a-525x328.jpg\" alt=\"\u00c1tico en Villamart\u00edn, Orihuela Costa \u2013 EE11789\" class=\"d-block w-100 img-fluid\" loading=\"lazy\" \/>\n                <\/a>\n            <\/div><div class=\"carousel-item\">\n                <a href=\"https:\/\/esentyaestate.com\/spa\/estate_property\/atico-in-villamartin-orihuela-costa-ee11789\/\" target=\"_self\">\n                    <img decoding=\"async\" width=\"525px\" height=\"328px\" src=\"https:\/\/esentyaestate.com\/wp-content\/uploads\/2026\/04\/EE11789_1747665121_48932e9defe6074509d7-525x328.jpg\" alt=\"\u00c1tico en Villamart\u00edn, Orihuela Costa \u2013 EE11789\" class=\"d-block w-100 img-fluid\" loading=\"lazy\" \/>\n                <\/a>\n            <\/div>        <\/div>\n                    <button class=\"carousel-control-prev\" type=\"button\" data-bs-target=\"#property_unit_carousel_69ec934849760\" data-bs-slide=\"prev\">\n                <span class=\"carousel-control-prev-icon\" aria-hidden=\"true\"><\/span>\n                <span class=\"visually-hidden\">Anterior<\/span>\n            <\/button>\n            <button class=\"carousel-control-next\" type=\"button\" data-bs-target=\"#property_unit_carousel_69ec934849760\" data-bs-slide=\"next\">\n                <span class=\"carousel-control-next-icon\" aria-hidden=\"true\"><\/span>\n                <span class=\"visually-hidden\">Pr\u00f3ximo<\/span>\n            <\/button>\n            <\/div>\n    <div class=\"tag-wrapper\">\n    <div class=\"featured_div\">Destacada<\/div><div class=\"status-wrapper\">\n    <div class=\"action_tag_wrapper For Sale\">En venta<\/div><div class=\"ribbon-inside Featured\">Destacada<\/div><div class=\"ribbon-inside Our-Property\">Nuestras propiedades<\/div><div class=\"ribbon-inside Resale\">Reventa<\/div><\/div>\n<\/div>            <\/div>\n\n            <div class=\"property-unit-information-wrapper\">\n                <div class=\"listing_unit_price_wrapper\">\n    \u20ac 348.000 <span class=\"price_label\"><\/span><\/div><h4>\n  <a href=\"https:\/\/esentyaestate.com\/spa\/estate_property\/atico-in-villamartin-orihuela-costa-ee11789\/\">\u00c1tico en V...<\/a>\n<\/h4><div class=\"property_listing_details_v2\"><div class=\"property_listing_details_v2_item\"><div class=\"icon_label\">Dormitorios<\/div>3<\/div><div class=\"property_listing_details_v2_item\"><div class=\"icon_label\">Ba\u00f1os<\/div>2<\/div><div class=\"property_listing_details_v2_item\"><div class=\"icon_label\">Superficie:<\/div><span>98 metros<sup>2<\/sup><\/span><\/div><\/div>                    <div class=\"property_location\">\n                        \n<div class=\"property_agent_wrapper\">\n            <div class=\"property_agent_image\" style=\"background-image:url('https:\/\/esentyaestate.com\/wp-content\/uploads\/2025\/11\/Christina-1-120x120.jpg')\"><\/div>\n        <div class=\"property_agent_image_sign\"><i class=\"far fa-user-circle\"><\/i><\/div>\n    \n                        <a class=\"wpestate_card_agent_link\" href=\"https:\/\/esentyaestate.com\/spa\/estate_agent\/christina-dahl-2\/\">\n                Christina Dahl            <\/a>\n            <\/div>\n<div class=\"listing_actions\">\n                    <div class=\"share_unit\">\n            <a href=\"https:\/\/www.facebook.com\/sharer.php?u=https:\/\/esentyaestate.com\/spa\/estate_property\/atico-in-villamartin-orihuela-costa-ee11789\/&#038;t=%26lt%3Btrp-post-container+data-trp-post-id%3D%26%23039%3B183384%26%23039%3B%26gt%3BPenthouse+in+Villamartin%2C+Orihuela+Costa+%26%238211%3B+EE11789%26lt%3B%2Ftrp-post-container%26gt%3B\" target=\"_blank\" rel=\"noreferrer\" class=\"social_facebook\"><\/a>\n            <a href=\"https:\/\/twitter.com\/intent\/tweet?text=%26lt%3Btrp-post-container+data-trp-post-id%3D%26%23039%3B183384%26%23039%3B%26gt%3BPenthouse+in+Villamartin%2C+Orihuela+Costa+%26%238211%3B+EE11789%26lt%3B%2Ftrp-post-container%26gt%3B+https%3A%2F%2Fesentyaestate.com%2Fspa%2Festate_property%2Fatico-in-villamartin-orihuela-costa-ee11789%2F\" class=\"social_tweet\" rel=\"noreferrer\" target=\"_blank\"><\/a>\n            <a href=\"https:\/\/pinterest.com\/pin\/create\/button\/?url=https:\/\/esentyaestate.com\/spa\/estate_property\/atico-in-villamartin-orihuela-costa-ee11789\/&#038;media=https:\/\/esentyaestate.com\/wp-content\/uploads\/2026\/04\/EE11789_1747665118_3cab68e370d70ad64863.jpg&#038;description=%26lt%3Btrp-post-container+data-trp-post-id%3D%26%23039%3B183384%26%23039%3B%26gt%3BPenthouse+in+Villamartin%2C+Orihuela+Costa+%26%238211%3B+EE11789%26lt%3B%2Ftrp-post-container%26gt%3B\" target=\"_blank\" rel=\"noreferrer\" class=\"social_pinterest\"><\/a>\n            <a href=\"https:\/\/wa.me\/?text=Penthouse%20in%20Villamartin,%20Orihuela%20Costa%20&#8211;%20EE11789%20https:\/\/esentyaestate.com\/spa\/estate_property\/atico-in-villamartin-orihuela-costa-ee11789\/\" class=\"social_whatsup\" rel=\"noreferrer\" target=\"_blank\"><\/a>\n            <a href=\"mailto:?s&#117;b&#106;ec&#116;&#61;%&#50;&#54;lt%&#51;&#66;t&#114;&#112;&#45;&#112;&#111;st&#45;c&#111;&#110;taine&#114;&#43;&#100;&#97;t&#97;-trp&#45;&#112;o&#115;t-i&#100;%&#51;&#68;%26%&#50;3&#48;&#51;&#57;%&#51;B18&#51;3&#56;4%&#50;&#54;&#37;2&#51;&#48;&#51;9&#37;3&#66;%2&#54;&#103;&#116;%&#51;B&#80;&#101;&#110;&#116;ho&#117;se&#43;&#105;n+&#86;&#105;&#108;&#108;a&#109;ar&#116;&#105;n%&#50;C+&#79;&#114;ihuela+Costa+%2&#54;&#37;238&#50;11%&#51;B+&#69;E&#49;&#49;7&#56;&#57;%&#50;&#54;&#108;t%&#51;&#66;&#37;&#50;Ft&#114;&#112;-&#112;ost&#45;cont&#97;&#105;&#110;e&#114;&#37;&#50;&#54;g&#116;%3B&amp;b&#111;&#100;&#121;=h&#116;t&#112;&#115;%&#51;A&#37;2F%2&#70;&#101;&#115;e&#110;t&#121;a&#101;s&#116;ate.&#99;&#111;m&#37;2&#70;spa&#37;&#50;&#70;est&#97;te&#95;&#112;rop&#101;&#114;&#116;y&#37;2&#70;at&#105;co&#45;&#105;n-v&#105;&#108;la&#109;&#97;rt&#105;n&#45;o&#114;ih&#117;ela&#45;&#99;o&#115;&#116;a&#45;e&#101;&#49;1&#55;&#56;9%2&#70;\" data-action=\"share email\" class=\"social_email\"><\/a>\n        <\/div>\n                <span class=\"share_list\" data-bs-toggle=\"tooltip\" title=\"compartir\"><\/span>\n    \n    \n    <\/div>\n                    <\/div>\n                            <\/div>\n            <\/div>\n<\/div>\n<div class=\"col-lg-4 col-12 col-sm-6 col-md-6    listing_wrapper\"\n    data-org=\"4\"\n    data-main-modal=\"https:\/\/esentyaestate.com\/wp-content\/uploads\/2026\/04\/1774274725_cf4484ff254c0e797752-835x467.jpg\"\n    data-modal-title=\"Beautiful detached Villa in Cabo Roig &#8211; EE11680\"\n    data-modal-link=\"https:\/\/esentyaestate.com\/spa\/estate_property\/beautiful-detached-villa-in-cabo-roig-ee11680\/\"\n    data-listid=\"177213\">\n\n    <div class=\"property_listing property_card_default\"\n        data-link=\"\">\n\n                    <div class=\"listing-unit-img-wrapper\">\n                <div class=\"prop_new_details\">\n                    <div class=\"prop_new_details_back\"><\/div>\n                    <div class=\"property_media\">\n            <i class=\"fas fa-video\"><\/i>\n        <i class=\"fas fa-camera\"><\/i> 45<\/div><div class=\"property_location_image\"><i class=\"fas fa-map-marker-alt\"><\/i><a href=\"https:\/\/esentyaestate.com\/spa\/property_area\/cabo-roig\/\">Cabo Roig<\/a>, <a href=\"https:\/\/esentyaestate.com\/spa\/property_city\/orihuela-costa\/\">Orihuela Costa<\/a><\/div>                    <div class=\"featured_gradient\"><\/div>\n                <\/div>\n\n                    <div id=\"property_unit_carousel_69ec93484baa3\" class=\"carousel property_unit_carousel slide\" data-bs-interval=\"false\">\n        <div class=\"carousel-inner\">\n           \n            <div class=\"carousel-item active\">\n                <a href=\"https:\/\/esentyaestate.com\/spa\/estate_property\/beautiful-detached-villa-in-cabo-roig-ee11680\/\" target=\"_self\">\n                    <img decoding=\"async\" width=\"525px\" height=\"328px\" src=\"https:\/\/esentyaestate.com\/wp-content\/uploads\/2026\/04\/1774274725_cf4484ff254c0e797752-525x328.jpg\" alt=\"Preciosa villa independiente en Cabo Roig \u2013 EE11680\" class=\"d-block w-100 img-fluid\" loading=\"lazy\" \/>\n                <\/a>\n            <\/div><div class=\"carousel-item\">\n                <a href=\"https:\/\/esentyaestate.com\/spa\/estate_property\/beautiful-detached-villa-in-cabo-roig-ee11680\/\" target=\"_self\">\n                    <img decoding=\"async\" width=\"525px\" height=\"328px\" src=\"https:\/\/esentyaestate.com\/wp-content\/uploads\/2026\/04\/1774274722_eb2f09396e5e22f6edac-525x328.jpg\" alt=\"Preciosa villa independiente en Cabo Roig \u2013 EE11680\" class=\"d-block w-100 img-fluid\" loading=\"lazy\" \/>\n                <\/a>\n            <\/div><div class=\"carousel-item\">\n                <a href=\"https:\/\/esentyaestate.com\/spa\/estate_property\/beautiful-detached-villa-in-cabo-roig-ee11680\/\" target=\"_self\">\n                    <img decoding=\"async\" width=\"525px\" height=\"328px\" src=\"https:\/\/esentyaestate.com\/wp-content\/uploads\/2026\/04\/1774274725_6fb34258e58327da9be7-525x328.jpg\" alt=\"Preciosa villa independiente en Cabo Roig \u2013 EE11680\" class=\"d-block w-100 img-fluid\" loading=\"lazy\" \/>\n                <\/a>\n            <\/div>        <\/div>\n                    <button class=\"carousel-control-prev\" type=\"button\" data-bs-target=\"#property_unit_carousel_69ec93484baa3\" data-bs-slide=\"prev\">\n                <span class=\"carousel-control-prev-icon\" aria-hidden=\"true\"><\/span>\n                <span class=\"visually-hidden\">Anterior<\/span>\n            <\/button>\n            <button class=\"carousel-control-next\" type=\"button\" data-bs-target=\"#property_unit_carousel_69ec93484baa3\" data-bs-slide=\"next\">\n                <span class=\"carousel-control-next-icon\" aria-hidden=\"true\"><\/span>\n                <span class=\"visually-hidden\">Pr\u00f3ximo<\/span>\n            <\/button>\n            <\/div>\n    <div class=\"tag-wrapper\">\n    <div class=\"featured_div\">Destacada<\/div><div class=\"status-wrapper\">\n    <div class=\"action_tag_wrapper For Sale\">En venta<\/div><div class=\"ribbon-inside Featured\">Destacada<\/div><div class=\"ribbon-inside Our-Property\">Nuestras propiedades<\/div><div class=\"ribbon-inside Resale\">Reventa<\/div><div class=\"ribbon-inside Reserved\">Reservado<\/div><\/div>\n<\/div>            <\/div>\n\n            <div class=\"property-unit-information-wrapper\">\n                <div class=\"listing_unit_price_wrapper\">\n    \u20ac 1.075.000 <span class=\"price_label\"><\/span><\/div><h4>\n  <a href=\"https:\/\/esentyaestate.com\/spa\/estate_property\/beautiful-detached-villa-in-cabo-roig-ee11680\/\">Hermoso detalle...<\/a>\n<\/h4><div class=\"property_listing_details_v2\"><div class=\"property_listing_details_v2_item\"><div class=\"icon_label\">Dormitorios<\/div>4<\/div><div class=\"property_listing_details_v2_item\"><div class=\"icon_label\">Ba\u00f1os<\/div>3<\/div><div class=\"property_listing_details_v2_item\"><div class=\"icon_label\">Superficie:<\/div><span>200 metros<sup>2<\/sup><\/span><\/div><\/div>                    <div class=\"property_location\">\n                        \n<div class=\"property_agent_wrapper\">\n            <div class=\"property_agent_image\" style=\"background-image:url('https:\/\/esentyaestate.com\/wp-content\/uploads\/2025\/11\/Bjornar-120x120.jpg')\"><\/div>\n        <div class=\"property_agent_image_sign\"><i class=\"far fa-user-circle\"><\/i><\/div>\n    \n                        <a class=\"wpestate_card_agent_link\" href=\"https:\/\/esentyaestate.com\/spa\/estate_agent\/bjornar-hoel\/\">\n                Hotel Bj\u00f8rnar            <\/a>\n            <\/div>\n<div class=\"listing_actions\">\n                    <div class=\"share_unit\">\n            <a href=\"https:\/\/www.facebook.com\/sharer.php?u=https:\/\/esentyaestate.com\/spa\/estate_property\/beautiful-detached-villa-in-cabo-roig-ee11680\/&#038;t=%26lt%3Btrp-post-container+data-trp-post-id%3D%26%23039%3B177213%26%23039%3B%26gt%3BBeautiful+detached+Villa+in+Cabo+Roig+%26%238211%3B+EE11680%26lt%3B%2Ftrp-post-container%26gt%3B\" target=\"_blank\" rel=\"noreferrer\" class=\"social_facebook\"><\/a>\n            <a href=\"https:\/\/twitter.com\/intent\/tweet?text=%26lt%3Btrp-post-container+data-trp-post-id%3D%26%23039%3B177213%26%23039%3B%26gt%3BBeautiful+detached+Villa+in+Cabo+Roig+%26%238211%3B+EE11680%26lt%3B%2Ftrp-post-container%26gt%3B+https%3A%2F%2Fesentyaestate.com%2Fspa%2Festate_property%2Fbeautiful-detached-villa-in-cabo-roig-ee11680%2F\" class=\"social_tweet\" rel=\"noreferrer\" target=\"_blank\"><\/a>\n            <a href=\"https:\/\/pinterest.com\/pin\/create\/button\/?url=https:\/\/esentyaestate.com\/spa\/estate_property\/beautiful-detached-villa-in-cabo-roig-ee11680\/&#038;media=https:\/\/esentyaestate.com\/wp-content\/uploads\/2026\/04\/1774274725_cf4484ff254c0e797752-scaled.jpg&#038;description=%26lt%3Btrp-post-container+data-trp-post-id%3D%26%23039%3B177213%26%23039%3B%26gt%3BBeautiful+detached+Villa+in+Cabo+Roig+%26%238211%3B+EE11680%26lt%3B%2Ftrp-post-container%26gt%3B\" target=\"_blank\" rel=\"noreferrer\" class=\"social_pinterest\"><\/a>\n            <a href=\"https:\/\/wa.me\/?text=Beautiful%20detached%20Villa%20in%20Cabo%20Roig%20&#8211;%20EE11680%20https:\/\/esentyaestate.com\/spa\/estate_property\/beautiful-detached-villa-in-cabo-roig-ee11680\/\" class=\"social_whatsup\" rel=\"noreferrer\" target=\"_blank\"><\/a>\n            <a href=\"mailto:?s&#117;&#98;&#106;e&#99;&#116;=&#37;&#50;&#54;l&#116;&#37;3&#66;t&#114;&#112;&#45;post&#45;&#99;on&#116;&#97;&#105;ne&#114;&#43;&#100;a&#116;&#97;-&#116;&#114;&#112;-post&#45;i&#100;&#37;&#51;&#68;&#37;&#50;6&#37;&#50;&#51;&#48;39%&#51;&#66;1&#55;&#55;&#50;&#49;3%26%2&#51;&#48;&#51;9&#37;3&#66;%2&#54;gt%&#51;BB&#101;&#97;&#117;t&#105;f&#117;&#108;&#43;det&#97;&#99;h&#101;d&#43;&#86;i&#108;la&#43;i&#110;&#43;&#67;&#97;&#98;&#111;&#43;&#82;&#111;ig+&#37;26%238&#50;&#49;1%3&#66;+E&#69;1&#49;680%&#50;6l&#116;&#37;&#51;B%2F&#116;rp-&#112;os&#116;-&#99;&#111;&#110;ta&#105;&#110;e&#114;&#37;26g&#116;%&#51;B&&#97;&#109;p&#59;&#98;&#111;&#100;y=&#104;ttp&#115;%3A%2&#70;%&#50;F&#101;s&#101;&#110;&#116;y&#97;estat&#101;&#46;c&#111;m&#37;&#50;&#70;&#115;pa%&#50;F&#101;s&#116;&#97;&#116;e&#95;pr&#111;&#112;e&#114;&#116;y%&#50;F&#98;&#101;a&#117;ti&#102;u&#108;-&#100;et&#97;&#99;&#104;&#101;&#100;&#45;v&#105;l&#108;a-&#105;n&#45;c&#97;bo&#45;r&#111;ig-e&#101;&#49;1&#54;80%&#50;F\" data-action=\"share email\" class=\"social_email\"><\/a>\n        <\/div>\n                <span class=\"share_list\" data-bs-toggle=\"tooltip\" title=\"compartir\"><\/span>\n    \n    \n    <\/div>\n                    <\/div>\n                            <\/div>\n            <\/div>\n<\/div>\n<div class=\"col-lg-4 col-12 col-sm-6 col-md-6    listing_wrapper\"\n    data-org=\"4\"\n    data-main-modal=\"https:\/\/esentyaestate.com\/wp-content\/uploads\/2026\/03\/1773139456_3b3e7fd88ecbc2e67958-835x467.jpg\"\n    data-modal-title=\"Villa in El Campello, Alicante &#8211; EE11582\"\n    data-modal-link=\"https:\/\/esentyaestate.com\/spa\/estate_property\/villa-in-el-campello-alicante-ee11582\/\"\n    data-listid=\"152026\">\n\n    <div class=\"property_listing property_card_default\"\n        data-link=\"\">\n\n                    <div class=\"listing-unit-img-wrapper\">\n                <div class=\"prop_new_details\">\n                    <div class=\"prop_new_details_back\"><\/div>\n                    <div class=\"property_media\">\n            <i class=\"fas fa-video\"><\/i>\n        <i class=\"fas fa-camera\"><\/i> 52<\/div><div class=\"property_location_image\"><i class=\"fas fa-map-marker-alt\"><\/i><a href=\"https:\/\/esentyaestate.com\/spa\/property_city\/el-campello\/\">El Campello<\/a><\/div>                    <div class=\"featured_gradient\"><\/div>\n                <\/div>\n\n                    <div id=\"property_unit_carousel_69ec93484e187\" class=\"carousel property_unit_carousel slide\" data-bs-interval=\"false\">\n        <div class=\"carousel-inner\">\n           \n            <div class=\"carousel-item active\">\n                <a href=\"https:\/\/esentyaestate.com\/spa\/estate_property\/villa-in-el-campello-alicante-ee11582\/\" target=\"_self\">\n                    <img decoding=\"async\" width=\"525px\" height=\"328px\" src=\"https:\/\/esentyaestate.com\/wp-content\/uploads\/2026\/03\/1773139456_3b3e7fd88ecbc2e67958-525x328.jpg\" alt=\"Chalet en El Campello, Alicante \u2013 EE11582\" class=\"d-block w-100 img-fluid\" loading=\"lazy\" \/>\n                <\/a>\n            <\/div><div class=\"carousel-item\">\n                <a href=\"https:\/\/esentyaestate.com\/spa\/estate_property\/villa-in-el-campello-alicante-ee11582\/\" target=\"_self\">\n                    <img decoding=\"async\" width=\"525px\" height=\"328px\" src=\"https:\/\/esentyaestate.com\/wp-content\/uploads\/2026\/03\/1773139456_bb277fa47c8d0777f766-525x328.jpg\" alt=\"Chalet en El Campello, Alicante \u2013 EE11582\" class=\"d-block w-100 img-fluid\" loading=\"lazy\" \/>\n                <\/a>\n            <\/div><div class=\"carousel-item\">\n                <a href=\"https:\/\/esentyaestate.com\/spa\/estate_property\/villa-in-el-campello-alicante-ee11582\/\" target=\"_self\">\n                    <img decoding=\"async\" width=\"525px\" height=\"328px\" src=\"https:\/\/esentyaestate.com\/wp-content\/uploads\/2026\/03\/1773139456_aaf1320422309fd218e0-525x328.jpg\" alt=\"Chalet en El Campello, Alicante \u2013 EE11582\" class=\"d-block w-100 img-fluid\" loading=\"lazy\" \/>\n                <\/a>\n            <\/div>        <\/div>\n                    <button class=\"carousel-control-prev\" type=\"button\" data-bs-target=\"#property_unit_carousel_69ec93484e187\" data-bs-slide=\"prev\">\n                <span class=\"carousel-control-prev-icon\" aria-hidden=\"true\"><\/span>\n                <span class=\"visually-hidden\">Anterior<\/span>\n            <\/button>\n            <button class=\"carousel-control-next\" type=\"button\" data-bs-target=\"#property_unit_carousel_69ec93484e187\" data-bs-slide=\"next\">\n                <span class=\"carousel-control-next-icon\" aria-hidden=\"true\"><\/span>\n                <span class=\"visually-hidden\">Pr\u00f3ximo<\/span>\n            <\/button>\n            <\/div>\n    <div class=\"tag-wrapper\">\n    <div class=\"featured_div\">Destacada<\/div><div class=\"status-wrapper\">\n    <div class=\"action_tag_wrapper For Sale\">En venta<\/div><div class=\"ribbon-inside Featured\">Destacada<\/div><div class=\"ribbon-inside Our-Property\">Nuestras propiedades<\/div><div class=\"ribbon-inside Resale\">Reventa<\/div><\/div>\n<\/div>            <\/div>\n\n            <div class=\"property-unit-information-wrapper\">\n                <div class=\"listing_unit_price_wrapper\">\n    \u20ac 2.500.000 <span class=\"price_label\"><\/span><\/div><h4>\n  <a href=\"https:\/\/esentyaestate.com\/spa\/estate_property\/villa-in-el-campello-alicante-ee11582\/\">Villa en El Ca...<\/a>\n<\/h4><div class=\"property_listing_details_v2\"><div class=\"property_listing_details_v2_item\"><div class=\"icon_label\">Dormitorios<\/div>4<\/div><div class=\"property_listing_details_v2_item\"><div class=\"icon_label\">Ba\u00f1os<\/div>4<\/div><div class=\"property_listing_details_v2_item\"><div class=\"icon_label\">Superficie:<\/div><span>328 m<sup>2<\/sup><\/span><\/div><\/div>                    <div class=\"property_location\">\n                        \n<div class=\"property_agent_wrapper\">\n            <div class=\"property_agent_image\" style=\"background-image:url('https:\/\/esentyaestate.com\/wp-content\/uploads\/2026\/03\/Anita-Perfil-2-120x120.jpg')\"><\/div>\n        <div class=\"property_agent_image_sign\"><i class=\"far fa-user-circle\"><\/i><\/div>\n    \n                        <a class=\"wpestate_card_agent_link\" href=\"https:\/\/esentyaestate.com\/spa\/estate_agent\/anita-adrian\/\">\n                Anita Adri\u00e1n            <\/a>\n            <\/div>\n<div class=\"listing_actions\">\n                    <div class=\"share_unit\">\n            <a href=\"https:\/\/www.facebook.com\/sharer.php?u=https:\/\/esentyaestate.com\/spa\/estate_property\/villa-in-el-campello-alicante-ee11582\/&#038;t=%26lt%3Btrp-post-container+data-trp-post-id%3D%26%23039%3B152026%26%23039%3B%26gt%3BVilla+in+El+Campello%2C+Alicante+%26%238211%3B+EE11582%26lt%3B%2Ftrp-post-container%26gt%3B\" target=\"_blank\" rel=\"noreferrer\" class=\"social_facebook\"><\/a>\n            <a href=\"https:\/\/twitter.com\/intent\/tweet?text=%26lt%3Btrp-post-container+data-trp-post-id%3D%26%23039%3B152026%26%23039%3B%26gt%3BVilla+in+El+Campello%2C+Alicante+%26%238211%3B+EE11582%26lt%3B%2Ftrp-post-container%26gt%3B+https%3A%2F%2Fesentyaestate.com%2Fspa%2Festate_property%2Fvilla-in-el-campello-alicante-ee11582%2F\" class=\"social_tweet\" rel=\"noreferrer\" target=\"_blank\"><\/a>\n            <a href=\"https:\/\/pinterest.com\/pin\/create\/button\/?url=https:\/\/esentyaestate.com\/spa\/estate_property\/villa-in-el-campello-alicante-ee11582\/&#038;media=https:\/\/esentyaestate.com\/wp-content\/uploads\/2026\/03\/1773139456_3b3e7fd88ecbc2e67958.jpg&#038;description=%26lt%3Btrp-post-container+data-trp-post-id%3D%26%23039%3B152026%26%23039%3B%26gt%3BVilla+in+El+Campello%2C+Alicante+%26%238211%3B+EE11582%26lt%3B%2Ftrp-post-container%26gt%3B\" target=\"_blank\" rel=\"noreferrer\" class=\"social_pinterest\"><\/a>\n            <a href=\"https:\/\/wa.me\/?text=Villa%20in%20El%20Campello,%20Alicante%20&#8211;%20EE11582%20https:\/\/esentyaestate.com\/spa\/estate_property\/villa-in-el-campello-alicante-ee11582\/\" class=\"social_whatsup\" rel=\"noreferrer\" target=\"_blank\"><\/a>\n            <a href=\"mailto:?s&#117;&#98;j&#101;&#99;&#116;&#61;&#37;2&#54;&#108;t&#37;3&#66;t&#114;p&#45;&#112;o&#115;t-c&#111;nt&#97;&#105;n&#101;&#114;&#43;d&#97;&#116;a-t&#114;p-p&#111;st&#45;&#105;d&#37;&#51;&#68;&#37;2&#54;&#37;&#50;&#51;0&#51;&#57;%3B&#49;&#53;20&#50;&#54;%2&#54;&#37;&#50;3&#48;3&#57;&#37;&#51;&#66;&#37;26&#103;t&#37;&#51;BV&#105;l&#108;&#97;+in+E&#108;&#43;&#67;a&#109;pell&#111;&#37;2C&#43;A&#108;ic&#97;n&#116;e&#43;%&#50;&#54;%&#50;3821&#49;&#37;3B&#43;E&#69;&#49;15&#56;&#50;&#37;&#50;6&#108;&#116;&#37;&#51;&#66;&#37;2F&#116;r&#112;&#45;p&#111;&#115;t&#45;c&#111;&#110;&#116;&#97;&#105;n&#101;&#114;&#37;&#50;&#54;gt&#37;&#51;B&#38;&#97;&#109;p&#59;&#98;o&#100;y=&#104;tt&#112;s%3A%&#50;&#70;&#37;2&#70;&#101;&#115;&#101;n&#116;yaesta&#116;&#101;.&#99;&#111;&#109;&#37;2F&#115;&#112;a%&#50;&#70;&#101;&#115;ta&#116;e_&#112;&#114;&#111;&#112;ert&#121;&#37;&#50;F&#118;i&#108;&#108;&#97;-&#105;&#110;-e&#108;&#45;camp&#101;ll&#111;&#45;a&#108;ic&#97;&#110;te-&#101;e1158&#50;%2&#70;\" data-action=\"share email\" class=\"social_email\"><\/a>\n        <\/div>\n                <span class=\"share_list\" data-bs-toggle=\"tooltip\" title=\"compartir\"><\/span>\n    \n    \n    <\/div>\n                    <\/div>\n                            <\/div>\n            <\/div>\n<\/div>\n<div class=\"col-lg-4 col-12 col-sm-6 col-md-6    listing_wrapper\"\n    data-org=\"4\"\n    data-main-modal=\"https:\/\/esentyaestate.com\/wp-content\/uploads\/2026\/03\/1773146667_404c566d65b47958f092-835x467.jpg\"\n    data-modal-title=\"Townhouse in Santa Pola &#8211; EE11583\"\n    data-modal-link=\"https:\/\/esentyaestate.com\/spa\/estate_property\/townhouse-in-santa-pola-ee11583\/\"\n    data-listid=\"151999\">\n\n    <div class=\"property_listing property_card_default\"\n        data-link=\"\">\n\n                    <div class=\"listing-unit-img-wrapper\">\n                <div class=\"prop_new_details\">\n                    <div class=\"prop_new_details_back\"><\/div>\n                    <div class=\"property_media\">\n        <i class=\"fas fa-camera\"><\/i> 27<\/div><div class=\"property_location_image\"><i class=\"fas fa-map-marker-alt\"><\/i><a href=\"https:\/\/esentyaestate.com\/spa\/property_city\/santa-pola\/\">Santa Pola<\/a><\/div>                    <div class=\"featured_gradient\"><\/div>\n                <\/div>\n\n                    <div id=\"property_unit_carousel_69ec93484ff7c\" class=\"carousel property_unit_carousel slide\" data-bs-interval=\"false\">\n        <div class=\"carousel-inner\">\n           \n            <div class=\"carousel-item active\">\n                <a href=\"https:\/\/esentyaestate.com\/spa\/estate_property\/townhouse-in-santa-pola-ee11583\/\" target=\"_self\">\n                    <img decoding=\"async\" width=\"525px\" height=\"328px\" src=\"https:\/\/esentyaestate.com\/wp-content\/uploads\/2026\/03\/1773146667_404c566d65b47958f092-525x328.jpg\" alt=\"Casa adosada en Santa Pola \u2013 EE11583\" class=\"d-block w-100 img-fluid\" loading=\"lazy\" \/>\n                <\/a>\n            <\/div><div class=\"carousel-item\">\n                <a href=\"https:\/\/esentyaestate.com\/spa\/estate_property\/townhouse-in-santa-pola-ee11583\/\" target=\"_self\">\n                    <img decoding=\"async\" width=\"525px\" height=\"328px\" src=\"https:\/\/esentyaestate.com\/wp-content\/uploads\/2026\/03\/1773146667_f76a56b1b5ad5fd127e8-525x328.jpg\" alt=\"Casa adosada en Santa Pola \u2013 EE11583\" class=\"d-block w-100 img-fluid\" loading=\"lazy\" \/>\n                <\/a>\n            <\/div><div class=\"carousel-item\">\n                <a href=\"https:\/\/esentyaestate.com\/spa\/estate_property\/townhouse-in-santa-pola-ee11583\/\" target=\"_self\">\n                    <img decoding=\"async\" width=\"525px\" height=\"328px\" src=\"https:\/\/esentyaestate.com\/wp-content\/uploads\/2026\/03\/1773146666_a3a03f2b2c7bf2c22958-525x328.jpg\" alt=\"Casa adosada en Santa Pola \u2013 EE11583\" class=\"d-block w-100 img-fluid\" loading=\"lazy\" \/>\n                <\/a>\n            <\/div>        <\/div>\n                    <button class=\"carousel-control-prev\" type=\"button\" data-bs-target=\"#property_unit_carousel_69ec93484ff7c\" data-bs-slide=\"prev\">\n                <span class=\"carousel-control-prev-icon\" aria-hidden=\"true\"><\/span>\n                <span class=\"visually-hidden\">Anterior<\/span>\n            <\/button>\n            <button class=\"carousel-control-next\" type=\"button\" data-bs-target=\"#property_unit_carousel_69ec93484ff7c\" data-bs-slide=\"next\">\n                <span class=\"carousel-control-next-icon\" aria-hidden=\"true\"><\/span>\n                <span class=\"visually-hidden\">Pr\u00f3ximo<\/span>\n            <\/button>\n            <\/div>\n    <div class=\"tag-wrapper\">\n    <div class=\"featured_div\">Destacada<\/div><div class=\"status-wrapper\">\n    <div class=\"action_tag_wrapper For Sale\">En venta<\/div><div class=\"ribbon-inside Featured\">Destacada<\/div><div class=\"ribbon-inside Our-Property\">Nuestras propiedades<\/div><div class=\"ribbon-inside Resale\">Reventa<\/div><\/div>\n<\/div>            <\/div>\n\n            <div class=\"property-unit-information-wrapper\">\n                <div class=\"listing_unit_price_wrapper\">\n    \u20ac 450.000 <span class=\"price_label\"><\/span><\/div><h4>\n  <a href=\"https:\/\/esentyaestate.com\/spa\/estate_property\/townhouse-in-santa-pola-ee11583\/\">Casa adosada en S...<\/a>\n<\/h4><div class=\"property_listing_details_v2\"><div class=\"property_listing_details_v2_item\"><div class=\"icon_label\">Dormitorios<\/div>2<\/div><div class=\"property_listing_details_v2_item\"><div class=\"icon_label\">Ba\u00f1os<\/div>2<\/div><div class=\"property_listing_details_v2_item\"><div class=\"icon_label\">Superficie:<\/div><span>132 metros<sup>2<\/sup><\/span><\/div><\/div>                    <div class=\"property_location\">\n                        \n<div class=\"property_agent_wrapper\">\n            <div class=\"property_agent_image\" style=\"background-image:url('https:\/\/esentyaestate.com\/wp-content\/uploads\/2026\/03\/Anita-Perfil-2-120x120.jpg')\"><\/div>\n        <div class=\"property_agent_image_sign\"><i class=\"far fa-user-circle\"><\/i><\/div>\n    \n                        <a class=\"wpestate_card_agent_link\" href=\"https:\/\/esentyaestate.com\/spa\/estate_agent\/anita-adrian\/\">\n                Anita Adri\u00e1n            <\/a>\n            <\/div>\n<div class=\"listing_actions\">\n                    <div class=\"share_unit\">\n            <a href=\"https:\/\/www.facebook.com\/sharer.php?u=https:\/\/esentyaestate.com\/spa\/estate_property\/townhouse-in-santa-pola-ee11583\/&#038;t=%26lt%3Btrp-post-container+data-trp-post-id%3D%26%23039%3B151999%26%23039%3B%26gt%3BTownhouse+in+Santa+Pola+%26%238211%3B+EE11583%26lt%3B%2Ftrp-post-container%26gt%3B\" target=\"_blank\" rel=\"noreferrer\" class=\"social_facebook\"><\/a>\n            <a href=\"https:\/\/twitter.com\/intent\/tweet?text=%26lt%3Btrp-post-container+data-trp-post-id%3D%26%23039%3B151999%26%23039%3B%26gt%3BTownhouse+in+Santa+Pola+%26%238211%3B+EE11583%26lt%3B%2Ftrp-post-container%26gt%3B+https%3A%2F%2Fesentyaestate.com%2Fspa%2Festate_property%2Ftownhouse-in-santa-pola-ee11583%2F\" class=\"social_tweet\" rel=\"noreferrer\" target=\"_blank\"><\/a>\n            <a href=\"https:\/\/pinterest.com\/pin\/create\/button\/?url=https:\/\/esentyaestate.com\/spa\/estate_property\/townhouse-in-santa-pola-ee11583\/&#038;media=https:\/\/esentyaestate.com\/wp-content\/uploads\/2026\/03\/1773146667_404c566d65b47958f092-scaled.jpg&#038;description=%26lt%3Btrp-post-container+data-trp-post-id%3D%26%23039%3B151999%26%23039%3B%26gt%3BTownhouse+in+Santa+Pola+%26%238211%3B+EE11583%26lt%3B%2Ftrp-post-container%26gt%3B\" target=\"_blank\" rel=\"noreferrer\" class=\"social_pinterest\"><\/a>\n            <a href=\"https:\/\/wa.me\/?text=Townhouse%20in%20Santa%20Pola%20&#8211;%20EE11583%20https:\/\/esentyaestate.com\/spa\/estate_property\/townhouse-in-santa-pola-ee11583\/\" class=\"social_whatsup\" rel=\"noreferrer\" target=\"_blank\"><\/a>\n            <a href=\"mailto:?su&#98;ject=%&#50;&#54;&#108;&#116;&#37;&#51;Bt&#114;p&#45;&#112;os&#116;&#45;&#99;&#111;&#110;&#116;ai&#110;er+data&#45;t&#114;p-&#112;&#111;s&#116;&#45;&#105;&#100;&#37;3&#68;%2&#54;%&#50;3&#48;&#51;&#57;&#37;3&#66;&#49;5&#49;999%2&#54;%230&#51;&#57;&#37;&#51;B&#37;26g&#116;&#37;&#51;BTo&#119;&#110;&#104;&#111;u&#115;e&#43;&#105;&#110;+Sa&#110;t&#97;+&#80;&#111;&#108;&#97;+%2&#54;%&#50;38&#50;1&#49;&#37;3B&#43;EE&#49;&#49;5&#56;&#51;%&#50;6l&#116;%3&#66;%&#50;&#70;t&#114;&#112;&#45;p&#111;s&#116;&#45;c&#111;&#110;&#116;ainer%2&#54;g&#116;%&#51;B&a&#109;p&#59;b&#111;dy&#61;&#104;&#116;t&#112;&#115;&#37;3&#65;%2F&#37;&#50;F&#101;se&#110;tyaesta&#116;&#101;&#46;&#99;&#111;m&#37;2Fspa%&#50;Fes&#116;&#97;te_&#112;&#114;o&#112;&#101;rty%2Fto&#119;&#110;&#104;o&#117;s&#101;-in-sa&#110;&#116;a-po&#108;a&#45;e&#101;&#49;&#49;&#53;83&#37;&#50;F\" data-action=\"share email\" class=\"social_email\"><\/a>\n        <\/div>\n                <span class=\"share_list\" data-bs-toggle=\"tooltip\" title=\"compartir\"><\/span>\n    \n    \n    <\/div>\n                    <\/div>\n                            <\/div>\n            <\/div>\n<\/div>\n<div class=\"col-lg-4 col-12 col-sm-6 col-md-6    listing_wrapper\"\n    data-org=\"4\"\n    data-main-modal=\"https:\/\/esentyaestate.com\/wp-content\/uploads\/2026\/04\/1773133578_d6e9f3f14bbc35e721ce-835x467.jpg\"\n    data-modal-title=\"Villa in La Finca Golf &#8211; EE11565\"\n    data-modal-link=\"https:\/\/esentyaestate.com\/spa\/estate_property\/villa-in-la-finca-golf-ee11565\/\"\n    data-listid=\"149031\">\n\n    <div class=\"property_listing property_card_default\"\n        data-link=\"\">\n\n                    <div class=\"listing-unit-img-wrapper\">\n                <div class=\"prop_new_details\">\n                    <div class=\"prop_new_details_back\"><\/div>\n                    <div class=\"property_media\">\n            <i class=\"fas fa-video\"><\/i>\n        <i class=\"fas fa-camera\"><\/i> 33<\/div><div class=\"property_location_image\"><i class=\"fas fa-map-marker-alt\"><\/i><a href=\"https:\/\/esentyaestate.com\/spa\/property_area\/la-finca-golf\/\">La Finca Golf<\/a>, <a href=\"https:\/\/esentyaestate.com\/spa\/property_city\/algorfa\/\">Algorfa<\/a><\/div>                    <div class=\"featured_gradient\"><\/div>\n                <\/div>\n\n                    <div id=\"property_unit_carousel_69ec934851e16\" class=\"carousel property_unit_carousel slide\" data-bs-interval=\"false\">\n        <div class=\"carousel-inner\">\n           \n            <div class=\"carousel-item active\">\n                <a href=\"https:\/\/esentyaestate.com\/spa\/estate_property\/villa-in-la-finca-golf-ee11565\/\" target=\"_self\">\n                    <img decoding=\"async\" width=\"525px\" height=\"328px\" src=\"https:\/\/esentyaestate.com\/wp-content\/uploads\/2026\/04\/1773133578_d6e9f3f14bbc35e721ce-525x328.jpg\" alt=\"Chalet en La Finca Golf \u2013 EE11565\" class=\"d-block w-100 img-fluid\" loading=\"lazy\" \/>\n                <\/a>\n            <\/div><div class=\"carousel-item\">\n                <a href=\"https:\/\/esentyaestate.com\/spa\/estate_property\/villa-in-la-finca-golf-ee11565\/\" target=\"_self\">\n                    <img decoding=\"async\" width=\"525px\" height=\"328px\" src=\"https:\/\/esentyaestate.com\/wp-content\/uploads\/2026\/04\/1773133578_5fdb99ea0866f5d5ef08-525x328.jpg\" alt=\"Chalet en La Finca Golf \u2013 EE11565\" class=\"d-block w-100 img-fluid\" loading=\"lazy\" \/>\n                <\/a>\n            <\/div><div class=\"carousel-item\">\n                <a href=\"https:\/\/esentyaestate.com\/spa\/estate_property\/villa-in-la-finca-golf-ee11565\/\" target=\"_self\">\n                    <img decoding=\"async\" width=\"525px\" height=\"328px\" src=\"https:\/\/esentyaestate.com\/wp-content\/uploads\/2026\/04\/1773133579_bfabda51a3e3739f5d70-525x328.jpg\" alt=\"Chalet en La Finca Golf \u2013 EE11565\" class=\"d-block w-100 img-fluid\" loading=\"lazy\" \/>\n                <\/a>\n            <\/div>        <\/div>\n                    <button class=\"carousel-control-prev\" type=\"button\" data-bs-target=\"#property_unit_carousel_69ec934851e16\" data-bs-slide=\"prev\">\n                <span class=\"carousel-control-prev-icon\" aria-hidden=\"true\"><\/span>\n                <span class=\"visually-hidden\">Anterior<\/span>\n            <\/button>\n            <button class=\"carousel-control-next\" type=\"button\" data-bs-target=\"#property_unit_carousel_69ec934851e16\" data-bs-slide=\"next\">\n                <span class=\"carousel-control-next-icon\" aria-hidden=\"true\"><\/span>\n                <span class=\"visually-hidden\">Pr\u00f3ximo<\/span>\n            <\/button>\n            <\/div>\n    <div class=\"tag-wrapper\">\n    <div class=\"featured_div\">Destacada<\/div><div class=\"status-wrapper\">\n    <div class=\"action_tag_wrapper For Sale\">En venta<\/div><div class=\"ribbon-inside Featured\">Destacada<\/div><div class=\"ribbon-inside Our-Property\">Nuestras propiedades<\/div><div class=\"ribbon-inside Resale\">Reventa<\/div><\/div>\n<\/div>            <\/div>\n\n            <div class=\"property-unit-information-wrapper\">\n                <div class=\"listing_unit_price_wrapper\">\n    \u20ac 449.000 <span class=\"price_label\"><\/span><\/div><h4>\n  <a href=\"https:\/\/esentyaestate.com\/spa\/estate_property\/villa-in-la-finca-golf-ee11565\/\">Villa en La Fi...<\/a>\n<\/h4><div class=\"property_listing_details_v2\"><div class=\"property_listing_details_v2_item\"><div class=\"icon_label\">Dormitorios<\/div>3<\/div><div class=\"property_listing_details_v2_item\"><div class=\"icon_label\">Ba\u00f1os<\/div>2<\/div><div class=\"property_listing_details_v2_item\"><div class=\"icon_label\">Superficie:<\/div><span>137 metros<sup>2<\/sup><\/span><\/div><\/div>                    <div class=\"property_location\">\n                        \n<div class=\"property_agent_wrapper\">\n            <div class=\"property_agent_image\" style=\"background-image:url('https:\/\/esentyaestate.com\/wp-content\/uploads\/2025\/11\/Runar-1-120x120.jpg')\"><\/div>\n        <div class=\"property_agent_image_sign\"><i class=\"far fa-user-circle\"><\/i><\/div>\n    \n                        <a class=\"wpestate_card_agent_link\" href=\"https:\/\/esentyaestate.com\/spa\/estate_agent\/runar-wilhelmsen\/\">\n                Runar Wilhelmsen            <\/a>\n            <\/div>\n<div class=\"listing_actions\">\n                    <div class=\"share_unit\">\n            <a href=\"https:\/\/www.facebook.com\/sharer.php?u=https:\/\/esentyaestate.com\/spa\/estate_property\/villa-in-la-finca-golf-ee11565\/&#038;t=%26lt%3Btrp-post-container+data-trp-post-id%3D%26%23039%3B149031%26%23039%3B%26gt%3BVilla+in+La+Finca+Golf+%26%238211%3B+EE11565%26lt%3B%2Ftrp-post-container%26gt%3B\" target=\"_blank\" rel=\"noreferrer\" class=\"social_facebook\"><\/a>\n            <a href=\"https:\/\/twitter.com\/intent\/tweet?text=%26lt%3Btrp-post-container+data-trp-post-id%3D%26%23039%3B149031%26%23039%3B%26gt%3BVilla+in+La+Finca+Golf+%26%238211%3B+EE11565%26lt%3B%2Ftrp-post-container%26gt%3B+https%3A%2F%2Fesentyaestate.com%2Fspa%2Festate_property%2Fvilla-in-la-finca-golf-ee11565%2F\" class=\"social_tweet\" rel=\"noreferrer\" target=\"_blank\"><\/a>\n            <a href=\"https:\/\/pinterest.com\/pin\/create\/button\/?url=https:\/\/esentyaestate.com\/spa\/estate_property\/villa-in-la-finca-golf-ee11565\/&#038;media=https:\/\/esentyaestate.com\/wp-content\/uploads\/2026\/04\/1773133578_d6e9f3f14bbc35e721ce-scaled.jpg&#038;description=%26lt%3Btrp-post-container+data-trp-post-id%3D%26%23039%3B149031%26%23039%3B%26gt%3BVilla+in+La+Finca+Golf+%26%238211%3B+EE11565%26lt%3B%2Ftrp-post-container%26gt%3B\" target=\"_blank\" rel=\"noreferrer\" class=\"social_pinterest\"><\/a>\n            <a href=\"https:\/\/wa.me\/?text=Villa%20in%20La%20Finca%20Golf%20&#8211;%20EE11565%20https:\/\/esentyaestate.com\/spa\/estate_property\/villa-in-la-finca-golf-ee11565\/\" class=\"social_whatsup\" rel=\"noreferrer\" target=\"_blank\"><\/a>\n            <a href=\"mailto:?sub&#106;&#101;&#99;t&#61;%&#50;6l&#116;&#37;&#51;&#66;&#116;r&#112;-&#112;os&#116;-c&#111;&#110;tain&#101;r+&#100;&#97;&#116;a-t&#114;&#112;&#45;&#112;o&#115;t&#45;&#105;&#100;%&#51;&#68;&#37;2&#54;&#37;2&#51;0&#51;&#57;%&#51;&#66;1&#52;9&#48;3&#49;&#37;2&#54;&#37;&#50;&#51;0&#51;9&#37;3&#66;%26gt%&#51;BVi&#108;la+&#105;&#110;+La+F&#105;&#110;&#99;a+Gol&#102;+%&#50;&#54;%2&#51;82&#49;&#49;&#37;3&#66;+EE&#49;&#49;565&#37;26l&#116;%&#51;B%&#50;F&#116;r&#112;-&#112;&#111;&#115;&#116;-&#99;&#111;&#110;t&#97;&#105;ne&#114;%26gt&#37;&#51;B&#38;a&#109;&#112;;&#98;o&#100;y=h&#116;tp&#115;%3&#65;&#37;&#50;F&#37;2&#70;e&#115;e&#110;&#116;y&#97;&#101;state.co&#109;%2&#70;sp&#97;%&#50;&#70;e&#115;t&#97;te_&#112;&#114;o&#112;&#101;&#114;&#116;y%&#50;Fvi&#108;l&#97;-&#105;&#110;&#45;la-fi&#110;&#99;&#97;&#45;&#103;olf&#45;&#101;e1156&#53;%&#50;F\" data-action=\"share email\" class=\"social_email\"><\/a>\n        <\/div>\n                <span class=\"share_list\" data-bs-toggle=\"tooltip\" title=\"compartir\"><\/span>\n    \n    \n    <\/div>\n                    <\/div>\n                            <\/div>\n            <\/div>\n<\/div>\n<div class=\"col-lg-4 col-12 col-sm-6 col-md-6    listing_wrapper\"\n    data-org=\"4\"\n    data-main-modal=\"https:\/\/esentyaestate.com\/wp-content\/uploads\/2026\/03\/1772613267_efed7789ad7b51d468d3-835x467.jpg\"\n    data-modal-title=\"Villa in La Mata, Torrevieja &#8211; EE11217\"\n    data-modal-link=\"https:\/\/esentyaestate.com\/spa\/estate_property\/villa-in-la-mata-torrevieja-ee11217\/\"\n    data-listid=\"124009\">\n\n    <div class=\"property_listing property_card_default\"\n        data-link=\"\">\n\n                    <div class=\"listing-unit-img-wrapper\">\n                <div class=\"prop_new_details\">\n                    <div class=\"prop_new_details_back\"><\/div>\n                    <div class=\"property_media\">\n            <i class=\"fas fa-video\"><\/i>\n        <i class=\"fas fa-camera\"><\/i> 27<\/div><div class=\"property_location_image\"><i class=\"fas fa-map-marker-alt\"><\/i><a href=\"https:\/\/esentyaestate.com\/spa\/property_area\/la-mata\/\">La Mata<\/a>, <a href=\"https:\/\/esentyaestate.com\/spa\/property_city\/torrevieja\/\">Torrevieja<\/a><\/div>                    <div class=\"featured_gradient\"><\/div>\n                <\/div>\n\n                    <div id=\"property_unit_carousel_69ec9348538ed\" class=\"carousel property_unit_carousel slide\" data-bs-interval=\"false\">\n        <div class=\"carousel-inner\">\n           \n            <div class=\"carousel-item active\">\n                <a href=\"https:\/\/esentyaestate.com\/spa\/estate_property\/villa-in-la-mata-torrevieja-ee11217\/\" target=\"_self\">\n                    <img decoding=\"async\" width=\"525px\" height=\"328px\" src=\"https:\/\/esentyaestate.com\/wp-content\/uploads\/2026\/03\/1772613267_efed7789ad7b51d468d3-525x328.jpg\" alt=\"Villa en La Mata, Torrevieja \u2013 EE11217\" class=\"d-block w-100 img-fluid\" loading=\"lazy\" \/>\n                <\/a>\n            <\/div><div class=\"carousel-item\">\n                <a href=\"https:\/\/esentyaestate.com\/spa\/estate_property\/villa-in-la-mata-torrevieja-ee11217\/\" target=\"_self\">\n                    <img decoding=\"async\" width=\"525px\" height=\"328px\" src=\"https:\/\/esentyaestate.com\/wp-content\/uploads\/2026\/03\/1770286781_880a3bebc3e26da89bf0-525x328.jpg\" alt=\"Villa en La Mata, Torrevieja \u2013 EE11217\" class=\"d-block w-100 img-fluid\" loading=\"lazy\" \/>\n                <\/a>\n            <\/div><div class=\"carousel-item\">\n                <a href=\"https:\/\/esentyaestate.com\/spa\/estate_property\/villa-in-la-mata-torrevieja-ee11217\/\" target=\"_self\">\n                    <img decoding=\"async\" width=\"525px\" height=\"328px\" src=\"https:\/\/esentyaestate.com\/wp-content\/uploads\/2026\/03\/1772613159_9d3d9624c428fbea8d2c-525x328.jpg\" alt=\"Villa en La Mata, Torrevieja \u2013 EE11217\" class=\"d-block w-100 img-fluid\" loading=\"lazy\" \/>\n                <\/a>\n            <\/div>        <\/div>\n                    <button class=\"carousel-control-prev\" type=\"button\" data-bs-target=\"#property_unit_carousel_69ec9348538ed\" data-bs-slide=\"prev\">\n                <span class=\"carousel-control-prev-icon\" aria-hidden=\"true\"><\/span>\n                <span class=\"visually-hidden\">Anterior<\/span>\n            <\/button>\n            <button class=\"carousel-control-next\" type=\"button\" data-bs-target=\"#property_unit_carousel_69ec9348538ed\" data-bs-slide=\"next\">\n                <span class=\"carousel-control-next-icon\" aria-hidden=\"true\"><\/span>\n                <span class=\"visually-hidden\">Pr\u00f3ximo<\/span>\n            <\/button>\n            <\/div>\n    <div class=\"tag-wrapper\">\n    <div class=\"featured_div\">Destacada<\/div><div class=\"status-wrapper\">\n    <div class=\"action_tag_wrapper For Sale\">En venta<\/div><div class=\"ribbon-inside Featured\">Destacada<\/div><div class=\"ribbon-inside Our-Property\">Nuestras propiedades<\/div><div class=\"ribbon-inside Resale\">Reventa<\/div><\/div>\n<\/div>            <\/div>\n\n            <div class=\"property-unit-information-wrapper\">\n                <div class=\"listing_unit_price_wrapper\">\n    \u20ac 820.000 <span class=\"price_label\"><\/span><\/div><h4>\n  <a href=\"https:\/\/esentyaestate.com\/spa\/estate_property\/villa-in-la-mata-torrevieja-ee11217\/\">Villa en La Ma...<\/a>\n<\/h4><div class=\"property_listing_details_v2\"><div class=\"property_listing_details_v2_item\"><div class=\"icon_label\">Dormitorios<\/div>4<\/div><div class=\"property_listing_details_v2_item\"><div class=\"icon_label\">Ba\u00f1os<\/div>3<\/div><div class=\"property_listing_details_v2_item\"><div class=\"icon_label\">Superficie:<\/div><span>156 metros<sup>2<\/sup><\/span><\/div><\/div>                    <div class=\"property_location\">\n                        \n<div class=\"property_agent_wrapper\">\n            <div class=\"property_agent_image\" style=\"background-image:url('https:\/\/esentyaestate.com\/wp-content\/uploads\/2025\/11\/Runar-1-120x120.jpg')\"><\/div>\n        <div class=\"property_agent_image_sign\"><i class=\"far fa-user-circle\"><\/i><\/div>\n    \n                        <a class=\"wpestate_card_agent_link\" href=\"https:\/\/esentyaestate.com\/spa\/estate_agent\/runar-wilhelmsen\/\">\n                Runar Wilhelmsen            <\/a>\n            <\/div>\n<div class=\"listing_actions\">\n                    <div class=\"share_unit\">\n            <a href=\"https:\/\/www.facebook.com\/sharer.php?u=https:\/\/esentyaestate.com\/spa\/estate_property\/villa-in-la-mata-torrevieja-ee11217\/&#038;t=%26lt%3Btrp-post-container+data-trp-post-id%3D%26%23039%3B124009%26%23039%3B%26gt%3BVilla+in+La+Mata%2C+Torrevieja+%26%238211%3B+EE11217%26lt%3B%2Ftrp-post-container%26gt%3B\" target=\"_blank\" rel=\"noreferrer\" class=\"social_facebook\"><\/a>\n            <a href=\"https:\/\/twitter.com\/intent\/tweet?text=%26lt%3Btrp-post-container+data-trp-post-id%3D%26%23039%3B124009%26%23039%3B%26gt%3BVilla+in+La+Mata%2C+Torrevieja+%26%238211%3B+EE11217%26lt%3B%2Ftrp-post-container%26gt%3B+https%3A%2F%2Fesentyaestate.com%2Fspa%2Festate_property%2Fvilla-in-la-mata-torrevieja-ee11217%2F\" class=\"social_tweet\" rel=\"noreferrer\" target=\"_blank\"><\/a>\n            <a href=\"https:\/\/pinterest.com\/pin\/create\/button\/?url=https:\/\/esentyaestate.com\/spa\/estate_property\/villa-in-la-mata-torrevieja-ee11217\/&#038;media=https:\/\/esentyaestate.com\/wp-content\/uploads\/2026\/03\/1772613267_efed7789ad7b51d468d3-scaled.jpg&#038;description=%26lt%3Btrp-post-container+data-trp-post-id%3D%26%23039%3B124009%26%23039%3B%26gt%3BVilla+in+La+Mata%2C+Torrevieja+%26%238211%3B+EE11217%26lt%3B%2Ftrp-post-container%26gt%3B\" target=\"_blank\" rel=\"noreferrer\" class=\"social_pinterest\"><\/a>\n            <a href=\"https:\/\/wa.me\/?text=Villa%20in%20La%20Mata,%20Torrevieja%20&#8211;%20EE11217%20https:\/\/esentyaestate.com\/spa\/estate_property\/villa-in-la-mata-torrevieja-ee11217\/\" class=\"social_whatsup\" rel=\"noreferrer\" target=\"_blank\"><\/a>\n            <a href=\"mailto:?&#115;&#117;bje&#99;&#116;&#61;&#37;&#50;&#54;&#108;t%3Bt&#114;&#112;&#45;po&#115;&#116;-&#99;on&#116;ai&#110;er&#43;&#100;a&#116;a-t&#114;&#112;&#45;&#112;os&#116;&#45;i&#100;%3&#68;%26%2&#51;0&#51;&#57;%3B&#49;&#50;40&#48;9&#37;&#50;6&#37;2&#51;0&#51;9%&#51;&#66;&#37;&#50;&#54;&#103;t%&#51;&#66;&#86;il&#108;&#97;+&#105;n&#43;&#76;&#97;+&#77;a&#116;&#97;&#37;2&#67;+T&#111;r&#114;&#101;vi&#101;ja&#43;&#37;&#50;&#54;&#37;2382&#49;&#49;%3&#66;&#43;EE112&#49;7&#37;2&#54;&#108;t%&#51;&#66;%2Ft&#114;p&#45;p&#111;s&#116;&#45;c&#111;n&#116;ai&#110;er%2&#54;&#103;t%&#51;&#66;&&#97;&#109;p&#59;bo&#100;y=h&#116;&#116;ps%3&#65;&#37;2F&#37;2F&#101;s&#101;n&#116;&#121;aes&#116;&#97;te.c&#111;m%2&#70;&#115;&#112;&#97;&#37;&#50;F&#101;&#115;&#116;&#97;te_prop&#101;rt&#121;%2&#70;&#118;&#105;l&#108;&#97;&#45;&#105;n&#45;&#108;a&#45;&#109;ata&#45;t&#111;&#114;re&#118;&#105;&#101;&#106;a-ee&#49;&#49;2&#49;7&#37;2F\" data-action=\"share email\" class=\"social_email\"><\/a>\n        <\/div>\n                <span class=\"share_list\" data-bs-toggle=\"tooltip\" title=\"compartir\"><\/span>\n    \n    \n    <\/div>\n                    <\/div>\n                            <\/div>\n            <\/div>\n<\/div>\n<div class=\"col-lg-4 col-12 col-sm-6 col-md-6    listing_wrapper\"\n    data-org=\"4\"\n    data-main-modal=\"https:\/\/esentyaestate.com\/wp-content\/uploads\/2026\/01\/EE11123_1769423492_e1ccc870953cbb82d3af-835x467.jpg\"\n    data-modal-title=\"Townhouse in Cabo Cervera &#8211; EE11123\"\n    data-modal-link=\"https:\/\/esentyaestate.com\/spa\/estate_property\/townhouse-in-cabo-cervera-ee11123\/\"\n    data-listid=\"113636\">\n\n    <div class=\"property_listing property_card_default\"\n        data-link=\"\">\n\n                    <div class=\"listing-unit-img-wrapper\">\n                <div class=\"prop_new_details\">\n                    <div class=\"prop_new_details_back\"><\/div>\n                    <div class=\"property_media\">\n            <i class=\"fas fa-video\"><\/i>\n        <i class=\"fas fa-camera\"><\/i> 40<\/div><div class=\"property_location_image\"><i class=\"fas fa-map-marker-alt\"><\/i><a href=\"https:\/\/esentyaestate.com\/spa\/property_area\/cabo-cervera\/\">Cabo Cervera<\/a>, <a href=\"https:\/\/esentyaestate.com\/spa\/property_city\/torrevieja\/\">Torrevieja<\/a><\/div>                    <div class=\"featured_gradient\"><\/div>\n                <\/div>\n\n                    <div id=\"property_unit_carousel_69ec9348558d0\" class=\"carousel property_unit_carousel slide\" data-bs-interval=\"false\">\n        <div class=\"carousel-inner\">\n           \n            <div class=\"carousel-item active\">\n                <a href=\"https:\/\/esentyaestate.com\/spa\/estate_property\/townhouse-in-cabo-cervera-ee11123\/\" target=\"_self\">\n                    <img decoding=\"async\" width=\"525px\" height=\"328px\" src=\"https:\/\/esentyaestate.com\/wp-content\/uploads\/2026\/01\/EE11123_1769423492_e1ccc870953cbb82d3af-525x328.jpg\" alt=\"Casa adosada en Cabo Cervera \u2013 EE11123\" class=\"d-block w-100 img-fluid\" loading=\"lazy\" \/>\n                <\/a>\n            <\/div><div class=\"carousel-item\">\n                <a href=\"https:\/\/esentyaestate.com\/spa\/estate_property\/townhouse-in-cabo-cervera-ee11123\/\" target=\"_self\">\n                    <img decoding=\"async\" width=\"525px\" height=\"328px\" src=\"https:\/\/esentyaestate.com\/wp-content\/uploads\/2026\/01\/EE11123_1769423490_a530d8ce4f0410665b88-525x328.jpg\" alt=\"Casa adosada en Cabo Cervera \u2013 EE11123\" class=\"d-block w-100 img-fluid\" loading=\"lazy\" \/>\n                <\/a>\n            <\/div><div class=\"carousel-item\">\n                <a href=\"https:\/\/esentyaestate.com\/spa\/estate_property\/townhouse-in-cabo-cervera-ee11123\/\" target=\"_self\">\n                    <img decoding=\"async\" width=\"525px\" height=\"328px\" src=\"https:\/\/esentyaestate.com\/wp-content\/uploads\/2026\/01\/EE11123_1769423490_f7b67296589281180aca-525x328.jpg\" alt=\"Casa adosada en Cabo Cervera \u2013 EE11123\" class=\"d-block w-100 img-fluid\" loading=\"lazy\" \/>\n                <\/a>\n            <\/div>        <\/div>\n                    <button class=\"carousel-control-prev\" type=\"button\" data-bs-target=\"#property_unit_carousel_69ec9348558d0\" data-bs-slide=\"prev\">\n                <span class=\"carousel-control-prev-icon\" aria-hidden=\"true\"><\/span>\n                <span class=\"visually-hidden\">Anterior<\/span>\n            <\/button>\n            <button class=\"carousel-control-next\" type=\"button\" data-bs-target=\"#property_unit_carousel_69ec9348558d0\" data-bs-slide=\"next\">\n                <span class=\"carousel-control-next-icon\" aria-hidden=\"true\"><\/span>\n                <span class=\"visually-hidden\">Pr\u00f3ximo<\/span>\n            <\/button>\n            <\/div>\n    <div class=\"tag-wrapper\">\n    <div class=\"featured_div\">Destacada<\/div><div class=\"status-wrapper\">\n    <div class=\"action_tag_wrapper For Sale\">En venta<\/div><div class=\"ribbon-inside Featured\">Destacada<\/div><div class=\"ribbon-inside Our-Property\">Nuestras propiedades<\/div><div class=\"ribbon-inside Resale\">Reventa<\/div><div class=\"ribbon-inside Reserved\">Reservado<\/div><\/div>\n<\/div>            <\/div>\n\n            <div class=\"property-unit-information-wrapper\">\n                <div class=\"listing_unit_price_wrapper\">\n    \u20ac 495.000 <span class=\"price_label\"><\/span><\/div><h4>\n  <a href=\"https:\/\/esentyaestate.com\/spa\/estate_property\/townhouse-in-cabo-cervera-ee11123\/\">Casa adosada en C...<\/a>\n<\/h4><div class=\"property_listing_details_v2\"><div class=\"property_listing_details_v2_item\"><div class=\"icon_label\">Dormitorios<\/div>4<\/div><div class=\"property_listing_details_v2_item\"><div class=\"icon_label\">Ba\u00f1os<\/div>2<\/div><div class=\"property_listing_details_v2_item\"><div class=\"icon_label\">Superficie:<\/div><span>122 metros<sup>2<\/sup><\/span><\/div><\/div>                    <div class=\"property_location\">\n                        \n<div class=\"property_agent_wrapper\">\n            <div class=\"property_agent_image\" style=\"background-image:url('https:\/\/esentyaestate.com\/wp-content\/uploads\/2025\/11\/Christina-1-120x120.jpg')\"><\/div>\n        <div class=\"property_agent_image_sign\"><i class=\"far fa-user-circle\"><\/i><\/div>\n    \n                        <a class=\"wpestate_card_agent_link\" href=\"https:\/\/esentyaestate.com\/spa\/estate_agent\/christina-dahl-2\/\">\n                Christina Dahl            <\/a>\n            <\/div>\n<div class=\"listing_actions\">\n                    <div class=\"share_unit\">\n            <a href=\"https:\/\/www.facebook.com\/sharer.php?u=https:\/\/esentyaestate.com\/spa\/estate_property\/townhouse-in-cabo-cervera-ee11123\/&#038;t=%26lt%3Btrp-post-container+data-trp-post-id%3D%26%23039%3B113636%26%23039%3B%26gt%3BTownhouse+in+Cabo+Cervera+%26%238211%3B+EE11123%26lt%3B%2Ftrp-post-container%26gt%3B\" target=\"_blank\" rel=\"noreferrer\" class=\"social_facebook\"><\/a>\n            <a href=\"https:\/\/twitter.com\/intent\/tweet?text=%26lt%3Btrp-post-container+data-trp-post-id%3D%26%23039%3B113636%26%23039%3B%26gt%3BTownhouse+in+Cabo+Cervera+%26%238211%3B+EE11123%26lt%3B%2Ftrp-post-container%26gt%3B+https%3A%2F%2Fesentyaestate.com%2Fspa%2Festate_property%2Ftownhouse-in-cabo-cervera-ee11123%2F\" class=\"social_tweet\" rel=\"noreferrer\" target=\"_blank\"><\/a>\n            <a href=\"https:\/\/pinterest.com\/pin\/create\/button\/?url=https:\/\/esentyaestate.com\/spa\/estate_property\/townhouse-in-cabo-cervera-ee11123\/&#038;media=https:\/\/esentyaestate.com\/wp-content\/uploads\/2026\/01\/EE11123_1769423492_e1ccc870953cbb82d3af-scaled.jpg&#038;description=%26lt%3Btrp-post-container+data-trp-post-id%3D%26%23039%3B113636%26%23039%3B%26gt%3BTownhouse+in+Cabo+Cervera+%26%238211%3B+EE11123%26lt%3B%2Ftrp-post-container%26gt%3B\" target=\"_blank\" rel=\"noreferrer\" class=\"social_pinterest\"><\/a>\n            <a href=\"https:\/\/wa.me\/?text=Townhouse%20in%20Cabo%20Cervera%20&#8211;%20EE11123%20https:\/\/esentyaestate.com\/spa\/estate_property\/townhouse-in-cabo-cervera-ee11123\/\" class=\"social_whatsup\" rel=\"noreferrer\" target=\"_blank\"><\/a>\n            <a href=\"mailto:?s&#117;bject&#61;%26lt&#37;&#51;&#66;&#116;r&#112;-post&#45;c&#111;&#110;ta&#105;&#110;er+data-t&#114;&#112;-pos&#116;&#45;id%&#51;&#68;&#37;2&#54;%&#50;&#51;&#48;3&#57;%3&#66;1&#49;3636%26&#37;23&#48;&#51;9%3B%26&#103;t%&#51;&#66;&#84;o&#119;n&#104;ou&#115;&#101;&#43;i&#110;&#43;C&#97;&#98;o&#43;&#67;&#101;&#114;&#118;e&#114;a+&#37;&#50;&#54;&#37;2&#51;8211%&#51;B&#43;&#69;&#69;&#49;&#49;12&#51;&#37;2&#54;l&#116;%3B&#37;&#50;&#70;&#116;&#114;p-p&#111;st-&#99;o&#110;&#116;&#97;in&#101;&#114;%26&#103;&#116;%&#51;B&a&#109;p&#59;b&#111;dy&#61;htt&#112;s%&#51;&#65;&#37;&#50;F&#37;2&#70;&#101;&#115;&#101;n&#116;&#121;&#97;&#101;s&#116;&#97;&#116;e&#46;&#99;&#111;m&#37;&#50;&#70;spa&#37;&#50;Fe&#115;&#116;a&#116;e_&#112;rope&#114;t&#121;%2&#70;&#116;o&#119;&#110;&#104;o&#117;&#115;e&#45;&#105;n&#45;c&#97;&#98;o&#45;cer&#118;e&#114;&#97;-ee&#49;1&#49;2&#51;&#37;&#50;&#70;\" data-action=\"share email\" class=\"social_email\"><\/a>\n        <\/div>\n                <span class=\"share_list\" data-bs-toggle=\"tooltip\" title=\"compartir\"><\/span>\n    \n    \n    <\/div>\n                    <\/div>\n                            <\/div>\n            <\/div>\n<\/div><\/div><\/div><\/div>\n    <script type=\"text\/javascript\">\n        \/\/<![CDATA[\n        jQuery(document).ready(function(){\n           wpestate_enble_slick_slider_list();\n        });\n        \/\/]]>\n    <\/script>\t\t\t\t<\/div>\n\t\t\t\t<\/div>\n\t\t\t\t<\/div>\n\t\t\t\t<\/div>\n\t\t\t\t<\/div>\n\t\t\t\t\t<\/div>\n\t\t\t\t<\/div>\n\t\t<div class=\"elementor-element elementor-element-f0edc3d e-flex e-con-boxed e-con e-parent\" data-id=\"f0edc3d\" data-element_type=\"container\">\n\t\t\t\t\t<div class=\"e-con-inner\">\n\t\t\t\t<div class=\"elementor-element elementor-element-66043e0 elementor-widget elementor-widget-heading\" data-id=\"66043e0\" data-element_type=\"widget\" data-widget_type=\"heading.default\">\n\t\t\t\t\t<h2 class=\"elementor-heading-title elementor-size-default\">TESTIMONIOS<\/h2>\t\t\t\t<\/div>\n\t\t\t\t<div class=\"elementor-element elementor-element-1211fdf elementor-widget elementor-widget-heading\" data-id=\"1211fdf\" data-element_type=\"widget\" data-widget_type=\"heading.default\">\n\t\t\t\t\t<h2 class=\"elementor-heading-title elementor-size-default\">Lo que dicen los clientes<\/h2>\t\t\t\t<\/div>\n\t\t\t\t\t<\/div>\n\t\t\t\t<\/div>\n\t\t<div class=\"elementor-element elementor-element-50cd6b09 e-flex e-con-boxed e-con e-parent\" data-id=\"50cd6b09\" data-element_type=\"container\" data-settings=\"{&quot;background_background&quot;:&quot;classic&quot;}\">\n\t\t\t\t\t<div class=\"e-con-inner\">\n\t\t<div class=\"elementor-element elementor-element-101bd1e e-flex e-con-boxed e-con e-child\" data-id=\"101bd1e\" data-element_type=\"container\" data-settings=\"{&quot;background_background&quot;:&quot;classic&quot;}\">\n\t\t\t\t\t<div class=\"e-con-inner\">\n\t\t\t\t<div class=\"elementor-element elementor-element-4f8bab25 elementor-widget elementor-widget-Wpresidence_Testimonial_Slider\" data-id=\"4f8bab25\" data-element_type=\"widget\" data-settings=\"{&quot;_animation&quot;:&quot;none&quot;,&quot;_animation_delay&quot;:50}\" data-widget_type=\"Wpresidence_Testimonial_Slider.default\">\n\t\t\t\t<div class=\"elementor-widget-container\">\n\t\t\t\t\t<div class=\"owl-carousel owl-theme wpestate_testimonial_slider\" id=\"wpestate_testimonial_slider_74543\" data-auto=\"0\"><div class=\"item\"><div class=\"item_testimonial_content\">\n                    <div class=\"item_testimonial_title\"><\/div>\n                    <div class=\"item_testimonial_text\"><p>I sold my villa and bought an apartment though Esentya Estate agents in La Mata, I had the pleasure of meeting their agent Christina Dahl who I found very approachable and professional, she listened to my concerns along with what I hoped to buy, needless to say she delivered on both and now I have a beautiful apartment to which I'm eternally grateful for, I would certainly recommend Esentya and (Christina Dahl) if I was thinking about selling or buying a property in Spain.<br \/>One happy customer. James<\/p><\/div>\n                    <div class=\"item_testimonial_stars\"><i class=\"fas fa-star\"><\/i><i class=\"fas fa-star\"><\/i><i class=\"fas fa-star\"><\/i><i class=\"fas fa-star\"><\/i><i class=\"fas fa-star\"><\/i><\/div>\n                    <div class=\"item_testimonial_name\">Leonard James<\/div>\n                    <div class=\"item_testimonial_job\">Comprador y vendedor felices<\/div>\n            \n                    <\/div><div class=\"item_testimonal_image\" style=\"background-image:url();\"><\/div><\/div><div class=\"item\"><div class=\"item_testimonial_content\">\n                    <div class=\"item_testimonial_title\"><\/div>\n                    <div class=\"item_testimonial_text\"><div class=\"pt-0.5 juice:pt-0\"><div class=\"gizmo-bot-avatar flex h-6 w-6 items-center justify-center overflow-hidden rounded-full juice:h-8 juice:w-8\"><div class=\"relative p-1 rounded-sm flex items-center justify-center bg-token-main-surface-primary text-token-text-primary h-8 w-8\">Alexia est une dame avec un grand charme. Etant \u00e0 ma grille de jardin, se pr\u00e9sentant travailler pour l'agence Esentyaestate et cherchant des maisons \u00e0 vendre \u00e0 La Siesta, elle me demandait si je ne pouvais pas \u00eatre int\u00e9ress\u00e9e de lui donner la possibilit\u00e9 de vendre ma maison. Comme j'avais d\u00e9j\u00e0 3 autres agences, je lui ai dit non, merci. Mais si elle avait quelqu'un d'int\u00e9ress\u00e9, elle pouvait \u00e9ventuellement montrer mes photos de FB ou idealista. Un jour elle me demande gentiment si elle ne pourrait pas venir avec leur photographe pour faire ses propres photos. J'\u00e9tais d'accord en lui disant que de toute fa\u00e7on je ne signerai pas de contrat. Quelques jours apr\u00e8s les photos, elle m'anon\u00e7ait d\u00e9j\u00e0 une premi\u00e8re visite...<\/div><\/div><\/div><\/div>\n                    <div class=\"item_testimonial_stars\"><i class=\"fas fa-star\"><\/i><i class=\"fas fa-star\"><\/i><i class=\"fas fa-star\"><\/i><i class=\"fas fa-star\"><\/i><i class=\"fas fa-star\"><\/i><\/div>\n                    <div class=\"item_testimonial_name\">Soni Rochette<\/div>\n                    <div class=\"item_testimonial_job\">Comprador feliz<\/div>\n            \n                    <\/div><div class=\"item_testimonal_image\" style=\"background-image:url();\"><\/div><\/div><div class=\"item\"><div class=\"item_testimonial_content\">\n                    <div class=\"item_testimonial_title\"><\/div>\n                    <div class=\"item_testimonial_text\"><p>Vi hadde avtalt con megler Christina Dahl<br \/>med spesifikasjoner p\u00e5 hva vi \u00f8nsket \u00e5 kj\u00f8pe i Spania. Vi reiste fra Norge og m\u00f8ttes p\u00e5 mandag 170225 og hun hadde flere \u00e5 vise oss. Tydeligvis hadde hun tolket oss rett for hus nr 2 ble kj\u00f8pt samme kveld. 100% perfekt, mer enn vi dr\u00f8mte om faktisk. Hun forhandlet fram en meget god deal for oss, og selger var ogs\u00e5 forn\u00f8yd. Vi signerte mandag kveld, og Christina geleidet oss forbi diverse k\u00f8er p\u00e5 tirsdag og som en ny verdensrekord fikk vi flyttet inn allerede 4 dager etter!!! Etter kj\u00f8pet har vi fortsatt kontakt p\u00e5 WhatsApp og hun p\u00e5 tilbudssiden om det er noe vi trenger hjelp til! Super service og veldig trygg og profesjonell megler. Anbefales 100%!!!<br \/>Mvh Anne og Rune Jamt<\/p><\/div>\n                    <div class=\"item_testimonial_stars\"><i class=\"fas fa-star\"><\/i><i class=\"fas fa-star\"><\/i><i class=\"fas fa-star\"><\/i><i class=\"fas fa-star\"><\/i><i class=\"fas fa-star\"><\/i><\/div>\n                    <div class=\"item_testimonial_name\">Ana Jamt<\/div>\n                    <div class=\"item_testimonial_job\">Comprador feliz<\/div>\n            \n                    <\/div><div class=\"item_testimonal_image\" style=\"background-image:url();\"><\/div><\/div><\/div>\n         <script type=\"text\/javascript\">\n             \/\/<![CDATA[\n             jQuery(document).ready(function(){\n                wpestate_testimonial_slider(\"wpestate_testimonial_slider_74543\");\n             });\n             \/\/]]>\n         <\/script>\t\t\t\t<\/div>\n\t\t\t\t<\/div>\n\t\t\t\t\t<\/div>\n\t\t\t\t<\/div>\n\t\t\t\t<div class=\"elementor-element elementor-element-d1b0c8a elementor-align-center elementor-widget elementor-widget-button\" data-id=\"d1b0c8a\" data-element_type=\"widget\" data-widget_type=\"button.default\">\n\t\t\t\t\t\t\t\t\t\t<a class=\"elementor-button elementor-button-link elementor-size-sm\" href=\"https:\/\/www.google.com\/search?client=firefox-b-d&amp;sca_esv=14bc5889cd76b52c&amp;sxsrf=AHTn8zpRYcz0H6Y1z6WqJhv9iMcqovQ0rg:1741077137515&amp;q=esentya+estate&amp;si=APYL9bs7Hg2KMLB-4tSoTdxuOx8BdRvHbByC_AuVpNyh0x2KzfVdngOdnBYpDWQ0nP2LkazE6Kowne8J9lwkaS8T_kkHxU8S5Fpl2E8uNJvwY3-E3AGB43w&amp;uds=ABqPDvzh2Ji1Kqt-7EMvWRUQDfyq5Tz_bMimK12Mh5nFQDJzkglVNcDdBbMNIrFbV4s4EkCqtQM5t1OPaQPMybSzvT1BD_9Ke-POzbt61mNlTJi_GQB0bik&amp;sa=X&amp;ved=2ahUKEwiGmbvigfCLAxW9T6QEHfKiH6MQ3PALegQIGRAE&amp;biw=1044&amp;bih=757&amp;dpr=2\" target=\"_blank\" rel=\"noopener\">\n\t\t\t\t\t\t<span class=\"elementor-button-content-wrapper\">\n\t\t\t\t\t\t\t\t\t<span class=\"elementor-button-text\">Ver m\u00e1s rese\u00f1as<\/span>\n\t\t\t\t\t<\/span>\n\t\t\t\t\t<\/a>\n\t\t\t\t\t\t\t\t<\/div>\n\t\t\t\t\t<\/div>\n\t\t\t\t<\/div>\n\t\t<div class=\"elementor-element elementor-element-77cc414 e-flex e-con-boxed e-con e-parent\" data-id=\"77cc414\" data-element_type=\"container\" data-settings=\"{&quot;background_background&quot;:&quot;classic&quot;}\">\n\t\t\t\t\t<div class=\"e-con-inner\">\n\t\t<div class=\"elementor-element elementor-element-e39d12d e-con-full e-flex e-con e-child\" data-id=\"e39d12d\" data-element_type=\"container\">\n\t\t<div class=\"elementor-element elementor-element-467a6f6 animated-fast e-con-full e-flex elementor-invisible e-con e-child\" data-id=\"467a6f6\" data-element_type=\"container\" data-settings=\"{&quot;animation&quot;:&quot;fadeIn&quot;,&quot;animation_delay&quot;:50}\">\n\t\t<div class=\"elementor-element elementor-element-ed7f8d2 e-con-full e-flex e-con e-child\" data-id=\"ed7f8d2\" data-element_type=\"container\">\n\t\t\t\t<div class=\"elementor-element elementor-element-f75d852 elementor-widget elementor-widget-heading\" data-id=\"f75d852\" data-element_type=\"widget\" data-widget_type=\"heading.default\">\n\t\t\t\t\t<h4 class=\"elementor-heading-title elementor-size-default\">NOTICIAS DE ESENTYA<\/h4>\t\t\t\t<\/div>\n\t\t\t\t<div class=\"elementor-element elementor-element-0486592 elementor-widget elementor-widget-heading\" data-id=\"0486592\" data-element_type=\"widget\" data-widget_type=\"heading.default\">\n\t\t\t\t\t<h2 class=\"elementor-heading-title elementor-size-default\">Gu\u00edas para comprar vivienda en la costa<\/h2>\t\t\t\t<\/div>\n\t\t\t\t<\/div>\n\t\t\t\t<\/div>\n\t\t<div class=\"elementor-element elementor-element-0fd1db6 e-con-full e-flex e-con e-child\" data-id=\"0fd1db6\" data-element_type=\"container\">\n\t\t<div class=\"elementor-element elementor-element-7fc8857 e-con-full e-flex e-con e-child\" data-id=\"7fc8857\" data-element_type=\"container\">\n\t\t\t\t<div class=\"elementor-element elementor-element-468f504 elementor-widget elementor-widget-WpResidenc_Items_Slider\" data-id=\"468f504\" data-element_type=\"widget\" data-widget_type=\"WpResidenc_Items_Slider.default\">\n\t\t\t\t<div class=\"elementor-widget-container\">\n\t\t\t\t\t<div class=\"slider_container bottom-articles nobutton\" ><div class=\"shortcode_slider_wrapper\" ><div class=\"shortcode_slider_list   slider_no73983 arrow_class_sideways\"   data-items-per-row=\"3\"   data-auto=\"0\" >  \n\n<div class=\"col-lg-4 col-12 col-sm-6 col-md-6    listing_wrapper blog2v\"> \n    <div class=\"blog_unit  property_listing_blog\" data-link=\"https:\/\/esentyaestate.com\/spa\/blog\/invest-in-alicante-or-marbella\/\">\n        <div class=\"blog_unit_image\"><a href=\"https:\/\/esentyaestate.com\/spa\/blog\/invest-in-alicante-or-marbella\/\"><img fetchpriority=\"high\" decoding=\"async\" width=\"525\" height=\"328\" src=\"https:\/\/esentyaestate.com\/wp-content\/uploads\/2026\/04\/invest-in-alicante-or-marbella-525x328.jpg\" class=\"lazyload img-responsive wp-post-image\" alt=\"Invierte en bienes ra\u00edces en Alicante o Marbella, Espa\u00f1a.\" data-original=\"https:\/\/esentyaestate.com\/wp-content\/uploads\/2026\/04\/invest-in-alicante-or-marbella-525x328.jpg\" srcset=\"https:\/\/esentyaestate.com\/wp-content\/uploads\/2026\/04\/invest-in-alicante-or-marbella-525x328.jpg 525w, https:\/\/esentyaestate.com\/wp-content\/uploads\/2026\/04\/invest-in-alicante-or-marbella-18x10.jpg 18w\" sizes=\"(max-width: 525px) 100vw, 525px\" \/><\/a><\/div>\n        <h4>\n            <a href=\"https:\/\/esentyaestate.com\/spa\/blog\/invest-in-alicante-or-marbella\/\" class=\"blog_unit_title\">\n                Invertir en Alicante o Marbella: dos opciones muy...            <\/a> \n        <\/h4>\n        \n        <div class=\"blog_unit_meta\">\n            15 de abril de 2026        <\/div>\n        \n        <div class=\"listing_details the_grid_view\">\n            El mercado inmobiliario a lo largo de la costa mediterr\u00e1nea espa\u00f1ola se est\u00e1 volviendo cada vez m\u00e1s dividido. Mientras que Marbella ha establecido <a href=\"https:\/\/esentyaestate.com\/spa\/blog\/invest-in-alicante-or-marbella\/\" class=\"unit_more_x\">...<\/a>        <\/div>\n\n        <a class=\"read_more\" href=\"https:\/\/esentyaestate.com\/spa\/blog\/invest-in-alicante-or-marbella\/\"> \n            Sigue leyendo            <i class=\"fas fa-angle-right\"><\/i> \n        <\/a>\n    <\/div>          \n<\/div>  \n\n<div class=\"col-lg-4 col-12 col-sm-6 col-md-6    listing_wrapper blog2v\"> \n    <div class=\"blog_unit  property_listing_blog\" data-link=\"https:\/\/esentyaestate.com\/spa\/blog\/foreign-property-purchases-spain-2025\/\">\n        <div class=\"blog_unit_image\"><a href=\"https:\/\/esentyaestate.com\/spa\/blog\/foreign-property-purchases-spain-2025\/\"><img decoding=\"async\" width=\"525\" height=\"328\" src=\"https:\/\/esentyaestate.com\/wp-content\/uploads\/2026\/04\/foreign-property-alicante-2025-525x328.jpg\" class=\"lazyload img-responsive wp-post-image\" alt=\"Compra de propiedades por extranjeros en Espa\u00f1a, 2025, Alicante\" data-original=\"https:\/\/esentyaestate.com\/wp-content\/uploads\/2026\/04\/foreign-property-alicante-2025-525x328.jpg\" srcset=\"https:\/\/esentyaestate.com\/wp-content\/uploads\/2026\/04\/foreign-property-alicante-2025-525x328.jpg 525w, https:\/\/esentyaestate.com\/wp-content\/uploads\/2026\/04\/foreign-property-alicante-2025-18x10.jpg 18w\" sizes=\"(max-width: 525px) 100vw, 525px\" \/><\/a><\/div>\n        <h4>\n            <a href=\"https:\/\/esentyaestate.com\/spa\/blog\/foreign-property-purchases-spain-2025\/\" class=\"blog_unit_title\">\n                Alicante lidera las compras de propiedades por parte de extranjeros en...            <\/a> \n        <\/h4>\n        \n        <div class=\"blog_unit_meta\">\n            8 de abril de 2026        <\/div>\n        \n        <div class=\"listing_details the_grid_view\">\n            Las compras de propiedades por extranjeros en Espa\u00f1a en 2025 confirman una clara tendencia: Alicante destaca como la provincia con el mayor \u00edndice de... <a href=\"https:\/\/esentyaestate.com\/spa\/blog\/foreign-property-purchases-spain-2025\/\" class=\"unit_more_x\">...<\/a>        <\/div>\n\n        <a class=\"read_more\" href=\"https:\/\/esentyaestate.com\/spa\/blog\/foreign-property-purchases-spain-2025\/\"> \n            Sigue leyendo            <i class=\"fas fa-angle-right\"><\/i> \n        <\/a>\n    <\/div>          \n<\/div>  \n\n<div class=\"col-lg-4 col-12 col-sm-6 col-md-6    listing_wrapper blog2v\"> \n    <div class=\"blog_unit  property_listing_blog\" data-link=\"https:\/\/esentyaestate.com\/spa\/blog\/real-estate-investment-in-spain-in-2026\/\">\n        <div class=\"blog_unit_image\"><a href=\"https:\/\/esentyaestate.com\/spa\/blog\/real-estate-investment-in-spain-in-2026\/\"><img decoding=\"async\" width=\"525\" height=\"328\" src=\"https:\/\/esentyaestate.com\/wp-content\/uploads\/2026\/04\/real-estate-investment-in-spain-in-2026-525x328.jpg\" class=\"lazyload img-responsive wp-post-image\" alt=\"Inversi\u00f3n inmobiliaria en Espa\u00f1a en 2026 Mercado inmobiliario europeo\" data-original=\"https:\/\/esentyaestate.com\/wp-content\/uploads\/2026\/04\/real-estate-investment-in-spain-in-2026-525x328.jpg\" srcset=\"https:\/\/esentyaestate.com\/wp-content\/uploads\/2026\/04\/real-estate-investment-in-spain-in-2026-525x328.jpg 525w, https:\/\/esentyaestate.com\/wp-content\/uploads\/2026\/04\/real-estate-investment-in-spain-in-2026-18x12.jpg 18w\" sizes=\"(max-width: 525px) 100vw, 525px\" \/><\/a><\/div>\n        <h4>\n            <a href=\"https:\/\/esentyaestate.com\/spa\/blog\/real-estate-investment-in-spain-in-2026\/\" class=\"blog_unit_title\">\n                Inversi\u00f3n inmobiliaria en Espa\u00f1a en 2026: Eur...            <\/a> \n        <\/h4>\n        \n        <div class=\"blog_unit_meta\">\n            2 de abril de 2026        <\/div>\n        \n        <div class=\"listing_details the_grid_view\">\n            La inversi\u00f3n inmobiliaria en Espa\u00f1a en 2026 ha alcanzado un hito hist\u00f3rico, con Espa\u00f1a posicionada como el pa\u00eds m\u00e1s atractivo. <a href=\"https:\/\/esentyaestate.com\/spa\/blog\/real-estate-investment-in-spain-in-2026\/\" class=\"unit_more_x\">...<\/a>        <\/div>\n\n        <a class=\"read_more\" href=\"https:\/\/esentyaestate.com\/spa\/blog\/real-estate-investment-in-spain-in-2026\/\"> \n            Sigue leyendo            <i class=\"fas fa-angle-right\"><\/i> \n        <\/a>\n    <\/div>          \n<\/div>  \n\n<div class=\"col-lg-4 col-12 col-sm-6 col-md-6    listing_wrapper blog2v\"> \n    <div class=\"blog_unit  property_listing_blog\" data-link=\"https:\/\/esentyaestate.com\/spa\/blog\/compradores-extranjeros-vivienda-espana-2026\/\">\n        <div class=\"blog_unit_image\"><a href=\"https:\/\/esentyaestate.com\/spa\/blog\/compradores-extranjeros-vivienda-espana-2026\/\"><img loading=\"lazy\" decoding=\"async\" width=\"525\" height=\"328\" src=\"https:\/\/esentyaestate.com\/wp-content\/uploads\/2026\/02\/foreign-property-buyers-spain-2026-525x328.jpg\" class=\"lazyload img-responsive wp-post-image\" alt=\"Compradores extranjeros de propiedades en Espa\u00f1a 2026\" data-original=\"https:\/\/esentyaestate.com\/wp-content\/uploads\/2026\/02\/foreign-property-buyers-spain-2026-525x328.jpg\" srcset=\"https:\/\/esentyaestate.com\/wp-content\/uploads\/2026\/02\/foreign-property-buyers-spain-2026-525x328.jpg 525w, https:\/\/esentyaestate.com\/wp-content\/uploads\/2026\/02\/foreign-property-buyers-spain-2026-18x12.jpg 18w\" sizes=\"(max-width: 525px) 100vw, 525px\" \/><\/a><\/div>\n        <h4>\n            <a href=\"https:\/\/esentyaestate.com\/spa\/blog\/compradores-extranjeros-vivienda-espana-2026\/\" class=\"blog_unit_title\">\n                Compradores de propiedades extranjeros en Espa\u00f1a: \u00daltimas noticias de 2021            <\/a> \n        <\/h4>\n        \n        <div class=\"blog_unit_meta\">\n            27 de febrero de 2026        <\/div>\n        \n        <div class=\"listing_details the_grid_view\">\n            Los compradores de propiedades extranjeros en Espa\u00f1a siguen dando forma al mercado inmobiliario en 2026, especialmente en las zonas costeras consolidadas. <a href=\"https:\/\/esentyaestate.com\/spa\/blog\/compradores-extranjeros-vivienda-espana-2026\/\" class=\"unit_more_x\">...<\/a>        <\/div>\n\n        <a class=\"read_more\" href=\"https:\/\/esentyaestate.com\/spa\/blog\/compradores-extranjeros-vivienda-espana-2026\/\"> \n            Sigue leyendo            <i class=\"fas fa-angle-right\"><\/i> \n        <\/a>\n    <\/div>          \n<\/div>  \n\n<div class=\"col-lg-4 col-12 col-sm-6 col-md-6    listing_wrapper blog2v\"> \n    <div class=\"blog_unit  property_listing_blog\" data-link=\"https:\/\/esentyaestate.com\/spa\/blog\/real-estate-investment-in-spain-2026\/\">\n        <div class=\"blog_unit_image\"><a href=\"https:\/\/esentyaestate.com\/spa\/blog\/real-estate-investment-in-spain-2026\/\"><img loading=\"lazy\" decoding=\"async\" width=\"525\" height=\"328\" src=\"https:\/\/esentyaestate.com\/wp-content\/uploads\/2026\/02\/real-estate-investment-spain-2026-525x328.webp\" class=\"lazyload img-responsive wp-post-image\" alt=\"Inversi\u00f3n inmobiliaria en Espa\u00f1a 2026 mercado residencial Costa Blanca\" data-original=\"https:\/\/esentyaestate.com\/wp-content\/uploads\/2026\/02\/real-estate-investment-spain-2026-525x328.webp\" srcset=\"https:\/\/esentyaestate.com\/wp-content\/uploads\/2026\/02\/real-estate-investment-spain-2026-525x328.webp 525w, https:\/\/esentyaestate.com\/wp-content\/uploads\/2026\/02\/real-estate-investment-spain-2026-18x12.webp 18w\" sizes=\"(max-width: 525px) 100vw, 525px\" \/><\/a><\/div>\n        <h4>\n            <a href=\"https:\/\/esentyaestate.com\/spa\/blog\/real-estate-investment-in-spain-2026\/\" class=\"blog_unit_title\">\n                Inversi\u00f3n inmobiliaria en Espa\u00f1a 2026: Liderando...            <\/a> \n        <\/h4>\n        \n        <div class=\"blog_unit_meta\">\n            20 de febrero de 2026        <\/div>\n        \n        <div class=\"listing_details the_grid_view\">\n            La inversi\u00f3n inmobiliaria en Espa\u00f1a 2026 ha posicionado al pa\u00eds como el mercado m\u00e1s atractivo de Europa, seg\u00fan  <a href=\"https:\/\/esentyaestate.com\/spa\/blog\/real-estate-investment-in-spain-2026\/\" class=\"unit_more_x\">...<\/a>        <\/div>\n\n        <a class=\"read_more\" href=\"https:\/\/esentyaestate.com\/spa\/blog\/real-estate-investment-in-spain-2026\/\"> \n            Sigue leyendo            <i class=\"fas fa-angle-right\"><\/i> \n        <\/a>\n    <\/div>          \n<\/div><\/div><\/div><\/div>\n    <script type=\"text\/javascript\">\n        \/\/<![CDATA[\n        jQuery(document).ready(function(){\n           wpestate_enble_slick_slider_list();\n        });\n        \/\/]]>\n    <\/script>\t\t\t\t<\/div>\n\t\t\t\t<\/div>\n\t\t\t\t<\/div>\n\t\t\t\t<\/div>\n\t\t\t\t<\/div>\n\t\t\t\t\t<\/div>\n\t\t\t\t<\/div>\n\t\t<div class=\"elementor-element elementor-element-6944aaa e-con-full e-flex elementor-invisible e-con e-parent\" data-id=\"6944aaa\" data-element_type=\"container\" id=\"Contact-v11\" data-settings=\"{&quot;background_background&quot;:&quot;classic&quot;,&quot;animation&quot;:&quot;slideInUp&quot;}\">\n\t\t<div class=\"elementor-element elementor-element-b49487a e-con-full e-flex e-con e-child\" data-id=\"b49487a\" data-element_type=\"container\" data-settings=\"{&quot;background_background&quot;:&quot;classic&quot;}\">\n\t\t\t\t<\/div>\n\t\t<div class=\"elementor-element elementor-element-17a77e4 e-con-full e-flex e-con e-child\" data-id=\"17a77e4\" data-element_type=\"container\" data-settings=\"{&quot;background_background&quot;:&quot;classic&quot;}\">\n\t\t\t\t<div class=\"elementor-element elementor-element-8e87017 elementor-invisible elementor-widget elementor-widget-heading\" data-id=\"8e87017\" data-element_type=\"widget\" data-settings=\"{&quot;_animation&quot;:&quot;fadeIn&quot;,&quot;_animation_delay&quot;:50}\" data-widget_type=\"heading.default\">\n\t\t\t\t\t<h2 class=\"elementor-heading-title elementor-size-default\">\u00bfEst\u00e1s pensando en vender? <br>Comience con una valoraci\u00f3n de propiedad gratuita<\/h2>\t\t\t\t<\/div>\n\t\t\t\t<div class=\"elementor-element elementor-element-1aed0e4 elementor-widget elementor-widget-text-editor\" data-id=\"1aed0e4\" data-element_type=\"widget\" data-widget_type=\"text-editor.default\">\n\t\t\t\t\t\t\t\t\t<p>Por favor completa el formulario de abajo y uno de nuestros agentes se pondr\u00e1 en contacto contigo en menos de 24 hs.<\/p>\t\t\t\t\t\t\t\t<\/div>\n\t\t\t\t<div class=\"elementor-element elementor-element-a3ab40c elementor-widget__width-initial elementor-invisible elementor-widget elementor-widget-WpResidence_Contact_Form\" data-id=\"a3ab40c\" data-element_type=\"widget\" data-settings=\"{&quot;_animation&quot;:&quot;fadeIn&quot;,&quot;_animation_delay&quot;:50}\" data-widget_type=\"WpResidence_Contact_Form.default\">\n\t\t\t\t<div class=\"elementor-widget-container\">\n\t\t\t\t\t<div class=\"wpestate_contact_form_parent shortcode_contact_form sh_form_align_left\">\n                <div class=\"alert-message\" id=\"footer_alert-agent-contact_sh\"><\/div><input style=\"color:#696969 !important;background:#FFFFFF !important;\" placeholder=\"Tu nombre\" required=\"required\" id=\"foot_contact_name_sh\" name=\"contact_name\" class=\"form-control\" type=\"text\"><input style=\"color:#696969 !important;background:#FFFFFF !important;\" placeholder=\"Tu correo electr\u00f3nico\" required=\"required\" id=\"foot_contact_email_sh\" name=\"contact_email\" class=\"form-control wpestate-form-control-sh\" type=\"email\"><input style=\"color:#696969 !important;background:#FFFFFF !important;\" placeholder=\"Su tel\u00e9fono\" required=\"required\" id=\"foot_contact_phone_sh\" name=\"contact_phone\" class=\"form-control wpestate-form-control-sh\" type=\"email\"><textarea style=\"color:#696969 !important;background:#FFFFFF !important;\" placeholder=\"Escriba su mensaje...\" required=\"required\" id=\"foot_contact_content_sh\" name=\"contact_content\" class=\"form-control wpestate-form-control-sh\" rows=\"4\"><\/textarea><input type=\"hidden\" name=\"contact_ajax_nonce\" id=\"agent_property_ajax_nonce\" value=\"4b4d41e06a\" \/>        <div class=\"gpr_wrapper\">\n            <input type=\"checkbox\" role=\"checkbox\" aria-checked=\"false\" \n                   id=\"wpestate_agree_gdpr\" \n                   class=\"wpestate_agree_gdpr\" \n                   name=\"wpestate_agree_gdpr\" \/>\n            <label class=\"wpestate_gdpr_label\" for=\"wpestate_agree_gdpr\">\n                Doy mi consentimiento para el \n                <a target=\"_blank\" href=\"https:\/\/esentyaestate.com\/spa\/\">\n                    T\u00e9rminos del RGPD                <\/a>\n            <\/label>\n        <\/div>\n        <div class=\"btn-cont\">\n                <button type=\"submit\" id=\"btn-cont-submit_sh\" class=\"wpresidence_button sh_but_1\">Enviar mensaje<\/button>\n                <input type=\"hidden\" value=\"\" name=\"contact_to\">\n                <div class=\"bottom-arrow\"><\/div>\n            <\/div>\n        <\/div><style>\n                .shortcode_contact_form textarea::-webkit-input-placeholder,\n                .shortcode_contact_form input::-webkit-input-placeholder {\n                    color: #696969 !important;\n                }\n            <\/style>\n            <script type=\"text\/javascript\">\n                jQuery(document).ready(function(){\n                    wpestate_contact_us_shortcode();\n                });\n            <\/script>\t\t\t\t<\/div>\n\t\t\t\t<\/div>\n\t\t\t\t<\/div>\n\t\t\t\t<\/div>\n\t\t\t\t<\/div>","protected":false},"excerpt":{"rendered":"<p>Comprar o Vender Propiedad en Espa\u00f1a \u2013 Costa Blanca y Costa C\u00e1lida \u00bfEst\u00e1 pensando en vender? Comienza con una valoraci\u00f3n de propiedad gratuita Asesoramiento profesional y de confianza AguilasAlfaz Del PiAlgorfaAlhama De MurciaAlicanteAlmoradiAlteaAspeAvilesesBa\u00f1os Y MendigoBenidormBenijofarBenissaBigastroCabo De PalosCalasparraCallosa D&#039;en SarriaCallosa De SeguraCalpeCartagenaCiudad QuesadaCoxDaya NuevaDeniaDoloresEl VergerEls PobletsFinestratFormentera Del SeguraFortunaFuente \u00c1lamoGran AlacantGuardamar Del SeguraHond\u00f3n De Las NievesJacarillaJ\u00e1veaLa Manga ClubLa Manga Del Mar MenorLa Nuc\u00edaLa RomanaLos Alc\u00e1zaresLos BelonesLos MontesinosLos NietosLos UrrutiasMonforte \u2026<\/p>","protected":false},"author":1,"featured_media":21128,"parent":0,"menu_order":0,"comment_status":"closed","ping_status":"closed","template":"elementor_header_footer","meta":{"inline_featured_image":false,"footnotes":""},"class_list":["post-18618","page","type-page","status-publish","has-post-thumbnail","hentry"],"_links":{"self":[{"href":"https:\/\/esentyaestate.com\/spa\/wp-json\/wp\/v2\/pages\/18618","targetHints":{"allow":["GET"]}}],"collection":[{"href":"https:\/\/esentyaestate.com\/spa\/wp-json\/wp\/v2\/pages"}],"about":[{"href":"https:\/\/esentyaestate.com\/spa\/wp-json\/wp\/v2\/types\/page"}],"author":[{"embeddable":true,"href":"https:\/\/esentyaestate.com\/spa\/wp-json\/wp\/v2\/users\/1"}],"replies":[{"embeddable":true,"href":"https:\/\/esentyaestate.com\/spa\/wp-json\/wp\/v2\/comments?post=18618"}],"version-history":[{"count":0,"href":"https:\/\/esentyaestate.com\/spa\/wp-json\/wp\/v2\/pages\/18618\/revisions"}],"wp:featuredmedia":[{"embeddable":true,"href":"https:\/\/esentyaestate.com\/spa\/wp-json\/wp\/v2\/media\/21128"}],"wp:attachment":[{"href":"https:\/\/esentyaestate.com\/spa\/wp-json\/wp\/v2\/media?parent=18618"}],"curies":[{"name":"wp","href":"https:\/\/api.w.org\/{rel}","templated":true}]}}