{"id":46208,"date":"2025-12-19T07:50:02","date_gmt":"2025-12-19T07:50:02","guid":{"rendered":"https:\/\/esentyaestate.com\/estate_property\/villa-en-els-poblets-ee6274\/"},"modified":"2026-03-21T06:48:49","modified_gmt":"2026-03-21T06:48:49","slug":"villa-en-els-poblets-ee6274","status":"publish","type":"estate_property","link":"https:\/\/esentyaestate.com\/sv\/estate_property\/villa-en-els-poblets-ee6274\/","title":{"rendered":"Villa in Els Poblets &#8211; EE6274"},"content":{"rendered":"<p>NYBYGGDA PARHUSVILLOR I ELS POBLETS<\/p>\n<p>Nybyggd utveckling kommer att ha 4 magnifika fastigheter med tr\u00e4dg\u00e5rdar, privat parkering och m\u00f6jlighet till en privat pool. I ett oslagbart l\u00e4ge intill stadens centrum, k\u00f6pcentrum och alla typer av tj\u00e4nster, kommer bost\u00e4der med tre sovrum, tv\u00e5 badrum med tr\u00e4dg\u00e5rd och solarium att byggas.<\/p>\n<p>Nybyggda parhusvillor byggda \u00f6ver 1 v\u00e5ning och har 3 sovrum, 2 badrum, k\u00f6k med \u00f6ppen planl\u00f6sning med vardagsrumsdelen, inbyggda garderober, privat tr\u00e4dg\u00e5rd med parkeringsplats utanf\u00f6r v\u00e4gen, privat solarium.<br \/>\nEtt alternativ f\u00f6r en privat pool mot en extra kostnad.<\/p>\n<p>Funktioner:<br \/>\n-Inbyggda fodrade garderober, f\u00f6rdelade med h\u00e4ngande bar, l\u00e5dor och LED-belysning inuti. <br \/>\n-Installation av linj\u00e4r LED-belysning i hela huset. <br \/>\n-Installation av luftkonditioneringskanaler i vardagsrum och sovrum (inklusive maskinen). <br \/>\n-USB-laddare i sovrummen. <br \/>\n-Installation av individuella fotovoltaiska paneler utan batteri p\u00e5 taket enligt f\u00f6reskrifterna. <br \/>\n-F\u00f6rinstallation av elbilsladdare. <br \/>\n-Armerad betongkonstruktion.<br \/>\n-Fasad med enskiktsfinish. <br \/>\n-PVC exteri\u00f6r snickeri med termisk brytning, dubbelglas med luftkammare av typen \u00a8Climalit\u00a8 och l\u00e5g emissivitet. <br \/>\n-Armerad entr\u00e9d\u00f6rr. <br \/>\n-Golv av porslin eller liknande, golvlisterna \u00e4r lackerade f\u00f6r att matcha de inv\u00e4ndiga snickerierna. <br \/>\n-Vertikala v\u00e4ggar i badrum och toaletter i porslin eller liknande. <br \/>\n-V\u00e4ggar i sl\u00e4t plastf\u00e4rg. <br \/>\n-K\u00f6k med h\u00f6g- och l\u00e5gsk\u00e5p, b\u00e4nkskiva av Silestone eller liknande utrustad med induktionsh\u00e4ll med integrerat ventilationssystem och elektrisk ugn. <br \/>\n-Upph\u00e4ngd sanitetsporslin i f\u00f6rglasad porslin med inbyggd cistern. <br \/>\n-Platta duschkar i harts, med duschv\u00e4ggar inklusive. <br \/>\n&#8211; Handfat med sk\u00e5p och spegel med inbyggd LED-belysning i alla badrum och toaletter. <br \/>\n-Blandare f\u00f6r vattenkranar. <br \/>\n-Innerd\u00f6rrar vitlackerade.<\/p>\n<p>Els Poblets ligger mellan Alicante och Valencia, 1 timme fr\u00e5n vardera flygplatsen.<\/p>\n<p>Els Poblets ligger p\u00e5 en sl\u00e4tt som bildas av alluviala jordar i Girona-floden. Det str\u00e4cker sig \u00f6ver cirka 1 km kustlinje vid Medelhavet och inneh\u00e5ller Almadrava-stranden.<\/p>\n<p>Med Denia och El Verger som grannar finns det 24 km fantastiska str\u00e4nder med bl\u00e5 flagga att v\u00e4lja mellan.<\/p>\n<p>Staden och stranden ligger cirka 1 km mellan varandra, d\u00e4r m\u00e5nga spanska kustst\u00e4der \u00e4r st\u00e4ngda p\u00e5 vintern, \u00e4r Els Poblets \u00f6ppet hela \u00e5ret med alla bekv\u00e4mligheter som barer, banker, butiker, restauranger, stormarknader, fris\u00f6rer och \u00e4r en v\u00e4nlig stad med blandade nationaliteter, fr\u00e4mst spanska med n\u00e5gra ex-pats.<\/p>\n","protected":false},"excerpt":{"rendered":"<p>NYBYGGDA PARHUSVILLOR I ELS POBLETS Nybyggd utveckling kommer att ha 4 magnifika fastigheter med tr\u00e4dg\u00e5rdar, privat parkering och m\u00f6jlighet till en privat pool. I ett oslagbart l\u00e4ge intill stadens centrum, k\u00f6pcentrum och alla typer av tj\u00e4nster, kommer bost\u00e4der med tre sovrum, tv\u00e5 badrum med tr\u00e4dg\u00e5rd och solarium att byggas. Nybyggda parhusvillor byggda \u00f6ver 1 v\u00e5ning och har 3 sovrum, 2 badrum, k\u00f6k med \u00f6ppen &#8230;<\/p>\n","protected":false},"featured_media":161478,"comment_status":"open","ping_status":"closed","template":"","property_category":[394],"property_action_category":[37],"property_city":[568],"property_area":[],"property_county_state":[475],"property_features":[670,99,669,102,100,101,92],"property_status":[286],"class_list":["post-46208","estate_property","type-estate_property","status-publish","has-post-thumbnail","hentry","property_category-villa","property_action_category-for-sale","property_city-els-poblets","property_county_state-costa-blanca-norte","property_features-air-conditioning-pre-installed","property_features-garage","property_features-garden","property_features-new-build","property_features-parking","property_features-solarium","property_features-terrace","property_status-new-build"],"_links":{"self":[{"href":"https:\/\/esentyaestate.com\/sv\/wp-json\/wp\/v2\/estate_property\/46208","targetHints":{"allow":["GET"]}}],"collection":[{"href":"https:\/\/esentyaestate.com\/sv\/wp-json\/wp\/v2\/estate_property"}],"about":[{"href":"https:\/\/esentyaestate.com\/sv\/wp-json\/wp\/v2\/types\/estate_property"}],"replies":[{"embeddable":true,"href":"https:\/\/esentyaestate.com\/sv\/wp-json\/wp\/v2\/comments?post=46208"}],"wp:featuredmedia":[{"embeddable":true,"href":"https:\/\/esentyaestate.com\/sv\/wp-json\/wp\/v2\/media\/161478"}],"wp:attachment":[{"href":"https:\/\/esentyaestate.com\/sv\/wp-json\/wp\/v2\/media?parent=46208"}],"wp:term":[{"taxonomy":"property_category","embeddable":true,"href":"https:\/\/esentyaestate.com\/sv\/wp-json\/wp\/v2\/property_category?post=46208"},{"taxonomy":"property_action_category","embeddable":true,"href":"https:\/\/esentyaestate.com\/sv\/wp-json\/wp\/v2\/property_action_category?post=46208"},{"taxonomy":"property_city","embeddable":true,"href":"https:\/\/esentyaestate.com\/sv\/wp-json\/wp\/v2\/property_city?post=46208"},{"taxonomy":"property_area","embeddable":true,"href":"https:\/\/esentyaestate.com\/sv\/wp-json\/wp\/v2\/property_area?post=46208"},{"taxonomy":"property_county_state","embeddable":true,"href":"https:\/\/esentyaestate.com\/sv\/wp-json\/wp\/v2\/property_county_state?post=46208"},{"taxonomy":"property_features","embeddable":true,"href":"https:\/\/esentyaestate.com\/sv\/wp-json\/wp\/v2\/property_features?post=46208"},{"taxonomy":"property_status","embeddable":true,"href":"https:\/\/esentyaestate.com\/sv\/wp-json\/wp\/v2\/property_status?post=46208"}],"curies":[{"name":"wp","href":"https:\/\/api.w.org\/{rel}","templated":true}]}}