{"id":93216,"date":"2026-01-02T09:56:25","date_gmt":"2026-01-02T09:56:25","guid":{"rendered":"https:\/\/esentyaestate.com\/?page_id=93216"},"modified":"2026-01-02T11:22:09","modified_gmt":"2026-01-02T11:22:09","slug":"buy-property-torrevieja-costa-blanca","status":"publish","type":"page","link":"https:\/\/esentyaestate.com\/sv\/buy-property-torrevieja-costa-blanca\/","title":{"rendered":"K\u00f6p en fastighet i Torrevieja"},"content":{"rendered":"<div data-elementor-type=\"wp-page\" data-elementor-id=\"93216\" class=\"elementor elementor-93216\" data-elementor-post-type=\"page\">\n\t\t\t\t<div class=\"elementor-element elementor-element-c8c310f e-flex e-con-boxed e-con e-parent\" data-id=\"c8c310f\" data-element_type=\"container\">\n\t\t\t\t\t<div class=\"e-con-inner\">\n\t\t\t\t<div class=\"elementor-element elementor-element-2c9407f elementor-widget elementor-widget-heading\" data-id=\"2c9407f\" data-element_type=\"widget\" data-widget_type=\"heading.default\">\n\t\t\t\t\t<h1 class=\"elementor-heading-title elementor-size-default\">Fastighet till salu i Torrevieja, Costa Blanca<\/h1>\t\t\t\t<\/div>\n\t\t\t\t<div class=\"elementor-element elementor-element-c189047 elementor-widget elementor-widget-text-editor\" data-id=\"c189047\" data-element_type=\"widget\" data-widget_type=\"text-editor.default\">\n\t\t\t\t\t\t\t\t\t<p data-start=\"314\" data-end=\"724\"><strong data-start=\"314\" data-end=\"358\">Letar du efter att k\u00f6pa en fastighet i Torrevieja?<\/strong> Denna vackra kuststad p\u00e5 Spaniens Costa Blanca \u00e4r ett popul\u00e4rt resm\u00e5l f\u00f6r internationella k\u00f6pare som s\u00f6ker en solig livsstil, bra fastighetserbjudanden och utm\u00e4rkt livskvalitet. Oavsett om du \u00e4r intresserad av en modern... <strong data-start=\"575\" data-end=\"594\">nybyggd villa<\/strong> eller en v\u00e4lplacerad <strong data-start=\"613\" data-end=\"633\">andrahandsl\u00e4genhet<\/strong>Torrevieja erbjuder gott om fastighetsm\u00f6jligheter som passar alla budgetar och livsstilar.<\/p><p data-start=\"726\" data-end=\"1058\">Med mer \u00e4n 300 soldagar om \u00e5ret, vackra str\u00e4nder och ett v\u00e4lkomnande expat-samh\u00e4lle \u00e4r Torrevieja idealiskt f\u00f6r b\u00e5de fritidshus och permanent boende. Dess n\u00e4rhet till Alicantes internationella flygplats och tillg\u00e5ng till sjukv\u00e5rd, shopping och internationella skolor g\u00f6r det till ett smart val f\u00f6r familjer, pension\u00e4rer och investerare.<\/p>\t\t\t\t\t\t\t\t<\/div>\n\t\t\t\t\t<\/div>\n\t\t\t\t<\/div>\n\t\t<div class=\"elementor-element elementor-element-34351b5 e-flex e-con-boxed e-con e-parent\" data-id=\"34351b5\" data-element_type=\"container\">\n\t\t\t\t\t<div class=\"e-con-inner\">\n\t\t\t\t<div class=\"elementor-element elementor-element-1db6096 elementor-widget elementor-widget-WpResidence_Advanced_Search\" data-id=\"1db6096\" data-element_type=\"widget\" data-widget_type=\"WpResidence_Advanced_Search.default\">\n\t\t\t\t<div class=\"elementor-widget-container\">\n\t\t\t\t\t<h2 class=\"shortcode_title_adv\"><\/h2><div class=\"advanced_search_shortcode\" id=\"advanced_search_shortcode\">\n        <form role=\"search\" method=\"get\" class=\"row  gx-2 gy-2\"   action=\"https:\/\/esentyaestate.com\/sv\/advanced-search\/\" data-trp-original-action=\"https:\/\/esentyaestate.com\/sv\/advanced-search\/\" ><div class=\"col-md-3 keyword\"><input type=\"text\" id=\"shortcode-reference\"  name=\"reference\" placeholder=\"H\u00e4nvisning\" value=\"\" class=\"advanced_select form-control\" ><\/div><div class=\"col-md-3 cities\"><select class=\"form-control  wpestatemultiselectselectpicker\" multiple xx3\n name=\"advanced_city[]\"\n        id=\"shortcode-advanced_city\"\n        title=\"Stad\" \n        data-live-search=\"&quot;true&quot;\" \n        data-selected-text-format=\"count\"\n        data-count-selected-text=\"{0} items selected\"\n        data-select-all-text=\"Select All\"\n        data-deselect-all-text=\"Select None\"\n        data-actions-box=\"true\"\n        aria-labelledby=\"shortcode-advanced_city\">\n        <option role=\"presentation\" value=\"aguilas\" data-taxonomy=\"cities\" \n                                       data-parent-value=\"costa-calida\" data-value=\"aguilas\" >\u00c1guilas<\/option><option role=\"presentation\" value=\"alfaz-del-pi\" data-taxonomy=\"cities\" \n                                       data-parent-value=\"costa-blanca-norte\" data-value=\"alfaz-del-pi\" >Alfaz Del Pi<\/option><option role=\"presentation\" value=\"algorfa\" data-taxonomy=\"cities\" \n                                       data-parent-value=\"costa-blanca-sur\" data-value=\"algorfa\" >Algorfa<\/option><option role=\"presentation\" value=\"alhama-de-murcia\" data-taxonomy=\"cities\" \n                                       data-parent-value=\"costa-calida\" data-value=\"alhama-de-murcia\" >Alhama de Murcia<\/option><option role=\"presentation\" value=\"alicante\" data-taxonomy=\"cities\" \n                                       data-parent-value=\"costa-blanca-sur\" data-value=\"alicante\" >Alicante<\/option><option role=\"presentation\" value=\"almoradi\" data-taxonomy=\"cities\" \n                                       data-parent-value=\"costa-blanca-sur\" data-value=\"almoradi\" >Almoradi<\/option><option role=\"presentation\" value=\"altea\" data-taxonomy=\"cities\" \n                                       data-parent-value=\"costa-blanca-norte\" data-value=\"altea\" >Altea<\/option><option role=\"presentation\" value=\"aspe\" data-taxonomy=\"cities\" \n                                       data-parent-value=\"costa-blanca-sur\" data-value=\"aspe\" >Aspe<\/option><option role=\"presentation\" value=\"avileses\" data-taxonomy=\"cities\" \n                                       data-parent-value=\"costa-calida\" data-value=\"avileses\" >Avileses<\/option><option role=\"presentation\" value=\"banos-y-mendigo\" data-taxonomy=\"cities\" \n                                       data-parent-value=\"costa-calida\" data-value=\"banos-y-mendigo\" >Badrummen och Mendigo<\/option><option role=\"presentation\" value=\"benidorm\" data-taxonomy=\"cities\" \n                                       data-parent-value=\"costa-blanca-norte\" data-value=\"benidorm\" >Benidorm<\/option><option role=\"presentation\" value=\"benijofar\" data-taxonomy=\"cities\" \n                                       data-parent-value=\"costa-blanca-sur\" data-value=\"benijofar\" >Benijofar<\/option><option role=\"presentation\" value=\"benissa\" data-taxonomy=\"cities\" \n                                       data-parent-value=\"costa-blanca-norte\" data-value=\"benissa\" >Benissa<\/option><option role=\"presentation\" value=\"benitachell\" data-taxonomy=\"cities\" \n                                       data-parent-value=\"costa-blanca-norte\" data-value=\"benitachell\" >Benitachell<\/option><option role=\"presentation\" value=\"bigastro\" data-taxonomy=\"cities\" \n                                       data-parent-value=\"costa-blanca-sur\" data-value=\"bigastro\" >Bigastro<\/option><option role=\"presentation\" value=\"cabo-de-palos\" data-taxonomy=\"cities\" \n                                       data-parent-value=\"costa-calida\" data-value=\"cabo-de-palos\" >Cabo de Palos<\/option><option role=\"presentation\" value=\"calasparra\" data-taxonomy=\"cities\" \n                                       data-parent-value=\"costa-calida\" data-value=\"calasparra\" >Calasparra<\/option><option role=\"presentation\" value=\"calpe\" data-taxonomy=\"cities\" \n                                       data-parent-value=\"costa-blanca-norte\" data-value=\"calpe\" >Calpe<\/option><option role=\"presentation\" value=\"cartagena\" data-taxonomy=\"cities\" \n                                       data-parent-value=\"costa-calida\" data-value=\"cartagena\" >Cartagena<\/option><option role=\"presentation\" value=\"ciudad-quesada\" data-taxonomy=\"cities\" \n                                       data-parent-value=\"costa-blanca-sur\" data-value=\"ciudad-quesada\" >Ciudad Quesada<\/option><option role=\"presentation\" value=\"cox\" data-taxonomy=\"cities\" \n                                       data-parent-value=\"costa-blanca-sur\" data-value=\"cox\" >Cox<\/option><option role=\"presentation\" value=\"daya-nueva\" data-taxonomy=\"cities\" \n                                       data-parent-value=\"costa-blanca-sur\" data-value=\"daya-nueva\" >Daya Nueva<\/option><option role=\"presentation\" value=\"denia\" data-taxonomy=\"cities\" \n                                       data-parent-value=\"costa-blanca-norte\" data-value=\"denia\" >D\u00e9nia<\/option><option role=\"presentation\" value=\"dolores\" data-taxonomy=\"cities\" \n                                       data-parent-value=\"costa-blanca-sur\" data-value=\"dolores\" >Dolores<\/option><option role=\"presentation\" value=\"el-campello\" data-taxonomy=\"cities\" \n                                       data-parent-value=\"costa-blanca-sur\" data-value=\"el-campello\" >El Campello<\/option><option role=\"presentation\" value=\"el-verger\" data-taxonomy=\"cities\" \n                                       data-parent-value=\"costa-blanca-norte\" data-value=\"el-verger\" >El Verger<\/option><option role=\"presentation\" value=\"els-poblets\" data-taxonomy=\"cities\" \n                                       data-parent-value=\"costa-blanca-norte\" data-value=\"els-poblets\" >Els Poblets<\/option><option role=\"presentation\" value=\"finestrat\" data-taxonomy=\"cities\" \n                                       data-parent-value=\"costa-blanca-norte\" data-value=\"finestrat\" >Finestrat<\/option><option role=\"presentation\" value=\"formentera-del-segura\" data-taxonomy=\"cities\" \n                                       data-parent-value=\"costa-blanca-sur\" data-value=\"formentera-del-segura\" >Formentera Del Segura<\/option><option role=\"presentation\" value=\"fortuna\" data-taxonomy=\"cities\" \n                                       data-parent-value=\"costa-calida\" data-value=\"fortuna\" >Fortuna<\/option><option role=\"presentation\" value=\"fuente-alamo\" data-taxonomy=\"cities\" \n                                       data-parent-value=\"costa-calida\" data-value=\"fuente-alamo\" >Fuente \u00c1lamo<\/option><option role=\"presentation\" value=\"gran-alacant\" data-taxonomy=\"cities\" \n                                       data-parent-value=\"costa-blanca-sur\" data-value=\"gran-alacant\" >Gran Alacant<\/option><option role=\"presentation\" value=\"guardamar-del-segura\" data-taxonomy=\"cities\" \n                                       data-parent-value=\"costa-blanca-sur\" data-value=\"guardamar-del-segura\" >Guardamar Del Segura<\/option><option role=\"presentation\" value=\"hondon-de-las-nieves\" data-taxonomy=\"cities\" \n                                       data-parent-value=\"costa-blanca-norte\" data-value=\"hondon-de-las-nieves\" >Hond\u00f3n de las Nieves<\/option><option role=\"presentation\" value=\"jacarilla\" data-taxonomy=\"cities\" \n                                       data-parent-value=\"otros\" data-value=\"jacarilla\" >Jacarilla<\/option><option role=\"presentation\" value=\"javea\" data-taxonomy=\"cities\" \n                                       data-parent-value=\"costa-blanca-norte\" data-value=\"javea\" >J\u00e1vea<\/option><option role=\"presentation\" value=\"la-manga-club\" data-taxonomy=\"cities\" \n                                       data-parent-value=\"costa-calida\" data-value=\"la-manga-club\" >La Manga Club<\/option><option role=\"presentation\" value=\"la-manga-del-mar-menor\" data-taxonomy=\"cities\" \n                                       data-parent-value=\"costa-calida\" data-value=\"la-manga-del-mar-menor\" >La Manga Del Mar Menor<\/option><option role=\"presentation\" value=\"la-nucia\" data-taxonomy=\"cities\" \n                                       data-parent-value=\"costa-blanca-sur\" data-value=\"la-nucia\" >La Nuc\u00eda<\/option><option role=\"presentation\" value=\"la-romana\" data-taxonomy=\"cities\" \n                                       data-parent-value=\"costa-blanca-sur\" data-value=\"la-romana\" >La Romana<\/option><option role=\"presentation\" value=\"los-alcazares\" data-taxonomy=\"cities\" \n                                       data-parent-value=\"costa-calida\" data-value=\"los-alcazares\" >Los Alc\u00e1zares<\/option><option role=\"presentation\" value=\"los-montesinos\" data-taxonomy=\"cities\" \n                                       data-parent-value=\"costa-blanca-sur\" data-value=\"los-montesinos\" >Los Montesinos<\/option><option role=\"presentation\" value=\"los-nietos\" data-taxonomy=\"cities\" \n                                       data-parent-value=\"costa-calida\" data-value=\"los-nietos\" >Los Nietos<\/option><option role=\"presentation\" value=\"los-urrutias\" data-taxonomy=\"cities\" \n                                       data-parent-value=\"costa-calida\" data-value=\"los-urrutias\" >Los Urrutias<\/option><option role=\"presentation\" value=\"mil-palmeras\" data-taxonomy=\"cities\" \n                                       data-parent-value=\"costa-blanca-sur\" data-value=\"mil-palmeras\" >Mil Palmeras<\/option><option role=\"presentation\" value=\"monforte-del-cid\" data-taxonomy=\"cities\" \n                                       data-parent-value=\"costa-blanca-sur\" data-value=\"monforte-del-cid\" >Monforte Del Cid<\/option><option role=\"presentation\" value=\"moraira\" data-taxonomy=\"cities\" \n                                       data-parent-value=\"costa-blanca-norte\" data-value=\"moraira\" >Moraira<\/option><option role=\"presentation\" value=\"moratalla\" data-taxonomy=\"cities\" \n                                       data-parent-value=\"costa-calida\" data-value=\"moratalla\" >Moratalla<\/option><option role=\"presentation\" value=\"mutxamel\" data-taxonomy=\"cities\" \n                                       data-parent-value=\"costa-blanca-norte\" data-value=\"mutxamel\" >Mutxamel<\/option><option role=\"presentation\" value=\"orihuela\" data-taxonomy=\"cities\" \n                                       data-parent-value=\"costa-blanca-sur\" data-value=\"orihuela\" >Orihuela<\/option><option role=\"presentation\" value=\"orihuela-costa\" data-taxonomy=\"cities\" \n                                       data-parent-value=\"costa-blanca-sur\" data-value=\"orihuela-costa\" >Orihuela Costa<\/option><option role=\"presentation\" value=\"penaguila\" data-taxonomy=\"cities\" \n                                       data-parent-value=\"costa-blanca-norte\" data-value=\"penaguila\" >Penaguila<\/option><option role=\"presentation\" value=\"pilar-de-la-horadada\" data-taxonomy=\"cities\" \n                                       data-parent-value=\"costa-blanca-sur\" data-value=\"pilar-de-la-horadada\" >Pilar de la Horadada<\/option><option role=\"presentation\" value=\"pinoso\" data-taxonomy=\"cities\" \n                                       data-parent-value=\"costa-blanca-norte\" data-value=\"pinoso\" >Pinoso<\/option><option role=\"presentation\" value=\"polop\" data-taxonomy=\"cities\" \n                                       data-parent-value=\"costa-blanca-norte\" data-value=\"polop\" >Polop<\/option><option role=\"presentation\" value=\"rojales\" data-taxonomy=\"cities\" \n                                       data-parent-value=\"costa-blanca-sur\" data-value=\"rojales\" >Rojales<\/option><option role=\"presentation\" value=\"san-fulgencio\" data-taxonomy=\"cities\" \n                                       data-parent-value=\"costa-blanca-sur\" data-value=\"san-fulgencio\" >San Fulgencio<\/option><option role=\"presentation\" value=\"san-javier\" data-taxonomy=\"cities\" \n                                       data-parent-value=\"costa-calida\" data-value=\"san-javier\" >San Javier<\/option><option role=\"presentation\" value=\"san-juan-de-alicante\" data-taxonomy=\"cities\" \n                                       data-parent-value=\"costa-blanca-norte\" data-value=\"san-juan-de-alicante\" >San Juan de Alicante<\/option><option role=\"presentation\" value=\"san-juan-de-los-terreros\" data-taxonomy=\"cities\" \n                                       data-parent-value=\"costa-del-sol\" data-value=\"san-juan-de-los-terreros\" >San Juan de los Terreros<\/option><option role=\"presentation\" value=\"san-miguel-de-salinas\" data-taxonomy=\"cities\" \n                                       data-parent-value=\"costa-blanca-sur\" data-value=\"san-miguel-de-salinas\" >San Miguel de Salinas<\/option><option role=\"presentation\" value=\"san-pedro-del-pinatar\" data-taxonomy=\"cities\" \n                                       data-parent-value=\"costa-calida\" data-value=\"san-pedro-del-pinatar\" >San Pedro del Pinatar<\/option><option role=\"presentation\" value=\"santa-pola\" data-taxonomy=\"cities\" \n                                       data-parent-value=\"costa-blanca-sur\" data-value=\"santa-pola\" >Santa Pola<\/option><option role=\"presentation\" value=\"santiago-de-la-ribera\" data-taxonomy=\"cities\" \n                                       data-parent-value=\"costa-calida\" data-value=\"santiago-de-la-ribera\" >Santiago de la Ribera<\/option><option role=\"presentation\" value=\"sucina\" data-taxonomy=\"cities\" \n                                       data-parent-value=\"costa-calida\" data-value=\"sucina\" >Sucina<\/option><option role=\"presentation\" value=\"torre-de-la-horadada\" data-taxonomy=\"cities\" \n                                       data-parent-value=\"costa-blanca-sur\" data-value=\"torre-de-la-horadada\" >Torre de la Horadada<\/option><option role=\"presentation\" value=\"torre-pacheco\" data-taxonomy=\"cities\" \n                                       data-parent-value=\"costa-calida\" data-value=\"torre-pacheco\" >Torre Pacheco<\/option><option role=\"presentation\" value=\"torrevieja\" data-taxonomy=\"cities\" \n                                       data-parent-value=\"costa-blanca-sur\" data-value=\"torrevieja\" >Torrevieja<\/option><option role=\"presentation\" value=\"vera\" data-taxonomy=\"cities\" \n                                       data-parent-value=\"costa-del-sol\" data-value=\"vera\" >Vera<\/option><option role=\"presentation\" value=\"villajoyosa\" data-taxonomy=\"cities\" \n                                       data-parent-value=\"costa-blanca-norte\" data-value=\"villajoyosa\" >Villajoyosa<\/option><option role=\"presentation\" value=\"yecla\" data-taxonomy=\"cities\" \n                                       data-parent-value=\"costa-calida\" data-value=\"yecla\" >Yecla<\/option>\n    <\/select><\/div><div class=\"col-md-3 areas\"><select class=\"form-control  wpestatemultiselectselectpicker\" multiple xx3\n name=\"advanced_area[]\"\n        id=\"shortcode-advanced_area\"\n        title=\"Zon\" \n        data-live-search=\"&quot;true&quot;\" \n        data-selected-text-format=\"count\"\n        data-count-selected-text=\"{0} items selected\"\n        data-select-all-text=\"Select All\"\n        data-deselect-all-text=\"Select None\"\n        data-actions-box=\"true\"\n        aria-labelledby=\"shortcode-advanced_area\">\n        <option role=\"presentation\" value=\"acequion\" data-taxonomy=\"areas\" \n                                       data-parent-value=\"torrevieja\" data-value=\"acequion\" >Acequi\u00f3n<\/option><option role=\"presentation\" value=\"aguamarina\" data-taxonomy=\"areas\" \n                                       data-parent-value=\"orihuela-costa\" data-value=\"aguamarina\" >Aguamarina<\/option><option role=\"presentation\" value=\"aguas-nuevas\" data-taxonomy=\"areas\" \n                                       data-parent-value=\"torrevieja\" data-value=\"aguas-nuevas\" >Aguas Nuevas<\/option><option role=\"presentation\" value=\"alberca\" data-taxonomy=\"areas\" \n                                       data-parent-value=\"polop\" data-value=\"alberca\" >Alberca<\/option><option role=\"presentation\" value=\"albir\" data-taxonomy=\"areas\" \n                                       data-parent-value=\"alfaz-del-pi\" data-value=\"albir\" >Albir<\/option><option role=\"presentation\" value=\"albufereta\" data-taxonomy=\"areas\" \n                                       data-parent-value=\"alicante\" data-value=\"albufereta\" >Albufereta<\/option><option role=\"presentation\" value=\"alenda-golf\" data-taxonomy=\"areas\" \n                                       data-parent-value=\"monforte-del-cid\" data-value=\"alenda-golf\" >Alenda Golf<\/option><option role=\"presentation\" value=\"altaona-golf-and-country-village\" data-taxonomy=\"areas\" \n                                       data-parent-value=\"banos-y-mendigo\" data-value=\"altaona-golf-and-country-village\" >Altaona Golf och Country Village<\/option><option role=\"presentation\" value=\"altos-de-la-marquesa\" data-taxonomy=\"areas\" \n                                       data-parent-value=\"rojales\" data-value=\"altos-de-la-marquesa\" >Altos De La Marquesa<\/option><option role=\"presentation\" value=\"atalaya-park\" data-taxonomy=\"areas\" \n                                       data-parent-value=\"rojales\" data-value=\"atalaya-park\" >Atalayaparken<\/option><option role=\"presentation\" value=\"avileses\" data-taxonomy=\"areas\" \n                                       data-parent-value=\"avileses\" data-value=\"avileses\" >Avileses<\/option><option role=\"presentation\" value=\"balcon-de-finestrat\" data-taxonomy=\"areas\" \n                                       data-parent-value=\"finestrat\" data-value=\"balcon-de-finestrat\" >Balc\u00f3n de Finestrat<\/option><option role=\"presentation\" value=\"balsicas\" data-taxonomy=\"areas\" \n                                       data-parent-value=\"torre-pacheco\" data-value=\"balsicas\" >Balsicas<\/option><option role=\"presentation\" value=\"batistes\" data-taxonomy=\"areas\" \n                                       data-parent-value=\"la-romana\" data-value=\"batistes\" >Batister<\/option><option role=\"presentation\" value=\"benijofar\" data-taxonomy=\"areas\" \n                                       data-parent-value=\"benijofar\" data-value=\"benijofar\" >Benij\u00f3far<\/option><option role=\"presentation\" value=\"bigastro\" data-taxonomy=\"areas\" \n                                       data-parent-value=\"bigastro\" data-value=\"bigastro\" >Bigastro<\/option><option role=\"presentation\" value=\"blue-lagoon\" data-taxonomy=\"areas\" \n                                       data-parent-value=\"san-miguel-de-salinas\" data-value=\"blue-lagoon\" >Bl\u00e5 lagunen<\/option><option role=\"presentation\" value=\"bonalba-cotoveta\" data-taxonomy=\"areas\" \n                                       data-parent-value=\"mutxamel\" data-value=\"bonalba-cotoveta\" >Bonalba - Cotoveta<\/option><option role=\"presentation\" value=\"cabo-cervera\" data-taxonomy=\"areas\" \n                                       data-parent-value=\"torrevieja\" data-value=\"cabo-cervera\" >Cabo Cervera<\/option><option role=\"presentation\" value=\"cabo-roig\" data-taxonomy=\"areas\" \n                                       data-parent-value=\"orihuela-costa\" data-value=\"cabo-roig\" >Cabo Roig<\/option><option role=\"presentation\" value=\"cala-de-finestrat\" data-taxonomy=\"areas\" \n                                       data-parent-value=\"finestrat\" data-value=\"cala-de-finestrat\" >Cala de Finestrat<\/option><option role=\"presentation\" value=\"calas-blancas\" data-taxonomy=\"areas\" \n                                       data-parent-value=\"torrevieja\" data-value=\"calas-blancas\" >Calas Blancas<\/option><option role=\"presentation\" value=\"camino-del-prado\" data-taxonomy=\"areas\" \n                                       data-parent-value=\"pinoso\" data-value=\"camino-del-prado\" >Pradov\u00e4gen<\/option><option role=\"presentation\" value=\"campana-garden\" data-taxonomy=\"areas\" \n                                       data-parent-value=\"finestrat\" data-value=\"campana-garden\" >Campana-tr\u00e4dg\u00e5rden<\/option><option role=\"presentation\" value=\"campo\" data-taxonomy=\"areas\" \n                                       data-parent-value=\"pinoso\" data-value=\"campo\" >Campo<\/option><option role=\"presentation\" value=\"campoamor\" data-taxonomy=\"areas\" \n                                       data-parent-value=\"orihuela-costa\" data-value=\"campoamor\" >Campoamor<\/option><option role=\"presentation\" value=\"canada-del-molino\" data-taxonomy=\"areas\" \n                                       data-parent-value=\"torrevieja\" data-value=\"canada-del-molino\" >Ca\u00f1ada Del Molino<\/option><option role=\"presentation\" value=\"carolinas-bajas\" data-taxonomy=\"areas\" \n                                       data-parent-value=\"alicante\" data-value=\"carolinas-bajas\" >Carolinas Bajas<\/option><option role=\"presentation\" value=\"castillo-de-montemar\" data-taxonomy=\"areas\" \n                                       data-parent-value=\"algorfa\" data-value=\"castillo-de-montemar\" >Castillo de Montemar<\/option><option role=\"presentation\" value=\"centro\" data-taxonomy=\"areas\" \n                                       data-parent-value=\"alicante\" data-value=\"centro\" >Centrum<\/option><option role=\"presentation\" value=\"cerro-del-sol\" data-taxonomy=\"areas\" \n                                       data-parent-value=\"san-miguel-de-salinas\" data-value=\"cerro-del-sol\" >Cerro Del Sol<\/option><option role=\"presentation\" value=\"ciudad-quesada\" data-taxonomy=\"areas\" \n                                       data-parent-value=\"ciudad-quesada\" data-value=\"ciudad-quesada\" >Ciudad Quesada<\/option><option role=\"presentation\" value=\"condado-de-alhama\" data-taxonomy=\"areas\" \n                                       data-parent-value=\"alhama-de-murcia\" data-value=\"condado-de-alhama\" >Condado de Alhama<\/option><option role=\"presentation\" value=\"condado-de-alhama-golf-resort\" data-taxonomy=\"areas\" \n                                       data-parent-value=\"alhama-de-murcia\" data-value=\"condado-de-alhama-golf-resort\" >Condado De Alhama Golf Resort<\/option><option role=\"presentation\" value=\"correntias-medias\" data-taxonomy=\"areas\" \n                                       data-parent-value=\"orihuela\" data-value=\"correntias-medias\" >Corrent\u00edas Medias<\/option><option role=\"presentation\" value=\"costa-calida\" data-taxonomy=\"areas\" \n                                       data-parent-value=\"san-pedro-del-pinatar\" data-value=\"costa-calida\" >Costa C\u00e1lida<\/option><option role=\"presentation\" value=\"coto-rinales\" data-taxonomy=\"areas\" \n                                       data-parent-value=\"calasparra\" data-value=\"coto-rinales\" >Coto Ri\u00f1ales<\/option><option role=\"presentation\" value=\"cucarres\" data-taxonomy=\"areas\" \n                                       data-parent-value=\"calpe\" data-value=\"cucarres\" >Cucarres<\/option><option role=\"presentation\" value=\"daya-nueva\" data-taxonomy=\"areas\" \n                                       data-parent-value=\"daya-nueva\" data-value=\"daya-nueva\" >Daya Nueva<\/option><option role=\"presentation\" value=\"dehesa-de-campoamor\" data-taxonomy=\"areas\" \n                                       data-parent-value=\"orihuela-costa\" data-value=\"dehesa-de-campoamor\" >Dehesa De Campoamor<\/option><option role=\"presentation\" value=\"dolores-de-pacheco\" data-taxonomy=\"areas\" \n                                       data-parent-value=\"torre-pacheco\" data-value=\"dolores-de-pacheco\" >Dolores De Pacheco<\/option><option role=\"presentation\" value=\"dona-pepa\" data-taxonomy=\"areas\" \n                                       data-parent-value=\"ciudad-quesada\" data-value=\"dona-pepa\" >Do\u00f1a Pepa<\/option><option role=\"presentation\" value=\"el-acequion-los-naufragos\" data-taxonomy=\"areas\" \n                                       data-parent-value=\"torrevieja\" data-value=\"el-acequion-los-naufragos\" >El Acequi\u00f3n - Los N\u00e1ufragos<\/option><option role=\"presentation\" value=\"el-oasis\" data-taxonomy=\"areas\" \n                                       data-parent-value=\"san-fulgencio\" data-value=\"el-oasis\" >El Oasis<\/option><option role=\"presentation\" value=\"el-raso\" data-taxonomy=\"areas\" \n                                       data-parent-value=\"guardamar-del-segura\" data-value=\"el-raso\" >El Raso<\/option><option role=\"presentation\" value=\"el-salero\" data-taxonomy=\"areas\" \n                                       data-parent-value=\"san-pedro-del-pinatar\" data-value=\"el-salero\" >El Salero<\/option><option role=\"presentation\" value=\"el-verger\" data-taxonomy=\"areas\" \n                                       data-parent-value=\"el-verger\" data-value=\"el-verger\" >El Verger<\/option><option role=\"presentation\" value=\"estrella-de-mar\" data-taxonomy=\"areas\" \n                                       data-parent-value=\"los-urrutias\" data-value=\"estrella-de-mar\" >Estrella de Mar<\/option><option role=\"presentation\" value=\"finestrat\" data-taxonomy=\"areas\" \n                                       data-parent-value=\"finestrat\" data-value=\"finestrat\" >Finestrat<\/option><option role=\"presentation\" value=\"finestrat-urbanizaciones\" data-taxonomy=\"areas\" \n                                       data-parent-value=\"finestrat\" data-value=\"finestrat-urbanizaciones\" >Finestrat Urbanisationer<\/option><option role=\"presentation\" value=\"font-del-llop\" data-taxonomy=\"areas\" \n                                       data-parent-value=\"monforte-del-cid\" data-value=\"font-del-llop\" >Font Del Llop<\/option><option role=\"presentation\" value=\"gran-alacant\" data-taxonomy=\"areas\" \n                                       data-parent-value=\"gran-alacant\" data-value=\"gran-alacant\" >Gran Alacant<\/option><option role=\"presentation\" value=\"guardamar-del-segura\" data-taxonomy=\"areas\" \n                                       data-parent-value=\"guardamar-del-segura\" data-value=\"guardamar-del-segura\" >Guardamar Del Segura<\/option><option role=\"presentation\" value=\"isla-del-fraile\" data-taxonomy=\"areas\" \n                                       data-parent-value=\"aguilas\" data-value=\"isla-del-fraile\" >Isla Del Fraile<\/option><option role=\"presentation\" value=\"jardin-del-mar\" data-taxonomy=\"areas\" \n                                       data-parent-value=\"torrevieja\" data-value=\"jardin-del-mar\" >Jard\u00edn Del Mar<\/option><option role=\"presentation\" value=\"km-17\" data-taxonomy=\"areas\" \n                                       data-parent-value=\"la-manga-del-mar-menor\" data-value=\"km-17\" >Km 17<\/option><option role=\"presentation\" value=\"la-finca-golf\" data-taxonomy=\"areas\" \n                                       data-parent-value=\"algorfa\" data-value=\"la-finca-golf\" >La Finca Golf<\/option><option role=\"presentation\" value=\"la-florida\" data-taxonomy=\"areas\" \n                                       data-parent-value=\"orihuela-costa\" data-value=\"la-florida\" >Florida<\/option><option role=\"presentation\" value=\"la-fustera\" data-taxonomy=\"areas\" \n                                       data-parent-value=\"benissa\" data-value=\"la-fustera\" >La Fustera<\/option><option role=\"presentation\" value=\"la-herrada\" data-taxonomy=\"areas\" \n                                       data-parent-value=\"los-montesinos\" data-value=\"la-herrada\" >La Herrada<\/option><option role=\"presentation\" value=\"la-manga-del-mar-menor\" data-taxonomy=\"areas\" \n                                       data-parent-value=\"la-manga-del-mar-menor\" data-value=\"la-manga-del-mar-menor\" >La Manga Del Mar Menor<\/option><option role=\"presentation\" value=\"la-marina\" data-taxonomy=\"areas\" \n                                       data-parent-value=\"santa-pola\" data-value=\"la-marina\" >La Marina<\/option><option role=\"presentation\" value=\"la-marquesa-golf\" data-taxonomy=\"areas\" \n                                       data-parent-value=\"rojales\" data-value=\"la-marquesa-golf\" >La Marquesa Golf<\/option><option role=\"presentation\" value=\"la-mata\" data-taxonomy=\"areas\" \n                                       data-parent-value=\"torrevieja\" data-value=\"la-mata\" >La Mata<\/option><option role=\"presentation\" value=\"la-nucia\" data-taxonomy=\"areas\" \n                                       data-parent-value=\"la-nucia\" data-value=\"la-nucia\" >La Nuc\u00eda<\/option><option role=\"presentation\" value=\"la-pinilla\" data-taxonomy=\"areas\" \n                                       data-parent-value=\"fuente-alamo\" data-value=\"la-pinilla\" >La Pinilla<\/option><option role=\"presentation\" value=\"la-regia\" data-taxonomy=\"areas\" \n                                       data-parent-value=\"orihuela-costa\" data-value=\"la-regia\" >La Regia<\/option><option role=\"presentation\" value=\"la-romana\" data-taxonomy=\"areas\" \n                                       data-parent-value=\"la-romana\" data-value=\"la-romana\" >La Romana<\/option><option role=\"presentation\" value=\"la-siesta\" data-taxonomy=\"areas\" \n                                       data-parent-value=\"torrevieja\" data-value=\"la-siesta\" >La Siesta<\/option><option role=\"presentation\" value=\"la-veleta\" data-taxonomy=\"areas\" \n                                       data-parent-value=\"torrevieja\" data-value=\"la-veleta\" >La Veleta<\/option><option role=\"presentation\" value=\"la-zenia\" data-taxonomy=\"areas\" \n                                       data-parent-value=\"orihuela-costa\" data-value=\"la-zenia\" >La Zenia<\/option><option role=\"presentation\" value=\"las-colinas-golf\" data-taxonomy=\"areas\" \n                                       data-parent-value=\"orihuela-costa\" data-value=\"las-colinas-golf\" >Las Colinas Golf<\/option><option role=\"presentation\" value=\"las-esperanzas\" data-taxonomy=\"areas\" \n                                       data-parent-value=\"san-pedro-del-pinatar\" data-value=\"las-esperanzas\" >Las Esperanzas<\/option><option role=\"presentation\" value=\"las-filipinas\" data-taxonomy=\"areas\" \n                                       data-parent-value=\"orihuela-costa\" data-value=\"las-filipinas\" >De filippinska<\/option><option role=\"presentation\" value=\"las-heredades\" data-taxonomy=\"areas\" \n                                       data-parent-value=\"almoradi\" data-value=\"las-heredades\" >Las Heredades<\/option><option role=\"presentation\" value=\"las-palas\" data-taxonomy=\"areas\" \n                                       data-parent-value=\"fuente-alamo\" data-value=\"las-palas\" >Las Palas<\/option><option role=\"presentation\" value=\"lel\" data-taxonomy=\"areas\" \n                                       data-parent-value=\"pinoso\" data-value=\"lel\" >Lel<\/option><option role=\"presentation\" value=\"lo-pagan\" data-taxonomy=\"areas\" \n                                       data-parent-value=\"san-pedro-del-pinatar\" data-value=\"lo-pagan\" >Lo Pagan<\/option><option role=\"presentation\" value=\"lo-romero-golf\" data-taxonomy=\"areas\" \n                                       data-parent-value=\"pilar-de-la-horadada\" data-value=\"lo-romero-golf\" >Lo Romero Golf<\/option><option role=\"presentation\" value=\"lomas-de-cabo-roig\" data-taxonomy=\"areas\" \n                                       data-parent-value=\"orihuela-costa\" data-value=\"lomas-de-cabo-roig\" >Lomas de Cabo Roig<\/option><option role=\"presentation\" value=\"lomas-de-campoamor\" data-taxonomy=\"areas\" \n                                       data-parent-value=\"orihuela-costa\" data-value=\"lomas-de-campoamor\" >Lomas de Campoamor<\/option><option role=\"presentation\" value=\"los-almendros\" data-taxonomy=\"areas\" \n                                       data-parent-value=\"orihuela-costa\" data-value=\"los-almendros\" >Los Almendros<\/option><option role=\"presentation\" value=\"los-altos\" data-taxonomy=\"areas\" \n                                       data-parent-value=\"torrevieja\" data-value=\"los-altos\" >Los Altos<\/option><option role=\"presentation\" value=\"los-antolinos\" data-taxonomy=\"areas\" \n                                       data-parent-value=\"san-pedro-del-pinatar\" data-value=\"los-antolinos\" >Los Antolinos<\/option><option role=\"presentation\" value=\"los-balcones\" data-taxonomy=\"areas\" \n                                       data-parent-value=\"torrevieja\" data-value=\"los-balcones\" >Los Balcones<\/option><option role=\"presentation\" value=\"los-cuarteros\" data-taxonomy=\"areas\" \n                                       data-parent-value=\"san-pedro-del-pinatar\" data-value=\"los-cuarteros\" >Los Cuarteros<\/option><option role=\"presentation\" value=\"los-dolses\" data-taxonomy=\"areas\" \n                                       data-parent-value=\"orihuela-costa\" data-value=\"los-dolses\" >Los Dolses<\/option><option role=\"presentation\" value=\"los-frutales\" data-taxonomy=\"areas\" \n                                       data-parent-value=\"torrevieja\" data-value=\"los-frutales\" >Los Frutales<\/option><option role=\"presentation\" value=\"los-narejos\" data-taxonomy=\"areas\" \n                                       data-parent-value=\"los-alcazares\" data-value=\"los-narejos\" >Los Narejos<\/option><option role=\"presentation\" value=\"mar-de-cristal\" data-taxonomy=\"areas\" \n                                       data-parent-value=\"cartagena\" data-value=\"mar-de-cristal\" >Mar De Cristal<\/option><option role=\"presentation\" value=\"maryvilla\" data-taxonomy=\"areas\" \n                                       data-parent-value=\"calpe\" data-value=\"maryvilla\" >Maryvilla<\/option><option role=\"presentation\" value=\"mil-palmeras\" data-taxonomy=\"areas\" \n                                       data-parent-value=\"pilar-de-la-horadada\" data-value=\"mil-palmeras\" >Mil Palmeras<\/option><option role=\"presentation\" value=\"nueva-torrevieja\" data-taxonomy=\"areas\" \n                                       data-parent-value=\"torrevieja\" data-value=\"nueva-torrevieja\" >Nueva Torrevieja<\/option><option role=\"presentation\" value=\"orihuela-costa\" data-taxonomy=\"areas\" \n                                       data-parent-value=\"orihuela-costa\" data-value=\"orihuela-costa\" >Orihuela Costa<\/option><option role=\"presentation\" value=\"parque-de-las-naciones\" data-taxonomy=\"areas\" \n                                       data-parent-value=\"torrevieja\" data-value=\"parque-de-las-naciones\" >Parque de las Naciones<\/option><option role=\"presentation\" value=\"paseo-maritimo\" data-taxonomy=\"areas\" \n                                       data-parent-value=\"torrevieja\" data-value=\"paseo-maritimo\" >Paseo Maritimo<\/option><option role=\"presentation\" value=\"pau-26\" data-taxonomy=\"areas\" \n                                       data-parent-value=\"orihuela-costa\" data-value=\"pau-26\" >Pau 26<\/option><option role=\"presentation\" value=\"pau-8\" data-taxonomy=\"areas\" \n                                       data-parent-value=\"orihuela-costa\" data-value=\"pau-8\" >Pau 8<\/option><option role=\"presentation\" value=\"pilar-de-la-horadada\" data-taxonomy=\"areas\" \n                                       data-parent-value=\"pilar-de-la-horadada\" data-value=\"pilar-de-la-horadada\" >Pilar de la Horadada<\/option><option role=\"presentation\" value=\"pinar-de-campoverde\" data-taxonomy=\"areas\" \n                                       data-parent-value=\"pilar-de-la-horadada\" data-value=\"pinar-de-campoverde\" >Pinar de Campoverde<\/option><option role=\"presentation\" value=\"pla-roig\" data-taxonomy=\"areas\" \n                                       data-parent-value=\"calpe\" data-value=\"pla-roig\" >Pla Roig<\/option><option role=\"presentation\" value=\"playa-arenal-bol\" data-taxonomy=\"areas\" \n                                       data-parent-value=\"calpe\" data-value=\"playa-arenal-bol\" >Playa Arenal-Bol<\/option><option role=\"presentation\" value=\"playa-de-los-locos\" data-taxonomy=\"areas\" \n                                       data-parent-value=\"torrevieja\" data-value=\"playa-de-los-locos\" >Playa de los Locos<\/option><option role=\"presentation\" value=\"playa-de-los-naufragos\" data-taxonomy=\"areas\" \n                                       data-parent-value=\"torrevieja\" data-value=\"playa-de-los-naufragos\" >Playa De Los Naufragos<\/option><option role=\"presentation\" value=\"playa-del-cura\" data-taxonomy=\"areas\" \n                                       data-parent-value=\"torrevieja\" data-value=\"playa-del-cura\" >Playa Del Cura<\/option><option role=\"presentation\" value=\"playa-flamenca\" data-taxonomy=\"areas\" \n                                       data-parent-value=\"orihuela-costa\" data-value=\"playa-flamenca\" >Playa Flamenca<\/option><option role=\"presentation\" value=\"playa-honda\" data-taxonomy=\"areas\" \n                                       data-parent-value=\"cartagena\" data-value=\"playa-honda\" >Playa Honda<\/option><option role=\"presentation\" value=\"playas-del-torres\" data-taxonomy=\"areas\" \n                                       data-parent-value=\"villajoyosa\" data-value=\"playas-del-torres\" >Playas Del Torres<\/option><option role=\"presentation\" value=\"polideportivo\" data-taxonomy=\"areas\" \n                                       data-parent-value=\"dolores\" data-value=\"polideportivo\" >Polideportivo<\/option><option role=\"presentation\" value=\"polop\" data-taxonomy=\"areas\" \n                                       data-parent-value=\"polop\" data-value=\"polop\" >Polop<\/option><option role=\"presentation\" value=\"poniente\" data-taxonomy=\"areas\" \n                                       data-parent-value=\"benidorm\" data-value=\"poniente\" >Poniente<\/option><option role=\"presentation\" value=\"pueblo\" data-taxonomy=\"areas\" \n                                       data-parent-value=\"rojales\" data-value=\"pueblo\" >Pueblo<\/option><option role=\"presentation\" value=\"puerto\" data-taxonomy=\"areas\" \n                                       data-parent-value=\"torrevieja\" data-value=\"puerto\" >Puerto<\/option><option role=\"presentation\" value=\"punta-prima\" data-taxonomy=\"areas\" \n                                       data-parent-value=\"torrevieja\" data-value=\"punta-prima\" >Punta Prima<\/option><option role=\"presentation\" value=\"raco-del-galeno\" data-taxonomy=\"areas\" \n                                       data-parent-value=\"benissa\" data-value=\"raco-del-galeno\" >Rac\u00f3 Del Galeno<\/option><option role=\"presentation\" value=\"rocio-del-mar\" data-taxonomy=\"areas\" \n                                       data-parent-value=\"torrevieja\" data-value=\"rocio-del-mar\" >Rocio Del Mar<\/option><option role=\"presentation\" value=\"roda-golf\" data-taxonomy=\"areas\" \n                                       data-parent-value=\"san-javier\" data-value=\"roda-golf\" >Roda Golf<\/option><option role=\"presentation\" value=\"roldan\" data-taxonomy=\"areas\" \n                                       data-parent-value=\"torre-pacheco\" data-value=\"roldan\" >Rold\u00e1n<\/option><option role=\"presentation\" value=\"rosaleda-los-frutales\" data-taxonomy=\"areas\" \n                                       data-parent-value=\"torrevieja\" data-value=\"rosaleda-los-frutales\" >Rosaleda-Los Frutales<\/option><option role=\"presentation\" value=\"san-blas\" data-taxonomy=\"areas\" \n                                       data-parent-value=\"santiago-de-la-ribera\" data-value=\"san-blas\" >San Blas<\/option><option role=\"presentation\" value=\"san-javier\" data-taxonomy=\"areas\" \n                                       data-parent-value=\"san-javier\" data-value=\"san-javier\" >San Javier<\/option><option role=\"presentation\" value=\"san-juan-de-los-terreros\" data-taxonomy=\"areas\" \n                                       data-parent-value=\"san-juan-de-los-terreros\" data-value=\"san-juan-de-los-terreros\" >San Juan de los Terreros<\/option><option role=\"presentation\" value=\"san-luis\" data-taxonomy=\"areas\" \n                                       data-parent-value=\"torrevieja\" data-value=\"san-luis\" >San Luis<\/option><option role=\"presentation\" value=\"san-miguel-de-salinas\" data-taxonomy=\"areas\" \n                                       data-parent-value=\"san-miguel-de-salinas\" data-value=\"san-miguel-de-salinas\" >San Miguel de Salinas<\/option><option role=\"presentation\" value=\"san-pedro-de-pinatar\" data-taxonomy=\"areas\" \n                                       data-parent-value=\"san-pedro-del-pinatar\" data-value=\"san-pedro-de-pinatar\" >San Pedro de Pinatar<\/option><option role=\"presentation\" value=\"san-pedro-del-pinatar\" data-taxonomy=\"areas\" \n                                       data-parent-value=\"san-pedro-del-pinatar\" data-value=\"san-pedro-del-pinatar\" >San Pedro del Pinatar<\/option><option role=\"presentation\" value=\"santa-rosalia\" data-taxonomy=\"areas\" \n                                       data-parent-value=\"torre-pacheco\" data-value=\"santa-rosalia\" >Santa Rosal\u00eda<\/option><option role=\"presentation\" value=\"santa-rosalia-lake-and-life-resort\" data-taxonomy=\"areas\" \n                                       data-parent-value=\"torre-pacheco\" data-value=\"santa-rosalia-lake-and-life-resort\" >Santa Rosalia Lake And Life Resort<\/option><option role=\"presentation\" value=\"santiago-de-la-ribera\" data-taxonomy=\"areas\" \n                                       data-parent-value=\"santiago-de-la-ribera\" data-value=\"santiago-de-la-ribera\" >Santiago de la Ribera<\/option><option role=\"presentation\" value=\"sector-25\" data-taxonomy=\"areas\" \n                                       data-parent-value=\"torrevieja\" data-value=\"sector-25\" >Sektor 25<\/option><option role=\"presentation\" value=\"sector-3\" data-taxonomy=\"areas\" \n                                       data-parent-value=\"dolores\" data-value=\"sector-3\" >Sektor 3<\/option><option role=\"presentation\" value=\"sierra-cortina\" data-taxonomy=\"areas\" \n                                       data-parent-value=\"finestrat\" data-value=\"sierra-cortina\" >Sierra Cortina<\/option><option role=\"presentation\" value=\"sucina\" data-taxonomy=\"areas\" \n                                       data-parent-value=\"sucina\" data-value=\"sucina\" >Sucina<\/option><option role=\"presentation\" value=\"torre-de-la-horadada\" data-taxonomy=\"areas\" \n                                       data-parent-value=\"pilar-de-la-horadada\" data-value=\"torre-de-la-horadada\" >Torre de la Horadada<\/option><option role=\"presentation\" value=\"torre-del-moro\" data-taxonomy=\"areas\" \n                                       data-parent-value=\"torrevieja\" data-value=\"torre-del-moro\" >Torre Del Moro<\/option><option role=\"presentation\" value=\"torreblanca\" data-taxonomy=\"areas\" \n                                       data-parent-value=\"torrevieja\" data-value=\"torreblanca\" >Torreblanca<\/option><option role=\"presentation\" value=\"torreta-florida\" data-taxonomy=\"areas\" \n                                       data-parent-value=\"torrevieja\" data-value=\"torreta-florida\" >Torreta - Florida<\/option><option role=\"presentation\" value=\"torrevieja\" data-taxonomy=\"areas\" \n                                       data-parent-value=\"torrevieja\" data-value=\"torrevieja\" >Torrevieja<\/option><option role=\"presentation\" value=\"tossal-gros\" data-taxonomy=\"areas\" \n                                       data-parent-value=\"denia\" data-value=\"tossal-gros\" >Tossal Gros<\/option><option role=\"presentation\" value=\"urb-la-marina\" data-taxonomy=\"areas\" \n                                       data-parent-value=\"san-fulgencio\" data-value=\"urb-la-marina\" >Urb.la Marina<\/option><option role=\"presentation\" value=\"urbanizacion-las-kalendas\" data-taxonomy=\"areas\" \n                                       data-parent-value=\"fortuna\" data-value=\"urbanizacion-las-kalendas\" >Urbanisationen Las Kalendas<\/option><option role=\"presentation\" value=\"urbanizacion-perla-del-mar\" data-taxonomy=\"areas\" \n                                       data-parent-value=\"orihuela\" data-value=\"urbanizacion-perla-del-mar\" >Urbanisationen Perla Del Mar<\/option><option role=\"presentation\" value=\"urbanizaciones\" data-taxonomy=\"areas\" \n                                       data-parent-value=\"polop\" data-value=\"urbanizaciones\" >Urbaniseringar<\/option><option role=\"presentation\" value=\"veneziola\" data-taxonomy=\"areas\" \n                                       data-parent-value=\"la-manga-del-mar-menor\" data-value=\"veneziola\" >Veneziola<\/option><option role=\"presentation\" value=\"vera-playa\" data-taxonomy=\"areas\" \n                                       data-parent-value=\"vera\" data-value=\"vera-playa\" >Vera Playa<\/option><option role=\"presentation\" value=\"verde-pino\" data-taxonomy=\"areas\" \n                                       data-parent-value=\"moraira\" data-value=\"verde-pino\" >Verde Pino<\/option><option role=\"presentation\" value=\"villamartin\" data-taxonomy=\"areas\" \n                                       data-parent-value=\"orihuela-costa\" data-value=\"villamartin\" >Villamartin<\/option><option role=\"presentation\" value=\"villamartin-las-filipinas\" data-taxonomy=\"areas\" \n                                       data-parent-value=\"orihuela-costa\" data-value=\"villamartin-las-filipinas\" >Villamart\u00edn-Las Filipinas<\/option><option role=\"presentation\" value=\"villananitos\" data-taxonomy=\"areas\" \n                                       data-parent-value=\"san-pedro-del-pinatar\" data-value=\"villananitos\" >Villananitos<\/option><option role=\"presentation\" value=\"vistabella-golf\" data-taxonomy=\"areas\" \n                                       data-parent-value=\"orihuela\" data-value=\"vistabella-golf\" >Vistabella Golf<\/option><option role=\"presentation\" value=\"yecla\" data-taxonomy=\"areas\" \n                                       data-parent-value=\"yecla\" data-value=\"yecla\" >Yecla<\/option><option role=\"presentation\" value=\"zona-pueblo\" data-taxonomy=\"areas\" \n                                       data-parent-value=\"pilar-de-la-horadada\" data-value=\"zona-pueblo\" >Zona Pueblo<\/option>\n    <\/select><\/div><div class=\"col-md-3 property_status\"><select class=\"form-control  wpestatemultiselectselectpicker\" multiple xx3\n name=\"property_status[]\"\n        id=\"shortcode-adv_status\"\n        title=\"Status\" \n        data-live-search=\"&quot;true&quot;\" \n        data-selected-text-format=\"count\"\n        data-count-selected-text=\"{0} items selected\"\n        data-select-all-text=\"Select All\"\n        data-deselect-all-text=\"Select None\"\n        data-actions-box=\"true\"\n        aria-labelledby=\"shortcode-adv_status\">\n        <option role=\"presentation\" value=\"available\" data-taxonomy=\"property status\" \n                                       data-parent-value=\"\" data-value=\"available\" >Tillg\u00e4nglig<\/option><option role=\"presentation\" value=\"featured\" data-taxonomy=\"property status\" \n                                       data-parent-value=\"\" data-value=\"featured\" >Utvalt<\/option><option role=\"presentation\" value=\"new-build\" data-taxonomy=\"property status\" \n                                       data-parent-value=\"\" data-value=\"new-build\" >Nybyggnation<\/option><option role=\"presentation\" value=\"our-property\" data-taxonomy=\"property status\" \n                                       data-parent-value=\"\" data-value=\"our-property\" >V\u00e5r fastighet<\/option><option role=\"presentation\" value=\"resale\" data-taxonomy=\"property status\" \n                                       data-parent-value=\"\" data-value=\"resale\" >Resale<\/option><option role=\"presentation\" value=\"reserved\" data-taxonomy=\"property status\" \n                                       data-parent-value=\"\" data-value=\"reserved\" >Reserverad<\/option>\n    <\/select><\/div><div class=\"col-md-3 categories\"><select class=\"form-control  wpestatemultiselectselectpicker\" multiple xx3\n name=\"filter_search_type[]\"\n        id=\"shortcode-adv_categ\"\n        title=\"Typologi\" \n        data-live-search=\"&quot;true&quot;\" \n        data-selected-text-format=\"count\"\n        data-count-selected-text=\"{0} items selected\"\n        data-select-all-text=\"Select All\"\n        data-deselect-all-text=\"Select None\"\n        data-actions-box=\"true\"\n        aria-labelledby=\"shortcode-adv_categ\">\n        <option role=\"presentation\" value=\"apartment\" data-taxonomy=\"categories\" \n                                       data-parent-value=\"\" data-value=\"apartment\" >L\u00e4genhet<\/option><option role=\"presentation\" value=\"house\" data-taxonomy=\"categories\" \n                                       data-parent-value=\"\" data-value=\"house\" >Radhus<\/option><option role=\"presentation\" value=\"penthouse\" data-taxonomy=\"categories\" \n                                       data-parent-value=\"\" data-value=\"penthouse\" >Takv\u00e5ning<\/option><option role=\"presentation\" value=\"villa\" data-taxonomy=\"categories\" \n                                       data-parent-value=\"\" data-value=\"villa\" >Villa<\/option>\n    <\/select><\/div><div class=\"col-md-3 beds-baths\"><div class=\"btn-group wpestate-beds-baths-popoup-component\" style=\"width:100%;\">\n            <button type=\"button\" class=\"btn btn-default dropdown-toggle wpestate-multiselect-custom-style\"\n            data-bs-toggle=\"dropdown\" aria-haspopup=\"true\" aria-expanded=\"false\" style=\"width:100%;\">\n                S\u00e4ngar\/Badrum\n            <\/button>\n            <div class=\"dropdown-menu wpestate-beds-baths-popoup-wrapper\">\n                <h3>S\u00e4ngar<\/h3>\n                <div><div class=\"wp_estate_beds_component_item\" data-value=\"1\">1<\/div><div class=\"wp_estate_beds_component_item\" data-value=\"2\">2<\/div><div class=\"wp_estate_beds_component_item\" data-value=\"3\">3<\/div><div class=\"wp_estate_beds_component_item\" data-value=\"4\">4<\/div><div class=\"wp_estate_beds_component_item\" data-value=\"5\">5<\/div><div class=\"wp_estate_beds_component_item\" data-value=\"6\">6+<\/div><\/div>\n                <h3>Bad<\/h3>\n                <div><div class=\"wp_estate_baths_component_item\" data-value=\"1\">1<\/div><div class=\"wp_estate_baths_component_item\" data-value=\"2\">2<\/div><div class=\"wp_estate_baths_component_item\" data-value=\"3\">3<\/div><div class=\"wp_estate_baths_component_item\" data-value=\"4\">4<\/div><div class=\"wp_estate_baths_component_item\" data-value=\"5\">5<\/div><div class=\"wp_estate_baths_component_item\" data-value=\"6\">6+<\/div><\/div>\n                <div>\n                    <div class=\"wpestate-beds-baths-popoup-reset\" data-default-value=\"Beds\/Baths\">\u00c5terst\u00e4lla<\/div>\n                    <div class=\"wpestate-beds-baths-popoup-done\">Gjort<\/div>\n                <\/div>\n                <input type=\"hidden\" name=\"componentsbeds\" class=\"wpresidence-componentsbeds\" value=\"\">\n                <input type=\"hidden\" name=\"componentsbaths\" class=\"wpresidence-componentsbaths\" value=\"\">\n            <\/div>\n        <\/div><\/div><div class=\"col-md-3 property-price-v2\"><div class=\"btn-group wpestate-beds-baths-popoup-component\" style=\"width:100%;\">\n            <button type=\"button\" class=\"btn btn-default dropdown-toggle wpestate-multiselect-custom-style\" \n            data-bs-toggle=\"dropdown\" aria-haspopup=\"true\" aria-expanded=\"false\" data-default-value=\"Price\" style=\"width:100%;\">\n            Pris\n            <\/button>\n            <div class=\"dropdown-menu wpestate-price-popoup-wrapper wpestate-beds-baths-popoup-wrapper\">\n                <h3>Prisv\u00e4ljare<\/h3><div class=\"adv_search_slider\"><div class=\"wpestate_pricev2_component_adv_search_wrapper\">\n                <input type=\"text\" id=\"component_price_low_sh\" class=\"component_adv_search_elementor_price_low price_active wpestate-price-popoup-field-low\"   value=\"\u20ac 90.000\" data-value=\"\u20ac 90.000\" \/>\n                <input type=\"text\" id=\"component_price_max_sh\" class=\"component_adv_search_elementor_price_max price_active wpestate-price-popoup-field-max\"   value=\"\u20ac 10.000.000\" data-value=\"\u20ac 10.000.000\" \/>\n                <\/div>\n            \n                    <p>\n                        <label>Prisintervall:<\/label>\n                        <span id=\"amount_sh\" class=\"wpresidence_slider_price\"  data-default=\"\u20ac 90.000 till \u20ac 10.000.000\">90 000 \u20ac till 10 000 000 \u20ac<\/span>\n                    <\/p>\n                    <div id=\"slider_price_sh\"><\/div>\n                    <input type=\"hidden\" id=\"price_low_sh\"  name=\"price_low\"  class=\"single_price_low\" data-value=\"90000\" value=\"90000\"\/>\n                    <input type=\"hidden\" id=\"price_max_sh\"  name=\"price_max\"  class=\"single_price_max\" data-value=\"10000000\" value=\"10000000\"\/>\n                    <input type=\"hidden\"  class=\"price_label_component\" name=\"price_label_component\"   value=\"\" \/>   <\/div>\n                <div class=\"wpestate-price-component-popoup-reset\">\u00c5terst\u00e4lla<\/div>\n                <div class=\"wpestate-price-component-popoup-done\">Gjort<\/div>\n            <\/div>\n        <\/div><\/div><div class=\"col-md-3 submit\">\n            <button class=\"wpresidence_button\" id=\"advanced_submit_shorcode\">S\u00f6k<\/button>\n        <input type=\"hidden\" id=\"wpestate_regular_search_nonce\" name=\"wpestate_regular_search_nonce\" value=\"69765592a4\" \/><input type=\"hidden\" name=\"_wp_http_referer\" value=\"\/sv\/wp-json\/wp\/v2\/pages\/93216\" \/>\n        <\/div>\n\n    <input type=\"hidden\" name=\"trp-form-language\" value=\"sv\"\/><\/form>\n<\/div>\t\t\t\t<\/div>\n\t\t\t\t<\/div>\n\t\t\t\t<div class=\"elementor-element elementor-element-ca41c69 elementor-widget elementor-widget-WpResidence_Items_List_card_v1\" data-id=\"ca41c69\" data-element_type=\"widget\" data-widget_type=\"WpResidence_Items_List_card_v1.default\">\n\t\t\t\t<div class=\"elementor-widget-container\">\n\t\t\t\t\t<div id=\"wpestate_sh_anime_264\" class=\"wpresidence_shortcode_listings_wrapper wpestate_anime wpestate_latest_listings_sh bottom-estate_property\" data-type=\"estate_property\" data-category_ids=\"\" data-action_ids=\"\" data-city_ids=\"385\" data-area_ids=\"\" data-state_ids=\"\" data-status_ids=\"\" data-features_ids=\"\" data-number=\"9\" data-row-number=\"3\" data-card-version=\"0\" data-align=\"vertical\" data-show_featured_only=\"no\" data-random_pick=\"no\" data-featured_first=\"no\" data-sort-by=\"3\" data-display-grid=\"no\" data-agent-id=\"\" data-page=\"1\"><div class=\"items_shortcode_wrapper row\" data-row-number=\"3\">\n<div class=\"col-lg-4 col-12 col-sm-6 col-md-6    listing_wrapper\"\n    data-org=\"4\"\n    data-main-modal=\"https:\/\/esentyaestate.com\/wp-content\/uploads\/2026\/05\/property_MLSC8097771_1_12042-835x467.jpg\"\n    data-modal-title=\"Penthouse in Torrevieja &#8211; EE12042\"\n    data-modal-link=\"https:\/\/esentyaestate.com\/sv\/estate_property\/penthouse-in-torrevieja-ee12042\/\"\n    data-listid=\"200391\">\n\n    <div class=\"property_listing property_card_default\"\n        data-link=\"\">\n\n                    <div class=\"listing-unit-img-wrapper\">\n                <div class=\"prop_new_details\">\n                    <div class=\"prop_new_details_back\"><\/div>\n                    <div class=\"property_media\">\n        <i class=\"fas fa-camera\"><\/i> 41<\/div><div class=\"property_location_image\"><i class=\"fas fa-map-marker-alt\"><\/i><a href=\"https:\/\/esentyaestate.com\/sv\/property_area\/la-veleta\/\">La Veleta<\/a>, <a href=\"https:\/\/esentyaestate.com\/sv\/property_city\/torrevieja\/\">Torrevieja<\/a><\/div>                    <div class=\"featured_gradient\"><\/div>\n                <\/div>\n\n                    <div id=\"property_unit_carousel_69f510f70de0d\" class=\"carousel property_unit_carousel slide\" data-bs-interval=\"false\">\n        <div class=\"carousel-inner\">\n           \n            <div class=\"carousel-item active\">\n                <a href=\"https:\/\/esentyaestate.com\/sv\/estate_property\/penthouse-in-torrevieja-ee12042\/\" target=\"_self\">\n                    <img decoding=\"async\" width=\"525px\" height=\"328px\" src=\"https:\/\/esentyaestate.com\/wp-content\/uploads\/2026\/05\/property_MLSC8097771_1_12042-525x328.jpg\" alt=\"Takv\u00e5ning i Torrevieja \u2013 EE12042\" class=\"d-block w-100 img-fluid\" loading=\"lazy\" \/>\n                <\/a>\n            <\/div><div class=\"carousel-item\">\n                <a href=\"https:\/\/esentyaestate.com\/sv\/estate_property\/penthouse-in-torrevieja-ee12042\/\" target=\"_self\">\n                    <img decoding=\"async\" width=\"525px\" height=\"328px\" src=\"https:\/\/esentyaestate.com\/wp-content\/uploads\/2026\/05\/property_MLSC8097771_2_12042-525x328.jpg\" alt=\"Takv\u00e5ning i Torrevieja \u2013 EE12042\" class=\"d-block w-100 img-fluid\" loading=\"lazy\" \/>\n                <\/a>\n            <\/div><div class=\"carousel-item\">\n                <a href=\"https:\/\/esentyaestate.com\/sv\/estate_property\/penthouse-in-torrevieja-ee12042\/\" target=\"_self\">\n                    <img decoding=\"async\" width=\"525px\" height=\"328px\" src=\"https:\/\/esentyaestate.com\/wp-content\/uploads\/2026\/05\/property_MLSC8097771_3_12042-525x328.jpg\" alt=\"Takv\u00e5ning i Torrevieja \u2013 EE12042\" class=\"d-block w-100 img-fluid\" loading=\"lazy\" \/>\n                <\/a>\n            <\/div>        <\/div>\n                    <button class=\"carousel-control-prev\" type=\"button\" data-bs-target=\"#property_unit_carousel_69f510f70de0d\" data-bs-slide=\"prev\">\n                <span class=\"carousel-control-prev-icon\" aria-hidden=\"true\"><\/span>\n                <span class=\"visually-hidden\">Tidigare<\/span>\n            <\/button>\n            <button class=\"carousel-control-next\" type=\"button\" data-bs-target=\"#property_unit_carousel_69f510f70de0d\" data-bs-slide=\"next\">\n                <span class=\"carousel-control-next-icon\" aria-hidden=\"true\"><\/span>\n                <span class=\"visually-hidden\">N\u00e4sta<\/span>\n            <\/button>\n            <\/div>\n    <div class=\"tag-wrapper\">\n    <div class=\"status-wrapper\">\n    <div class=\"action_tag_wrapper For Sale\">Till salu<\/div><div class=\"ribbon-inside Resale\">Resale<\/div><\/div>\n<\/div>            <\/div>\n\n            <div class=\"property-unit-information-wrapper\">\n                <div class=\"listing_unit_price_wrapper\">\n    \u20ac 258.150 <span class=\"price_label\"><\/span><\/div><h4>\n  <a href=\"https:\/\/esentyaestate.com\/sv\/estate_property\/penthouse-in-torrevieja-ee12042\/\" >Takv\u00e5ning i Torrevieja \u2013 EE12042<\/a>\n<\/h4><div class=\"property_listing_details_v2\"><div class=\"property_listing_details_v2_item\"><div class=\"icon_label\">S\u00e4ngar:<\/div>2<\/div><div class=\"property_listing_details_v2_item\"><div class=\"icon_label\">Bad:<\/div>2<\/div><div class=\"property_listing_details_v2_item\"><div class=\"icon_label\">Storlek:<\/div><span>66 m<sup>2<\/sup><\/span><\/div><\/div>                    <div class=\"property_location\">\n                        \n<div class=\"property_agent_wrapper\">\n            <div class=\"property_agent_image\" style=\"background-image:url('https:\/\/esentyaestate.com\/wp-content\/uploads\/2025\/12\/Logo-Esentya-Black-120x120.png')\"><\/div>\n        <div class=\"property_agent_image_sign\"><i class=\"far fa-user-circle\"><\/i><\/div>\n    \n                        <a class=\"wpestate_card_agent_link\" href=\"https:\/\/esentyaestate.com\/sv\/estate_agent\/esentya-estate\/\">\n                Esentya Estate            <\/a>\n            <\/div>\n<div class=\"listing_actions\">\n                    <div class=\"share_unit\">\n            <a href=\"https:\/\/www.facebook.com\/sharer.php?u=https:\/\/esentyaestate.com\/sv\/estate_property\/penthouse-in-torrevieja-ee12042\/&#038;t=Penthouse+in+Torrevieja+%26%238211%3B+EE12042\" target=\"_blank\" rel=\"noreferrer\" class=\"social_facebook\"><\/a>\n            <a href=\"https:\/\/twitter.com\/intent\/tweet?text=Penthouse+in+Torrevieja+%26%238211%3B+EE12042+https%3A%2F%2Fesentyaestate.com%2Fsv%2Festate_property%2Fpenthouse-in-torrevieja-ee12042%2F\" class=\"social_tweet\" rel=\"noreferrer\" target=\"_blank\"><\/a>\n            <a href=\"https:\/\/pinterest.com\/pin\/create\/button\/?url=https:\/\/esentyaestate.com\/sv\/estate_property\/penthouse-in-torrevieja-ee12042\/&#038;media=https:\/\/esentyaestate.com\/wp-content\/uploads\/2026\/05\/property_MLSC8097771_1_12042.jpg&#038;description=Penthouse+in+Torrevieja+%26%238211%3B+EE12042\" target=\"_blank\" rel=\"noreferrer\" class=\"social_pinterest\"><\/a>\n            <a href=\"https:\/\/wa.me\/?text=Penthouse%20in%20Torrevieja%20&#8211;%20EE12042%20https:\/\/esentyaestate.com\/sv\/estate_property\/penthouse-in-torrevieja-ee12042\/\" class=\"social_whatsup\" rel=\"noreferrer\" target=\"_blank\"><\/a>\n            <a href=\"mailto:?subje&#99;&#116;=&#80;e&#110;&#116;hou&#115;&#101;+&#105;&#110;&#43;&#84;or&#114;&#101;&#118;&#105;e&#106;&#97;+%2&#54;%&#50;38&#50;1&#49;%&#51;&#66;+&#69;E&#49;2&#48;&#52;&#50;&&#97;&#109;&#112;&#59;&#98;o&#100;y&#61;h&#116;&#116;&#112;s%3&#65;%2&#70;&#37;&#50;Fese&#110;&#116;&#121;&#97;e&#115;&#116;&#97;te.c&#111;&#109;%&#50;&#70;&#115;&#118;%&#50;F&#101;s&#116;&#97;te&#95;&#112;&#114;oper&#116;y&#37;&#50;&#70;&#112;&#101;&#110;&#116;&#104;&#111;&#117;s&#101;&#45;&#105;n-&#116;&#111;&#114;revi&#101;ja&#45;&#101;&#101;1&#50;&#48;42&#37;2F\" data-action=\"share email\" class=\"social_email\"><\/a>\n        <\/div>\n                <span class=\"share_list\" data-bs-toggle=\"tooltip\" title=\"dela\"><\/span>\n    \n    \n    <\/div>\n                    <\/div>\n                            <\/div>\n            <\/div>\n<\/div>\n<div class=\"col-lg-4 col-12 col-sm-6 col-md-6    listing_wrapper\"\n    data-org=\"4\"\n    data-main-modal=\"https:\/\/esentyaestate.com\/wp-content\/uploads\/2026\/04\/1777535988_2bbddb0b4108e7190c1b-835x467.jpg\"\n    data-modal-title=\"Sea views apartment in La Mata &#8211; EE12038\"\n    data-modal-link=\"https:\/\/esentyaestate.com\/sv\/estate_property\/sea-views-apartment-in-la-mata-ee12038\/\"\n    data-listid=\"200031\">\n\n    <div class=\"property_listing property_card_default\"\n        data-link=\"\">\n\n                    <div class=\"listing-unit-img-wrapper\">\n                <div class=\"prop_new_details\">\n                    <div class=\"prop_new_details_back\"><\/div>\n                    <div class=\"property_media\">\n            <i class=\"fas fa-video\"><\/i>\n        <i class=\"fas fa-camera\"><\/i> 19<\/div><div class=\"property_location_image\"><i class=\"fas fa-map-marker-alt\"><\/i><a href=\"https:\/\/esentyaestate.com\/sv\/property_area\/la-mata\/\">La Mata<\/a>, <a href=\"https:\/\/esentyaestate.com\/sv\/property_city\/torrevieja\/\">Torrevieja<\/a><\/div>                    <div class=\"featured_gradient\"><\/div>\n                <\/div>\n\n                    <div id=\"property_unit_carousel_69f510f70ef72\" class=\"carousel property_unit_carousel slide\" data-bs-interval=\"false\">\n        <div class=\"carousel-inner\">\n           \n            <div class=\"carousel-item active\">\n                <a href=\"https:\/\/esentyaestate.com\/sv\/estate_property\/sea-views-apartment-in-la-mata-ee12038\/\" target=\"_self\">\n                    <img decoding=\"async\" width=\"525px\" height=\"328px\" src=\"https:\/\/esentyaestate.com\/wp-content\/uploads\/2026\/04\/1777535988_2bbddb0b4108e7190c1b-525x328.jpg\" alt=\"L\u00e4genhet med havsutsikt i La Mata \u2013 EE12038\" class=\"d-block w-100 img-fluid\" loading=\"lazy\" \/>\n                <\/a>\n            <\/div><div class=\"carousel-item\">\n                <a href=\"https:\/\/esentyaestate.com\/sv\/estate_property\/sea-views-apartment-in-la-mata-ee12038\/\" target=\"_self\">\n                    <img decoding=\"async\" width=\"525px\" height=\"328px\" src=\"https:\/\/esentyaestate.com\/wp-content\/uploads\/2026\/04\/1777535989_c9e8ef7e95213cae2b81-525x328.jpg\" alt=\"L\u00e4genhet med havsutsikt i La Mata \u2013 EE12038\" class=\"d-block w-100 img-fluid\" loading=\"lazy\" \/>\n                <\/a>\n            <\/div><div class=\"carousel-item\">\n                <a href=\"https:\/\/esentyaestate.com\/sv\/estate_property\/sea-views-apartment-in-la-mata-ee12038\/\" target=\"_self\">\n                    <img decoding=\"async\" width=\"525px\" height=\"328px\" src=\"https:\/\/esentyaestate.com\/wp-content\/uploads\/2026\/04\/1777535988_2e4081a63cc4bfa3a0c4-525x328.jpg\" alt=\"L\u00e4genhet med havsutsikt i La Mata \u2013 EE12038\" class=\"d-block w-100 img-fluid\" loading=\"lazy\" \/>\n                <\/a>\n            <\/div>        <\/div>\n                    <button class=\"carousel-control-prev\" type=\"button\" data-bs-target=\"#property_unit_carousel_69f510f70ef72\" data-bs-slide=\"prev\">\n                <span class=\"carousel-control-prev-icon\" aria-hidden=\"true\"><\/span>\n                <span class=\"visually-hidden\">Tidigare<\/span>\n            <\/button>\n            <button class=\"carousel-control-next\" type=\"button\" data-bs-target=\"#property_unit_carousel_69f510f70ef72\" data-bs-slide=\"next\">\n                <span class=\"carousel-control-next-icon\" aria-hidden=\"true\"><\/span>\n                <span class=\"visually-hidden\">N\u00e4sta<\/span>\n            <\/button>\n            <\/div>\n    <div class=\"tag-wrapper\">\n    <div class=\"status-wrapper\">\n    <div class=\"action_tag_wrapper For Sale\">Till salu<\/div><div class=\"ribbon-inside Our-Property\">V\u00e5r fastighet<\/div><div class=\"ribbon-inside Resale\">Resale<\/div><\/div>\n<\/div>            <\/div>\n\n            <div class=\"property-unit-information-wrapper\">\n                <div class=\"listing_unit_price_wrapper\">\n    \u20ac 189.500 <span class=\"price_label\"><\/span><\/div><h4>\n  <a href=\"https:\/\/esentyaestate.com\/sv\/estate_property\/sea-views-apartment-in-la-mata-ee12038\/\" >L\u00e4genhet med havsutsikt i La Mata \u2013 EE12038<\/a>\n<\/h4><div class=\"property_listing_details_v2\"><div class=\"property_listing_details_v2_item\"><div class=\"icon_label\">S\u00e4ngar:<\/div>2<\/div><div class=\"property_listing_details_v2_item\"><div class=\"icon_label\">Bad:<\/div>1<\/div><div class=\"property_listing_details_v2_item\"><div class=\"icon_label\">Storlek:<\/div><span>71 m<sup>2<\/sup><\/span><\/div><\/div>                    <div class=\"property_location\">\n                        \n<div class=\"property_agent_wrapper\">\n            <div class=\"property_agent_image\" style=\"background-image:url('https:\/\/esentyaestate.com\/wp-content\/uploads\/2025\/12\/alexia-paulot-real-estate-agent-120x120.png')\"><\/div>\n        <div class=\"property_agent_image_sign\"><i class=\"far fa-user-circle\"><\/i><\/div>\n    \n                        <a class=\"wpestate_card_agent_link\" href=\"https:\/\/esentyaestate.com\/sv\/estate_agent\/alexia-paulot\/\">\n                Alexia Paulot            <\/a>\n            <\/div>\n<div class=\"listing_actions\">\n                    <div class=\"share_unit\">\n            <a href=\"https:\/\/www.facebook.com\/sharer.php?u=https:\/\/esentyaestate.com\/sv\/estate_property\/sea-views-apartment-in-la-mata-ee12038\/&#038;t=Sea+views+apartment+in+La+Mata+%26%238211%3B+EE12038\" target=\"_blank\" rel=\"noreferrer\" class=\"social_facebook\"><\/a>\n            <a href=\"https:\/\/twitter.com\/intent\/tweet?text=Sea+views+apartment+in+La+Mata+%26%238211%3B+EE12038+https%3A%2F%2Fesentyaestate.com%2Fsv%2Festate_property%2Fsea-views-apartment-in-la-mata-ee12038%2F\" class=\"social_tweet\" rel=\"noreferrer\" target=\"_blank\"><\/a>\n            <a href=\"https:\/\/pinterest.com\/pin\/create\/button\/?url=https:\/\/esentyaestate.com\/sv\/estate_property\/sea-views-apartment-in-la-mata-ee12038\/&#038;media=https:\/\/esentyaestate.com\/wp-content\/uploads\/2026\/04\/1777535988_2bbddb0b4108e7190c1b-scaled.jpg&#038;description=Sea+views+apartment+in+La+Mata+%26%238211%3B+EE12038\" target=\"_blank\" rel=\"noreferrer\" class=\"social_pinterest\"><\/a>\n            <a href=\"https:\/\/wa.me\/?text=Sea%20views%20apartment%20in%20La%20Mata%20&#8211;%20EE12038%20https:\/\/esentyaestate.com\/sv\/estate_property\/sea-views-apartment-in-la-mata-ee12038\/\" class=\"social_whatsup\" rel=\"noreferrer\" target=\"_blank\"><\/a>\n            <a href=\"mailto:?&#115;u&#98;je&#99;t=S&#101;a&#43;&#118;i&#101;ws+a&#112;ar&#116;me&#110;&#116;&#43;i&#110;+La&#43;Mata&#43;&#37;&#50;6%&#50;3821&#49;&#37;3&#66;&#43;&#69;&#69;&#49;2&#48;&#51;&#56;&#38;&#97;mp&#59;&#98;o&#100;&#121;&#61;&#104;&#116;t&#112;&#115;%3&#65;&#37;&#50;&#70;&#37;&#50;&#70;e&#115;&#101;ntya&#101;&#115;&#116;&#97;&#116;e&#46;c&#111;m&#37;&#50;&#70;&#115;&#118;%2Festate&#95;&#112;&#114;op&#101;&#114;&#116;y&#37;2Fse&#97;&#45;vi&#101;ws&#45;apa&#114;&#116;&#109;&#101;n&#116;-in&#45;l&#97;-&#109;at&#97;-&#101;e12&#48;3&#56;%&#50;&#70;\" data-action=\"share email\" class=\"social_email\"><\/a>\n        <\/div>\n                <span class=\"share_list\" data-bs-toggle=\"tooltip\" title=\"dela\"><\/span>\n    \n    \n    <\/div>\n                    <\/div>\n                            <\/div>\n            <\/div>\n<\/div>\n<div class=\"col-lg-4 col-12 col-sm-6 col-md-6    listing_wrapper\"\n    data-org=\"4\"\n    data-main-modal=\"https:\/\/esentyaestate.com\/wp-content\/uploads\/2026\/04\/property_MLSC7592154_1_12035-835x467.jpg\"\n    data-modal-title=\"Villa in Torrevieja &#8211; EE12035\"\n    data-modal-link=\"https:\/\/esentyaestate.com\/sv\/estate_property\/villa-in-torrevieja-ee12035\/\"\n    data-listid=\"199739\">\n\n    <div class=\"property_listing property_card_default\"\n        data-link=\"\">\n\n                    <div class=\"listing-unit-img-wrapper\">\n                <div class=\"prop_new_details\">\n                    <div class=\"prop_new_details_back\"><\/div>\n                    <div class=\"property_media\">\n        <i class=\"fas fa-camera\"><\/i> 34<\/div><div class=\"property_location_image\"><i class=\"fas fa-map-marker-alt\"><\/i><a href=\"https:\/\/esentyaestate.com\/sv\/property_city\/torrevieja\/\">Torrevieja<\/a><\/div>                    <div class=\"featured_gradient\"><\/div>\n                <\/div>\n\n                    <div id=\"property_unit_carousel_69f510f710483\" class=\"carousel property_unit_carousel slide\" data-bs-interval=\"false\">\n        <div class=\"carousel-inner\">\n           \n            <div class=\"carousel-item active\">\n                <a href=\"https:\/\/esentyaestate.com\/sv\/estate_property\/villa-in-torrevieja-ee12035\/\" target=\"_self\">\n                    <img decoding=\"async\" width=\"525px\" height=\"328px\" src=\"https:\/\/esentyaestate.com\/wp-content\/uploads\/2026\/04\/property_MLSC7592154_1_12035-525x328.jpg\" alt=\"Villa i Torrevieja \u2013 EE12035\" class=\"d-block w-100 img-fluid\" loading=\"lazy\" \/>\n                <\/a>\n            <\/div><div class=\"carousel-item\">\n                <a href=\"https:\/\/esentyaestate.com\/sv\/estate_property\/villa-in-torrevieja-ee12035\/\" target=\"_self\">\n                    <img decoding=\"async\" width=\"525px\" height=\"328px\" src=\"https:\/\/esentyaestate.com\/wp-content\/uploads\/2026\/04\/property_MLSC7592154_2_12035-525x328.jpg\" alt=\"Villa i Torrevieja \u2013 EE12035\" class=\"d-block w-100 img-fluid\" loading=\"lazy\" \/>\n                <\/a>\n            <\/div><div class=\"carousel-item\">\n                <a href=\"https:\/\/esentyaestate.com\/sv\/estate_property\/villa-in-torrevieja-ee12035\/\" target=\"_self\">\n                    <img decoding=\"async\" width=\"525px\" height=\"328px\" src=\"https:\/\/esentyaestate.com\/wp-content\/uploads\/2026\/04\/property_MLSC7592154_3_12035-525x328.jpg\" alt=\"Villa i Torrevieja \u2013 EE12035\" class=\"d-block w-100 img-fluid\" loading=\"lazy\" \/>\n                <\/a>\n            <\/div>        <\/div>\n                    <button class=\"carousel-control-prev\" type=\"button\" data-bs-target=\"#property_unit_carousel_69f510f710483\" data-bs-slide=\"prev\">\n                <span class=\"carousel-control-prev-icon\" aria-hidden=\"true\"><\/span>\n                <span class=\"visually-hidden\">Tidigare<\/span>\n            <\/button>\n            <button class=\"carousel-control-next\" type=\"button\" data-bs-target=\"#property_unit_carousel_69f510f710483\" data-bs-slide=\"next\">\n                <span class=\"carousel-control-next-icon\" aria-hidden=\"true\"><\/span>\n                <span class=\"visually-hidden\">N\u00e4sta<\/span>\n            <\/button>\n            <\/div>\n    <div class=\"tag-wrapper\">\n    <div class=\"status-wrapper\">\n    <div class=\"action_tag_wrapper For Sale\">Till salu<\/div><div class=\"ribbon-inside Resale\">Resale<\/div><\/div>\n<\/div>            <\/div>\n\n            <div class=\"property-unit-information-wrapper\">\n                <div class=\"listing_unit_price_wrapper\">\n    \u20ac 1.490.000 <span class=\"price_label\"><\/span><\/div><h4>\n  <a href=\"https:\/\/esentyaestate.com\/sv\/estate_property\/villa-in-torrevieja-ee12035\/\" >Villa i Torrevieja \u2013 EE12035<\/a>\n<\/h4><div class=\"property_listing_details_v2\"><div class=\"property_listing_details_v2_item\"><div class=\"icon_label\">S\u00e4ngar:<\/div>5<\/div><div class=\"property_listing_details_v2_item\"><div class=\"icon_label\">Bad:<\/div>3<\/div><div class=\"property_listing_details_v2_item\"><div class=\"icon_label\">Storlek:<\/div><span>0 m<sup>2<\/sup><\/span><\/div><\/div>                    <div class=\"property_location\">\n                        \n<div class=\"property_agent_wrapper\">\n            <div class=\"property_agent_image\" style=\"background-image:url('https:\/\/esentyaestate.com\/wp-content\/uploads\/2025\/12\/Logo-Esentya-Black-120x120.png')\"><\/div>\n        <div class=\"property_agent_image_sign\"><i class=\"far fa-user-circle\"><\/i><\/div>\n    \n                        <a class=\"wpestate_card_agent_link\" href=\"https:\/\/esentyaestate.com\/sv\/estate_agent\/esentya-estate\/\">\n                Esentya Estate            <\/a>\n            <\/div>\n<div class=\"listing_actions\">\n                    <div class=\"share_unit\">\n            <a href=\"https:\/\/www.facebook.com\/sharer.php?u=https:\/\/esentyaestate.com\/sv\/estate_property\/villa-in-torrevieja-ee12035\/&#038;t=Villa+in+Torrevieja+%26%238211%3B+EE12035\" target=\"_blank\" rel=\"noreferrer\" class=\"social_facebook\"><\/a>\n            <a href=\"https:\/\/twitter.com\/intent\/tweet?text=Villa+in+Torrevieja+%26%238211%3B+EE12035+https%3A%2F%2Fesentyaestate.com%2Fsv%2Festate_property%2Fvilla-in-torrevieja-ee12035%2F\" class=\"social_tweet\" rel=\"noreferrer\" target=\"_blank\"><\/a>\n            <a href=\"https:\/\/pinterest.com\/pin\/create\/button\/?url=https:\/\/esentyaestate.com\/sv\/estate_property\/villa-in-torrevieja-ee12035\/&#038;media=https:\/\/esentyaestate.com\/wp-content\/uploads\/2026\/04\/property_MLSC7592154_1_12035.jpg&#038;description=Villa+in+Torrevieja+%26%238211%3B+EE12035\" target=\"_blank\" rel=\"noreferrer\" class=\"social_pinterest\"><\/a>\n            <a href=\"https:\/\/wa.me\/?text=Villa%20in%20Torrevieja%20&#8211;%20EE12035%20https:\/\/esentyaestate.com\/sv\/estate_property\/villa-in-torrevieja-ee12035\/\" class=\"social_whatsup\" rel=\"noreferrer\" target=\"_blank\"><\/a>\n            <a href=\"mailto:?s&#117;bje&#99;&#116;&#61;V&#105;lla+&#105;n&#43;&#84;or&#114;&#101;&#118;&#105;e&#106;a+%26%2382&#49;&#49;%&#51;&#66;&#43;EE&#49;203&#53;&#38;&#97;&#109;p;&#98;o&#100;y&#61;htt&#112;s&#37;3A%&#50;&#70;%&#50;&#70;e&#115;&#101;nty&#97;e&#115;t&#97;t&#101;&#46;co&#109;%&#50;&#70;s&#118;%&#50;Fes&#116;&#97;&#116;&#101;&#95;p&#114;&#111;&#112;ert&#121;%2&#70;&#118;illa&#45;&#105;n&#45;&#116;o&#114;r&#101;&#118;&#105;e&#106;&#97;-e&#101;1&#50;0&#51;5%2F\" data-action=\"share email\" class=\"social_email\"><\/a>\n        <\/div>\n                <span class=\"share_list\" data-bs-toggle=\"tooltip\" title=\"dela\"><\/span>\n    \n    \n    <\/div>\n                    <\/div>\n                            <\/div>\n            <\/div>\n<\/div>\n<div class=\"col-lg-4 col-12 col-sm-6 col-md-6    listing_wrapper\"\n    data-org=\"4\"\n    data-main-modal=\"https:\/\/esentyaestate.com\/wp-content\/uploads\/2026\/04\/1777465671_c9946b127b2ba9e85a73-835x467.jpg\"\n    data-modal-title=\"Corner townhouse in Los Altos, Torrevieja &#8211; EE12034\"\n    data-modal-link=\"https:\/\/esentyaestate.com\/sv\/estate_property\/corner-townhouse-in-los-altos-torrevieja-ee12034\/\"\n    data-listid=\"199625\">\n\n    <div class=\"property_listing property_card_default\"\n        data-link=\"\">\n\n                    <div class=\"listing-unit-img-wrapper\">\n                <div class=\"prop_new_details\">\n                    <div class=\"prop_new_details_back\"><\/div>\n                    <div class=\"property_media\">\n            <i class=\"fas fa-video\"><\/i>\n        <i class=\"fas fa-camera\"><\/i> 21<\/div><div class=\"property_location_image\"><i class=\"fas fa-map-marker-alt\"><\/i><a href=\"https:\/\/esentyaestate.com\/sv\/property_area\/los-altos\/\">Los Altos<\/a>, <a href=\"https:\/\/esentyaestate.com\/sv\/property_city\/torrevieja\/\">Torrevieja<\/a><\/div>                    <div class=\"featured_gradient\"><\/div>\n                <\/div>\n\n                    <div id=\"property_unit_carousel_69f510f7114e4\" class=\"carousel property_unit_carousel slide\" data-bs-interval=\"false\">\n        <div class=\"carousel-inner\">\n           \n            <div class=\"carousel-item active\">\n                <a href=\"https:\/\/esentyaestate.com\/sv\/estate_property\/corner-townhouse-in-los-altos-torrevieja-ee12034\/\" target=\"_self\">\n                    <img decoding=\"async\" width=\"525px\" height=\"328px\" src=\"https:\/\/esentyaestate.com\/wp-content\/uploads\/2026\/04\/1777465671_c9946b127b2ba9e85a73-525x328.jpg\" alt=\"H\u00f6rnradhus i Los Altos, Torrevieja \u2013 EE12034\" class=\"d-block w-100 img-fluid\" loading=\"lazy\" \/>\n                <\/a>\n            <\/div><div class=\"carousel-item\">\n                <a href=\"https:\/\/esentyaestate.com\/sv\/estate_property\/corner-townhouse-in-los-altos-torrevieja-ee12034\/\" target=\"_self\">\n                    <img decoding=\"async\" width=\"525px\" height=\"328px\" src=\"https:\/\/esentyaestate.com\/wp-content\/uploads\/2026\/04\/1777465670_0731841ffba31bf09afe-525x328.jpg\" alt=\"H\u00f6rnradhus i Los Altos, Torrevieja \u2013 EE12034\" class=\"d-block w-100 img-fluid\" loading=\"lazy\" \/>\n                <\/a>\n            <\/div><div class=\"carousel-item\">\n                <a href=\"https:\/\/esentyaestate.com\/sv\/estate_property\/corner-townhouse-in-los-altos-torrevieja-ee12034\/\" target=\"_self\">\n                    <img decoding=\"async\" width=\"525px\" height=\"328px\" src=\"https:\/\/esentyaestate.com\/wp-content\/uploads\/2026\/04\/1777465670_1d1ea8a64dbecbb47818-525x328.jpg\" alt=\"H\u00f6rnradhus i Los Altos, Torrevieja \u2013 EE12034\" class=\"d-block w-100 img-fluid\" loading=\"lazy\" \/>\n                <\/a>\n            <\/div>        <\/div>\n                    <button class=\"carousel-control-prev\" type=\"button\" data-bs-target=\"#property_unit_carousel_69f510f7114e4\" data-bs-slide=\"prev\">\n                <span class=\"carousel-control-prev-icon\" aria-hidden=\"true\"><\/span>\n                <span class=\"visually-hidden\">Tidigare<\/span>\n            <\/button>\n            <button class=\"carousel-control-next\" type=\"button\" data-bs-target=\"#property_unit_carousel_69f510f7114e4\" data-bs-slide=\"next\">\n                <span class=\"carousel-control-next-icon\" aria-hidden=\"true\"><\/span>\n                <span class=\"visually-hidden\">N\u00e4sta<\/span>\n            <\/button>\n            <\/div>\n    <div class=\"tag-wrapper\">\n    <div class=\"status-wrapper\">\n    <div class=\"action_tag_wrapper For Sale\">Till salu<\/div><div class=\"ribbon-inside Our-Property\">V\u00e5r fastighet<\/div><div class=\"ribbon-inside Resale\">Resale<\/div><\/div>\n<\/div>            <\/div>\n\n            <div class=\"property-unit-information-wrapper\">\n                <div class=\"listing_unit_price_wrapper\">\n    \u20ac 250.000 <span class=\"price_label\"><\/span><\/div><h4>\n  <a href=\"https:\/\/esentyaestate.com\/sv\/estate_property\/corner-townhouse-in-los-altos-torrevieja-ee12034\/\" >H\u00f6rnradhus i Los Altos, Torrevieja \u2013 EE12034<\/a>\n<\/h4><div class=\"property_listing_details_v2\"><div class=\"property_listing_details_v2_item\"><div class=\"icon_label\">S\u00e4ngar:<\/div>2<\/div><div class=\"property_listing_details_v2_item\"><div class=\"icon_label\">Bad:<\/div>2<\/div><div class=\"property_listing_details_v2_item\"><div class=\"icon_label\">Storlek:<\/div><span>86 m<sup>2<\/sup><\/span><\/div><\/div>                    <div class=\"property_location\">\n                        \n<div class=\"property_agent_wrapper\">\n            <div class=\"property_agent_image\" style=\"background-image:url('https:\/\/esentyaestate.com\/wp-content\/uploads\/2025\/11\/Christina-1-120x120.jpg')\"><\/div>\n        <div class=\"property_agent_image_sign\"><i class=\"far fa-user-circle\"><\/i><\/div>\n    \n                        <a class=\"wpestate_card_agent_link\" href=\"https:\/\/esentyaestate.com\/sv\/estate_agent\/christina-dahl-2\/\">\n                Christina Dahl            <\/a>\n            <\/div>\n<div class=\"listing_actions\">\n                    <div class=\"share_unit\">\n            <a href=\"https:\/\/www.facebook.com\/sharer.php?u=https:\/\/esentyaestate.com\/sv\/estate_property\/corner-townhouse-in-los-altos-torrevieja-ee12034\/&#038;t=Corner+townhouse+in+Los+Altos%2C+Torrevieja+%26%238211%3B+EE12034\" target=\"_blank\" rel=\"noreferrer\" class=\"social_facebook\"><\/a>\n            <a href=\"https:\/\/twitter.com\/intent\/tweet?text=Corner+townhouse+in+Los+Altos%2C+Torrevieja+%26%238211%3B+EE12034+https%3A%2F%2Fesentyaestate.com%2Fsv%2Festate_property%2Fcorner-townhouse-in-los-altos-torrevieja-ee12034%2F\" class=\"social_tweet\" rel=\"noreferrer\" target=\"_blank\"><\/a>\n            <a href=\"https:\/\/pinterest.com\/pin\/create\/button\/?url=https:\/\/esentyaestate.com\/sv\/estate_property\/corner-townhouse-in-los-altos-torrevieja-ee12034\/&#038;media=https:\/\/esentyaestate.com\/wp-content\/uploads\/2026\/04\/1777465671_c9946b127b2ba9e85a73-scaled.jpg&#038;description=Corner+townhouse+in+Los+Altos%2C+Torrevieja+%26%238211%3B+EE12034\" target=\"_blank\" rel=\"noreferrer\" class=\"social_pinterest\"><\/a>\n            <a href=\"https:\/\/wa.me\/?text=Corner%20townhouse%20in%20Los%20Altos,%20Torrevieja%20&#8211;%20EE12034%20https:\/\/esentyaestate.com\/sv\/estate_property\/corner-townhouse-in-los-altos-torrevieja-ee12034\/\" class=\"social_whatsup\" rel=\"noreferrer\" target=\"_blank\"><\/a>\n            <a href=\"mailto:?s&#117;bject&#61;&#67;&#111;&#114;ne&#114;&#43;to&#119;nhou&#115;e&#43;&#105;&#110;&#43;Lo&#115;+A&#108;tos&#37;2C&#43;&#84;&#111;&#114;&#114;&#101;v&#105;&#101;&#106;a+&#37;26%238&#50;&#49;1&#37;3B&#43;EE&#49;&#50;03&#52;&#38;&#97;mp&#59;&#98;&#111;&#100;y=&#104;&#116;&#116;ps&#37;3&#65;%2F&#37;&#50;&#70;es&#101;nt&#121;&#97;e&#115;tate.co&#109;&#37;&#50;F&#115;v&#37;2&#70;&#101;&#115;&#116;a&#116;e_pr&#111;p&#101;&#114;&#116;&#121;&#37;&#50;&#70;&#99;orn&#101;r&#45;&#116;o&#119;nh&#111;&#117;se&#45;&#105;n&#45;los-a&#108;t&#111;s-torrevi&#101;&#106;&#97;-&#101;e&#49;20&#51;4&#37;2&#70;\" data-action=\"share email\" class=\"social_email\"><\/a>\n        <\/div>\n                <span class=\"share_list\" data-bs-toggle=\"tooltip\" title=\"dela\"><\/span>\n    \n    \n    <\/div>\n                    <\/div>\n                            <\/div>\n            <\/div>\n<\/div>\n<div class=\"col-lg-4 col-12 col-sm-6 col-md-6    listing_wrapper\"\n    data-org=\"4\"\n    data-main-modal=\"https:\/\/esentyaestate.com\/wp-content\/uploads\/2026\/04\/property_MLSC4302965_1_12003-835x467.jpg\"\n    data-modal-title=\"Apartment in Los Altos &#8211; EE12003\"\n    data-modal-link=\"https:\/\/esentyaestate.com\/sv\/estate_property\/apartment-in-los-altos-ee12003\/\"\n    data-listid=\"199586\">\n\n    <div class=\"property_listing property_card_default\"\n        data-link=\"\">\n\n                    <div class=\"listing-unit-img-wrapper\">\n                <div class=\"prop_new_details\">\n                    <div class=\"prop_new_details_back\"><\/div>\n                    <div class=\"property_media\">\n        <i class=\"fas fa-camera\"><\/i> 16<\/div><div class=\"property_location_image\"><i class=\"fas fa-map-marker-alt\"><\/i><a href=\"https:\/\/esentyaestate.com\/sv\/property_area\/los-altos\/\">Los Altos<\/a>, <a href=\"https:\/\/esentyaestate.com\/sv\/property_city\/torrevieja\/\">Torrevieja<\/a><\/div>                    <div class=\"featured_gradient\"><\/div>\n                <\/div>\n\n                    <div id=\"property_unit_carousel_69f510f712430\" class=\"carousel property_unit_carousel slide\" data-bs-interval=\"false\">\n        <div class=\"carousel-inner\">\n           \n            <div class=\"carousel-item active\">\n                <a href=\"https:\/\/esentyaestate.com\/sv\/estate_property\/apartment-in-los-altos-ee12003\/\" target=\"_self\">\n                    <img decoding=\"async\" width=\"525px\" height=\"328px\" src=\"https:\/\/esentyaestate.com\/wp-content\/uploads\/2026\/04\/property_MLSC4302965_1_12003-525x328.jpg\" alt=\"L\u00e4genhet i Los Altos \u2013 EE12003\" class=\"d-block w-100 img-fluid\" loading=\"lazy\" \/>\n                <\/a>\n            <\/div><div class=\"carousel-item\">\n                <a href=\"https:\/\/esentyaestate.com\/sv\/estate_property\/apartment-in-los-altos-ee12003\/\" target=\"_self\">\n                    <img decoding=\"async\" width=\"525px\" height=\"328px\" src=\"https:\/\/esentyaestate.com\/wp-content\/uploads\/2026\/04\/property_MLSC4302965_2_12003-525x328.jpg\" alt=\"L\u00e4genhet i Los Altos \u2013 EE12003\" class=\"d-block w-100 img-fluid\" loading=\"lazy\" \/>\n                <\/a>\n            <\/div><div class=\"carousel-item\">\n                <a href=\"https:\/\/esentyaestate.com\/sv\/estate_property\/apartment-in-los-altos-ee12003\/\" target=\"_self\">\n                    <img decoding=\"async\" width=\"525px\" height=\"328px\" src=\"https:\/\/esentyaestate.com\/wp-content\/uploads\/2026\/04\/property_MLSC4302965_3_12003-525x328.jpg\" alt=\"L\u00e4genhet i Los Altos \u2013 EE12003\" class=\"d-block w-100 img-fluid\" loading=\"lazy\" \/>\n                <\/a>\n            <\/div>        <\/div>\n                    <button class=\"carousel-control-prev\" type=\"button\" data-bs-target=\"#property_unit_carousel_69f510f712430\" data-bs-slide=\"prev\">\n                <span class=\"carousel-control-prev-icon\" aria-hidden=\"true\"><\/span>\n                <span class=\"visually-hidden\">Tidigare<\/span>\n            <\/button>\n            <button class=\"carousel-control-next\" type=\"button\" data-bs-target=\"#property_unit_carousel_69f510f712430\" data-bs-slide=\"next\">\n                <span class=\"carousel-control-next-icon\" aria-hidden=\"true\"><\/span>\n                <span class=\"visually-hidden\">N\u00e4sta<\/span>\n            <\/button>\n            <\/div>\n    <div class=\"tag-wrapper\">\n    <div class=\"status-wrapper\">\n    <div class=\"action_tag_wrapper For Sale\">Till salu<\/div><div class=\"ribbon-inside Resale\">Resale<\/div><\/div>\n<\/div>            <\/div>\n\n            <div class=\"property-unit-information-wrapper\">\n                <div class=\"listing_unit_price_wrapper\">\n    \u20ac 285.000 <span class=\"price_label\"><\/span><\/div><h4>\n  <a href=\"https:\/\/esentyaestate.com\/sv\/estate_property\/apartment-in-los-altos-ee12003\/\" >L\u00e4genhet i Los Altos \u2013 EE12003<\/a>\n<\/h4><div class=\"property_listing_details_v2\"><div class=\"property_listing_details_v2_item\"><div class=\"icon_label\">S\u00e4ngar:<\/div>2<\/div><div class=\"property_listing_details_v2_item\"><div class=\"icon_label\">Bad:<\/div>2<\/div><div class=\"property_listing_details_v2_item\"><div class=\"icon_label\">Storlek:<\/div><span>75 m<sup>2<\/sup><\/span><\/div><\/div>                    <div class=\"property_location\">\n                        \n<div class=\"property_agent_wrapper\">\n            <div class=\"property_agent_image\" style=\"background-image:url('https:\/\/esentyaestate.com\/wp-content\/uploads\/2025\/12\/alexia-paulot-real-estate-agent-120x120.png')\"><\/div>\n        <div class=\"property_agent_image_sign\"><i class=\"far fa-user-circle\"><\/i><\/div>\n    \n                        <a class=\"wpestate_card_agent_link\" href=\"https:\/\/esentyaestate.com\/sv\/estate_agent\/alexia-paulot\/\">\n                Alexia Paulot            <\/a>\n            <\/div>\n<div class=\"listing_actions\">\n                    <div class=\"share_unit\">\n            <a href=\"https:\/\/www.facebook.com\/sharer.php?u=https:\/\/esentyaestate.com\/sv\/estate_property\/apartment-in-los-altos-ee12003\/&#038;t=Apartment+in+Los+Altos+%26%238211%3B+EE12003\" target=\"_blank\" rel=\"noreferrer\" class=\"social_facebook\"><\/a>\n            <a href=\"https:\/\/twitter.com\/intent\/tweet?text=Apartment+in+Los+Altos+%26%238211%3B+EE12003+https%3A%2F%2Fesentyaestate.com%2Fsv%2Festate_property%2Fapartment-in-los-altos-ee12003%2F\" class=\"social_tweet\" rel=\"noreferrer\" target=\"_blank\"><\/a>\n            <a href=\"https:\/\/pinterest.com\/pin\/create\/button\/?url=https:\/\/esentyaestate.com\/sv\/estate_property\/apartment-in-los-altos-ee12003\/&#038;media=https:\/\/esentyaestate.com\/wp-content\/uploads\/2026\/04\/property_MLSC4302965_1_12003.jpg&#038;description=Apartment+in+Los+Altos+%26%238211%3B+EE12003\" target=\"_blank\" rel=\"noreferrer\" class=\"social_pinterest\"><\/a>\n            <a href=\"https:\/\/wa.me\/?text=Apartment%20in%20Los%20Altos%20&#8211;%20EE12003%20https:\/\/esentyaestate.com\/sv\/estate_property\/apartment-in-los-altos-ee12003\/\" class=\"social_whatsup\" rel=\"noreferrer\" target=\"_blank\"><\/a>\n            <a href=\"mailto:?subj&#101;c&#116;=Apa&#114;&#116;&#109;en&#116;+in+Los+Alt&#111;s&#43;&#37;26&#37;2&#51;8&#50;11%3B+EE&#49;2&#48;0&#51;&#38;&#97;mp&#59;&#98;&#111;&#100;y&#61;&#104;tt&#112;s&#37;&#51;A%&#50;F&#37;2Fe&#115;&#101;&#110;&#116;&#121;&#97;&#101;&#115;t&#97;&#116;&#101;.c&#111;&#109;%2F&#115;&#118;%2F&#101;&#115;&#116;a&#116;e&#95;&#112;&#114;o&#112;e&#114;&#116;&#121;&#37;&#50;&#70;a&#112;ar&#116;&#109;&#101;&#110;&#116;&#45;&#105;n&#45;&#108;os&#45;alt&#111;&#115;&#45;ee&#49;&#50;&#48;&#48;&#51;&#37;&#50;F\" data-action=\"share email\" class=\"social_email\"><\/a>\n        <\/div>\n                <span class=\"share_list\" data-bs-toggle=\"tooltip\" title=\"dela\"><\/span>\n    \n    \n    <\/div>\n                    <\/div>\n                            <\/div>\n            <\/div>\n<\/div>\n<div class=\"col-lg-4 col-12 col-sm-6 col-md-6    listing_wrapper\"\n    data-org=\"4\"\n    data-main-modal=\"https:\/\/esentyaestate.com\/wp-content\/uploads\/2026\/04\/property_7826_6225_1_12033-835x467.jpg\"\n    data-modal-title=\"Apartment in Torrevieja &#8211; EE12033\"\n    data-modal-link=\"https:\/\/esentyaestate.com\/sv\/estate_property\/apartment-in-torrevieja-ee12033\/\"\n    data-listid=\"199550\">\n\n    <div class=\"property_listing property_card_default\"\n        data-link=\"\">\n\n                    <div class=\"listing-unit-img-wrapper\">\n                <div class=\"prop_new_details\">\n                    <div class=\"prop_new_details_back\"><\/div>\n                    <div class=\"property_media\">\n        <i class=\"fas fa-camera\"><\/i> 36<\/div><div class=\"property_location_image\"><i class=\"fas fa-map-marker-alt\"><\/i><a href=\"https:\/\/esentyaestate.com\/sv\/property_area\/acequion\/\">Acequi\u00f3n<\/a>, <a href=\"https:\/\/esentyaestate.com\/sv\/property_city\/torrevieja\/\">Torrevieja<\/a><\/div>                    <div class=\"featured_gradient\"><\/div>\n                <\/div>\n\n                    <div id=\"property_unit_carousel_69f510f713881\" class=\"carousel property_unit_carousel slide\" data-bs-interval=\"false\">\n        <div class=\"carousel-inner\">\n           \n            <div class=\"carousel-item active\">\n                <a href=\"https:\/\/esentyaestate.com\/sv\/estate_property\/apartment-in-torrevieja-ee12033\/\" target=\"_self\">\n                    <img decoding=\"async\" width=\"525px\" height=\"328px\" src=\"https:\/\/esentyaestate.com\/wp-content\/uploads\/2026\/04\/property_7826_6225_1_12033-525x328.jpg\" alt=\"L\u00e4genhet i Torrevieja \u2013 EE12033\" class=\"d-block w-100 img-fluid\" loading=\"lazy\" \/>\n                <\/a>\n            <\/div><div class=\"carousel-item\">\n                <a href=\"https:\/\/esentyaestate.com\/sv\/estate_property\/apartment-in-torrevieja-ee12033\/\" target=\"_self\">\n                    <img decoding=\"async\" width=\"525px\" height=\"328px\" src=\"https:\/\/esentyaestate.com\/wp-content\/uploads\/2026\/04\/property_7826_6225_2_12033-525x328.jpg\" alt=\"L\u00e4genhet i Torrevieja \u2013 EE12033\" class=\"d-block w-100 img-fluid\" loading=\"lazy\" \/>\n                <\/a>\n            <\/div><div class=\"carousel-item\">\n                <a href=\"https:\/\/esentyaestate.com\/sv\/estate_property\/apartment-in-torrevieja-ee12033\/\" target=\"_self\">\n                    <img decoding=\"async\" width=\"525px\" height=\"328px\" src=\"https:\/\/esentyaestate.com\/wp-content\/uploads\/2026\/04\/property_7826_6225_3_12033-525x328.jpg\" alt=\"L\u00e4genhet i Torrevieja \u2013 EE12033\" class=\"d-block w-100 img-fluid\" loading=\"lazy\" \/>\n                <\/a>\n            <\/div>        <\/div>\n                    <button class=\"carousel-control-prev\" type=\"button\" data-bs-target=\"#property_unit_carousel_69f510f713881\" data-bs-slide=\"prev\">\n                <span class=\"carousel-control-prev-icon\" aria-hidden=\"true\"><\/span>\n                <span class=\"visually-hidden\">Tidigare<\/span>\n            <\/button>\n            <button class=\"carousel-control-next\" type=\"button\" data-bs-target=\"#property_unit_carousel_69f510f713881\" data-bs-slide=\"next\">\n                <span class=\"carousel-control-next-icon\" aria-hidden=\"true\"><\/span>\n                <span class=\"visually-hidden\">N\u00e4sta<\/span>\n            <\/button>\n            <\/div>\n    <div class=\"tag-wrapper\">\n    <div class=\"status-wrapper\">\n    <div class=\"action_tag_wrapper For Sale\">Till salu<\/div><div class=\"ribbon-inside Resale\">Resale<\/div><\/div>\n<\/div>            <\/div>\n\n            <div class=\"property-unit-information-wrapper\">\n                <div class=\"listing_unit_price_wrapper\">\n    \u20ac 249.900 <span class=\"price_label\"><\/span><\/div><h4>\n  <a href=\"https:\/\/esentyaestate.com\/sv\/estate_property\/apartment-in-torrevieja-ee12033\/\" >L\u00e4genhet i Torrevieja \u2013 EE12033<\/a>\n<\/h4><div class=\"property_listing_details_v2\"><div class=\"property_listing_details_v2_item\"><div class=\"icon_label\">S\u00e4ngar:<\/div>3<\/div><div class=\"property_listing_details_v2_item\"><div class=\"icon_label\">Bad:<\/div>2<\/div><div class=\"property_listing_details_v2_item\"><div class=\"icon_label\">Storlek:<\/div><span>150 m<sup>2<\/sup><\/span><\/div><\/div>                    <div class=\"property_location\">\n                        \n<div class=\"property_agent_wrapper\">\n            <div class=\"property_agent_image\" style=\"background-image:url('https:\/\/esentyaestate.com\/wp-content\/uploads\/2025\/12\/Logo-Esentya-Black-120x120.png')\"><\/div>\n        <div class=\"property_agent_image_sign\"><i class=\"far fa-user-circle\"><\/i><\/div>\n    \n                        <a class=\"wpestate_card_agent_link\" href=\"https:\/\/esentyaestate.com\/sv\/estate_agent\/esentya-estate\/\">\n                Esentya Estate            <\/a>\n            <\/div>\n<div class=\"listing_actions\">\n                    <div class=\"share_unit\">\n            <a href=\"https:\/\/www.facebook.com\/sharer.php?u=https:\/\/esentyaestate.com\/sv\/estate_property\/apartment-in-torrevieja-ee12033\/&#038;t=Apartment+in+Torrevieja+%26%238211%3B+EE12033\" target=\"_blank\" rel=\"noreferrer\" class=\"social_facebook\"><\/a>\n            <a href=\"https:\/\/twitter.com\/intent\/tweet?text=Apartment+in+Torrevieja+%26%238211%3B+EE12033+https%3A%2F%2Fesentyaestate.com%2Fsv%2Festate_property%2Fapartment-in-torrevieja-ee12033%2F\" class=\"social_tweet\" rel=\"noreferrer\" target=\"_blank\"><\/a>\n            <a href=\"https:\/\/pinterest.com\/pin\/create\/button\/?url=https:\/\/esentyaestate.com\/sv\/estate_property\/apartment-in-torrevieja-ee12033\/&#038;media=https:\/\/esentyaestate.com\/wp-content\/uploads\/2026\/04\/property_7826_6225_1_12033.jpg&#038;description=Apartment+in+Torrevieja+%26%238211%3B+EE12033\" target=\"_blank\" rel=\"noreferrer\" class=\"social_pinterest\"><\/a>\n            <a href=\"https:\/\/wa.me\/?text=Apartment%20in%20Torrevieja%20&#8211;%20EE12033%20https:\/\/esentyaestate.com\/sv\/estate_property\/apartment-in-torrevieja-ee12033\/\" class=\"social_whatsup\" rel=\"noreferrer\" target=\"_blank\"><\/a>\n            <a href=\"mailto:?&#115;&#117;&#98;&#106;&#101;c&#116;&#61;Ap&#97;&#114;tme&#110;&#116;&#43;&#105;&#110;+To&#114;&#114;ev&#105;&#101;ja&#43;&#37;&#50;&#54;%23&#56;2&#49;1&#37;&#51;&#66;+&#69;&#69;1&#50;&#48;&#51;&#51;&&#97;&#109;p;bo&#100;&#121;&#61;&#104;ttp&#115;%3&#65;&#37;&#50;&#70;%&#50;F&#101;s&#101;&#110;t&#121;&#97;estat&#101;&#46;c&#111;&#109;&#37;2&#70;sv%2&#70;est&#97;&#116;e_&#112;r&#111;&#112;ert&#121;&#37;2Fap&#97;rt&#109;en&#116;&#45;&#105;&#110;&#45;t&#111;r&#114;e&#118;i&#101;ja-e&#101;&#49;2&#48;&#51;3&#37;&#50;&#70;\" data-action=\"share email\" class=\"social_email\"><\/a>\n        <\/div>\n                <span class=\"share_list\" data-bs-toggle=\"tooltip\" title=\"dela\"><\/span>\n    \n    \n    <\/div>\n                    <\/div>\n                            <\/div>\n            <\/div>\n<\/div>\n<div class=\"col-lg-4 col-12 col-sm-6 col-md-6    listing_wrapper\"\n    data-org=\"4\"\n    data-main-modal=\"https:\/\/esentyaestate.com\/wp-content\/uploads\/2026\/04\/property_MLSC7170211_1_12032-835x467.jpg\"\n    data-modal-title=\"Apartment in Torrevieja &#8211; EE12032\"\n    data-modal-link=\"https:\/\/esentyaestate.com\/sv\/estate_property\/apartment-in-torrevieja-ee12032\/\"\n    data-listid=\"199482\">\n\n    <div class=\"property_listing property_card_default\"\n        data-link=\"\">\n\n                    <div class=\"listing-unit-img-wrapper\">\n                <div class=\"prop_new_details\">\n                    <div class=\"prop_new_details_back\"><\/div>\n                    <div class=\"property_media\">\n        <i class=\"fas fa-camera\"><\/i> 29<\/div><div class=\"property_location_image\"><i class=\"fas fa-map-marker-alt\"><\/i><a href=\"https:\/\/esentyaestate.com\/sv\/property_area\/la-mata\/\">La Mata<\/a>, <a href=\"https:\/\/esentyaestate.com\/sv\/property_city\/torrevieja\/\">Torrevieja<\/a><\/div>                    <div class=\"featured_gradient\"><\/div>\n                <\/div>\n\n                    <div id=\"property_unit_carousel_69f510f714abb\" class=\"carousel property_unit_carousel slide\" data-bs-interval=\"false\">\n        <div class=\"carousel-inner\">\n           \n            <div class=\"carousel-item active\">\n                <a href=\"https:\/\/esentyaestate.com\/sv\/estate_property\/apartment-in-torrevieja-ee12032\/\" target=\"_self\">\n                    <img decoding=\"async\" width=\"525px\" height=\"328px\" src=\"https:\/\/esentyaestate.com\/wp-content\/uploads\/2026\/04\/property_MLSC7170211_1_12032-525x328.jpg\" alt=\"L\u00e4genhet i Torrevieja \u2013 EE12032\" class=\"d-block w-100 img-fluid\" loading=\"lazy\" \/>\n                <\/a>\n            <\/div><div class=\"carousel-item\">\n                <a href=\"https:\/\/esentyaestate.com\/sv\/estate_property\/apartment-in-torrevieja-ee12032\/\" target=\"_self\">\n                    <img decoding=\"async\" width=\"525px\" height=\"328px\" src=\"https:\/\/esentyaestate.com\/wp-content\/uploads\/2026\/04\/property_MLSC7170211_2_12032-525x328.jpg\" alt=\"L\u00e4genhet i Torrevieja \u2013 EE12032\" class=\"d-block w-100 img-fluid\" loading=\"lazy\" \/>\n                <\/a>\n            <\/div><div class=\"carousel-item\">\n                <a href=\"https:\/\/esentyaestate.com\/sv\/estate_property\/apartment-in-torrevieja-ee12032\/\" target=\"_self\">\n                    <img decoding=\"async\" width=\"525px\" height=\"328px\" src=\"https:\/\/esentyaestate.com\/wp-content\/uploads\/2026\/04\/property_MLSC7170211_3_12032-525x328.jpg\" alt=\"L\u00e4genhet i Torrevieja \u2013 EE12032\" class=\"d-block w-100 img-fluid\" loading=\"lazy\" \/>\n                <\/a>\n            <\/div>        <\/div>\n                    <button class=\"carousel-control-prev\" type=\"button\" data-bs-target=\"#property_unit_carousel_69f510f714abb\" data-bs-slide=\"prev\">\n                <span class=\"carousel-control-prev-icon\" aria-hidden=\"true\"><\/span>\n                <span class=\"visually-hidden\">Tidigare<\/span>\n            <\/button>\n            <button class=\"carousel-control-next\" type=\"button\" data-bs-target=\"#property_unit_carousel_69f510f714abb\" data-bs-slide=\"next\">\n                <span class=\"carousel-control-next-icon\" aria-hidden=\"true\"><\/span>\n                <span class=\"visually-hidden\">N\u00e4sta<\/span>\n            <\/button>\n            <\/div>\n    <div class=\"tag-wrapper\">\n    <div class=\"status-wrapper\">\n    <div class=\"action_tag_wrapper For Sale\">Till salu<\/div><div class=\"ribbon-inside Resale\">Resale<\/div><\/div>\n<\/div>            <\/div>\n\n            <div class=\"property-unit-information-wrapper\">\n                <div class=\"listing_unit_price_wrapper\">\n    \u20ac 275.000 <span class=\"price_label\"><\/span><\/div><h4>\n  <a href=\"https:\/\/esentyaestate.com\/sv\/estate_property\/apartment-in-torrevieja-ee12032\/\" >L\u00e4genhet i Torrevieja \u2013 EE12032<\/a>\n<\/h4><div class=\"property_listing_details_v2\"><div class=\"property_listing_details_v2_item\"><div class=\"icon_label\">S\u00e4ngar:<\/div>4<\/div><div class=\"property_listing_details_v2_item\"><div class=\"icon_label\">Bad:<\/div>2<\/div><div class=\"property_listing_details_v2_item\"><div class=\"icon_label\">Storlek:<\/div><span>117 m<sup>2<\/sup><\/span><\/div><\/div>                    <div class=\"property_location\">\n                        \n<div class=\"property_agent_wrapper\">\n            <div class=\"property_agent_image\" style=\"background-image:url('https:\/\/esentyaestate.com\/wp-content\/uploads\/2025\/12\/Logo-Esentya-Black-120x120.png')\"><\/div>\n        <div class=\"property_agent_image_sign\"><i class=\"far fa-user-circle\"><\/i><\/div>\n    \n                        <a class=\"wpestate_card_agent_link\" href=\"https:\/\/esentyaestate.com\/sv\/estate_agent\/esentya-estate\/\">\n                Esentya Estate            <\/a>\n            <\/div>\n<div class=\"listing_actions\">\n                    <div class=\"share_unit\">\n            <a href=\"https:\/\/www.facebook.com\/sharer.php?u=https:\/\/esentyaestate.com\/sv\/estate_property\/apartment-in-torrevieja-ee12032\/&#038;t=Apartment+in+Torrevieja+%26%238211%3B+EE12032\" target=\"_blank\" rel=\"noreferrer\" class=\"social_facebook\"><\/a>\n            <a href=\"https:\/\/twitter.com\/intent\/tweet?text=Apartment+in+Torrevieja+%26%238211%3B+EE12032+https%3A%2F%2Fesentyaestate.com%2Fsv%2Festate_property%2Fapartment-in-torrevieja-ee12032%2F\" class=\"social_tweet\" rel=\"noreferrer\" target=\"_blank\"><\/a>\n            <a href=\"https:\/\/pinterest.com\/pin\/create\/button\/?url=https:\/\/esentyaestate.com\/sv\/estate_property\/apartment-in-torrevieja-ee12032\/&#038;media=https:\/\/esentyaestate.com\/wp-content\/uploads\/2026\/04\/property_MLSC7170211_1_12032.jpg&#038;description=Apartment+in+Torrevieja+%26%238211%3B+EE12032\" target=\"_blank\" rel=\"noreferrer\" class=\"social_pinterest\"><\/a>\n            <a href=\"https:\/\/wa.me\/?text=Apartment%20in%20Torrevieja%20&#8211;%20EE12032%20https:\/\/esentyaestate.com\/sv\/estate_property\/apartment-in-torrevieja-ee12032\/\" class=\"social_whatsup\" rel=\"noreferrer\" target=\"_blank\"><\/a>\n            <a href=\"mailto:?&#115;&#117;b&#106;&#101;&#99;&#116;&#61;&#65;&#112;&#97;&#114;&#116;m&#101;nt&#43;&#105;n+T&#111;&#114;&#114;&#101;&#118;&#105;eja&#43;&#37;&#50;6&#37;&#50;&#51;8&#50;&#49;&#49;&#37;&#51;B&#43;EE1&#50;&#48;3&#50;&&#97;&#109;&#112;;&#98;ody&#61;&#104;&#116;t&#112;s%&#51;&#65;%&#50;F%&#50;&#70;&#101;&#115;enty&#97;&#101;s&#116;&#97;&#116;e.com%2Fsv&#37;&#50;Festate&#95;pr&#111;&#112;erty%&#50;F&#97;&#112;&#97;rt&#109;e&#110;t&#45;&#105;&#110;-&#116;&#111;&#114;&#114;e&#118;&#105;&#101;&#106;a&#45;&#101;&#101;&#49;20&#51;&#50;&#37;&#50;F\" data-action=\"share email\" class=\"social_email\"><\/a>\n        <\/div>\n                <span class=\"share_list\" data-bs-toggle=\"tooltip\" title=\"dela\"><\/span>\n    \n    \n    <\/div>\n                    <\/div>\n                            <\/div>\n            <\/div>\n<\/div>\n<div class=\"col-lg-4 col-12 col-sm-6 col-md-6    listing_wrapper\"\n    data-org=\"4\"\n    data-main-modal=\"https:\/\/esentyaestate.com\/wp-content\/uploads\/2026\/04\/property_MLSC986431_1_12031-835x467.jpg\"\n    data-modal-title=\"Apartment in Torrevieja &#8211; EE12031\"\n    data-modal-link=\"https:\/\/esentyaestate.com\/sv\/estate_property\/apartment-in-torrevieja-ee12031\/\"\n    data-listid=\"199406\">\n\n    <div class=\"property_listing property_card_default\"\n        data-link=\"\">\n\n                    <div class=\"listing-unit-img-wrapper\">\n                <div class=\"prop_new_details\">\n                    <div class=\"prop_new_details_back\"><\/div>\n                    <div class=\"property_media\">\n        <i class=\"fas fa-camera\"><\/i> 26<\/div><div class=\"property_location_image\"><i class=\"fas fa-map-marker-alt\"><\/i><a href=\"https:\/\/esentyaestate.com\/sv\/property_area\/torrevieja\/\">Torrevieja<\/a>, <a href=\"https:\/\/esentyaestate.com\/sv\/property_city\/torrevieja\/\">Torrevieja<\/a><\/div>                    <div class=\"featured_gradient\"><\/div>\n                <\/div>\n\n                    <div id=\"property_unit_carousel_69f510f715c30\" class=\"carousel property_unit_carousel slide\" data-bs-interval=\"false\">\n        <div class=\"carousel-inner\">\n           \n            <div class=\"carousel-item active\">\n                <a href=\"https:\/\/esentyaestate.com\/sv\/estate_property\/apartment-in-torrevieja-ee12031\/\" target=\"_self\">\n                    <img decoding=\"async\" width=\"525px\" height=\"328px\" src=\"https:\/\/esentyaestate.com\/wp-content\/uploads\/2026\/04\/property_MLSC986431_1_12031-525x328.jpg\" alt=\"L\u00e4genhet i Torrevieja \u2013 EE12031\" class=\"d-block w-100 img-fluid\" loading=\"lazy\" \/>\n                <\/a>\n            <\/div><div class=\"carousel-item\">\n                <a href=\"https:\/\/esentyaestate.com\/sv\/estate_property\/apartment-in-torrevieja-ee12031\/\" target=\"_self\">\n                    <img decoding=\"async\" width=\"525px\" height=\"328px\" src=\"https:\/\/esentyaestate.com\/wp-content\/uploads\/2026\/04\/property_MLSC986431_2_12031-525x328.jpg\" alt=\"L\u00e4genhet i Torrevieja \u2013 EE12031\" class=\"d-block w-100 img-fluid\" loading=\"lazy\" \/>\n                <\/a>\n            <\/div><div class=\"carousel-item\">\n                <a href=\"https:\/\/esentyaestate.com\/sv\/estate_property\/apartment-in-torrevieja-ee12031\/\" target=\"_self\">\n                    <img decoding=\"async\" width=\"525px\" height=\"328px\" src=\"https:\/\/esentyaestate.com\/wp-content\/uploads\/2026\/04\/property_MLSC986431_3_12031-525x328.jpg\" alt=\"L\u00e4genhet i Torrevieja \u2013 EE12031\" class=\"d-block w-100 img-fluid\" loading=\"lazy\" \/>\n                <\/a>\n            <\/div>        <\/div>\n                    <button class=\"carousel-control-prev\" type=\"button\" data-bs-target=\"#property_unit_carousel_69f510f715c30\" data-bs-slide=\"prev\">\n                <span class=\"carousel-control-prev-icon\" aria-hidden=\"true\"><\/span>\n                <span class=\"visually-hidden\">Tidigare<\/span>\n            <\/button>\n            <button class=\"carousel-control-next\" type=\"button\" data-bs-target=\"#property_unit_carousel_69f510f715c30\" data-bs-slide=\"next\">\n                <span class=\"carousel-control-next-icon\" aria-hidden=\"true\"><\/span>\n                <span class=\"visually-hidden\">N\u00e4sta<\/span>\n            <\/button>\n            <\/div>\n    <div class=\"tag-wrapper\">\n    <div class=\"status-wrapper\">\n    <div class=\"action_tag_wrapper For Sale\">Till salu<\/div><div class=\"ribbon-inside Resale\">Resale<\/div><\/div>\n<\/div>            <\/div>\n\n            <div class=\"property-unit-information-wrapper\">\n                <div class=\"listing_unit_price_wrapper\">\n    \u20ac 209.900 <span class=\"price_label\"><\/span><\/div><h4>\n  <a href=\"https:\/\/esentyaestate.com\/sv\/estate_property\/apartment-in-torrevieja-ee12031\/\" >L\u00e4genhet i Torrevieja \u2013 EE12031<\/a>\n<\/h4><div class=\"property_listing_details_v2\"><div class=\"property_listing_details_v2_item\"><div class=\"icon_label\">S\u00e4ngar:<\/div>2<\/div><div class=\"property_listing_details_v2_item\"><div class=\"icon_label\">Bad:<\/div>1<\/div><div class=\"property_listing_details_v2_item\"><div class=\"icon_label\">Storlek:<\/div><span>60 m<sup>2<\/sup><\/span><\/div><\/div>                    <div class=\"property_location\">\n                        \n<div class=\"property_agent_wrapper\">\n            <div class=\"property_agent_image\" style=\"background-image:url('https:\/\/esentyaestate.com\/wp-content\/uploads\/2025\/12\/Logo-Esentya-Black-120x120.png')\"><\/div>\n        <div class=\"property_agent_image_sign\"><i class=\"far fa-user-circle\"><\/i><\/div>\n    \n                        <a class=\"wpestate_card_agent_link\" href=\"https:\/\/esentyaestate.com\/sv\/estate_agent\/esentya-estate\/\">\n                Esentya Estate            <\/a>\n            <\/div>\n<div class=\"listing_actions\">\n                    <div class=\"share_unit\">\n            <a href=\"https:\/\/www.facebook.com\/sharer.php?u=https:\/\/esentyaestate.com\/sv\/estate_property\/apartment-in-torrevieja-ee12031\/&#038;t=Apartment+in+Torrevieja+%26%238211%3B+EE12031\" target=\"_blank\" rel=\"noreferrer\" class=\"social_facebook\"><\/a>\n            <a href=\"https:\/\/twitter.com\/intent\/tweet?text=Apartment+in+Torrevieja+%26%238211%3B+EE12031+https%3A%2F%2Fesentyaestate.com%2Fsv%2Festate_property%2Fapartment-in-torrevieja-ee12031%2F\" class=\"social_tweet\" rel=\"noreferrer\" target=\"_blank\"><\/a>\n            <a href=\"https:\/\/pinterest.com\/pin\/create\/button\/?url=https:\/\/esentyaestate.com\/sv\/estate_property\/apartment-in-torrevieja-ee12031\/&#038;media=https:\/\/esentyaestate.com\/wp-content\/uploads\/2026\/04\/property_MLSC986431_1_12031.jpg&#038;description=Apartment+in+Torrevieja+%26%238211%3B+EE12031\" target=\"_blank\" rel=\"noreferrer\" class=\"social_pinterest\"><\/a>\n            <a href=\"https:\/\/wa.me\/?text=Apartment%20in%20Torrevieja%20&#8211;%20EE12031%20https:\/\/esentyaestate.com\/sv\/estate_property\/apartment-in-torrevieja-ee12031\/\" class=\"social_whatsup\" rel=\"noreferrer\" target=\"_blank\"><\/a>\n            <a href=\"mailto:?&#115;u&#98;ject&#61;A&#112;&#97;rtm&#101;&#110;t+in&#43;T&#111;&#114;re&#118;i&#101;&#106;&#97;&#43;&#37;&#50;&#54;&#37;&#50;&#51;&#56;2&#49;&#49;&#37;3B&#43;E&#69;&#49;2&#48;3&#49;&#38;a&#109;p&#59;bod&#121;=ht&#116;p&#115;%&#51;A&#37;2F&#37;&#50;&#70;es&#101;&#110;t&#121;ae&#115;tat&#101;&#46;com&#37;&#50;&#70;sv&#37;&#50;&#70;&#101;sta&#116;&#101;&#95;&#112;&#114;&#111;&#112;er&#116;y&#37;&#50;F&#97;&#112;a&#114;&#116;&#109;&#101;n&#116;-i&#110;-&#116;o&#114;r&#101;&#118;&#105;e&#106;&#97;&#45;ee1203&#49;&#37;2&#70;\" data-action=\"share email\" class=\"social_email\"><\/a>\n        <\/div>\n                <span class=\"share_list\" data-bs-toggle=\"tooltip\" title=\"dela\"><\/span>\n    \n    \n    <\/div>\n                    <\/div>\n                            <\/div>\n            <\/div>\n<\/div>\n<div class=\"col-lg-4 col-12 col-sm-6 col-md-6    listing_wrapper\"\n    data-org=\"4\"\n    data-main-modal=\"https:\/\/esentyaestate.com\/wp-content\/uploads\/2026\/04\/property_MLSC6344468_1_12030-835x467.jpg\"\n    data-modal-title=\"Apartment in Torrevieja &#8211; EE12030\"\n    data-modal-link=\"https:\/\/esentyaestate.com\/sv\/estate_property\/apartment-in-torrevieja-ee12030\/\"\n    data-listid=\"199349\">\n\n    <div class=\"property_listing property_card_default\"\n        data-link=\"\">\n\n                    <div class=\"listing-unit-img-wrapper\">\n                <div class=\"prop_new_details\">\n                    <div class=\"prop_new_details_back\"><\/div>\n                    <div class=\"property_media\">\n        <i class=\"fas fa-camera\"><\/i> 24<\/div><div class=\"property_location_image\"><i class=\"fas fa-map-marker-alt\"><\/i><a href=\"https:\/\/esentyaestate.com\/sv\/property_city\/torrevieja\/\">Torrevieja<\/a><\/div>                    <div class=\"featured_gradient\"><\/div>\n                <\/div>\n\n                    <div id=\"property_unit_carousel_69f510f716dfe\" class=\"carousel property_unit_carousel slide\" data-bs-interval=\"false\">\n        <div class=\"carousel-inner\">\n           \n            <div class=\"carousel-item active\">\n                <a href=\"https:\/\/esentyaestate.com\/sv\/estate_property\/apartment-in-torrevieja-ee12030\/\" target=\"_self\">\n                    <img decoding=\"async\" width=\"525px\" height=\"328px\" src=\"https:\/\/esentyaestate.com\/wp-content\/uploads\/2026\/04\/property_MLSC6344468_1_12030-525x328.jpg\" alt=\"L\u00e4genhet i Torrevieja \u2013 EE12030\" class=\"d-block w-100 img-fluid\" loading=\"lazy\" \/>\n                <\/a>\n            <\/div><div class=\"carousel-item\">\n                <a href=\"https:\/\/esentyaestate.com\/sv\/estate_property\/apartment-in-torrevieja-ee12030\/\" target=\"_self\">\n                    <img decoding=\"async\" width=\"525px\" height=\"328px\" src=\"https:\/\/esentyaestate.com\/wp-content\/uploads\/2026\/04\/property_MLSC6344468_2_12030-525x328.jpg\" alt=\"L\u00e4genhet i Torrevieja \u2013 EE12030\" class=\"d-block w-100 img-fluid\" loading=\"lazy\" \/>\n                <\/a>\n            <\/div><div class=\"carousel-item\">\n                <a href=\"https:\/\/esentyaestate.com\/sv\/estate_property\/apartment-in-torrevieja-ee12030\/\" target=\"_self\">\n                    <img decoding=\"async\" width=\"525px\" height=\"328px\" src=\"https:\/\/esentyaestate.com\/wp-content\/uploads\/2026\/04\/property_MLSC6344468_3_12030-525x328.jpg\" alt=\"L\u00e4genhet i Torrevieja \u2013 EE12030\" class=\"d-block w-100 img-fluid\" loading=\"lazy\" \/>\n                <\/a>\n            <\/div>        <\/div>\n                    <button class=\"carousel-control-prev\" type=\"button\" data-bs-target=\"#property_unit_carousel_69f510f716dfe\" data-bs-slide=\"prev\">\n                <span class=\"carousel-control-prev-icon\" aria-hidden=\"true\"><\/span>\n                <span class=\"visually-hidden\">Tidigare<\/span>\n            <\/button>\n            <button class=\"carousel-control-next\" type=\"button\" data-bs-target=\"#property_unit_carousel_69f510f716dfe\" data-bs-slide=\"next\">\n                <span class=\"carousel-control-next-icon\" aria-hidden=\"true\"><\/span>\n                <span class=\"visually-hidden\">N\u00e4sta<\/span>\n            <\/button>\n            <\/div>\n    <div class=\"tag-wrapper\">\n    <div class=\"status-wrapper\">\n    <div class=\"action_tag_wrapper For Sale\">Till salu<\/div><div class=\"ribbon-inside Resale\">Resale<\/div><\/div>\n<\/div>            <\/div>\n\n            <div class=\"property-unit-information-wrapper\">\n                <div class=\"listing_unit_price_wrapper\">\n    \u20ac 220.000 <span class=\"price_label\"><\/span><\/div><h4>\n  <a href=\"https:\/\/esentyaestate.com\/sv\/estate_property\/apartment-in-torrevieja-ee12030\/\" >L\u00e4genhet i Torrevieja \u2013 EE12030<\/a>\n<\/h4><div class=\"property_listing_details_v2\"><div class=\"property_listing_details_v2_item\"><div class=\"icon_label\">S\u00e4ngar:<\/div>3<\/div><div class=\"property_listing_details_v2_item\"><div class=\"icon_label\">Bad:<\/div>1<\/div><div class=\"property_listing_details_v2_item\"><div class=\"icon_label\">Storlek:<\/div><span>78 meter<sup>2<\/sup><\/span><\/div><\/div>                    <div class=\"property_location\">\n                        \n<div class=\"property_agent_wrapper\">\n            <div class=\"property_agent_image\" style=\"background-image:url('https:\/\/esentyaestate.com\/wp-content\/uploads\/2025\/12\/Logo-Esentya-Black-120x120.png')\"><\/div>\n        <div class=\"property_agent_image_sign\"><i class=\"far fa-user-circle\"><\/i><\/div>\n    \n                        <a class=\"wpestate_card_agent_link\" href=\"https:\/\/esentyaestate.com\/sv\/estate_agent\/esentya-estate\/\">\n                Esentya Estate            <\/a>\n            <\/div>\n<div class=\"listing_actions\">\n                    <div class=\"share_unit\">\n            <a href=\"https:\/\/www.facebook.com\/sharer.php?u=https:\/\/esentyaestate.com\/sv\/estate_property\/apartment-in-torrevieja-ee12030\/&#038;t=Apartment+in+Torrevieja+%26%238211%3B+EE12030\" target=\"_blank\" rel=\"noreferrer\" class=\"social_facebook\"><\/a>\n            <a href=\"https:\/\/twitter.com\/intent\/tweet?text=Apartment+in+Torrevieja+%26%238211%3B+EE12030+https%3A%2F%2Fesentyaestate.com%2Fsv%2Festate_property%2Fapartment-in-torrevieja-ee12030%2F\" class=\"social_tweet\" rel=\"noreferrer\" target=\"_blank\"><\/a>\n            <a href=\"https:\/\/pinterest.com\/pin\/create\/button\/?url=https:\/\/esentyaestate.com\/sv\/estate_property\/apartment-in-torrevieja-ee12030\/&#038;media=https:\/\/esentyaestate.com\/wp-content\/uploads\/2026\/04\/property_MLSC6344468_1_12030.jpg&#038;description=Apartment+in+Torrevieja+%26%238211%3B+EE12030\" target=\"_blank\" rel=\"noreferrer\" class=\"social_pinterest\"><\/a>\n            <a href=\"https:\/\/wa.me\/?text=Apartment%20in%20Torrevieja%20&#8211;%20EE12030%20https:\/\/esentyaestate.com\/sv\/estate_property\/apartment-in-torrevieja-ee12030\/\" class=\"social_whatsup\" rel=\"noreferrer\" target=\"_blank\"><\/a>\n            <a href=\"mailto:?&#115;ub&#106;ec&#116;=Ap&#97;&#114;t&#109;en&#116;&#43;&#105;&#110;&#43;Tor&#114;&#101;v&#105;&#101;ja+%&#50;6&#37;2&#51;&#56;211%3B+&#69;E&#49;2&#48;&#51;0&am&#112;&#59;&#98;&#111;dy=&#104;&#116;&#116;ps&#37;3A&#37;2F&#37;2Fesen&#116;&#121;&#97;&#101;st&#97;&#116;&#101;.&#99;om&#37;&#50;&#70;s&#118;%2&#70;e&#115;&#116;&#97;te&#95;&#112;&#114;op&#101;&#114;&#116;y&#37;&#50;&#70;&#97;&#112;&#97;&#114;&#116;&#109;e&#110;&#116;&#45;&#105;&#110;&#45;&#116;o&#114;&#114;&#101;vie&#106;a-e&#101;12&#48;&#51;&#48;&#37;&#50;F\" data-action=\"share email\" class=\"social_email\"><\/a>\n        <\/div>\n                <span class=\"share_list\" data-bs-toggle=\"tooltip\" title=\"dela\"><\/span>\n    \n    \n    <\/div>\n                    <\/div>\n                            <\/div>\n            <\/div>\n<\/div><\/div><div class=\"wpestate_listing_sh_loader\"><div class=\"new_prelader\"><\/div><\/div><div class=\"listinglink-wrapper_sh_listings exclude-rtl\"><span class=\"wpresidence_button wpestate_item_list_sh\">ladda fler listor<\/span><\/div><\/div>\t\t\t\t<\/div>\n\t\t\t\t<\/div>\n\t\t\t\t\t<\/div>\n\t\t\t\t<\/div>\n\t\t<div class=\"elementor-element elementor-element-fddaa30 e-flex e-con-boxed e-con e-parent\" data-id=\"fddaa30\" data-element_type=\"container\">\n\t\t\t\t\t<div class=\"e-con-inner\">\n\t\t\t\t<div class=\"elementor-element elementor-element-47f525b elementor-widget elementor-widget-heading\" data-id=\"47f525b\" data-element_type=\"widget\" data-widget_type=\"heading.default\">\n\t\t\t\t\t<h2 class=\"elementor-heading-title elementor-size-default\">Kontakta oss f\u00f6r att k\u00f6pa i Torrevieja<\/h2>\t\t\t\t<\/div>\n\t\t\t\t<div class=\"elementor-element elementor-element-8cc738e elementor-button-align-stretch elementor-widget elementor-widget-WpResidence_Contact_Form_Builder\" data-id=\"8cc738e\" data-element_type=\"widget\" data-widget_type=\"WpResidence_Contact_Form_Builder.default\">\n\t\t\t\t<div class=\"elementor-widget-container\">\n\t\t\t\t\t\n\n\n\n\n        <form class=\"elementor-form wpresidence_elementor_form wpestate_contact_form_parent\"  id=\"wpresidence-elementor-form-8cc738e\" method=\"post\" action=\"\" >\n            <div class=\"alert-box error\">\n                <div class=\"alert-message\" id=\"alert-agent-contact\"><\/div>\n            <\/div>\n            <input name=\"prop_id\" type=\"hidden\"  id=\"agent_property_id\" value=\"\">\n            <input name=\"prop_id\" type=\"hidden\"  id=\"agent_id\" value=\"\">\n            <input name=\"prop_id\" type=\"hidden\"  id=\"contact_form_elementor\" value=\"1\">\n            <input type=\"hidden\" name=\"contact_ajax_nonce\" id=\"agent_property_ajax_nonce\"  value=\"3d749763b5\" \/>\n\n            \n            \n            <input type=\"hidden\" id=\"wpresidence_form_id\" name=\"wpresidence_form_id\" value=\"wpresidence_form_9467\" \/>\n        \n            <input type=\"hidden\" id=\"elementor_email_subject\" name=\"email_suject\" value=\"New email from &quot;buy property in Torrevieja&quot;\" \/>\n\n\n            <div class=\"elementor-form-fields-wrapper elementor-labels-above\">\n        <div class=\"elementor-field-group elementor-column form-group elementor-field-group-name elementor-col-100\"><label for=\"form-field-name\" class=\"elementor-field-label elementor-screen-only\">Namn<\/label><input type=\"text\" name=\"name\" id=\"form-field-name\" class=\"elementor-field form-control elementor-size-sm elementor-field-textual\" placeholder=\"Fullst\u00e4ndigt namn\"><\/div><div class=\"elementor-field-group elementor-column form-group elementor-field-group-8f3610e elementor-field-required elementor-col-100\"><label for=\"form-field-8f3610e\" class=\"elementor-field-label elementor-screen-only\">Telefon*<\/label><input type=\"text\" name=\"mobile\" id=\"form-field-8f3610e\" class=\"elementor-field form-control elementor-size-sm elementor-field-textual\" required=\"required\" placeholder=\"Telefon\"><\/div><div class=\"elementor-field-group elementor-column form-group elementor-field-group-email elementor-field-required elementor-col-100\"><label for=\"form-field-email\" class=\"elementor-field-label elementor-screen-only\">E-post*<\/label><input type=\"email\" name=\"email\" id=\"form-field-email\" class=\"elementor-field form-control elementor-size-sm elementor-field-textual\" required=\"required\" placeholder=\"E-post\"><\/div><div class=\"elementor-field-group elementor-column form-group elementor-field-group-message elementor-col-100\"><label for=\"form-field-message\" class=\"elementor-field-label elementor-screen-only\">Meddelande<\/label><textarea class=\"form-control elementor-field-textual elementor-field elementor-size-sm\" name=\"message\" id=\"form-field-message\" rows=\"4\" placeholder=\"Meddelande\"><\/textarea><\/div>\n                <div class=\"elementor-field-group elementor-column elementor-field-type-submit elementor-col-100\">\n        <div class=\"gpr_wrapper\"><input type=\"checkbox\"  role=\"checkbox\" aria-checked=\"false\" id=\"wpestate_agree_gdpr\" class=\"wpestate_agree_gdpr\" name=\"wpestate_agree_gdpr\" \/>\n                    <label for=\"wpestate_agree_gdpr\"><a target=\"_blank\" href=\"https:\/\/esentyaestate.com\/sv\/\">Genom att markera rutan \u201dL\u00e4st och godk\u00e4nt\u201d i v\u00e5r integritetspolicy bekr\u00e4ftar du att du har l\u00e4st, f\u00f6rst\u00e5tt, accepterat och godk\u00e4nt alla best\u00e4mmelser som anges g\u00e4llande insamling, lagring och behandling av dina personuppgifter. Se v\u00e5r integritetspolicy.<\/a><\/label><\/div>\n\t\t\t\t\t\t\t\t\t\t\t\t                    <button type=\"submit\" class=\"agent_submit_class_elementor wpresidence_button wpresidence_button_elementor elementor-button elementor-size-md\">\n                    Beg\u00e4r en visning                            <\/button>\n\n                <\/div>\n            <\/div>\n\n\n\n        <input type=\"hidden\" name=\"trp-form-language\" value=\"sv\"\/><\/form>\n\n\n\n\n        \t\t\t\t<\/div>\n\t\t\t\t<\/div>\n\t\t\t\t\t<\/div>\n\t\t\t\t<\/div>\n\t\t<div class=\"elementor-element elementor-element-edd721d e-flex e-con-boxed e-con e-parent\" data-id=\"edd721d\" data-element_type=\"container\">\n\t\t\t\t\t<div class=\"e-con-inner\">\n\t\t\t\t<div class=\"elementor-element elementor-element-f1cb596 elementor-widget elementor-widget-heading\" data-id=\"f1cb596\" data-element_type=\"widget\" data-widget_type=\"heading.default\">\n\t\t\t\t\t<h2 class=\"elementor-heading-title elementor-size-default\">Varf\u00f6r k\u00f6pa fastighet i Torrevieja?<\/h2>\t\t\t\t<\/div>\n\t\t\t\t<div class=\"elementor-element elementor-element-465e84a elementor-widget elementor-widget-text-editor\" data-id=\"465e84a\" data-element_type=\"widget\" data-widget_type=\"text-editor.default\">\n\t\t\t\t\t\t\t\t\t<ul><li data-start=\"1105\" data-end=\"1141\"><p data-start=\"1107\" data-end=\"1141\">\u00d6ver 300 soldagar per \u00e5r<\/p><\/li><li data-start=\"1142\" data-end=\"1200\"><p data-start=\"1144\" data-end=\"1200\">Prisv\u00e4rda bost\u00e4der j\u00e4mf\u00f6rt med andra Medelhavsomr\u00e5den<\/p><\/li><li data-start=\"1201\" data-end=\"1264\"><p data-start=\"1203\" data-end=\"1264\">Brett utbud av fastighetstyper: l\u00e4genheter, villor, bungalows<\/p><\/li><li data-start=\"1265\" data-end=\"1306\"><p data-start=\"1267\" data-end=\"1306\">Utm\u00e4rkt sjukv\u00e5rd och infrastruktur<\/p><\/li><li data-start=\"1307\" data-end=\"1367\"><p data-start=\"1309\" data-end=\"1367\">Stor uthyrningspotential f\u00f6r kort- och l\u00e5ngsiktiga investeringar<\/p><\/li><li data-start=\"1368\" data-end=\"1419\"><p data-start=\"1370\" data-end=\"1419\">Stark expatgemenskap och internationella tj\u00e4nster<\/p><\/li><\/ul>\t\t\t\t\t\t\t\t<\/div>\n\t\t\t\t<div class=\"elementor-element elementor-element-eb9b967 elementor-widget elementor-widget-heading\" data-id=\"eb9b967\" data-element_type=\"widget\" data-widget_type=\"heading.default\">\n\t\t\t\t\t<h2 class=\"elementor-heading-title elementor-size-default\">Fastigheter till salu i Torrevieja<\/h2>\t\t\t\t<\/div>\n\t\t\t\t<div class=\"elementor-element elementor-element-69c9f74 elementor-widget elementor-widget-text-editor\" data-id=\"69c9f74\" data-element_type=\"widget\" data-widget_type=\"text-editor.default\">\n\t\t\t\t\t\t\t\t\t<p data-start=\"1469\" data-end=\"1606\">Oavsett om du letar efter en l\u00e4genhet vid stranden eller en rymlig villa i ett lugnt bostadsomr\u00e5de, har Torrevieja n\u00e5got f\u00f6r alla.<\/p><h4 data-start=\"1608\" data-end=\"1637\">Nybyggda fastigheter<\/h4><p data-start=\"1638\" data-end=\"1868\">Utforska moderna bostadsomr\u00e5den med toppbekv\u00e4mligheter som simbass\u00e4nger, garage och smarta hemfunktioner. Dessa hem \u00e4r energieffektiva, kr\u00e4ver lite underh\u00e5ll och har ofta garantier \u2013 perfekt f\u00f6r en stressfri k\u00f6pupplevelse.<\/p><h4 data-start=\"1870\" data-end=\"1895\">Begagnade fastigheter<\/h4><p data-start=\"1896\" data-end=\"2117\">V\u00e4lj bland ett brett utbud av begagnade hus, perfekta f\u00f6r k\u00f6pare som s\u00f6ker v\u00e4rde eller karakt\u00e4r. M\u00e5nga andrahandsfastigheter ligger i centrala omr\u00e5den eller n\u00e4ra havet, med stor potential f\u00f6r renovering eller omedelbar anv\u00e4ndning.<\/p>\t\t\t\t\t\t\t\t<\/div>\n\t\t\t\t<div class=\"elementor-element elementor-element-3c5b4b3 elementor-widget elementor-widget-heading\" data-id=\"3c5b4b3\" data-element_type=\"widget\" data-widget_type=\"heading.default\">\n\t\t\t\t\t<h2 class=\"elementor-heading-title elementor-size-default\">Vilken typ av fastighet letar du efter?<\/h2>\t\t\t\t<\/div>\n\t\t\t\t<div class=\"elementor-element elementor-element-6b459ba elementor-widget elementor-widget-text-editor\" data-id=\"6b459ba\" data-element_type=\"widget\" data-widget_type=\"text-editor.default\">\n\t\t\t\t\t\t\t\t\t<ul data-start=\"2175\" data-end=\"2361\"><li data-start=\"2175\" data-end=\"2219\"><p data-start=\"2177\" data-end=\"2219\">L\u00e4genheter n\u00e4ra stranden eller centrum<\/p><\/li><li data-start=\"2220\" data-end=\"2258\"><p data-start=\"2222\" data-end=\"2258\">Frist\u00e5ende villor med privata pooler<\/p><\/li><li data-start=\"2259\" data-end=\"2294\"><p data-start=\"2261\" data-end=\"2294\">Radhus i gated communities<\/p><\/li><li data-start=\"2295\" data-end=\"2331\"><p data-start=\"2297\" data-end=\"2331\">Bungalows och bottenv\u00e5ningshus<\/p><\/li><li data-start=\"2332\" data-end=\"2361\"><p data-start=\"2334\" data-end=\"2361\">Takv\u00e5ningar med havsutsikt<\/p><\/li><\/ul><p data-start=\"2363\" data-end=\"2423\">Oavsett hur ditt dr\u00f6mhus ser ut, hj\u00e4lper vi dig att hitta det.<\/p>\t\t\t\t\t\t\t\t<\/div>\n\t\t\t\t<div class=\"elementor-element elementor-element-69e1e34 elementor-widget elementor-widget-heading\" data-id=\"69e1e34\" data-element_type=\"widget\" data-widget_type=\"heading.default\">\n\t\t\t\t\t<h2 class=\"elementor-heading-title elementor-size-default\">V\u00e5ra tj\u00e4nster<\/h2>\t\t\t\t<\/div>\n\t\t\t\t<div class=\"elementor-element elementor-element-980003e elementor-widget elementor-widget-text-editor\" data-id=\"980003e\" data-element_type=\"widget\" data-widget_type=\"text-editor.default\">\n\t\t\t\t\t\t\t\t\t<p data-start=\"2476\" data-end=\"2639\">Att k\u00f6pa en fastighet i Spanien som utl\u00e4nning kan vara enkelt \u2013 med r\u00e4tt st\u00f6d. Vi specialiserar oss p\u00e5 att hj\u00e4lpa internationella kunder genom varje steg i processen.<\/p><ul data-start=\"2641\" data-end=\"2833\"><li data-start=\"2641\" data-end=\"2701\"><p data-start=\"2643\" data-end=\"2701\">Flerspr\u00e5kiga agenter: engelska, spanska, franska, norska, svenska, danska, ryska och polska<\/p><\/li><li data-start=\"2702\" data-end=\"2730\"><p data-start=\"2704\" data-end=\"2730\">Juridisk och skattem\u00e4ssig hj\u00e4lp<\/p><\/li><li data-start=\"2731\" data-end=\"2752\"><p data-start=\"2733\" data-end=\"2752\">Bol\u00e5ner\u00e5dgivning<\/p><\/li><li data-start=\"2753\" data-end=\"2795\"><p data-start=\"2755\" data-end=\"2795\">Visningar av fastigheter b\u00e5de personligen och p\u00e5 distans<\/p><\/li><li data-start=\"2796\" data-end=\"2833\"><p data-start=\"2798\" data-end=\"2833\">Fullt st\u00f6d fr\u00e5n s\u00f6kning till signering<\/p><\/li><\/ul><p data-start=\"2835\" data-end=\"2910\">L\u00e5t oss ta hand om allt, s\u00e5 att du kan fokusera p\u00e5 att njuta av ditt nya hem.<\/p>\t\t\t\t\t\t\t\t<\/div>\n\t\t\t\t\t<\/div>\n\t\t\t\t<\/div>\n\t\t<div class=\"elementor-element elementor-element-736bd67 e-flex e-con-boxed e-con e-parent\" data-id=\"736bd67\" data-element_type=\"container\">\n\t\t\t\t\t<div class=\"e-con-inner\">\n\t\t\t\t<div class=\"elementor-element elementor-element-4f3d079 elementor-widget elementor-widget-heading\" data-id=\"4f3d079\" data-element_type=\"widget\" data-widget_type=\"heading.default\">\n\t\t\t\t\t<h2 class=\"elementor-heading-title elementor-size-default\">Vanliga fr\u00e5gor (FAQ)<\/h2>\t\t\t\t<\/div>\n\t\t\t\t<div class=\"elementor-element elementor-element-b6ae1c3 elementor-widget elementor-widget-n-accordion\" data-id=\"b6ae1c3\" data-element_type=\"widget\" data-settings=\"{&quot;default_state&quot;:&quot;all_collapsed&quot;,&quot;max_items_expended&quot;:&quot;one&quot;,&quot;n_accordion_animation_duration&quot;:{&quot;unit&quot;:&quot;ms&quot;,&quot;size&quot;:400,&quot;sizes&quot;:[]}}\" data-widget_type=\"nested-accordion.default\">\n\t\t\t\t\t\t\t<div class=\"e-n-accordion\" aria-label=\"Dragspel. \u00d6ppna l\u00e4nkar med Enter eller mellanslag, st\u00e4ng med Escape och navigera med piltangenterna.\">\n\t\t\t\t\t\t<details id=\"e-n-accordion-item-1910\" class=\"e-n-accordion-item\" >\n\t\t\t\t<summary class=\"e-n-accordion-item-title\" data-accordion-index=\"1\" tabindex=\"0\" aria-expanded=\"false\" aria-controls=\"e-n-accordion-item-1910\" >\n\t\t\t\t\t<span class='e-n-accordion-item-title-header'><div class=\"e-n-accordion-item-title-text\"> Hur mycket kostar det att k\u00f6pa en fastighet i Torrevieja? <\/div><\/span>\n\t\t\t\t\t\t\t<span class='e-n-accordion-item-title-icon'>\n\t\t\t<span class='e-opened' ><svg aria-hidden=\"true\" class=\"e-font-icon-svg e-fas-minus\" viewbox=\"0 0 448 512\" xmlns=\"http:\/\/www.w3.org\/2000\/svg\"><path d=\"M416 208H32c-17.67 0-32 14.33-32 32v32c0 17.67 14.33 32 32 32h384c17.67 0 32-14.33 32-32v-32c0-17.67-14.33-32-32-32z\"><\/path><\/svg><\/span>\n\t\t\t<span class='e-closed'><svg aria-hidden=\"true\" class=\"e-font-icon-svg e-fas-plus\" viewbox=\"0 0 448 512\" xmlns=\"http:\/\/www.w3.org\/2000\/svg\"><path d=\"M416 208H272V64c0-17.67-14.33-32-32-32h-32c-17.67 0-32 14.33-32 32v144H32c-17.67 0-32 14.33-32 32v32c0 17.67 14.33 32 32 32h144v144c0 17.67 14.33 32 32 32h32c17.67 0 32-14.33 32-32V304h144c17.67 0 32-14.33 32-32v-32c0-17.67-14.33-32-32-32z\"><\/path><\/svg><\/span>\n\t\t<\/span>\n\n\t\t\t\t\t\t<\/summary>\n\t\t\t\t<div role=\"region\" aria-labelledby=\"e-n-accordion-item-1910\" class=\"elementor-element elementor-element-5380e47 e-con-full e-flex e-con e-child\" data-id=\"5380e47\" data-element_type=\"container\">\n\t\t\t\t<div class=\"elementor-element elementor-element-58171af elementor-widget elementor-widget-text-editor\" data-id=\"58171af\" data-element_type=\"widget\" data-widget_type=\"text-editor.default\">\n\t\t\t\t\t\t\t\t\t<p data-start=\"3351\" data-end=\"3508\">Fastighetspriserna varierar beroende p\u00e5 l\u00e4ge, typ och skick. L\u00e4genheter b\u00f6rjar fr\u00e5n cirka 70 000 euro, medan villor kan kosta fr\u00e5n 150 000 euro till \u00f6ver 500 000 euro.<\/p>\t\t\t\t\t\t\t\t<\/div>\n\t\t\t\t<\/div>\n\t\t\t\t\t<\/details>\n\t\t\t\t\t\t<details id=\"e-n-accordion-item-1911\" class=\"e-n-accordion-item\" >\n\t\t\t\t<summary class=\"e-n-accordion-item-title\" data-accordion-index=\"2\" tabindex=\"-1\" aria-expanded=\"false\" aria-controls=\"e-n-accordion-item-1911\" >\n\t\t\t\t\t<span class='e-n-accordion-item-title-header'><div class=\"e-n-accordion-item-title-text\"> Kan utl\u00e4nningar k\u00f6pa fastighet i Spanien? <\/div><\/span>\n\t\t\t\t\t\t\t<span class='e-n-accordion-item-title-icon'>\n\t\t\t<span class='e-opened' ><svg aria-hidden=\"true\" class=\"e-font-icon-svg e-fas-minus\" viewbox=\"0 0 448 512\" xmlns=\"http:\/\/www.w3.org\/2000\/svg\"><path d=\"M416 208H32c-17.67 0-32 14.33-32 32v32c0 17.67 14.33 32 32 32h384c17.67 0 32-14.33 32-32v-32c0-17.67-14.33-32-32-32z\"><\/path><\/svg><\/span>\n\t\t\t<span class='e-closed'><svg aria-hidden=\"true\" class=\"e-font-icon-svg e-fas-plus\" viewbox=\"0 0 448 512\" xmlns=\"http:\/\/www.w3.org\/2000\/svg\"><path d=\"M416 208H272V64c0-17.67-14.33-32-32-32h-32c-17.67 0-32 14.33-32 32v144H32c-17.67 0-32 14.33-32 32v32c0 17.67 14.33 32 32 32h144v144c0 17.67 14.33 32 32 32h32c17.67 0 32-14.33 32-32V304h144c17.67 0 32-14.33 32-32v-32c0-17.67-14.33-32-32-32z\"><\/path><\/svg><\/span>\n\t\t<\/span>\n\n\t\t\t\t\t\t<\/summary>\n\t\t\t\t<div role=\"region\" aria-labelledby=\"e-n-accordion-item-1911\" class=\"elementor-element elementor-element-c44006d e-con-full e-flex e-con e-child\" data-id=\"c44006d\" data-element_type=\"container\">\n\t\t\t\t<div class=\"elementor-element elementor-element-ee50f1c elementor-widget elementor-widget-text-editor\" data-id=\"ee50f1c\" data-element_type=\"widget\" data-widget_type=\"text-editor.default\">\n\t\t\t\t\t\t\t\t\t<p>Ja, absolut. Det finns inga restriktioner f\u00f6r utl\u00e4nningar som k\u00f6per fastigheter i Spanien. Vi hj\u00e4lper dig med den juridiska processen och pappersarbetet.<\/p>\t\t\t\t\t\t\t\t<\/div>\n\t\t\t\t<\/div>\n\t\t\t\t\t<\/details>\n\t\t\t\t\t\t<details id=\"e-n-accordion-item-1912\" class=\"e-n-accordion-item\" >\n\t\t\t\t<summary class=\"e-n-accordion-item-title\" data-accordion-index=\"3\" tabindex=\"-1\" aria-expanded=\"false\" aria-controls=\"e-n-accordion-item-1912\" >\n\t\t\t\t\t<span class='e-n-accordion-item-title-header'><div class=\"e-n-accordion-item-title-text\"> Finns det nybyggda fastigheter tillg\u00e4ngliga i Torrevieja? <\/div><\/span>\n\t\t\t\t\t\t\t<span class='e-n-accordion-item-title-icon'>\n\t\t\t<span class='e-opened' ><svg aria-hidden=\"true\" class=\"e-font-icon-svg e-fas-minus\" viewbox=\"0 0 448 512\" xmlns=\"http:\/\/www.w3.org\/2000\/svg\"><path d=\"M416 208H32c-17.67 0-32 14.33-32 32v32c0 17.67 14.33 32 32 32h384c17.67 0 32-14.33 32-32v-32c0-17.67-14.33-32-32-32z\"><\/path><\/svg><\/span>\n\t\t\t<span class='e-closed'><svg aria-hidden=\"true\" class=\"e-font-icon-svg e-fas-plus\" viewbox=\"0 0 448 512\" xmlns=\"http:\/\/www.w3.org\/2000\/svg\"><path d=\"M416 208H272V64c0-17.67-14.33-32-32-32h-32c-17.67 0-32 14.33-32 32v144H32c-17.67 0-32 14.33-32 32v32c0 17.67 14.33 32 32 32h144v144c0 17.67 14.33 32 32 32h32c17.67 0 32-14.33 32-32V304h144c17.67 0 32-14.33 32-32v-32c0-17.67-14.33-32-32-32z\"><\/path><\/svg><\/span>\n\t\t<\/span>\n\n\t\t\t\t\t\t<\/summary>\n\t\t\t\t<div role=\"region\" aria-labelledby=\"e-n-accordion-item-1912\" class=\"elementor-element elementor-element-1bc6f77 e-con-full e-flex e-con e-child\" data-id=\"1bc6f77\" data-element_type=\"container\">\n\t\t\t\t<div class=\"elementor-element elementor-element-2663746 elementor-widget elementor-widget-text-editor\" data-id=\"2663746\" data-element_type=\"widget\" data-widget_type=\"text-editor.default\">\n\t\t\t\t\t\t\t\t\t<p>Ja. Torrevieja erbjuder m\u00e5nga nya projekt med h\u00f6gkvalitativ konstruktion, perfekt f\u00f6r modernt boende eller investering.<\/p>\t\t\t\t\t\t\t\t<\/div>\n\t\t\t\t<\/div>\n\t\t\t\t\t<\/details>\n\t\t\t\t\t\t<details id=\"e-n-accordion-item-1913\" class=\"e-n-accordion-item\" >\n\t\t\t\t<summary class=\"e-n-accordion-item-title\" data-accordion-index=\"4\" tabindex=\"-1\" aria-expanded=\"false\" aria-controls=\"e-n-accordion-item-1913\" >\n\t\t\t\t\t<span class='e-n-accordion-item-title-header'><div class=\"e-n-accordion-item-title-text\"> Vilka \u00e4r ink\u00f6pskostnaderna och skatterna? <\/div><\/span>\n\t\t\t\t\t\t\t<span class='e-n-accordion-item-title-icon'>\n\t\t\t<span class='e-opened' ><svg aria-hidden=\"true\" class=\"e-font-icon-svg e-fas-minus\" viewbox=\"0 0 448 512\" xmlns=\"http:\/\/www.w3.org\/2000\/svg\"><path d=\"M416 208H32c-17.67 0-32 14.33-32 32v32c0 17.67 14.33 32 32 32h384c17.67 0 32-14.33 32-32v-32c0-17.67-14.33-32-32-32z\"><\/path><\/svg><\/span>\n\t\t\t<span class='e-closed'><svg aria-hidden=\"true\" class=\"e-font-icon-svg e-fas-plus\" viewbox=\"0 0 448 512\" xmlns=\"http:\/\/www.w3.org\/2000\/svg\"><path d=\"M416 208H272V64c0-17.67-14.33-32-32-32h-32c-17.67 0-32 14.33-32 32v144H32c-17.67 0-32 14.33-32 32v32c0 17.67 14.33 32 32 32h144v144c0 17.67 14.33 32 32 32h32c17.67 0 32-14.33 32-32V304h144c17.67 0 32-14.33 32-32v-32c0-17.67-14.33-32-32-32z\"><\/path><\/svg><\/span>\n\t\t<\/span>\n\n\t\t\t\t\t\t<\/summary>\n\t\t\t\t<div role=\"region\" aria-labelledby=\"e-n-accordion-item-1913\" class=\"elementor-element elementor-element-0c29759 e-con-full e-flex e-con e-child\" data-id=\"0c29759\" data-element_type=\"container\">\n\t\t\t\t<div class=\"elementor-element elementor-element-cf5ed4d elementor-widget elementor-widget-text-editor\" data-id=\"cf5ed4d\" data-element_type=\"widget\" data-widget_type=\"text-editor.default\">\n\t\t\t\t\t\t\t\t\t<p data-start=\"3908\" data-end=\"4045\">Generellt sett varierar k\u00f6pkostnaderna i Spanien mellan 101 TP3T och 131 TP3T av fastighetspriset. Detta inkluderar skatter, notarieavgifter, registreringsavgifter och advokatkostnader.<\/p>\t\t\t\t\t\t\t\t<\/div>\n\t\t\t\t<\/div>\n\t\t\t\t\t<\/details>\n\t\t\t\t\t\t<details id=\"e-n-accordion-item-1914\" class=\"e-n-accordion-item\" >\n\t\t\t\t<summary class=\"e-n-accordion-item-title\" data-accordion-index=\"5\" tabindex=\"-1\" aria-expanded=\"false\" aria-controls=\"e-n-accordion-item-1914\" >\n\t\t\t\t\t<span class='e-n-accordion-item-title-header'><div class=\"e-n-accordion-item-title-text\"> \u00c4r Torrevieja ett bra st\u00e4lle att investera i? <\/div><\/span>\n\t\t\t\t\t\t\t<span class='e-n-accordion-item-title-icon'>\n\t\t\t<span class='e-opened' ><svg aria-hidden=\"true\" class=\"e-font-icon-svg e-fas-minus\" viewbox=\"0 0 448 512\" xmlns=\"http:\/\/www.w3.org\/2000\/svg\"><path d=\"M416 208H32c-17.67 0-32 14.33-32 32v32c0 17.67 14.33 32 32 32h384c17.67 0 32-14.33 32-32v-32c0-17.67-14.33-32-32-32z\"><\/path><\/svg><\/span>\n\t\t\t<span class='e-closed'><svg aria-hidden=\"true\" class=\"e-font-icon-svg e-fas-plus\" viewbox=\"0 0 448 512\" xmlns=\"http:\/\/www.w3.org\/2000\/svg\"><path d=\"M416 208H272V64c0-17.67-14.33-32-32-32h-32c-17.67 0-32 14.33-32 32v144H32c-17.67 0-32 14.33-32 32v32c0 17.67 14.33 32 32 32h144v144c0 17.67 14.33 32 32 32h32c17.67 0 32-14.33 32-32V304h144c17.67 0 32-14.33 32-32v-32c0-17.67-14.33-32-32-32z\"><\/path><\/svg><\/span>\n\t\t<\/span>\n\n\t\t\t\t\t\t<\/summary>\n\t\t\t\t<div role=\"region\" aria-labelledby=\"e-n-accordion-item-1914\" class=\"elementor-element elementor-element-22a6253 e-con-full e-flex e-con e-child\" data-id=\"22a6253\" data-element_type=\"container\">\n\t\t\t\t<div class=\"elementor-element elementor-element-39d5fa7 elementor-widget elementor-widget-text-editor\" data-id=\"39d5fa7\" data-element_type=\"widget\" data-widget_type=\"text-editor.default\">\n\t\t\t\t\t\t\t\t\t<p data-start=\"3908\" data-end=\"4045\">Ja. Med stark efterfr\u00e5gan fr\u00e5n turister och utlandsboende hyr m\u00e5nga k\u00f6pare framg\u00e5ngsrikt ut sina fastigheter p\u00e5 kort eller l\u00e5ng sikt.<\/p>\t\t\t\t\t\t\t\t<\/div>\n\t\t\t\t<\/div>\n\t\t\t\t\t<\/details>\n\t\t\t\t\t<\/div>\n\t\t\t\t\t<script type=\"application\/ld+json\">{\n    \"@context\": \"https:\\\/\\\/schema.org\",\n    \"@type\": \"FAQPage\",\n    \"mainEntity\": [\n        {\n            \"@type\": \"Question\",\n            \"name\": \"How much does it cost to buy a property in Torrevieja?\",\n            \"acceptedAnswer\": {\n                \"@type\": \"Answer\",\n                \"text\": \"Property prices vary depending on location, type, and condition. Apartments start from around \\u20ac70,000, while villas can range from \\u20ac150,000 to over \\u20ac500,000.\"\n            }\n        },\n        {\n            \"@type\": \"Question\",\n            \"name\": \"Can foreigners buy property in Spain?\",\n            \"acceptedAnswer\": {\n                \"@type\": \"Answer\",\n                \"text\": \"Yes, absolutely. There are no restrictions for foreigners buying property in Spain. We help you with the legal process and paperwork.\"\n            }\n        },\n        {\n            \"@type\": \"Question\",\n            \"name\": \"Are there new build properties available in Torrevieja?\",\n            \"acceptedAnswer\": {\n                \"@type\": \"Answer\",\n                \"text\": \"Yes. Torrevieja offers many new developments with high-quality construction, ideal for modern living or investment.\"\n            }\n        },\n        {\n            \"@type\": \"Question\",\n            \"name\": \"What are the buying costs and taxes?\",\n            \"acceptedAnswer\": {\n                \"@type\": \"Answer\",\n                \"text\": \"In general, buying costs in Spain range from 10% to 13% of the property price. This includes taxes, notary, registration, and legal fees.\"\n            }\n        },\n        {\n            \"@type\": \"Question\",\n            \"name\": \"Is Torrevieja a good place for investment?\",\n            \"acceptedAnswer\": {\n                \"@type\": \"Answer\",\n                \"text\": \"Yes. With strong demand from tourists and expats, many buyers successfully rent their properties short-term or long-term.\"\n            }\n        }\n    ]\n}<\/script>\n\t\t\t\t\t\t\t<\/div>\n\t\t\t\t\t<\/div>\n\t\t\t\t<\/div>\n\t\t\t\t<\/div>","protected":false},"excerpt":{"rendered":"<p>Fastigheter till salu i Torrevieja, Costa Blanca Vill du k\u00f6pa en fastighet i Torrevieja? Denna vackra kuststad p\u00e5 Spaniens Costa Blanca \u00e4r en toppdestination f\u00f6r internationella k\u00f6pare som s\u00f6ker en solig livsstil, bra fastighetserbjudanden och utm\u00e4rkt livskvalitet. Oavsett om du \u00e4r intresserad av en modern nybyggd villa eller en v\u00e4lbel\u00e4gen l\u00e4genhet f\u00f6r andrahandsf\u00f6rs\u00e4ljning, erbjuder Torrevieja m\u00e5nga fastighetsm\u00f6jligheter som passar ...<\/p>","protected":false},"author":1,"featured_media":0,"parent":0,"menu_order":0,"comment_status":"closed","ping_status":"closed","template":"","meta":{"inline_featured_image":false,"footnotes":""},"class_list":["post-93216","page","type-page","status-publish","hentry"],"_links":{"self":[{"href":"https:\/\/esentyaestate.com\/sv\/wp-json\/wp\/v2\/pages\/93216","targetHints":{"allow":["GET"]}}],"collection":[{"href":"https:\/\/esentyaestate.com\/sv\/wp-json\/wp\/v2\/pages"}],"about":[{"href":"https:\/\/esentyaestate.com\/sv\/wp-json\/wp\/v2\/types\/page"}],"author":[{"embeddable":true,"href":"https:\/\/esentyaestate.com\/sv\/wp-json\/wp\/v2\/users\/1"}],"replies":[{"embeddable":true,"href":"https:\/\/esentyaestate.com\/sv\/wp-json\/wp\/v2\/comments?post=93216"}],"version-history":[{"count":0,"href":"https:\/\/esentyaestate.com\/sv\/wp-json\/wp\/v2\/pages\/93216\/revisions"}],"wp:attachment":[{"href":"https:\/\/esentyaestate.com\/sv\/wp-json\/wp\/v2\/media?parent=93216"}],"curies":[{"name":"wp","href":"https:\/\/api.w.org\/{rel}","templated":true}]}}